{"id":801,"date":"2021-07-05T13:21:34","date_gmt":"2021-07-05T13:21:34","guid":{"rendered":"https:\/\/new.kodaly-muveszeti-fesztival.hu\/?page_id=801"},"modified":"2025-08-02T12:45:25","modified_gmt":"2025-08-02T12:45:25","slug":"kodalypont","status":"publish","type":"page","link":"https:\/\/kodaly-muveszeti-fesztival.hu\/?page_id=801","title":{"rendered":"KOD\u00c1LYPONT"},"content":{"rendered":"\t\t<div data-elementor-type=\"wp-page\" data-elementor-id=\"801\" class=\"elementor elementor-801\">\n\t\t\t\t\t\t<section class=\"elementor-section elementor-top-section elementor-element elementor-element-63cb9b2 elementor-section-boxed elementor-section-height-default elementor-section-height-default\" data-id=\"63cb9b2\" data-element_type=\"section\">\n\t\t\t\t\t\t<div class=\"elementor-container elementor-column-gap-default\">\n\t\t\t\t\t<div class=\"elementor-column elementor-col-100 elementor-top-column elementor-element elementor-element-6caa65b\" data-id=\"6caa65b\" data-element_type=\"column\">\n\t\t\t<div class=\"elementor-widget-wrap elementor-element-populated\">\n\t\t\t\t\t\t<div class=\"elementor-element elementor-element-4c5cac8 elementor-widget elementor-widget-image\" data-id=\"4c5cac8\" data-element_type=\"widget\" data-widget_type=\"image.default\">\n\t\t\t\t<div class=\"elementor-widget-container\">\n\t\t\t\t\t\t\t\t\t\t\t\t\t\t\t<img fetchpriority=\"high\" decoding=\"async\" width=\"960\" height=\"433\" src=\"https:\/\/kodaly-muveszeti-fesztival.hu\/wp-content\/uploads\/2025\/07\/K25_WEB_image_3200x2400_-masolat.jpg\" class=\"attachment-large size-large wp-image-4056\" alt=\"\" srcset=\"https:\/\/kodaly-muveszeti-fesztival.hu\/wp-content\/uploads\/2025\/07\/K25_WEB_image_3200x2400_-masolat.jpg 976w, https:\/\/kodaly-muveszeti-fesztival.hu\/wp-content\/uploads\/2025\/07\/K25_WEB_image_3200x2400_-masolat-300x135.jpg 300w, https:\/\/kodaly-muveszeti-fesztival.hu\/wp-content\/uploads\/2025\/07\/K25_WEB_image_3200x2400_-masolat-768x346.jpg 768w\" sizes=\"(max-width: 960px) 100vw, 960px\" \/>\t\t\t\t\t\t\t\t\t\t\t\t\t\t\t<\/div>\n\t\t\t\t<\/div>\n\t\t\t\t\t<\/div>\n\t\t<\/div>\n\t\t\t\t\t<\/div>\n\t\t<\/section>\n\t\t\t\t<section class=\"elementor-section elementor-top-section elementor-element elementor-element-ba3ff99 elementor-section-boxed elementor-section-height-default elementor-section-height-default\" data-id=\"ba3ff99\" data-element_type=\"section\">\n\t\t\t\t\t\t<div class=\"elementor-container elementor-column-gap-default\">\n\t\t\t\t\t<div class=\"elementor-column elementor-col-100 elementor-top-column elementor-element elementor-element-0454c2a\" data-id=\"0454c2a\" data-element_type=\"column\">\n\t\t\t<div class=\"elementor-widget-wrap elementor-element-populated\">\n\t\t\t\t\t\t<div class=\"elementor-element elementor-element-1826e34 elementor-widget elementor-widget-heading\" data-id=\"1826e34\" data-element_type=\"widget\" data-widget_type=\"heading.default\">\n\t\t\t\t<div class=\"elementor-widget-container\">\n\t\t\t\t\t<h2 class=\"elementor-heading-title elementor-size-default\">\"Legyen a zene mindenki\u00e9!\"<\/h2>\t\t\t\t<\/div>\n\t\t\t\t<\/div>\n\t\t\t\t\t<\/div>\n\t\t<\/div>\n\t\t\t\t\t<\/div>\n\t\t<\/section>\n\t\t\t\t<section class=\"elementor-section elementor-top-section elementor-element elementor-element-b1133d5 elementor-section-boxed elementor-section-height-default elementor-section-height-default\" data-id=\"b1133d5\" data-element_type=\"section\">\n\t\t\t\t\t\t<div class=\"elementor-container elementor-column-gap-default\">\n\t\t\t\t\t<div class=\"elementor-column elementor-col-100 elementor-top-column elementor-element elementor-element-d16590f\" data-id=\"d16590f\" data-element_type=\"column\">\n\t\t\t<div class=\"elementor-widget-wrap elementor-element-populated\">\n\t\t\t\t\t\t<div class=\"elementor-element elementor-element-96e3d31 elementor-widget elementor-widget-spacer\" data-id=\"96e3d31\" data-element_type=\"widget\" data-widget_type=\"spacer.default\">\n\t\t\t\t<div class=\"elementor-widget-container\">\n\t\t\t\t\t\t\t<div class=\"elementor-spacer\">\n\t\t\t<div class=\"elementor-spacer-inner\"><\/div>\n\t\t<\/div>\n\t\t\t\t\t\t<\/div>\n\t\t\t\t<\/div>\n\t\t\t\t<div class=\"elementor-element elementor-element-7bbf4e3 elementor-widget elementor-widget-text-editor\" data-id=\"7bbf4e3\" data-element_type=\"widget\" data-widget_type=\"text-editor.default\">\n\t\t\t\t<div class=\"elementor-widget-container\">\n\t\t\t\t\t\t\t\t\t<h5 style=\"text-align: center;\">A Kod\u00e1ly Pont <strong>pont az a hely<\/strong>, ahol\u00a0<strong>n\u00e9h\u00e1ny percig b\u00e1rki zen\u00e9lhet<\/strong>, b\u00e1rmilyen m\u0171fajban, f\u00fcggetlen\u00fcl att\u00f3l, hogy magabiztos profi vagy lelkes\u00a0<strong>amat\u0151r<\/strong>. S aki nem tudja a zene univerz\u00e1lis nyelv\u00e9n\u00a0kifejezni a gondolatait az\u00a0<strong>elmondhatja \u00e9l\u0151sz\u00f3ban is<\/strong> a zen\u00e9vel kapcsolatos \u00e9lm\u00e9nyeit-eml\u00e9keit-benyom\u00e1sait. A Kod\u00e1ly Pont 2025. augusztus 2-8. k\u00f6z\u00f6tt minden nap 19 \u00f3r\u00e1t\u00f3l r\u00f6videbb-hosszabb performanszokkal v\u00e1rja a De\u00e1k Ferenc t\u00e9ren a H\u00edr\u00f6s Ag\u00f3ra el\u0151tt a v\u00e1llalkoz\u00f3 kedv\u0171 zenerajong\u00f3kat, akik szeretn\u00e9k megmutatni tud\u00e1sukat az \u00e9rdekl\u0151d\u0151knek vagy megosztani gondolataikat az arra j\u00e1r\u00f3kkal.\u00a0<\/h5>\t\t\t\t\t\t\t\t<\/div>\n\t\t\t\t<\/div>\n\t\t\t\t\t<\/div>\n\t\t<\/div>\n\t\t\t\t\t<\/div>\n\t\t<\/section>\n\t\t\t\t<section class=\"elementor-section elementor-top-section elementor-element elementor-element-e260346 elementor-section-boxed elementor-section-height-default elementor-section-height-default\" data-id=\"e260346\" data-element_type=\"section\">\n\t\t\t\t\t\t<div class=\"elementor-container elementor-column-gap-default\">\n\t\t\t\t\t<div class=\"elementor-column elementor-col-100 elementor-top-column elementor-element elementor-element-f8369db\" data-id=\"f8369db\" data-element_type=\"column\">\n\t\t\t<div class=\"elementor-widget-wrap elementor-element-populated\">\n\t\t\t\t\t\t<div class=\"elementor-element elementor-element-0c11199 elementor-widget elementor-widget-spacer\" data-id=\"0c11199\" data-element_type=\"widget\" data-widget_type=\"spacer.default\">\n\t\t\t\t<div class=\"elementor-widget-container\">\n\t\t\t\t\t\t\t<div class=\"elementor-spacer\">\n\t\t\t<div class=\"elementor-spacer-inner\"><\/div>\n\t\t<\/div>\n\t\t\t\t\t\t<\/div>\n\t\t\t\t<\/div>\n\t\t\t\t<div class=\"elementor-element elementor-element-31d7265 elementor-widget elementor-widget-text-editor\" data-id=\"31d7265\" data-element_type=\"widget\" data-widget_type=\"text-editor.default\">\n\t\t\t\t<div class=\"elementor-widget-container\">\n\t\t\t\t\t\t\t\t\t<p style=\"text-align: center;\">Kod\u00e1ly Pont. Pont neked.<\/p>\t\t\t\t\t\t\t\t<\/div>\n\t\t\t\t<\/div>\n\t\t\t\t<div class=\"elementor-element elementor-element-a359b06 elementor-widget elementor-widget-spacer\" data-id=\"a359b06\" data-element_type=\"widget\" data-widget_type=\"spacer.default\">\n\t\t\t\t<div class=\"elementor-widget-container\">\n\t\t\t\t\t\t\t<div class=\"elementor-spacer\">\n\t\t\t<div class=\"elementor-spacer-inner\"><\/div>\n\t\t<\/div>\n\t\t\t\t\t\t<\/div>\n\t\t\t\t<\/div>\n\t\t\t\t\t<\/div>\n\t\t<\/div>\n\t\t\t\t\t<\/div>\n\t\t<\/section>\n\t\t\t\t<section class=\"elementor-section elementor-top-section elementor-element elementor-element-441975e elementor-section-boxed elementor-section-height-default elementor-section-height-default\" data-id=\"441975e\" data-element_type=\"section\">\n\t\t\t\t\t\t<div class=\"elementor-container elementor-column-gap-default\">\n\t\t\t\t\t<div class=\"elementor-column elementor-col-100 elementor-top-column elementor-element elementor-element-5eb4b3a\" data-id=\"5eb4b3a\" data-element_type=\"column\">\n\t\t\t<div class=\"elementor-widget-wrap elementor-element-populated\">\n\t\t\t\t\t\t<div class=\"elementor-element elementor-element-ca2863a elementor-widget elementor-widget-google_maps\" data-id=\"ca2863a\" data-element_type=\"widget\" data-widget_type=\"google_maps.default\">\n\t\t\t\t<div class=\"elementor-widget-container\">\n\t\t\t\t\t\t\t<div class=\"elementor-custom-embed\">\n\t\t\t<iframe loading=\"lazy\"\n\t\t\t\t\tsrc=\"https:\/\/maps.google.com\/maps?q=46.90669573209172%2C%2019.689670935711995&#038;t=m&#038;z=20&#038;output=embed&#038;iwloc=near\"\n\t\t\t\t\ttitle=\"46.90669573209172, 19.689670935711995\"\n\t\t\t\t\taria-label=\"46.90669573209172, 19.689670935711995\"\n\t\t\t><\/iframe>\n\t\t<\/div>\n\t\t\t\t\t\t<\/div>\n\t\t\t\t<\/div>\n\t\t\t\t\t<\/div>\n\t\t<\/div>\n\t\t\t\t\t<\/div>\n\t\t<\/section>\n\t\t\t\t<section class=\"elementor-section elementor-top-section elementor-element elementor-element-5a53f97 elementor-section-boxed elementor-section-height-default elementor-section-height-default\" data-id=\"5a53f97\" data-element_type=\"section\">\n\t\t\t\t\t\t<div class=\"elementor-container elementor-column-gap-default\">\n\t\t\t\t\t<div class=\"elementor-column elementor-col-100 elementor-top-column elementor-element elementor-element-a3f1293\" data-id=\"a3f1293\" data-element_type=\"column\">\n\t\t\t<div class=\"elementor-widget-wrap elementor-element-populated\">\n\t\t\t\t\t\t<div class=\"elementor-element elementor-element-8d5eb8e elementor-widget elementor-widget-spacer\" data-id=\"8d5eb8e\" data-element_type=\"widget\" data-widget_type=\"spacer.default\">\n\t\t\t\t<div class=\"elementor-widget-container\">\n\t\t\t\t\t\t\t<div class=\"elementor-spacer\">\n\t\t\t<div class=\"elementor-spacer-inner\"><\/div>\n\t\t<\/div>\n\t\t\t\t\t\t<\/div>\n\t\t\t\t<\/div>\n\t\t\t\t<div class=\"elementor-element elementor-element-cf06c82 elementor-widget elementor-widget-heading\" data-id=\"cf06c82\" data-element_type=\"widget\" data-widget_type=\"heading.default\">\n\t\t\t\t<div class=\"elementor-widget-container\">\n\t\t\t\t\t<h2 class=\"elementor-heading-title elementor-size-xl\">Pont neked programnapt\u00e1r:<\/h2>\t\t\t\t<\/div>\n\t\t\t\t<\/div>\n\t\t\t\t<section class=\"elementor-section elementor-inner-section elementor-element elementor-element-d16ce12 elementor-section-boxed elementor-section-height-default elementor-section-height-default\" data-id=\"d16ce12\" data-element_type=\"section\">\n\t\t\t\t\t\t<div class=\"elementor-container elementor-column-gap-default\">\n\t\t\t\t\t<div class=\"elementor-column elementor-col-14 elementor-inner-column elementor-element elementor-element-8de21e1\" data-id=\"8de21e1\" data-element_type=\"column\">\n\t\t\t<div class=\"elementor-widget-wrap elementor-element-populated\">\n\t\t\t\t\t\t<div class=\"elementor-element elementor-element-fe80fb5 elementor-widget elementor-widget-text-editor\" data-id=\"fe80fb5\" data-element_type=\"widget\" data-widget_type=\"text-editor.default\">\n\t\t\t\t<div class=\"elementor-widget-container\">\n\t\t\t\t\t\t\t\t\t<p><span style=\"color: #008000;\"><strong>augusztus 2., szombat 19:00<\/strong><\/span><\/p><p>___________________<\/p><h5><strong>A soksz\u00edn\u0171 K\u00edna &#8211; n\u00e9pdalok a Nemzetk\u00f6zi Kod\u00e1ly Szemin\u00e1rium k\u00ednai hallgat\u00f3inak el\u0151ad\u00e1s\u00e1ban<\/strong><\/h5><h5><br \/><strong>Fell\u00e9p\u0151k:\u00a0<\/strong><\/h5><h5>Hengjia HE, Ting LI, Jialei LIU, Weiting YAN, Wenhui YU, Yongxi ZHOU, Zhen XIE<\/h5>\t\t\t\t\t\t\t\t<\/div>\n\t\t\t\t<\/div>\n\t\t\t\t\t<\/div>\n\t\t<\/div>\n\t\t\t\t<div class=\"elementor-column elementor-col-14 elementor-inner-column elementor-element elementor-element-81b491b\" data-id=\"81b491b\" data-element_type=\"column\">\n\t\t\t<div class=\"elementor-widget-wrap elementor-element-populated\">\n\t\t\t\t\t\t<div class=\"elementor-element elementor-element-d1490e5 elementor-widget elementor-widget-text-editor\" data-id=\"d1490e5\" data-element_type=\"widget\" data-widget_type=\"text-editor.default\">\n\t\t\t\t<div class=\"elementor-widget-container\">\n\t\t\t\t\t\t\t\t\t<p><span style=\"color: #008000;\"><strong>augusztus 3., vas\u00e1rnap 19:00<\/strong><\/span><\/p><p>___________________<\/p><h5 style=\"text-align: center;\"><strong>Kis Sebesty\u00e9n (csell\u00f3), a Kecskem\u00e9ti Szimfonikus Zenekar sz\u00f3list\u00e1j\u00e1nak koncertje<\/strong><\/h5><h5>\u00a0<\/h5><h5 style=\"text-align: center;\">Kod\u00e1ly Zolt\u00e1n: Szon\u00e1ta csell\u00f3sz\u00f3l\u00f3ra Op. 8 &#8211; 1. t\u00e9tel<br \/>Gaspar Cassado: Cello suite<\/h5>\t\t\t\t\t\t\t\t<\/div>\n\t\t\t\t<\/div>\n\t\t\t\t\t<\/div>\n\t\t<\/div>\n\t\t\t\t<div class=\"elementor-column elementor-col-14 elementor-inner-column elementor-element elementor-element-aa09334\" data-id=\"aa09334\" data-element_type=\"column\">\n\t\t\t<div class=\"elementor-widget-wrap elementor-element-populated\">\n\t\t\t\t\t\t<div class=\"elementor-element elementor-element-0b38707 elementor-widget elementor-widget-text-editor\" data-id=\"0b38707\" data-element_type=\"widget\" data-widget_type=\"text-editor.default\">\n\t\t\t\t<div class=\"elementor-widget-container\">\n\t\t\t\t\t\t\t\t\t<p><span style=\"color: #008000;\"><strong>augusztus 4., h\u00e9tf\u0151 19:00<\/strong><\/span><\/p><p>___________________<\/p><h5 style=\"text-align: center;\"><strong>A 27. Nemzetk\u00f6zi Kod\u00e1ly Szimp\u00f3zium r\u00e9sztvev\u0151inek koncertje<\/strong><\/h5><p>\u00a0<\/p><h5><strong>K\u00f6zrem\u0171k\u00f6dik:\u00a0<\/strong><\/h5><h5>Gemma Ryan (Ausztr\u00e1lia), Samantha Wee (Szingap\u00far), Liuqingqing Yang (K\u00edna) \u00e9s a Kod\u00e1ly Int\u00e9zet egykori hallgat\u00f3ib\u00f3l alakult SAJT Ensemble: Bianca Varela (Portug\u00e1lia), Sarah Keane (\u00cdrorsz\u00e1g\/<\/h5><h5>Portug\u00e1lia), Teresa Appleton (Portug\u00e1lia), M\u00e1rk F\u00e9dronic (USA), Haodong Ma (K\u00edna), Samuel Rausch (USA)<\/h5>\t\t\t\t\t\t\t\t<\/div>\n\t\t\t\t<\/div>\n\t\t\t\t\t<\/div>\n\t\t<\/div>\n\t\t\t\t<div class=\"elementor-column elementor-col-14 elementor-inner-column elementor-element elementor-element-cfccabc\" data-id=\"cfccabc\" data-element_type=\"column\">\n\t\t\t<div class=\"elementor-widget-wrap elementor-element-populated\">\n\t\t\t\t\t\t<div class=\"elementor-element elementor-element-4b9f595 elementor-widget elementor-widget-text-editor\" data-id=\"4b9f595\" data-element_type=\"widget\" data-widget_type=\"text-editor.default\">\n\t\t\t\t<div class=\"elementor-widget-container\">\n\t\t\t\t\t\t\t\t\t<p><strong><span style=\"color: #008000;\">augusztus 5., kedd 19:00<\/span><\/strong><\/p><p>___________________<\/p><h5 style=\"text-align: center;\"><strong>A Kod\u00e1ly Iskola tanul\u00f3inak koncertje<\/strong><\/h5>\t\t\t\t\t\t\t\t<\/div>\n\t\t\t\t<\/div>\n\t\t\t\t\t<\/div>\n\t\t<\/div>\n\t\t\t\t<div class=\"elementor-column elementor-col-14 elementor-inner-column elementor-element elementor-element-49a0cc5\" data-id=\"49a0cc5\" data-element_type=\"column\">\n\t\t\t<div class=\"elementor-widget-wrap elementor-element-populated\">\n\t\t\t\t\t\t<div class=\"elementor-element elementor-element-44a8f40 elementor-widget elementor-widget-text-editor\" data-id=\"44a8f40\" data-element_type=\"widget\" data-widget_type=\"text-editor.default\">\n\t\t\t\t<div class=\"elementor-widget-container\">\n\t\t\t\t\t\t\t\t\t<p><span style=\"color: #008000;\"><strong>augusztus 6., szerda 19:00<\/strong><\/span><\/p><p>___________________<\/p><h5><strong>HOLL\u00d3K\u0150I HUBA (HEGED\u0170-M\u0171v\u00e9sz) \u00c9S SIPOS GERG\u0150 (CSELL\u00d3-M\u0171v\u00e9sz) Koncertje<\/strong><\/h5><h5>Kod\u00e1ly Zolt\u00e1n: Du\u00f3 heged\u0171re \u00e9s csell\u00f3ra Op. 7<\/h5>\t\t\t\t\t\t\t\t<\/div>\n\t\t\t\t<\/div>\n\t\t\t\t\t<\/div>\n\t\t<\/div>\n\t\t\t\t<div class=\"elementor-column elementor-col-14 elementor-inner-column elementor-element elementor-element-f07aaae\" data-id=\"f07aaae\" data-element_type=\"column\">\n\t\t\t<div class=\"elementor-widget-wrap elementor-element-populated\">\n\t\t\t\t\t\t<div class=\"elementor-element elementor-element-0837280 elementor-widget elementor-widget-text-editor\" data-id=\"0837280\" data-element_type=\"widget\" data-widget_type=\"text-editor.default\">\n\t\t\t\t<div class=\"elementor-widget-container\">\n\t\t\t\t\t\t\t\t\t<p><span style=\"color: #008000;\"><strong>augusztus 7., cs\u00fct\u00f6rt\u00f6k 19:00<\/strong><\/span><\/p><p>___________________<\/p><h5><strong>Tur\u00f3czi-Ko\u00f3s Claudia klarin\u00e9tm\u0171v\u00e9sz koncertje<\/strong><\/h5>\t\t\t\t\t\t\t\t<\/div>\n\t\t\t\t<\/div>\n\t\t\t\t\t<\/div>\n\t\t<\/div>\n\t\t\t\t<div class=\"elementor-column elementor-col-14 elementor-inner-column elementor-element elementor-element-b384de1\" data-id=\"b384de1\" data-element_type=\"column\">\n\t\t\t<div class=\"elementor-widget-wrap elementor-element-populated\">\n\t\t\t\t\t\t<div class=\"elementor-element elementor-element-576b425 elementor-widget elementor-widget-text-editor\" data-id=\"576b425\" data-element_type=\"widget\" data-widget_type=\"text-editor.default\">\n\t\t\t\t<div class=\"elementor-widget-container\">\n\t\t\t\t\t\t\t\t\t<p><span style=\"color: #008000;\"><strong>augusztus 8., p\u00e9ntek 19:00<\/strong><\/span><\/p><p>___________________<\/p><h5><strong><em>&#8222;A klasszikusokt\u00f3l Kod\u00e1lyon \u00e1t a filmzen\u00e9ig&#8221;<\/em> <\/strong><br \/><strong>A Kecskem\u00e9ti M. Bodon P\u00e1l AMI m\u0171sora<\/strong><\/h5><p>\u00a0<\/p><h5><strong>Fell\u00e9p\u0151k:<\/strong>\u00a0Ambrus Anett &#8211; heged\u0171m\u0171v\u00e9sz, Barta Franciska, Gyenei Tam\u00e1s, Katonka Milos, Kov\u00e1cs M\u00e1rk Zsolt, Pusztai Levente, Pusztai Tam\u00e1sn\u00e9-tan\u00e1r, Szab\u00f3 S\u00e1ra Borb\u00e1la, Sz\u00fccs Hunor.\u00a0<br \/><strong>Felk\u00e9sz\u00edt\u0151 tan\u00e1rok:<\/strong>\u00a0Bujdos\u00f3n\u00e9 Cs\u00e1ki Edit, Kov\u00e1cs Levente, Nemes D\u00f3ra, Orosz Csaba, Tary Tim\u00f3tn\u00e9.<\/h5>\t\t\t\t\t\t\t\t<\/div>\n\t\t\t\t<\/div>\n\t\t\t\t\t<\/div>\n\t\t<\/div>\n\t\t\t\t\t<\/div>\n\t\t<\/section>\n\t\t\t\t\t<\/div>\n\t\t<\/div>\n\t\t\t\t\t<\/div>\n\t\t<\/section>\n\t\t\t\t<section class=\"elementor-section elementor-top-section elementor-element elementor-element-5e60f3d elementor-section-boxed elementor-section-height-default elementor-section-height-default\" data-id=\"5e60f3d\" data-element_type=\"section\">\n\t\t\t\t\t\t<div class=\"elementor-container elementor-column-gap-default\">\n\t\t\t\t\t<div class=\"elementor-column elementor-col-100 elementor-top-column elementor-element elementor-element-f7fcb69\" data-id=\"f7fcb69\" data-element_type=\"column\">\n\t\t\t<div class=\"elementor-widget-wrap elementor-element-populated\">\n\t\t\t\t\t\t<div class=\"elementor-element elementor-element-5a1bf51 elementor-widget-divider--view-line elementor-widget elementor-widget-divider\" data-id=\"5a1bf51\" data-element_type=\"widget\" data-widget_type=\"divider.default\">\n\t\t\t\t<div class=\"elementor-widget-container\">\n\t\t\t\t\t\t\t<div class=\"elementor-divider\">\n\t\t\t<span class=\"elementor-divider-separator\">\n\t\t\t\t\t\t<\/span>\n\t\t<\/div>\n\t\t\t\t\t\t<\/div>\n\t\t\t\t<\/div>\n\t\t\t\t<div class=\"elementor-element elementor-element-718ab04 elementor-align-center elementor-widget elementor-widget-button\" data-id=\"718ab04\" data-element_type=\"widget\" data-widget_type=\"button.default\">\n\t\t\t\t<div class=\"elementor-widget-container\">\n\t\t\t\t\t\t\t\t\t<div class=\"elementor-button-wrapper\">\n\t\t\t\t\t<a class=\"elementor-button elementor-button-link elementor-size-sm\" href=\"https:\/\/heyzine.com\/flip-book\/3fd03aea89.html\">\n\t\t\t\t\t\t<span class=\"elementor-button-content-wrapper\">\n\t\t\t\t\t\t\t\t\t<span class=\"elementor-button-text\">M\u0170SORF\u00dcZET LET\u00d6LT\u00c9SE<\/span>\n\t\t\t\t\t<\/span>\n\t\t\t\t\t<\/a>\n\t\t\t\t<\/div>\n\t\t\t\t\t\t\t\t<\/div>\n\t\t\t\t<\/div>\n\t\t\t\t<div class=\"elementor-element elementor-element-0bb2de2 elementor-widget elementor-widget-spacer\" data-id=\"0bb2de2\" data-element_type=\"widget\" data-widget_type=\"spacer.default\">\n\t\t\t\t<div class=\"elementor-widget-container\">\n\t\t\t\t\t\t\t<div class=\"elementor-spacer\">\n\t\t\t<div class=\"elementor-spacer-inner\"><\/div>\n\t\t<\/div>\n\t\t\t\t\t\t<\/div>\n\t\t\t\t<\/div>\n\t\t\t\t<div class=\"elementor-element elementor-element-e96fe67 elementor-widget elementor-widget-heading\" data-id=\"e96fe67\" data-element_type=\"widget\" data-widget_type=\"heading.default\">\n\t\t\t\t<div class=\"elementor-widget-container\">\n\t\t\t\t\t<h2 class=\"elementor-heading-title elementor-size-default\">Kod\u00e1ly pont a 2022-es fesztiv\u00e1lon:<\/h2>\t\t\t\t<\/div>\n\t\t\t\t<\/div>\n\t\t\t\t<div class=\"elementor-element elementor-element-5841a3e elementor-widget elementor-widget-text-editor\" data-id=\"5841a3e\" data-element_type=\"widget\" data-widget_type=\"text-editor.default\">\n\t\t\t\t<div class=\"elementor-widget-container\">\n\t\t\t\t\t\t\t\t\t<h4><strong><span style=\"color: #333333;\">H\u00e9tf\u0151, 07.19.<br \/><\/span><span style=\"color: #808080;\">Kod\u00e1ly Ponton a Kecskem\u00e9t T\u00e1ncegy\u00fcttes<\/span><\/strong><\/h4><h3>\u00a0<\/h3><p><span style=\"color: #333333;\">A 2021-es Kod\u00e1ly M\u0171v\u00e9szeti Fesztiv\u00e1l ideje alatt nyitott sz\u00ednpaddal v\u00e1rja a Kod\u00e1ly Pont a tehets\u00e9g\u00fcket \u00e9s m\u0171v\u00e9szet\u00fcket megmutatni k\u00edv\u00e1n\u00f3 egy\u00e9neket \u00e9s csoportokat, kort\u00f3l \u00e9s m\u0171fajt\u00f3l f\u00fcggetlen\u00fcl &#8211; legyen sz\u00f3 \u00e9nekr\u0151l, zen\u00e9r\u0151l, t\u00e1ncr\u00f3l, szaval\u00e1sr\u00f3l, sz\u00ednj\u00e1tsz\u00e1sr\u00f3l.<\/span><\/p><p><span style=\"color: #333333;\">A Kod\u00e1ly Pont mindenki\u00e9, ahol n\u00e9h\u00e1ny percig b\u00e1rki, b\u00e1rmilyen m\u0171fajban szerepelhet Kecskem\u00e9t F\u0151ter\u00e9hez k\u00f6zel, a De\u00e1k t\u00e9ren.<\/span><\/p><p><span style=\"color: #333333;\">A Kod\u00e1ly M\u0171v\u00e9szeti Fesztiv\u00e1l els\u0151 napj\u00e1n n\u00e9pt\u00e1ncosok avatt\u00e1k fel a Kod\u00e1ly Pont p\u00f3dium\u00e1t. A <strong>Kecskem\u00e9t T\u00e1ncegy\u00fcttes<\/strong> tagjai k\u00f6rbet\u00e1ncolt\u00e1k a teret, az arra j\u00e1r\u00f3k pedig vel\u00fck egy\u00fctt saj\u00e1t\u00edthatt\u00e1k el a l\u00e9p\u00e9seket. A k\u00f6z\u00f6s t\u00e1nchoz m\u00e9g a legkisebbek is csatlakoztak. Term\u00e9szetesen a zene is adott volt; megelevenedtek a n\u00e9pi dallamok \u00e9s ritmusok, melyek sosem vesz\u00edtik el aktualit\u00e1sukat.<\/span><\/p><p><em>Fot\u00f3k: Banczik R\u00f3bert<\/em><\/p><div id='gallery-1' class='gallery galleryid-801 gallery-columns-5 gallery-size-large'><figure class='gallery-item'>\n\t\t\t<div class='gallery-icon landscape'>\n\t\t\t\t<a href='https:\/\/kodaly-muveszeti-fesztival.hu\/wp-content\/uploads\/2021\/07\/DSC1593-scaled.jpg'><img decoding=\"async\" width=\"960\" height=\"639\" src=\"https:\/\/kodaly-muveszeti-fesztival.hu\/wp-content\/uploads\/2021\/07\/DSC1593-1024x682.jpg\" class=\"attachment-large size-large\" alt=\"\" srcset=\"https:\/\/kodaly-muveszeti-fesztival.hu\/wp-content\/uploads\/2021\/07\/DSC1593-1024x682.jpg 1024w, https:\/\/kodaly-muveszeti-fesztival.hu\/wp-content\/uploads\/2021\/07\/DSC1593-300x200.jpg 300w, https:\/\/kodaly-muveszeti-fesztival.hu\/wp-content\/uploads\/2021\/07\/DSC1593-768x512.jpg 768w, https:\/\/kodaly-muveszeti-fesztival.hu\/wp-content\/uploads\/2021\/07\/DSC1593-1536x1023.jpg 1536w, https:\/\/kodaly-muveszeti-fesztival.hu\/wp-content\/uploads\/2021\/07\/DSC1593-2048x1364.jpg 2048w, https:\/\/kodaly-muveszeti-fesztival.hu\/wp-content\/uploads\/2021\/07\/DSC1593-1140x759.jpg 1140w\" sizes=\"(max-width: 960px) 100vw, 960px\" \/><\/a>\n\t\t\t<\/div><\/figure><figure class='gallery-item'>\n\t\t\t<div class='gallery-icon landscape'>\n\t\t\t\t<a href='https:\/\/kodaly-muveszeti-fesztival.hu\/wp-content\/uploads\/2021\/07\/DSC1605-scaled.jpg'><img decoding=\"async\" width=\"960\" height=\"680\" src=\"https:\/\/kodaly-muveszeti-fesztival.hu\/wp-content\/uploads\/2021\/07\/DSC1605-1024x725.jpg\" class=\"attachment-large size-large\" alt=\"\" srcset=\"https:\/\/kodaly-muveszeti-fesztival.hu\/wp-content\/uploads\/2021\/07\/DSC1605-1024x725.jpg 1024w, https:\/\/kodaly-muveszeti-fesztival.hu\/wp-content\/uploads\/2021\/07\/DSC1605-300x212.jpg 300w, https:\/\/kodaly-muveszeti-fesztival.hu\/wp-content\/uploads\/2021\/07\/DSC1605-768x544.jpg 768w, https:\/\/kodaly-muveszeti-fesztival.hu\/wp-content\/uploads\/2021\/07\/DSC1605-1536x1087.jpg 1536w, https:\/\/kodaly-muveszeti-fesztival.hu\/wp-content\/uploads\/2021\/07\/DSC1605-2048x1450.jpg 2048w, https:\/\/kodaly-muveszeti-fesztival.hu\/wp-content\/uploads\/2021\/07\/DSC1605-1140x807.jpg 1140w\" sizes=\"(max-width: 960px) 100vw, 960px\" \/><\/a>\n\t\t\t<\/div><\/figure><figure class='gallery-item'>\n\t\t\t<div class='gallery-icon landscape'>\n\t\t\t\t<a href='https:\/\/kodaly-muveszeti-fesztival.hu\/wp-content\/uploads\/2021\/07\/DSC1627-scaled.jpg'><img loading=\"lazy\" decoding=\"async\" width=\"960\" height=\"639\" src=\"https:\/\/kodaly-muveszeti-fesztival.hu\/wp-content\/uploads\/2021\/07\/DSC1627-1024x682.jpg\" class=\"attachment-large size-large\" alt=\"\" srcset=\"https:\/\/kodaly-muveszeti-fesztival.hu\/wp-content\/uploads\/2021\/07\/DSC1627-1024x682.jpg 1024w, https:\/\/kodaly-muveszeti-fesztival.hu\/wp-content\/uploads\/2021\/07\/DSC1627-300x200.jpg 300w, https:\/\/kodaly-muveszeti-fesztival.hu\/wp-content\/uploads\/2021\/07\/DSC1627-768x512.jpg 768w, https:\/\/kodaly-muveszeti-fesztival.hu\/wp-content\/uploads\/2021\/07\/DSC1627-1536x1023.jpg 1536w, https:\/\/kodaly-muveszeti-fesztival.hu\/wp-content\/uploads\/2021\/07\/DSC1627-2048x1364.jpg 2048w, https:\/\/kodaly-muveszeti-fesztival.hu\/wp-content\/uploads\/2021\/07\/DSC1627-1140x759.jpg 1140w\" sizes=\"(max-width: 960px) 100vw, 960px\" \/><\/a>\n\t\t\t<\/div><\/figure><figure class='gallery-item'>\n\t\t\t<div class='gallery-icon landscape'>\n\t\t\t\t<a href='https:\/\/kodaly-muveszeti-fesztival.hu\/wp-content\/uploads\/2021\/07\/DSC1651-scaled.jpg'><img loading=\"lazy\" decoding=\"async\" width=\"960\" height=\"640\" src=\"https:\/\/kodaly-muveszeti-fesztival.hu\/wp-content\/uploads\/2021\/07\/DSC1651-1024x683.jpg\" class=\"attachment-large size-large\" alt=\"\" srcset=\"https:\/\/kodaly-muveszeti-fesztival.hu\/wp-content\/uploads\/2021\/07\/DSC1651-1024x683.jpg 1024w, https:\/\/kodaly-muveszeti-fesztival.hu\/wp-content\/uploads\/2021\/07\/DSC1651-300x200.jpg 300w, https:\/\/kodaly-muveszeti-fesztival.hu\/wp-content\/uploads\/2021\/07\/DSC1651-768x512.jpg 768w, https:\/\/kodaly-muveszeti-fesztival.hu\/wp-content\/uploads\/2021\/07\/DSC1651-1536x1024.jpg 1536w, https:\/\/kodaly-muveszeti-fesztival.hu\/wp-content\/uploads\/2021\/07\/DSC1651-2048x1365.jpg 2048w, https:\/\/kodaly-muveszeti-fesztival.hu\/wp-content\/uploads\/2021\/07\/DSC1651-1140x760.jpg 1140w\" sizes=\"(max-width: 960px) 100vw, 960px\" \/><\/a>\n\t\t\t<\/div><\/figure><figure class='gallery-item'>\n\t\t\t<div class='gallery-icon landscape'>\n\t\t\t\t<a href='https:\/\/kodaly-muveszeti-fesztival.hu\/wp-content\/uploads\/2021\/07\/DSC1655-scaled.jpg'><img loading=\"lazy\" decoding=\"async\" width=\"960\" height=\"639\" src=\"https:\/\/kodaly-muveszeti-fesztival.hu\/wp-content\/uploads\/2021\/07\/DSC1655-1024x682.jpg\" class=\"attachment-large size-large\" alt=\"\" srcset=\"https:\/\/kodaly-muveszeti-fesztival.hu\/wp-content\/uploads\/2021\/07\/DSC1655-1024x682.jpg 1024w, https:\/\/kodaly-muveszeti-fesztival.hu\/wp-content\/uploads\/2021\/07\/DSC1655-300x200.jpg 300w, https:\/\/kodaly-muveszeti-fesztival.hu\/wp-content\/uploads\/2021\/07\/DSC1655-768x512.jpg 768w, https:\/\/kodaly-muveszeti-fesztival.hu\/wp-content\/uploads\/2021\/07\/DSC1655-1536x1023.jpg 1536w, https:\/\/kodaly-muveszeti-fesztival.hu\/wp-content\/uploads\/2021\/07\/DSC1655-2048x1364.jpg 2048w, https:\/\/kodaly-muveszeti-fesztival.hu\/wp-content\/uploads\/2021\/07\/DSC1655-1140x759.jpg 1140w\" sizes=\"(max-width: 960px) 100vw, 960px\" \/><\/a>\n\t\t\t<\/div><\/figure>\n\t\t<\/div>\n\t\t\t\t\t\t\t\t<\/div>\n\t\t\t\t<\/div>\n\t\t\t\t<div class=\"elementor-element elementor-element-4142cff elementor-align-center elementor-widget elementor-widget-button\" data-id=\"4142cff\" data-element_type=\"widget\" data-widget_type=\"button.default\">\n\t\t\t\t<div class=\"elementor-widget-container\">\n\t\t\t\t\t\t\t\t\t<div class=\"elementor-button-wrapper\">\n\t\t\t\t\t<a class=\"elementor-button elementor-button-link elementor-size-sm\" href=\"https:\/\/kodaly-muveszeti-fesztival.hu\/wp-content\/uploads\/2023\/07\/K23_fuzet_09_issu.pdf\">\n\t\t\t\t\t\t<span class=\"elementor-button-content-wrapper\">\n\t\t\t\t\t\t\t\t\t<span class=\"elementor-button-text\">M\u0170SORF\u00dcZET LET\u00d6LT\u00c9SE<\/span>\n\t\t\t\t\t<\/span>\n\t\t\t\t\t<\/a>\n\t\t\t\t<\/div>\n\t\t\t\t\t\t\t\t<\/div>\n\t\t\t\t<\/div>\n\t\t\t\t\t<\/div>\n\t\t<\/div>\n\t\t\t\t\t<\/div>\n\t\t<\/section>\n\t\t\t\t<section class=\"elementor-section elementor-top-section elementor-element elementor-element-d20a7d9 elementor-section-boxed elementor-section-height-default elementor-section-height-default\" data-id=\"d20a7d9\" data-element_type=\"section\">\n\t\t\t\t\t\t<div class=\"elementor-container elementor-column-gap-default\">\n\t\t\t\t\t<div class=\"elementor-column elementor-col-100 elementor-top-column elementor-element elementor-element-3adfb6b\" data-id=\"3adfb6b\" data-element_type=\"column\">\n\t\t\t<div class=\"elementor-widget-wrap elementor-element-populated\">\n\t\t\t\t\t\t<div class=\"elementor-element elementor-element-4c76d62 elementor-widget elementor-widget-button\" data-id=\"4c76d62\" data-element_type=\"widget\" data-widget_type=\"button.default\">\n\t\t\t\t<div class=\"elementor-widget-container\">\n\t\t\t\t\t\t\t\t\t<div class=\"elementor-button-wrapper\">\n\t\t\t\t\t<a class=\"elementor-button elementor-button-link elementor-size-sm\" href=\"https:\/\/fb.watch\/6_esztgzja\/\" target=\"_blank\">\n\t\t\t\t\t\t<span class=\"elementor-button-content-wrapper\">\n\t\t\t\t\t\t<span class=\"elementor-button-icon\">\n\t\t\t\t<i aria-hidden=\"true\" class=\"fas fa-video\"><\/i>\t\t\t<\/span>\n\t\t\t\t\t\t\t\t\t<span class=\"elementor-button-text\">Megn\u00e9zem a vide\u00f3t<\/span>\n\t\t\t\t\t<\/span>\n\t\t\t\t\t<\/a>\n\t\t\t\t<\/div>\n\t\t\t\t\t\t\t\t<\/div>\n\t\t\t\t<\/div>\n\t\t\t\t<div class=\"elementor-element elementor-element-5aa6640 elementor-widget-divider--view-line elementor-widget elementor-widget-divider\" data-id=\"5aa6640\" data-element_type=\"widget\" data-widget_type=\"divider.default\">\n\t\t\t\t<div class=\"elementor-widget-container\">\n\t\t\t\t\t\t\t<div class=\"elementor-divider\">\n\t\t\t<span class=\"elementor-divider-separator\">\n\t\t\t\t\t\t<\/span>\n\t\t<\/div>\n\t\t\t\t\t\t<\/div>\n\t\t\t\t<\/div>\n\t\t\t\t<div class=\"elementor-element elementor-element-022689d elementor-widget elementor-widget-text-editor\" data-id=\"022689d\" data-element_type=\"widget\" data-widget_type=\"text-editor.default\">\n\t\t\t\t<div class=\"elementor-widget-container\">\n\t\t\t\t\t\t\t\t\t<h4><span style=\"color: #333333;\"><strong>Kedd, 07.20.<br \/><\/strong><\/span><span style=\"color: #808080;\"><strong>Szaxofon \u00e9s billenty\u0171 &#8211; \u00e9l\u0151 jazz a De\u00e1k t\u00e9ren<\/strong><\/span><\/h4><h3><span style=\"color: #333333;\">\u00a0 \u00a0 \u00a0 \u00a0 \u00a0 \u00a0 \u00a0 \u00a0 \u00a0 \u00a0 \u00a0 \u00a0 \u00a0\u00a0<\/span><\/h3><p><span style=\"color: #333333;\">\u00daj fell\u00e9p\u0151kkel tal\u00e1lkozhattunk kedden este a De\u00e1k t\u00e9ri Kod\u00e1ly Pontn\u00e1l.\u00a0<\/span><\/p><p><span style=\"color: #333333;\">A Pontot ma a zene uralta &#8211; <strong>Papp M\u00e1rton<\/strong>, szaxofon \u00e9s <strong>Papp M\u00e1ty\u00e1s<\/strong>, billenyt\u0171 du\u00f3j\u00e1t hallgathattuk. A k\u00e9t fiatal m\u0171v\u00e9sz m\u00e1r gyermekkoruk \u00f3ta akt\u00edvan foglalkozik a zen\u00e9vel. A jazz m\u0171faja \u0151ket is mag\u00e1val ragadta, a k\u00f6z\u00f6ns\u00e9gnek jazz \u00f6r\u00f6kz\u00f6ldekkel k\u00e9sz\u00fcltek.\u00a0<\/span><\/p><p><span style=\"color: #333333;\">Igazi k\u00f6nnyed, kedd d\u00e9lut\u00e1nhoz ill\u0151 hangulatot teremtett a form\u00e1ci\u00f3!<\/span><\/p><p><span style=\"color: #333333;\">&#8222;Legyen a zene mindenki\u00e9!&#8221; &#8211; Kod\u00e1ly Zolt\u00e1n \u00f6r\u00f6k \u00e9rv\u00e9ny\u0171 mondata \u00f6lt testet a Ponton t\u00f6rt\u00e9n\u0151 r\u00f6gt\u00f6nz\u00f6tt koncertekben.<\/span><\/p><div id='gallery-2' class='gallery galleryid-801 gallery-columns-5 gallery-size-full'><figure class='gallery-item'>\n\t\t\t<div class='gallery-icon landscape'>\n\t\t\t\t<a href='https:\/\/kodaly-muveszeti-fesztival.hu\/wp-content\/uploads\/2021\/07\/kedd1-scaled.jpg'><img loading=\"lazy\" decoding=\"async\" width=\"2560\" height=\"1920\" src=\"https:\/\/kodaly-muveszeti-fesztival.hu\/wp-content\/uploads\/2021\/07\/kedd1-scaled.jpg\" class=\"attachment-full size-full\" alt=\"\" srcset=\"https:\/\/kodaly-muveszeti-fesztival.hu\/wp-content\/uploads\/2021\/07\/kedd1-scaled.jpg 2560w, https:\/\/kodaly-muveszeti-fesztival.hu\/wp-content\/uploads\/2021\/07\/kedd1-300x225.jpg 300w, https:\/\/kodaly-muveszeti-fesztival.hu\/wp-content\/uploads\/2021\/07\/kedd1-1024x768.jpg 1024w, https:\/\/kodaly-muveszeti-fesztival.hu\/wp-content\/uploads\/2021\/07\/kedd1-768x576.jpg 768w, https:\/\/kodaly-muveszeti-fesztival.hu\/wp-content\/uploads\/2021\/07\/kedd1-1536x1152.jpg 1536w, https:\/\/kodaly-muveszeti-fesztival.hu\/wp-content\/uploads\/2021\/07\/kedd1-2048x1536.jpg 2048w, https:\/\/kodaly-muveszeti-fesztival.hu\/wp-content\/uploads\/2021\/07\/kedd1-1140x855.jpg 1140w\" sizes=\"(max-width: 2560px) 100vw, 2560px\" \/><\/a>\n\t\t\t<\/div><\/figure><figure class='gallery-item'>\n\t\t\t<div class='gallery-icon landscape'>\n\t\t\t\t<a href='https:\/\/kodaly-muveszeti-fesztival.hu\/wp-content\/uploads\/2021\/07\/kedd4-scaled.jpg'><img loading=\"lazy\" decoding=\"async\" width=\"2560\" height=\"1920\" src=\"https:\/\/kodaly-muveszeti-fesztival.hu\/wp-content\/uploads\/2021\/07\/kedd4-scaled.jpg\" class=\"attachment-full size-full\" alt=\"\" srcset=\"https:\/\/kodaly-muveszeti-fesztival.hu\/wp-content\/uploads\/2021\/07\/kedd4-scaled.jpg 2560w, https:\/\/kodaly-muveszeti-fesztival.hu\/wp-content\/uploads\/2021\/07\/kedd4-300x225.jpg 300w, https:\/\/kodaly-muveszeti-fesztival.hu\/wp-content\/uploads\/2021\/07\/kedd4-1024x768.jpg 1024w, https:\/\/kodaly-muveszeti-fesztival.hu\/wp-content\/uploads\/2021\/07\/kedd4-768x576.jpg 768w, https:\/\/kodaly-muveszeti-fesztival.hu\/wp-content\/uploads\/2021\/07\/kedd4-1536x1152.jpg 1536w, https:\/\/kodaly-muveszeti-fesztival.hu\/wp-content\/uploads\/2021\/07\/kedd4-2048x1536.jpg 2048w, https:\/\/kodaly-muveszeti-fesztival.hu\/wp-content\/uploads\/2021\/07\/kedd4-1140x855.jpg 1140w\" sizes=\"(max-width: 2560px) 100vw, 2560px\" \/><\/a>\n\t\t\t<\/div><\/figure>\n\t\t<\/div>\n\t\t\t\t\t\t\t\t<\/div>\n\t\t\t\t<\/div>\n\t\t\t\t<div class=\"elementor-element elementor-element-3f17a0e elementor-widget elementor-widget-button\" data-id=\"3f17a0e\" data-element_type=\"widget\" data-widget_type=\"button.default\">\n\t\t\t\t<div class=\"elementor-widget-container\">\n\t\t\t\t\t\t\t\t\t<div class=\"elementor-button-wrapper\">\n\t\t\t\t\t<a class=\"elementor-button elementor-button-link elementor-size-sm\" href=\"https:\/\/fb.watch\/6_epoJcbIT\/\" target=\"_blank\">\n\t\t\t\t\t\t<span class=\"elementor-button-content-wrapper\">\n\t\t\t\t\t\t<span class=\"elementor-button-icon\">\n\t\t\t\t<i aria-hidden=\"true\" class=\"fas fa-video\"><\/i>\t\t\t<\/span>\n\t\t\t\t\t\t\t\t\t<span class=\"elementor-button-text\">Megn\u00e9zem a vide\u00f3t<\/span>\n\t\t\t\t\t<\/span>\n\t\t\t\t\t<\/a>\n\t\t\t\t<\/div>\n\t\t\t\t\t\t\t\t<\/div>\n\t\t\t\t<\/div>\n\t\t\t\t<div class=\"elementor-element elementor-element-fab1b47 elementor-widget-divider--view-line elementor-widget elementor-widget-divider\" data-id=\"fab1b47\" data-element_type=\"widget\" data-widget_type=\"divider.default\">\n\t\t\t\t<div class=\"elementor-widget-container\">\n\t\t\t\t\t\t\t<div class=\"elementor-divider\">\n\t\t\t<span class=\"elementor-divider-separator\">\n\t\t\t\t\t\t<\/span>\n\t\t<\/div>\n\t\t\t\t\t\t<\/div>\n\t\t\t\t<\/div>\n\t\t\t\t<div class=\"elementor-element elementor-element-08725bd elementor-widget elementor-widget-text-editor\" data-id=\"08725bd\" data-element_type=\"widget\" data-widget_type=\"text-editor.default\">\n\t\t\t\t<div class=\"elementor-widget-container\">\n\t\t\t\t\t\t\t\t\t<h4><span style=\"color: #333333;\"><strong>Szerda, 07.21.<br \/><span style=\"color: #808080;\">F\u00f6ldi J\u00e1cint \u00e9s Kov\u00e1cs Levente du\u00f3ja<\/span><\/strong><\/span><\/h4><p>\u00a0<\/p><p><span style=\"color: #333333;\">Szerda este ism\u00e9t \u00f6r\u00f6mzene volt a Kod\u00e1ly Ponton, a H\u00edr\u00f6s Ag\u00f3ra el\u0151tti De\u00e1k t\u00e9ren. <strong>F\u00f6ldi J\u00e1cint<\/strong> \u00e9s <strong>Kov\u00e1cs Levente<\/strong> kett\u0151se mind\u00f6ssze k\u00e9t hangszerrel var\u00e1zsolt t\u00f6k\u00e9letes ny\u00e1resti hangulatot a kissz\u00ednpadunkra. A m\u0171v\u00e9szek m\u0171sora improviz\u00e1ci\u00f3s elemeket \u00e9s j\u00f3l ismert dallamokat is tartogattak.<\/span><\/p><p><span style=\"color: #333333;\">S\u00e9t\u00e1lj egyet a j\u00f3 leveg\u0151n, foglalj helyet a sz\u00e9keken, d\u0151lj h\u00e1tra \u00e9s \u00e9lvezd minden d\u00e9lut\u00e1n a kellemes szabadt\u00e9ri kiskoncerteket.<\/span><br \/><span style=\"color: #333333;\">Ha kedved tartja, l\u00e9pj fel Te is. A Kod\u00e1ly Pont pont ez\u00e9rt j\u00f6tt l\u00e9tre.<\/span><\/p><p>Fot\u00f3k: Banczik R\u00f3bert<\/p><div id='gallery-3' class='gallery galleryid-801 gallery-columns-5 gallery-size-full'><figure class='gallery-item'>\n\t\t\t<div class='gallery-icon landscape'>\n\t\t\t\t<a href='https:\/\/kodaly-muveszeti-fesztival.hu\/wp-content\/uploads\/2021\/07\/DSC2719-scaled.jpg'><img loading=\"lazy\" decoding=\"async\" width=\"2560\" height=\"1705\" src=\"https:\/\/kodaly-muveszeti-fesztival.hu\/wp-content\/uploads\/2021\/07\/DSC2719-scaled.jpg\" class=\"attachment-full size-full\" alt=\"\" srcset=\"https:\/\/kodaly-muveszeti-fesztival.hu\/wp-content\/uploads\/2021\/07\/DSC2719-scaled.jpg 2560w, https:\/\/kodaly-muveszeti-fesztival.hu\/wp-content\/uploads\/2021\/07\/DSC2719-300x200.jpg 300w, https:\/\/kodaly-muveszeti-fesztival.hu\/wp-content\/uploads\/2021\/07\/DSC2719-1024x682.jpg 1024w, https:\/\/kodaly-muveszeti-fesztival.hu\/wp-content\/uploads\/2021\/07\/DSC2719-768x512.jpg 768w, https:\/\/kodaly-muveszeti-fesztival.hu\/wp-content\/uploads\/2021\/07\/DSC2719-1536x1023.jpg 1536w, https:\/\/kodaly-muveszeti-fesztival.hu\/wp-content\/uploads\/2021\/07\/DSC2719-2048x1364.jpg 2048w, https:\/\/kodaly-muveszeti-fesztival.hu\/wp-content\/uploads\/2021\/07\/DSC2719-1140x759.jpg 1140w\" sizes=\"(max-width: 2560px) 100vw, 2560px\" \/><\/a>\n\t\t\t<\/div><\/figure><figure class='gallery-item'>\n\t\t\t<div class='gallery-icon landscape'>\n\t\t\t\t<a href='https:\/\/kodaly-muveszeti-fesztival.hu\/wp-content\/uploads\/2021\/07\/DSC2711-scaled.jpg'><img loading=\"lazy\" decoding=\"async\" width=\"2560\" height=\"1705\" src=\"https:\/\/kodaly-muveszeti-fesztival.hu\/wp-content\/uploads\/2021\/07\/DSC2711-scaled.jpg\" class=\"attachment-full size-full\" alt=\"\" srcset=\"https:\/\/kodaly-muveszeti-fesztival.hu\/wp-content\/uploads\/2021\/07\/DSC2711-scaled.jpg 2560w, https:\/\/kodaly-muveszeti-fesztival.hu\/wp-content\/uploads\/2021\/07\/DSC2711-300x200.jpg 300w, https:\/\/kodaly-muveszeti-fesztival.hu\/wp-content\/uploads\/2021\/07\/DSC2711-1024x682.jpg 1024w, https:\/\/kodaly-muveszeti-fesztival.hu\/wp-content\/uploads\/2021\/07\/DSC2711-768x512.jpg 768w, https:\/\/kodaly-muveszeti-fesztival.hu\/wp-content\/uploads\/2021\/07\/DSC2711-1536x1023.jpg 1536w, https:\/\/kodaly-muveszeti-fesztival.hu\/wp-content\/uploads\/2021\/07\/DSC2711-2048x1364.jpg 2048w, https:\/\/kodaly-muveszeti-fesztival.hu\/wp-content\/uploads\/2021\/07\/DSC2711-1140x759.jpg 1140w\" sizes=\"(max-width: 2560px) 100vw, 2560px\" \/><\/a>\n\t\t\t<\/div><\/figure><figure class='gallery-item'>\n\t\t\t<div class='gallery-icon landscape'>\n\t\t\t\t<a href='https:\/\/kodaly-muveszeti-fesztival.hu\/wp-content\/uploads\/2021\/07\/DSC2705-scaled.jpg'><img loading=\"lazy\" decoding=\"async\" width=\"2560\" height=\"1705\" src=\"https:\/\/kodaly-muveszeti-fesztival.hu\/wp-content\/uploads\/2021\/07\/DSC2705-scaled.jpg\" class=\"attachment-full size-full\" alt=\"\" srcset=\"https:\/\/kodaly-muveszeti-fesztival.hu\/wp-content\/uploads\/2021\/07\/DSC2705-scaled.jpg 2560w, https:\/\/kodaly-muveszeti-fesztival.hu\/wp-content\/uploads\/2021\/07\/DSC2705-300x200.jpg 300w, https:\/\/kodaly-muveszeti-fesztival.hu\/wp-content\/uploads\/2021\/07\/DSC2705-1024x682.jpg 1024w, https:\/\/kodaly-muveszeti-fesztival.hu\/wp-content\/uploads\/2021\/07\/DSC2705-768x512.jpg 768w, https:\/\/kodaly-muveszeti-fesztival.hu\/wp-content\/uploads\/2021\/07\/DSC2705-1536x1023.jpg 1536w, https:\/\/kodaly-muveszeti-fesztival.hu\/wp-content\/uploads\/2021\/07\/DSC2705-2048x1364.jpg 2048w, https:\/\/kodaly-muveszeti-fesztival.hu\/wp-content\/uploads\/2021\/07\/DSC2705-1140x759.jpg 1140w\" sizes=\"(max-width: 2560px) 100vw, 2560px\" \/><\/a>\n\t\t\t<\/div><\/figure><figure class='gallery-item'>\n\t\t\t<div class='gallery-icon landscape'>\n\t\t\t\t<a href='https:\/\/kodaly-muveszeti-fesztival.hu\/wp-content\/uploads\/2021\/07\/DSC2687-scaled.jpg'><img loading=\"lazy\" decoding=\"async\" width=\"2560\" height=\"1705\" src=\"https:\/\/kodaly-muveszeti-fesztival.hu\/wp-content\/uploads\/2021\/07\/DSC2687-scaled.jpg\" class=\"attachment-full size-full\" alt=\"\" srcset=\"https:\/\/kodaly-muveszeti-fesztival.hu\/wp-content\/uploads\/2021\/07\/DSC2687-scaled.jpg 2560w, https:\/\/kodaly-muveszeti-fesztival.hu\/wp-content\/uploads\/2021\/07\/DSC2687-300x200.jpg 300w, https:\/\/kodaly-muveszeti-fesztival.hu\/wp-content\/uploads\/2021\/07\/DSC2687-1024x682.jpg 1024w, https:\/\/kodaly-muveszeti-fesztival.hu\/wp-content\/uploads\/2021\/07\/DSC2687-768x512.jpg 768w, https:\/\/kodaly-muveszeti-fesztival.hu\/wp-content\/uploads\/2021\/07\/DSC2687-1536x1023.jpg 1536w, https:\/\/kodaly-muveszeti-fesztival.hu\/wp-content\/uploads\/2021\/07\/DSC2687-2048x1364.jpg 2048w, https:\/\/kodaly-muveszeti-fesztival.hu\/wp-content\/uploads\/2021\/07\/DSC2687-1140x759.jpg 1140w\" sizes=\"(max-width: 2560px) 100vw, 2560px\" \/><\/a>\n\t\t\t<\/div><\/figure><figure class='gallery-item'>\n\t\t\t<div class='gallery-icon landscape'>\n\t\t\t\t<a href='https:\/\/kodaly-muveszeti-fesztival.hu\/wp-content\/uploads\/2021\/07\/DSC2667-scaled.jpg'><img loading=\"lazy\" decoding=\"async\" width=\"2560\" height=\"1705\" src=\"https:\/\/kodaly-muveszeti-fesztival.hu\/wp-content\/uploads\/2021\/07\/DSC2667-scaled.jpg\" class=\"attachment-full size-full\" alt=\"\" srcset=\"https:\/\/kodaly-muveszeti-fesztival.hu\/wp-content\/uploads\/2021\/07\/DSC2667-scaled.jpg 2560w, https:\/\/kodaly-muveszeti-fesztival.hu\/wp-content\/uploads\/2021\/07\/DSC2667-300x200.jpg 300w, https:\/\/kodaly-muveszeti-fesztival.hu\/wp-content\/uploads\/2021\/07\/DSC2667-1024x682.jpg 1024w, https:\/\/kodaly-muveszeti-fesztival.hu\/wp-content\/uploads\/2021\/07\/DSC2667-768x512.jpg 768w, https:\/\/kodaly-muveszeti-fesztival.hu\/wp-content\/uploads\/2021\/07\/DSC2667-1536x1023.jpg 1536w, https:\/\/kodaly-muveszeti-fesztival.hu\/wp-content\/uploads\/2021\/07\/DSC2667-2048x1364.jpg 2048w, https:\/\/kodaly-muveszeti-fesztival.hu\/wp-content\/uploads\/2021\/07\/DSC2667-1140x759.jpg 1140w\" sizes=\"(max-width: 2560px) 100vw, 2560px\" \/><\/a>\n\t\t\t<\/div><\/figure>\n\t\t<\/div>\n\t\t\t\t\t\t\t\t<\/div>\n\t\t\t\t<\/div>\n\t\t\t\t<div class=\"elementor-element elementor-element-0e6ef4a elementor-widget elementor-widget-button\" data-id=\"0e6ef4a\" data-element_type=\"widget\" data-widget_type=\"button.default\">\n\t\t\t\t<div class=\"elementor-widget-container\">\n\t\t\t\t\t\t\t\t\t<div class=\"elementor-button-wrapper\">\n\t\t\t\t\t<a class=\"elementor-button elementor-button-link elementor-size-sm\" href=\"https:\/\/fb.watch\/6_eoAe8HPg\/\" target=\"_blank\">\n\t\t\t\t\t\t<span class=\"elementor-button-content-wrapper\">\n\t\t\t\t\t\t<span class=\"elementor-button-icon\">\n\t\t\t\t<i aria-hidden=\"true\" class=\"fas fa-video\"><\/i>\t\t\t<\/span>\n\t\t\t\t\t\t\t\t\t<span class=\"elementor-button-text\">Megn\u00e9zem a vide\u00f3t<\/span>\n\t\t\t\t\t<\/span>\n\t\t\t\t\t<\/a>\n\t\t\t\t<\/div>\n\t\t\t\t\t\t\t\t<\/div>\n\t\t\t\t<\/div>\n\t\t\t\t\t<\/div>\n\t\t<\/div>\n\t\t\t\t\t<\/div>\n\t\t<\/section>\n\t\t\t\t<section class=\"elementor-section elementor-top-section elementor-element elementor-element-ff3d23f elementor-section-boxed elementor-section-height-default elementor-section-height-default\" data-id=\"ff3d23f\" data-element_type=\"section\">\n\t\t\t\t\t\t<div class=\"elementor-container elementor-column-gap-default\">\n\t\t\t\t\t<div class=\"elementor-column elementor-col-100 elementor-top-column elementor-element elementor-element-d7e9fae\" data-id=\"d7e9fae\" data-element_type=\"column\">\n\t\t\t<div class=\"elementor-widget-wrap elementor-element-populated\">\n\t\t\t\t\t\t<div class=\"elementor-element elementor-element-0943be4 elementor-widget-divider--view-line elementor-widget elementor-widget-divider\" data-id=\"0943be4\" data-element_type=\"widget\" data-widget_type=\"divider.default\">\n\t\t\t\t<div class=\"elementor-widget-container\">\n\t\t\t\t\t\t\t<div class=\"elementor-divider\">\n\t\t\t<span class=\"elementor-divider-separator\">\n\t\t\t\t\t\t<\/span>\n\t\t<\/div>\n\t\t\t\t\t\t<\/div>\n\t\t\t\t<\/div>\n\t\t\t\t\t<\/div>\n\t\t<\/div>\n\t\t\t\t\t<\/div>\n\t\t<\/section>\n\t\t\t\t<section class=\"elementor-section elementor-top-section elementor-element elementor-element-594179b elementor-section-boxed elementor-section-height-default elementor-section-height-default\" data-id=\"594179b\" data-element_type=\"section\">\n\t\t\t\t\t\t<div class=\"elementor-container elementor-column-gap-default\">\n\t\t\t\t\t<div class=\"elementor-column elementor-col-100 elementor-top-column elementor-element elementor-element-21e386e\" data-id=\"21e386e\" data-element_type=\"column\">\n\t\t\t<div class=\"elementor-widget-wrap elementor-element-populated\">\n\t\t\t\t\t\t<div class=\"elementor-element elementor-element-eee9ca1 elementor-widget elementor-widget-text-editor\" data-id=\"eee9ca1\" data-element_type=\"widget\" data-widget_type=\"text-editor.default\">\n\t\t\t\t<div class=\"elementor-widget-container\">\n\t\t\t\t\t\t\t\t\t<h4><span style=\"color: #333333;\"><strong>Cs\u00fct\u00f6rt\u00f6k, 07.22.<br \/><span style=\"color: #808080;\">T\u00e1rogat\u00f3n j\u00e1tszott Tak\u00e1cs Emese<\/span><\/strong><\/span><\/h4><p>\u00a0<\/p><p><span style=\"color: #333333;\">Ahogyan minden nap, cs\u00fct\u00f6rt\u00f6k d\u00e9lut\u00e1n is megcsillogtatta egy-egy m\u0171v\u00e9sz tehets\u00e9g\u00e9t \u00e9s tud\u00e1s\u00e1t a Kod\u00e1ly Ponton. Ez\u00fattal <strong>Tak\u00e1cs Emes\u00e9t<\/strong> l\u00e1thattuk \u00e9s hallhattuk <strong>t\u00e1rogat\u00f3n<\/strong> j\u00e1tszani.<\/span><\/p><p><span style=\"color: #333333;\">A t\u00e1rogat\u00f3 hangszer hungarikum, a magyar t\u00f6rt\u00e9nelem k\u00eds\u00e9r\u0151je a honfoglal\u00e1st\u00f3l napjainkig. \u00c9les hangj\u00e1t jelz\u00e9snek \u00e9s parancsk\u00f6zvet\u00edt\u00e9s eszk\u00f6z\u00e9nek is haszn\u00e1lt\u00e1k viadalok idej\u00e9n, m\u00e1skor pedig az \u00e9nekek, t\u00e1ncok elengedhetetlen k\u00eds\u00e9r\u0151je volt. A hangszer mai form\u00e1j\u00e1t a 19. sz\u00e1zad v\u00e9g\u00e9n nyerte el; teste hosszabb lett, klarin\u00e9tszer\u0171 f\u00fav\u00f3k\u00e1t kapott \u00e9s t\u00f6bb billenty\u0171vel szerelt\u00e9k fel.<\/span><\/p><p><span style=\"color: #333333;\">A koncerten egy szatm\u00e1ri \u00f6ssze\u00e1ll\u00edt\u00e1st, sz\u00e9kelyf\u00f6ldi t\u00e1ncdallamokat, vasv\u00e1ri verbunkot, g\u00f6m\u00f6ri hallgat\u00f3kat \u00e9s egy Nagys\u00e1rr\u00e9ti csokrot hallhattunk.<\/span><\/p><p>Fot\u00f3k: Banczik R\u00f3bert<\/p><div id='gallery-4' class='gallery galleryid-801 gallery-columns-5 gallery-size-large'><figure class='gallery-item'>\n\t\t\t<div class='gallery-icon landscape'>\n\t\t\t\t<a href='https:\/\/kodaly-muveszeti-fesztival.hu\/wp-content\/uploads\/2021\/07\/DSC2951-scaled.jpg'><img loading=\"lazy\" decoding=\"async\" width=\"960\" height=\"639\" src=\"https:\/\/kodaly-muveszeti-fesztival.hu\/wp-content\/uploads\/2021\/07\/DSC2951-1024x682.jpg\" class=\"attachment-large size-large\" alt=\"\" srcset=\"https:\/\/kodaly-muveszeti-fesztival.hu\/wp-content\/uploads\/2021\/07\/DSC2951-1024x682.jpg 1024w, https:\/\/kodaly-muveszeti-fesztival.hu\/wp-content\/uploads\/2021\/07\/DSC2951-300x200.jpg 300w, https:\/\/kodaly-muveszeti-fesztival.hu\/wp-content\/uploads\/2021\/07\/DSC2951-768x512.jpg 768w, https:\/\/kodaly-muveszeti-fesztival.hu\/wp-content\/uploads\/2021\/07\/DSC2951-1536x1023.jpg 1536w, https:\/\/kodaly-muveszeti-fesztival.hu\/wp-content\/uploads\/2021\/07\/DSC2951-2048x1364.jpg 2048w, https:\/\/kodaly-muveszeti-fesztival.hu\/wp-content\/uploads\/2021\/07\/DSC2951-1140x759.jpg 1140w\" sizes=\"(max-width: 960px) 100vw, 960px\" \/><\/a>\n\t\t\t<\/div><\/figure><figure class='gallery-item'>\n\t\t\t<div class='gallery-icon landscape'>\n\t\t\t\t<a href='https:\/\/kodaly-muveszeti-fesztival.hu\/wp-content\/uploads\/2021\/07\/DSC2977-scaled.jpg'><img loading=\"lazy\" decoding=\"async\" width=\"960\" height=\"639\" src=\"https:\/\/kodaly-muveszeti-fesztival.hu\/wp-content\/uploads\/2021\/07\/DSC2977-1024x682.jpg\" class=\"attachment-large size-large\" alt=\"\" srcset=\"https:\/\/kodaly-muveszeti-fesztival.hu\/wp-content\/uploads\/2021\/07\/DSC2977-1024x682.jpg 1024w, https:\/\/kodaly-muveszeti-fesztival.hu\/wp-content\/uploads\/2021\/07\/DSC2977-300x200.jpg 300w, https:\/\/kodaly-muveszeti-fesztival.hu\/wp-content\/uploads\/2021\/07\/DSC2977-768x512.jpg 768w, https:\/\/kodaly-muveszeti-fesztival.hu\/wp-content\/uploads\/2021\/07\/DSC2977-1536x1023.jpg 1536w, https:\/\/kodaly-muveszeti-fesztival.hu\/wp-content\/uploads\/2021\/07\/DSC2977-2048x1364.jpg 2048w, https:\/\/kodaly-muveszeti-fesztival.hu\/wp-content\/uploads\/2021\/07\/DSC2977-1140x759.jpg 1140w\" sizes=\"(max-width: 960px) 100vw, 960px\" \/><\/a>\n\t\t\t<\/div><\/figure><figure class='gallery-item'>\n\t\t\t<div class='gallery-icon landscape'>\n\t\t\t\t<a href='https:\/\/kodaly-muveszeti-fesztival.hu\/wp-content\/uploads\/2021\/07\/DSC2971-scaled.jpg'><img loading=\"lazy\" decoding=\"async\" width=\"960\" height=\"639\" src=\"https:\/\/kodaly-muveszeti-fesztival.hu\/wp-content\/uploads\/2021\/07\/DSC2971-1024x682.jpg\" class=\"attachment-large size-large\" alt=\"\" srcset=\"https:\/\/kodaly-muveszeti-fesztival.hu\/wp-content\/uploads\/2021\/07\/DSC2971-1024x682.jpg 1024w, https:\/\/kodaly-muveszeti-fesztival.hu\/wp-content\/uploads\/2021\/07\/DSC2971-300x200.jpg 300w, https:\/\/kodaly-muveszeti-fesztival.hu\/wp-content\/uploads\/2021\/07\/DSC2971-768x512.jpg 768w, https:\/\/kodaly-muveszeti-fesztival.hu\/wp-content\/uploads\/2021\/07\/DSC2971-1536x1023.jpg 1536w, https:\/\/kodaly-muveszeti-fesztival.hu\/wp-content\/uploads\/2021\/07\/DSC2971-2048x1364.jpg 2048w, https:\/\/kodaly-muveszeti-fesztival.hu\/wp-content\/uploads\/2021\/07\/DSC2971-1140x759.jpg 1140w\" sizes=\"(max-width: 960px) 100vw, 960px\" \/><\/a>\n\t\t\t<\/div><\/figure><figure class='gallery-item'>\n\t\t\t<div class='gallery-icon landscape'>\n\t\t\t\t<a href='https:\/\/kodaly-muveszeti-fesztival.hu\/wp-content\/uploads\/2021\/07\/DSC2964-scaled.jpg'><img loading=\"lazy\" decoding=\"async\" width=\"960\" height=\"639\" src=\"https:\/\/kodaly-muveszeti-fesztival.hu\/wp-content\/uploads\/2021\/07\/DSC2964-1024x682.jpg\" class=\"attachment-large size-large\" alt=\"\" srcset=\"https:\/\/kodaly-muveszeti-fesztival.hu\/wp-content\/uploads\/2021\/07\/DSC2964-1024x682.jpg 1024w, https:\/\/kodaly-muveszeti-fesztival.hu\/wp-content\/uploads\/2021\/07\/DSC2964-300x200.jpg 300w, https:\/\/kodaly-muveszeti-fesztival.hu\/wp-content\/uploads\/2021\/07\/DSC2964-768x512.jpg 768w, https:\/\/kodaly-muveszeti-fesztival.hu\/wp-content\/uploads\/2021\/07\/DSC2964-1536x1023.jpg 1536w, https:\/\/kodaly-muveszeti-fesztival.hu\/wp-content\/uploads\/2021\/07\/DSC2964-2048x1364.jpg 2048w, https:\/\/kodaly-muveszeti-fesztival.hu\/wp-content\/uploads\/2021\/07\/DSC2964-1140x759.jpg 1140w\" sizes=\"(max-width: 960px) 100vw, 960px\" \/><\/a>\n\t\t\t<\/div><\/figure><figure class='gallery-item'>\n\t\t\t<div class='gallery-icon landscape'>\n\t\t\t\t<a href='https:\/\/kodaly-muveszeti-fesztival.hu\/wp-content\/uploads\/2021\/07\/DSC2985-scaled.jpg'><img loading=\"lazy\" decoding=\"async\" width=\"960\" height=\"639\" src=\"https:\/\/kodaly-muveszeti-fesztival.hu\/wp-content\/uploads\/2021\/07\/DSC2985-1024x682.jpg\" class=\"attachment-large size-large\" alt=\"\" srcset=\"https:\/\/kodaly-muveszeti-fesztival.hu\/wp-content\/uploads\/2021\/07\/DSC2985-1024x682.jpg 1024w, https:\/\/kodaly-muveszeti-fesztival.hu\/wp-content\/uploads\/2021\/07\/DSC2985-300x200.jpg 300w, https:\/\/kodaly-muveszeti-fesztival.hu\/wp-content\/uploads\/2021\/07\/DSC2985-768x512.jpg 768w, https:\/\/kodaly-muveszeti-fesztival.hu\/wp-content\/uploads\/2021\/07\/DSC2985-1536x1023.jpg 1536w, https:\/\/kodaly-muveszeti-fesztival.hu\/wp-content\/uploads\/2021\/07\/DSC2985-2048x1364.jpg 2048w, https:\/\/kodaly-muveszeti-fesztival.hu\/wp-content\/uploads\/2021\/07\/DSC2985-1140x759.jpg 1140w\" sizes=\"(max-width: 960px) 100vw, 960px\" \/><\/a>\n\t\t\t<\/div><\/figure>\n\t\t<\/div>\n\t\t\t\t\t\t\t\t<\/div>\n\t\t\t\t<\/div>\n\t\t\t\t<div class=\"elementor-element elementor-element-a9a42ce elementor-widget elementor-widget-button\" data-id=\"a9a42ce\" data-element_type=\"widget\" data-widget_type=\"button.default\">\n\t\t\t\t<div class=\"elementor-widget-container\">\n\t\t\t\t\t\t\t\t\t<div class=\"elementor-button-wrapper\">\n\t\t\t\t\t<a class=\"elementor-button elementor-button-link elementor-size-sm\" href=\"https:\/\/fb.watch\/v\/7dySHOgIn\/\" target=\"_blank\">\n\t\t\t\t\t\t<span class=\"elementor-button-content-wrapper\">\n\t\t\t\t\t\t<span class=\"elementor-button-icon\">\n\t\t\t\t<i aria-hidden=\"true\" class=\"fas fa-video\"><\/i>\t\t\t<\/span>\n\t\t\t\t\t\t\t\t\t<span class=\"elementor-button-text\">Megn\u00e9zem a vide\u00f3t<\/span>\n\t\t\t\t\t<\/span>\n\t\t\t\t\t<\/a>\n\t\t\t\t<\/div>\n\t\t\t\t\t\t\t\t<\/div>\n\t\t\t\t<\/div>\n\t\t\t\t\t<\/div>\n\t\t<\/div>\n\t\t\t\t\t<\/div>\n\t\t<\/section>\n\t\t\t\t<section class=\"elementor-section elementor-top-section elementor-element elementor-element-d6664de elementor-section-boxed elementor-section-height-default elementor-section-height-default\" data-id=\"d6664de\" data-element_type=\"section\">\n\t\t\t\t\t\t<div class=\"elementor-container elementor-column-gap-default\">\n\t\t\t\t\t<div class=\"elementor-column elementor-col-100 elementor-top-column elementor-element elementor-element-d39f2fe\" data-id=\"d39f2fe\" data-element_type=\"column\">\n\t\t\t<div class=\"elementor-widget-wrap elementor-element-populated\">\n\t\t\t\t\t\t<div class=\"elementor-element elementor-element-61dee04 elementor-widget-divider--view-line elementor-widget elementor-widget-divider\" data-id=\"61dee04\" data-element_type=\"widget\" data-widget_type=\"divider.default\">\n\t\t\t\t<div class=\"elementor-widget-container\">\n\t\t\t\t\t\t\t<div class=\"elementor-divider\">\n\t\t\t<span class=\"elementor-divider-separator\">\n\t\t\t\t\t\t<\/span>\n\t\t<\/div>\n\t\t\t\t\t\t<\/div>\n\t\t\t\t<\/div>\n\t\t\t\t<div class=\"elementor-element elementor-element-8df7a11 elementor-widget elementor-widget-text-editor\" data-id=\"8df7a11\" data-element_type=\"widget\" data-widget_type=\"text-editor.default\">\n\t\t\t\t<div class=\"elementor-widget-container\">\n\t\t\t\t\t\t\t\t\t<h4><span style=\"color: #333333;\"><strong>P\u00e9ntek, 07.23.<br \/><span style=\"color: #808080;\">Holl\u00f3k\u0151i Huba \u00e9s Korb Vanessza heged\u0171duettje<\/span><\/strong><\/span><\/h4><p>\u00a0<\/p><p>Ism\u00e9t itt vagyunk a Kod\u00e1ly Pontpon, ahol ma este <strong>Korb Vanessza<\/strong> \u00e9s <strong>Holl\u00f3k\u0151i Huba heged\u0171j\u00e1t\u00e9k\u00e1t<\/strong> hallhatta a k\u00f6z\u00f6ns\u00e9g. Holl\u00f3k\u0151i Huba, aki a Kod\u00e1ly M\u0171v\u00e9szeti Fesztiv\u00e1l nyit\u00f3koncertj\u00e9n vez\u00e9nyelte a Kecskem\u00e9ti Szimfonikusokat, heged\u0171m\u0171v\u00e9szk\u00e9nt is tev\u00e9keny, a Kod\u00e1ly Pont kiskoncertjeinek hangulata arra \u00f6szt\u00f6n\u00f6zte, hogy heged\u0171vel is fell\u00e9pjen. Korb Vanessza a Liszt Ferenc Zenem\u0171v\u00e9szeti Egyetemen v\u00e9gzett heged\u0171m\u0171v\u00e9szk\u00e9nt, akt\u00edvan r\u00e9szt vesz a zenei \u00e9letben.<\/p><p>Bart\u00f3k heged\u0171re \u00edrt du\u00f3i k\u00f6z\u00fcl v\u00e1logatott a p\u00e1ros.<\/p><div id='gallery-5' class='gallery galleryid-801 gallery-columns-5 gallery-size-full'><figure class='gallery-item'>\n\t\t\t<div class='gallery-icon portrait'>\n\t\t\t\t<a href='https:\/\/kodaly-muveszeti-fesztival.hu\/wp-content\/uploads\/2021\/07\/hubavanessza.jpg'><img loading=\"lazy\" decoding=\"async\" width=\"1536\" height=\"2048\" src=\"https:\/\/kodaly-muveszeti-fesztival.hu\/wp-content\/uploads\/2021\/07\/hubavanessza.jpg\" class=\"attachment-full size-full\" alt=\"\" srcset=\"https:\/\/kodaly-muveszeti-fesztival.hu\/wp-content\/uploads\/2021\/07\/hubavanessza.jpg 1536w, https:\/\/kodaly-muveszeti-fesztival.hu\/wp-content\/uploads\/2021\/07\/hubavanessza-225x300.jpg 225w, https:\/\/kodaly-muveszeti-fesztival.hu\/wp-content\/uploads\/2021\/07\/hubavanessza-768x1024.jpg 768w, https:\/\/kodaly-muveszeti-fesztival.hu\/wp-content\/uploads\/2021\/07\/hubavanessza-1152x1536.jpg 1152w, https:\/\/kodaly-muveszeti-fesztival.hu\/wp-content\/uploads\/2021\/07\/hubavanessza-1140x1520.jpg 1140w\" sizes=\"(max-width: 1536px) 100vw, 1536px\" \/><\/a>\n\t\t\t<\/div><\/figure>\n\t\t<\/div>\n\t\t\t\t\t\t\t\t<\/div>\n\t\t\t\t<\/div>\n\t\t\t\t<div class=\"elementor-element elementor-element-1150801 elementor-widget elementor-widget-button\" data-id=\"1150801\" data-element_type=\"widget\" data-widget_type=\"button.default\">\n\t\t\t\t<div class=\"elementor-widget-container\">\n\t\t\t\t\t\t\t\t\t<div class=\"elementor-button-wrapper\">\n\t\t\t\t\t<a class=\"elementor-button elementor-button-link elementor-size-sm\" href=\"https:\/\/fb.watch\/6_7QzzGyou\/\" target=\"_blank\">\n\t\t\t\t\t\t<span class=\"elementor-button-content-wrapper\">\n\t\t\t\t\t\t<span class=\"elementor-button-icon\">\n\t\t\t\t<i aria-hidden=\"true\" class=\"fas fa-video\"><\/i>\t\t\t<\/span>\n\t\t\t\t\t\t\t\t\t<span class=\"elementor-button-text\">Megn\u00e9zem a vide\u00f3t<\/span>\n\t\t\t\t\t<\/span>\n\t\t\t\t\t<\/a>\n\t\t\t\t<\/div>\n\t\t\t\t\t\t\t\t<\/div>\n\t\t\t\t<\/div>\n\t\t\t\t\t<\/div>\n\t\t<\/div>\n\t\t\t\t\t<\/div>\n\t\t<\/section>\n\t\t\t\t<section class=\"elementor-section elementor-top-section elementor-element elementor-element-1ceff01 elementor-section-boxed elementor-section-height-default elementor-section-height-default\" data-id=\"1ceff01\" data-element_type=\"section\">\n\t\t\t\t\t\t<div class=\"elementor-container elementor-column-gap-default\">\n\t\t\t\t\t<div class=\"elementor-column elementor-col-100 elementor-top-column elementor-element elementor-element-cb78fd4\" data-id=\"cb78fd4\" data-element_type=\"column\">\n\t\t\t<div class=\"elementor-widget-wrap elementor-element-populated\">\n\t\t\t\t\t\t<div class=\"elementor-element elementor-element-116ef18 elementor-widget-divider--view-line elementor-widget elementor-widget-divider\" data-id=\"116ef18\" data-element_type=\"widget\" data-widget_type=\"divider.default\">\n\t\t\t\t<div class=\"elementor-widget-container\">\n\t\t\t\t\t\t\t<div class=\"elementor-divider\">\n\t\t\t<span class=\"elementor-divider-separator\">\n\t\t\t\t\t\t<\/span>\n\t\t<\/div>\n\t\t\t\t\t\t<\/div>\n\t\t\t\t<\/div>\n\t\t\t\t<div class=\"elementor-element elementor-element-7e66034 elementor-widget elementor-widget-text-editor\" data-id=\"7e66034\" data-element_type=\"widget\" data-widget_type=\"text-editor.default\">\n\t\t\t\t<div class=\"elementor-widget-container\">\n\t\t\t\t\t\t\t\t\t<h4><span style=\"color: #333333;\"><strong>Szombat, 07.24.<br \/><span style=\"color: #808080;\">Trombita-, \u00e9s harsonasz\u00f3 zengte be a teret a Kod\u00e1ly Ponton<\/span><\/strong><\/span><\/h4><p>\u00a0<\/p><p><span style=\"color: #333333;\">A fesztiv\u00e1l h\u00e9tv\u00e9g\u00e9j\u00e9nek napj\u00e1n, \u00fajb\u00f3l a f\u00fav\u00f3s hangszerek\u00e9 volt a f\u0151szerep: <strong>F\u00f6ldi J\u00e1cint<\/strong> <strong>trombitahangja<\/strong>, \u00e9s <strong>H\u00e1mori \u00c1ron harsonaj\u00e1t\u00e9ka<\/strong> zengte be a H\u00edr\u00f6s Ag\u00f3ra el\u0151tti De\u00e1k Ferenc teret.\u00a0<\/span><\/p><p><span style=\"color: #333333;\">A m\u0171v\u00e9szek k\u00fcl\u00f6n, majd egy\u00fctt is j\u00e1tszottak. H\u00e1mori \u00c1ron egy 20. sz\u00e1zadi darabbal k\u00e9sz\u00fclt, Kist\u00e9t\u00e9nyi Melinda harson\u00e1ra \u00edrt sz\u00f3l\u00f3szon\u00e1t\u00e1j\u00e1t f\u00fajta el, F\u00f6ldi J\u00e1cinttal k\u00f6z\u00f6sen alkotott du\u00f3ban pedig Schubertt\u0151l, eredetileg k\u00fcrtre \u00edrt duetteket j\u00e1tszottak, harson\u00e1n \u00e9s trombit\u00e1n.<\/span><\/p><p><span style=\"color: #333333;\">A harsona m\u00e9ly, telt hangja remek\u00fcl kieg\u00e9sz\u00edtette a trombita \u00e9lesebb, magasabb dallamait, \u00e9s a koncerten r\u00e9sztvev\u0151knek k\u00fcl\u00f6n\u00f6s \u00e9lm\u00e9nyben lehetett r\u00e9sz\u00fck &#8211; a hangszerek csod\u00e1san bezengt\u00e9k a teret a Kod\u00e1ly Pont k\u00f6r\u00fcl.<\/span><\/p>\t\t\t\t\t\t\t\t<\/div>\n\t\t\t\t<\/div>\n\t\t\t\t<div class=\"elementor-element elementor-element-ffaa672 elementor-widget elementor-widget-button\" data-id=\"ffaa672\" data-element_type=\"widget\" data-widget_type=\"button.default\">\n\t\t\t\t<div class=\"elementor-widget-container\">\n\t\t\t\t\t\t\t\t\t<div class=\"elementor-button-wrapper\">\n\t\t\t\t\t<a class=\"elementor-button elementor-button-link elementor-size-sm\" href=\"https:\/\/fb.watch\/6_8RqjEIoy\/\" target=\"_blank\">\n\t\t\t\t\t\t<span class=\"elementor-button-content-wrapper\">\n\t\t\t\t\t\t<span class=\"elementor-button-icon\">\n\t\t\t\t<i aria-hidden=\"true\" class=\"fas fa-video\"><\/i>\t\t\t<\/span>\n\t\t\t\t\t\t\t\t\t<span class=\"elementor-button-text\">Megn\u00e9zem a vide\u00f3t<\/span>\n\t\t\t\t\t<\/span>\n\t\t\t\t\t<\/a>\n\t\t\t\t<\/div>\n\t\t\t\t\t\t\t\t<\/div>\n\t\t\t\t<\/div>\n\t\t\t\t<section class=\"elementor-section elementor-inner-section elementor-element elementor-element-4e5de18 elementor-section-boxed elementor-section-height-default elementor-section-height-default\" data-id=\"4e5de18\" data-element_type=\"section\">\n\t\t\t\t\t\t<div class=\"elementor-container elementor-column-gap-default\">\n\t\t\t\t\t<div class=\"elementor-column elementor-col-100 elementor-inner-column elementor-element elementor-element-e23a017\" data-id=\"e23a017\" data-element_type=\"column\">\n\t\t\t<div class=\"elementor-widget-wrap elementor-element-populated\">\n\t\t\t\t\t\t<div class=\"elementor-element elementor-element-b6629a3 elementor-widget elementor-widget-text-editor\" data-id=\"b6629a3\" data-element_type=\"widget\" data-widget_type=\"text-editor.default\">\n\t\t\t\t<div class=\"elementor-widget-container\">\n\t\t\t\t\t\t\t\t\t<h4><span style=\"color: #808080;\"><strong>Karikat\u00fara, mint m\u0171faj &#8211; Habi rajzol<\/strong><\/span><\/h4><p>\u00a0<\/p><p><span style=\"color: #333333;\">Aki ma a Kod\u00e1ly Ponthoz l\u00e1togatott, nem csak egy csod\u00e1s koncertet hallgathatott v\u00e9gig, hanem modellt is \u00fclhetett <strong>Habinak<\/strong>, aki minden jelentkez\u0151r\u0151l tal\u00e1l\u00f3 portr\u00e9kat k\u00e9sz\u00edtett. A &#8222;<strong>karikaturista<\/strong>&#8221; munk\u00e1i k\u00f6z\u00fcl megtekinthettek p\u00e1rat az al\u00e1bbi gal\u00e9ri\u00e1ban.<\/span><br \/><span style=\"color: #333333;\">Habi a Fesztiv\u00e1l ideje alatt a Kod\u00e1ly Pontn\u00e1l <strong>h\u00e9tf\u0151n \u00e9s szerd\u00e1n, 17:00-19:00-ig, az Ag\u00f3ra bej\u00e1rata el\u0151tt a babzs\u00e1kokn\u00e1l <\/strong>v\u00e1rja modelljeit!<\/span><\/p><div id='gallery-6' class='gallery galleryid-801 gallery-columns-8 gallery-size-full'><figure class='gallery-item'>\n\t\t\t<div class='gallery-icon portrait'>\n\t\t\t\t<a href='https:\/\/kodaly-muveszeti-fesztival.hu\/wp-content\/uploads\/2021\/07\/habirajzol-2.jpg'><img loading=\"lazy\" decoding=\"async\" width=\"544\" height=\"960\" src=\"https:\/\/kodaly-muveszeti-fesztival.hu\/wp-content\/uploads\/2021\/07\/habirajzol-2.jpg\" class=\"attachment-full size-full\" alt=\"\" srcset=\"https:\/\/kodaly-muveszeti-fesztival.hu\/wp-content\/uploads\/2021\/07\/habirajzol-2.jpg 544w, https:\/\/kodaly-muveszeti-fesztival.hu\/wp-content\/uploads\/2021\/07\/habirajzol-2-170x300.jpg 170w\" sizes=\"(max-width: 544px) 100vw, 544px\" \/><\/a>\n\t\t\t<\/div><\/figure><figure class='gallery-item'>\n\t\t\t<div class='gallery-icon portrait'>\n\t\t\t\t<a href='https:\/\/kodaly-muveszeti-fesztival.hu\/wp-content\/uploads\/2021\/07\/habirajzol3.jpg'><img loading=\"lazy\" decoding=\"async\" width=\"528\" height=\"960\" src=\"https:\/\/kodaly-muveszeti-fesztival.hu\/wp-content\/uploads\/2021\/07\/habirajzol3.jpg\" class=\"attachment-full size-full\" alt=\"\" srcset=\"https:\/\/kodaly-muveszeti-fesztival.hu\/wp-content\/uploads\/2021\/07\/habirajzol3.jpg 528w, https:\/\/kodaly-muveszeti-fesztival.hu\/wp-content\/uploads\/2021\/07\/habirajzol3-165x300.jpg 165w\" sizes=\"(max-width: 528px) 100vw, 528px\" \/><\/a>\n\t\t\t<\/div><\/figure><figure class='gallery-item'>\n\t\t\t<div class='gallery-icon landscape'>\n\t\t\t\t<a href='https:\/\/kodaly-muveszeti-fesztival.hu\/wp-content\/uploads\/2021\/07\/habirajzol-4.jpg'><img loading=\"lazy\" decoding=\"async\" width=\"960\" height=\"540\" src=\"https:\/\/kodaly-muveszeti-fesztival.hu\/wp-content\/uploads\/2021\/07\/habirajzol-4.jpg\" class=\"attachment-full size-full\" alt=\"\" srcset=\"https:\/\/kodaly-muveszeti-fesztival.hu\/wp-content\/uploads\/2021\/07\/habirajzol-4.jpg 960w, https:\/\/kodaly-muveszeti-fesztival.hu\/wp-content\/uploads\/2021\/07\/habirajzol-4-300x169.jpg 300w, https:\/\/kodaly-muveszeti-fesztival.hu\/wp-content\/uploads\/2021\/07\/habirajzol-4-768x432.jpg 768w\" sizes=\"(max-width: 960px) 100vw, 960px\" \/><\/a>\n\t\t\t<\/div><\/figure><figure class='gallery-item'>\n\t\t\t<div class='gallery-icon portrait'>\n\t\t\t\t<a href='https:\/\/kodaly-muveszeti-fesztival.hu\/wp-content\/uploads\/2021\/07\/habirajzol1.jpg'><img loading=\"lazy\" decoding=\"async\" width=\"705\" height=\"960\" src=\"https:\/\/kodaly-muveszeti-fesztival.hu\/wp-content\/uploads\/2021\/07\/habirajzol1.jpg\" class=\"attachment-full size-full\" alt=\"\" srcset=\"https:\/\/kodaly-muveszeti-fesztival.hu\/wp-content\/uploads\/2021\/07\/habirajzol1.jpg 705w, https:\/\/kodaly-muveszeti-fesztival.hu\/wp-content\/uploads\/2021\/07\/habirajzol1-220x300.jpg 220w\" sizes=\"(max-width: 705px) 100vw, 705px\" \/><\/a>\n\t\t\t<\/div><\/figure>\n\t\t<\/div>\n\t\t\t\t\t\t\t\t<\/div>\n\t\t\t\t<\/div>\n\t\t\t\t\t<\/div>\n\t\t<\/div>\n\t\t\t\t\t<\/div>\n\t\t<\/section>\n\t\t\t\t\t<\/div>\n\t\t<\/div>\n\t\t\t\t\t<\/div>\n\t\t<\/section>\n\t\t\t\t<section class=\"elementor-section elementor-top-section elementor-element elementor-element-b0156d9 elementor-section-boxed elementor-section-height-default elementor-section-height-default\" data-id=\"b0156d9\" data-element_type=\"section\">\n\t\t\t\t\t\t<div class=\"elementor-container elementor-column-gap-default\">\n\t\t\t\t\t<div class=\"elementor-column elementor-col-100 elementor-top-column elementor-element elementor-element-01c049b\" data-id=\"01c049b\" data-element_type=\"column\">\n\t\t\t<div class=\"elementor-widget-wrap elementor-element-populated\">\n\t\t\t\t\t\t<div class=\"elementor-element elementor-element-3c70c31 elementor-widget-divider--view-line elementor-widget elementor-widget-divider\" data-id=\"3c70c31\" data-element_type=\"widget\" data-widget_type=\"divider.default\">\n\t\t\t\t<div class=\"elementor-widget-container\">\n\t\t\t\t\t\t\t<div class=\"elementor-divider\">\n\t\t\t<span class=\"elementor-divider-separator\">\n\t\t\t\t\t\t<\/span>\n\t\t<\/div>\n\t\t\t\t\t\t<\/div>\n\t\t\t\t<\/div>\n\t\t\t\t\t<\/div>\n\t\t<\/div>\n\t\t\t\t\t<\/div>\n\t\t<\/section>\n\t\t\t\t<section class=\"elementor-section elementor-top-section elementor-element elementor-element-6739863 elementor-section-boxed elementor-section-height-default elementor-section-height-default\" data-id=\"6739863\" data-element_type=\"section\">\n\t\t\t\t\t\t<div class=\"elementor-container elementor-column-gap-default\">\n\t\t\t\t\t<div class=\"elementor-column elementor-col-100 elementor-top-column elementor-element elementor-element-ff54988\" data-id=\"ff54988\" data-element_type=\"column\">\n\t\t\t<div class=\"elementor-widget-wrap elementor-element-populated\">\n\t\t\t\t\t\t<div class=\"elementor-element elementor-element-3749d9b elementor-widget elementor-widget-text-editor\" data-id=\"3749d9b\" data-element_type=\"widget\" data-widget_type=\"text-editor.default\">\n\t\t\t\t<div class=\"elementor-widget-container\">\n\t\t\t\t\t\t\t\t\t<h4><strong>Vas\u00e1rnap, 07.25.<br \/><span style=\"color: #808080;\">Gal\u00e1ntai \u00e9s g\u00f6d\u00f6ll\u0151i t\u00e1ncok a Kecskem\u00e9t T\u00e1ncegy\u00fcttessel<\/span><\/strong><\/h4><p>\u00a0<\/p><p><span style=\"color: #333333;\">Vas\u00e1rnap a Kod\u00e1ly Ponton ism\u00e9t n\u00e9pzene sz\u00f3lt, \u00e9s egym\u00e1sba kapaszkod\u00f3, k\u00f6rt\u00e1ncot lejt\u0151 csapatra bukkanhattak az arra j\u00e1r\u00f3k.<\/span><\/p><p><span style=\"color: #333333;\"><strong>Luk\u00e1cs L\u00e1szl\u00f3<\/strong>, a <strong>Kecskem\u00e9t T\u00e1ncegy\u00fcttes<\/strong> m\u0171v\u00e9szeti vezet\u0151je nyitotta az aznapi est\u00e9t a De\u00e1k t\u00e9ren. Kod\u00e1ly Zolt\u00e1n m\u00faltj\u00e1r\u00f3l \u00e9s munk\u00e1ss\u00e1g\u00e1r\u00f3l esett sz\u00f3 p\u00e1r mondatban: Kod\u00e1ly felvid\u00e9kre el\u00e9g kor\u00e1n elker\u00fclt, ezen bel\u00fcl Gal\u00e1nt\u00e1n \u00e9s Nagyszombaton t\u00f6lt\u00f6tte gyermeki \u00e9veit. A nagyszombati gimn\u00e1ziumban, a fiatal zeneszerz\u0151 \u00e1ltal 16 \u00e9vesen kompon\u00e1lt darabot adta el\u0151 az iskolai zenekar. Viszont Kod\u00e1ly a magyar n\u00e9pdalokban kereste \u00e9s tal\u00e1lta meg m\u0171v\u00e9szet\u00e9nek k\u00f6zponti elem\u00e9t<\/span><\/p><p><span style=\"color: #333333;\">&#8222;Nincs m\u00e1s zen\u00e9nk, ami a magyar l\u00e9lekbe m\u00e9lyebben vil\u00e1g\u00edt bele, \u00e9rcn\u00e9l maradand\u00f3bb form\u00e1ban, mint a magyar n\u00e9pdal.&#8221; &#8211; Luk\u00e1cs L\u00e1szl\u00f3 Kod\u00e1lyt\u00f3l id\u00e9zte mondat\u00e1t.<\/span><\/p><p><span style=\"color: #333333;\">Kod\u00e1ly Zolt\u00e1n &#8211; H\u00e1ry J\u00e1nos dalj\u00e1t\u00e9k\u00e1ban megjelenik egy g\u00f6m\u00f6ri n\u00e9pdal. A T\u00e1ncegy\u00fcttes k\u00e9pvisel\u0151i felvid\u00e9kr\u0151l, g\u00f6m\u00f6ri t\u00e1ncokkal k\u00e9sz\u00fcltek, ism\u00e9t bevonva a k\u00f6z\u00f6ns\u00e9get a k\u00f6z\u00f6s t\u00e1ncba.<\/span><\/p><p><em>Fot\u00f3k: Banczik R\u00f3bert<\/em><\/p><div id='gallery-7' class='gallery galleryid-801 gallery-columns-5 gallery-size-full'><figure class='gallery-item'>\n\t\t\t<div class='gallery-icon landscape'>\n\t\t\t\t<a href='https:\/\/kodaly-muveszeti-fesztival.hu\/wp-content\/uploads\/2021\/07\/DSC4151-scaled.jpg'><img loading=\"lazy\" decoding=\"async\" width=\"2560\" height=\"1705\" src=\"https:\/\/kodaly-muveszeti-fesztival.hu\/wp-content\/uploads\/2021\/07\/DSC4151-scaled.jpg\" class=\"attachment-full size-full\" alt=\"\" srcset=\"https:\/\/kodaly-muveszeti-fesztival.hu\/wp-content\/uploads\/2021\/07\/DSC4151-scaled.jpg 2560w, https:\/\/kodaly-muveszeti-fesztival.hu\/wp-content\/uploads\/2021\/07\/DSC4151-300x200.jpg 300w, https:\/\/kodaly-muveszeti-fesztival.hu\/wp-content\/uploads\/2021\/07\/DSC4151-1024x682.jpg 1024w, https:\/\/kodaly-muveszeti-fesztival.hu\/wp-content\/uploads\/2021\/07\/DSC4151-768x512.jpg 768w, https:\/\/kodaly-muveszeti-fesztival.hu\/wp-content\/uploads\/2021\/07\/DSC4151-1536x1023.jpg 1536w, https:\/\/kodaly-muveszeti-fesztival.hu\/wp-content\/uploads\/2021\/07\/DSC4151-2048x1364.jpg 2048w, https:\/\/kodaly-muveszeti-fesztival.hu\/wp-content\/uploads\/2021\/07\/DSC4151-1140x759.jpg 1140w\" sizes=\"(max-width: 2560px) 100vw, 2560px\" \/><\/a>\n\t\t\t<\/div><\/figure><figure class='gallery-item'>\n\t\t\t<div class='gallery-icon landscape'>\n\t\t\t\t<a href='https:\/\/kodaly-muveszeti-fesztival.hu\/wp-content\/uploads\/2021\/07\/DSC4166-scaled.jpg'><img loading=\"lazy\" decoding=\"async\" width=\"2560\" height=\"1705\" src=\"https:\/\/kodaly-muveszeti-fesztival.hu\/wp-content\/uploads\/2021\/07\/DSC4166-scaled.jpg\" class=\"attachment-full size-full\" alt=\"\" srcset=\"https:\/\/kodaly-muveszeti-fesztival.hu\/wp-content\/uploads\/2021\/07\/DSC4166-scaled.jpg 2560w, https:\/\/kodaly-muveszeti-fesztival.hu\/wp-content\/uploads\/2021\/07\/DSC4166-300x200.jpg 300w, https:\/\/kodaly-muveszeti-fesztival.hu\/wp-content\/uploads\/2021\/07\/DSC4166-1024x682.jpg 1024w, https:\/\/kodaly-muveszeti-fesztival.hu\/wp-content\/uploads\/2021\/07\/DSC4166-768x512.jpg 768w, https:\/\/kodaly-muveszeti-fesztival.hu\/wp-content\/uploads\/2021\/07\/DSC4166-1536x1023.jpg 1536w, https:\/\/kodaly-muveszeti-fesztival.hu\/wp-content\/uploads\/2021\/07\/DSC4166-2048x1364.jpg 2048w, https:\/\/kodaly-muveszeti-fesztival.hu\/wp-content\/uploads\/2021\/07\/DSC4166-1140x759.jpg 1140w\" sizes=\"(max-width: 2560px) 100vw, 2560px\" \/><\/a>\n\t\t\t<\/div><\/figure><figure class='gallery-item'>\n\t\t\t<div class='gallery-icon landscape'>\n\t\t\t\t<a href='https:\/\/kodaly-muveszeti-fesztival.hu\/wp-content\/uploads\/2021\/07\/DSC4169-scaled.jpg'><img loading=\"lazy\" decoding=\"async\" width=\"2560\" height=\"1705\" src=\"https:\/\/kodaly-muveszeti-fesztival.hu\/wp-content\/uploads\/2021\/07\/DSC4169-scaled.jpg\" class=\"attachment-full size-full\" alt=\"\" srcset=\"https:\/\/kodaly-muveszeti-fesztival.hu\/wp-content\/uploads\/2021\/07\/DSC4169-scaled.jpg 2560w, https:\/\/kodaly-muveszeti-fesztival.hu\/wp-content\/uploads\/2021\/07\/DSC4169-300x200.jpg 300w, https:\/\/kodaly-muveszeti-fesztival.hu\/wp-content\/uploads\/2021\/07\/DSC4169-1024x682.jpg 1024w, https:\/\/kodaly-muveszeti-fesztival.hu\/wp-content\/uploads\/2021\/07\/DSC4169-768x512.jpg 768w, https:\/\/kodaly-muveszeti-fesztival.hu\/wp-content\/uploads\/2021\/07\/DSC4169-1536x1023.jpg 1536w, https:\/\/kodaly-muveszeti-fesztival.hu\/wp-content\/uploads\/2021\/07\/DSC4169-2048x1364.jpg 2048w, https:\/\/kodaly-muveszeti-fesztival.hu\/wp-content\/uploads\/2021\/07\/DSC4169-1140x759.jpg 1140w\" sizes=\"(max-width: 2560px) 100vw, 2560px\" \/><\/a>\n\t\t\t<\/div><\/figure><figure class='gallery-item'>\n\t\t\t<div class='gallery-icon landscape'>\n\t\t\t\t<a href='https:\/\/kodaly-muveszeti-fesztival.hu\/wp-content\/uploads\/2021\/07\/DSC4276-scaled.jpg'><img loading=\"lazy\" decoding=\"async\" width=\"2560\" height=\"1705\" src=\"https:\/\/kodaly-muveszeti-fesztival.hu\/wp-content\/uploads\/2021\/07\/DSC4276-scaled.jpg\" class=\"attachment-full size-full\" alt=\"\" srcset=\"https:\/\/kodaly-muveszeti-fesztival.hu\/wp-content\/uploads\/2021\/07\/DSC4276-scaled.jpg 2560w, https:\/\/kodaly-muveszeti-fesztival.hu\/wp-content\/uploads\/2021\/07\/DSC4276-300x200.jpg 300w, https:\/\/kodaly-muveszeti-fesztival.hu\/wp-content\/uploads\/2021\/07\/DSC4276-1024x682.jpg 1024w, https:\/\/kodaly-muveszeti-fesztival.hu\/wp-content\/uploads\/2021\/07\/DSC4276-768x512.jpg 768w, https:\/\/kodaly-muveszeti-fesztival.hu\/wp-content\/uploads\/2021\/07\/DSC4276-1536x1023.jpg 1536w, https:\/\/kodaly-muveszeti-fesztival.hu\/wp-content\/uploads\/2021\/07\/DSC4276-2048x1364.jpg 2048w, https:\/\/kodaly-muveszeti-fesztival.hu\/wp-content\/uploads\/2021\/07\/DSC4276-1140x759.jpg 1140w\" sizes=\"(max-width: 2560px) 100vw, 2560px\" \/><\/a>\n\t\t\t<\/div><\/figure><figure class='gallery-item'>\n\t\t\t<div class='gallery-icon landscape'>\n\t\t\t\t<a href='https:\/\/kodaly-muveszeti-fesztival.hu\/wp-content\/uploads\/2021\/07\/DSC4271-scaled.jpg'><img loading=\"lazy\" decoding=\"async\" width=\"2560\" height=\"1706\" src=\"https:\/\/kodaly-muveszeti-fesztival.hu\/wp-content\/uploads\/2021\/07\/DSC4271-scaled.jpg\" class=\"attachment-full size-full\" alt=\"\" srcset=\"https:\/\/kodaly-muveszeti-fesztival.hu\/wp-content\/uploads\/2021\/07\/DSC4271-scaled.jpg 2560w, https:\/\/kodaly-muveszeti-fesztival.hu\/wp-content\/uploads\/2021\/07\/DSC4271-300x200.jpg 300w, https:\/\/kodaly-muveszeti-fesztival.hu\/wp-content\/uploads\/2021\/07\/DSC4271-1024x682.jpg 1024w, https:\/\/kodaly-muveszeti-fesztival.hu\/wp-content\/uploads\/2021\/07\/DSC4271-768x512.jpg 768w, https:\/\/kodaly-muveszeti-fesztival.hu\/wp-content\/uploads\/2021\/07\/DSC4271-1536x1023.jpg 1536w, https:\/\/kodaly-muveszeti-fesztival.hu\/wp-content\/uploads\/2021\/07\/DSC4271-2048x1365.jpg 2048w, https:\/\/kodaly-muveszeti-fesztival.hu\/wp-content\/uploads\/2021\/07\/DSC4271-1140x760.jpg 1140w\" sizes=\"(max-width: 2560px) 100vw, 2560px\" \/><\/a>\n\t\t\t<\/div><\/figure>\n\t\t<\/div>\n\t\t\t\t\t\t\t\t<\/div>\n\t\t\t\t<\/div>\n\t\t\t\t\t<\/div>\n\t\t<\/div>\n\t\t\t\t\t<\/div>\n\t\t<\/section>\n\t\t\t\t<section class=\"elementor-section elementor-top-section elementor-element elementor-element-a5df129 elementor-section-boxed elementor-section-height-default elementor-section-height-default\" data-id=\"a5df129\" data-element_type=\"section\">\n\t\t\t\t\t\t<div class=\"elementor-container elementor-column-gap-default\">\n\t\t\t\t\t<div class=\"elementor-column elementor-col-100 elementor-top-column elementor-element elementor-element-104b323\" data-id=\"104b323\" data-element_type=\"column\">\n\t\t\t<div class=\"elementor-widget-wrap elementor-element-populated\">\n\t\t\t\t\t\t<div class=\"elementor-element elementor-element-83a72e7 elementor-widget-divider--view-line elementor-widget elementor-widget-divider\" data-id=\"83a72e7\" data-element_type=\"widget\" data-widget_type=\"divider.default\">\n\t\t\t\t<div class=\"elementor-widget-container\">\n\t\t\t\t\t\t\t<div class=\"elementor-divider\">\n\t\t\t<span class=\"elementor-divider-separator\">\n\t\t\t\t\t\t<\/span>\n\t\t<\/div>\n\t\t\t\t\t\t<\/div>\n\t\t\t\t<\/div>\n\t\t\t\t<div class=\"elementor-element elementor-element-53c887c elementor-widget elementor-widget-text-editor\" data-id=\"53c887c\" data-element_type=\"widget\" data-widget_type=\"text-editor.default\">\n\t\t\t\t<div class=\"elementor-widget-container\">\n\t\t\t\t\t\t\t\t\t<h4><strong>H\u00e9tf\u0151, 07.26.<br \/><\/strong><\/h4><h4><strong><span style=\"color: #808080;\">Nemzetk\u00f6zi kultur\u00e1lis mix a Kod\u00e1ly Ponton!<\/span><\/strong><\/h4><p>\u00a0<\/p><p><span style=\"color: #333333;\">Ma este az Eur\u00f3pai Szolidarit\u00e1si Test\u00fclet \u00f6nk\u00e9ntesei k\u00e9sz\u00fcltek t\u00f6bb produkci\u00f3val is.<\/span><\/p><p><span style=\"color: #333333;\">A H\u00edr\u00f6s Ag\u00f3ra Kultur\u00e1lis \u00e9s Ifj\u00fas\u00e1gi K\u00f6zpont \u00f6nk\u00e9ntes programj\u00e1n kereszt\u00fcl a kecskem\u00e9ti fiataloknak &#8211; amellett, hogy k\u00fclf\u00f6ldre mehetnek a program j\u00f3volt\u00e1b\u00f3l &#8211; lehet\u0151s\u00e9g\u00fck van a Kecskem\u00e9tre \u00e9rkez\u0151 k\u00fclf\u00f6ldi \u00f6nk\u00e9ntesekkel is tal\u00e1lkozniuk, \u00edgy orsz\u00e1gokon \u00e9s kult\u00far\u00e1kon \u00e1t\u00edvel\u0151 bar\u00e1ts\u00e1gok sz\u00fclethetnek. Az Erasmusosok \u00e9s \u00f6nk\u00e9ntesek tagjainak m\u0171sora.<\/span><\/p><p><span style=\"color: #333333;\">A jelenleg Kecskem\u00e9ten tart\u00f3zkod\u00f3 itthoni, \u00e9s t\u00e1volr\u00f3l \u00e9rkez\u0151 \u00f6nk\u00e9ntes fiatalok band\u00e1j\u00e1b\u00f3l p\u00e1ran, a legk\u00fcl\u00f6nf\u00e9l\u00e9bb el\u0151ad\u00e1sokkal k\u00e9sz\u00fcltek a k\u00f6z\u00f6ns\u00e9gnek h\u00e9tf\u0151 este a Kod\u00e1ly Ponton.<\/span><br \/><span style=\"color: #333333;\">Els\u0151k\u00e9nt<strong> Szilv\u00e1si<\/strong> <strong>Tibor<\/strong> koncertj\u00e9t hallhattuk, a klasszikus \u201e<strong>egysz\u00e1lgit\u00e1r-\u00e9nek<\/strong>\u201d fel\u00e1ll\u00e1sban. M\u00e1sodikk\u00e9nt <strong>Guillermo<\/strong>-t l\u00e1thattuk<strong> zsongl\u0151r<\/strong>k\u00f6dni, <strong>Tam\u00e1s G\u00e1bor<\/strong> pedig <strong>\u00f6rd\u00f6gbot<\/strong> tr\u00fckk\u00f6ket adott el\u0151. Utols\u00f3k\u00e9nt egy <strong>break-t\u00e1nc<\/strong> bemutat\u00f3t adott el\u0151 <strong>Kostas<\/strong> \u00e9s <strong>Nagy Viktor<\/strong>, aki a m\u0171sor felvezet\u00e9s\u00e9ben \u00fagy fogalmazott: \u201e\u2026mi is zsongl\u0151rk\u00f6dni fogunk, csak a test\u00fcnkkel.\u201d Megtudhattuk tov\u00e1bb\u00e1, hogy a break-t\u00e1nc a 2024-es p\u00e1rizsi Olimpi\u00e1n megjelenik, mint olimpiai sport\u00e1g, 2018-ban az Ifj\u00fas\u00e1gi Olimpi\u00e1n m\u00e1r szerepelt egy magyar h\u00f6lgy versenyz\u0151 a legjobb 16 k\u00f6z\u00f6tt. 2026-ban Dakarban fog a break-t\u00e1nc \u00fajra deb\u00fct\u00e1lni az Ifj\u00fas\u00e1gi Olimpi\u00e1n. A k\u00e9t t\u00e1ncos egy t\u00e1ncp\u00e1rbajt v\u00edvott \u2013 a 70-es \u00e9vekben az utcai band\u00e1k alak\u00edtott\u00e1k ki ezeket a &#8222;break-battle&#8221;-\u00f6ket, hogy t\u00e1ncban m\u00e9rj\u00e9k \u00f6ssze az erej\u00fcket \u00e9s ne az agresszi\u00f3ban.\u00a0<\/span><\/p><p><span style=\"color: #333333;\">Az eg\u00e9sz csapatnak izgalmas \u00e9s sz\u00f3rakoztat\u00f3 m\u0171sort k\u00f6sz\u00f6nhetett a Kod\u00e1ly Pont k\u00f6z\u00f6ns\u00e9ge.<\/span><\/p><div id='gallery-8' class='gallery galleryid-801 gallery-columns-5 gallery-size-large'><figure class='gallery-item'>\n\t\t\t<div class='gallery-icon landscape'>\n\t\t\t\t<a href='https:\/\/kodaly-muveszeti-fesztival.hu\/wp-content\/uploads\/2021\/07\/224427018_583719029703112_5629367292174873014_n.jpg'><img loading=\"lazy\" decoding=\"async\" width=\"765\" height=\"574\" src=\"https:\/\/kodaly-muveszeti-fesztival.hu\/wp-content\/uploads\/2021\/07\/224427018_583719029703112_5629367292174873014_n.jpg\" class=\"attachment-large size-large\" alt=\"\" srcset=\"https:\/\/kodaly-muveszeti-fesztival.hu\/wp-content\/uploads\/2021\/07\/224427018_583719029703112_5629367292174873014_n.jpg 765w, https:\/\/kodaly-muveszeti-fesztival.hu\/wp-content\/uploads\/2021\/07\/224427018_583719029703112_5629367292174873014_n-300x225.jpg 300w\" sizes=\"(max-width: 765px) 100vw, 765px\" \/><\/a>\n\t\t\t<\/div><\/figure><figure class='gallery-item'>\n\t\t\t<div class='gallery-icon landscape'>\n\t\t\t\t<a href='https:\/\/kodaly-muveszeti-fesztival.hu\/wp-content\/uploads\/2021\/07\/224280434_182528990585858_8811390299208246660_n.jpg'><img loading=\"lazy\" decoding=\"async\" width=\"765\" height=\"574\" src=\"https:\/\/kodaly-muveszeti-fesztival.hu\/wp-content\/uploads\/2021\/07\/224280434_182528990585858_8811390299208246660_n.jpg\" class=\"attachment-large size-large\" alt=\"\" srcset=\"https:\/\/kodaly-muveszeti-fesztival.hu\/wp-content\/uploads\/2021\/07\/224280434_182528990585858_8811390299208246660_n.jpg 765w, https:\/\/kodaly-muveszeti-fesztival.hu\/wp-content\/uploads\/2021\/07\/224280434_182528990585858_8811390299208246660_n-300x225.jpg 300w\" sizes=\"(max-width: 765px) 100vw, 765px\" \/><\/a>\n\t\t\t<\/div><\/figure><figure class='gallery-item'>\n\t\t\t<div class='gallery-icon landscape'>\n\t\t\t\t<a href='https:\/\/kodaly-muveszeti-fesztival.hu\/wp-content\/uploads\/2021\/07\/224217040_1492101404455484_2029145211999675132_n1.jpg'><img loading=\"lazy\" decoding=\"async\" width=\"927\" height=\"665\" src=\"https:\/\/kodaly-muveszeti-fesztival.hu\/wp-content\/uploads\/2021\/07\/224217040_1492101404455484_2029145211999675132_n1.jpg\" class=\"attachment-large size-large\" alt=\"\" srcset=\"https:\/\/kodaly-muveszeti-fesztival.hu\/wp-content\/uploads\/2021\/07\/224217040_1492101404455484_2029145211999675132_n1.jpg 927w, https:\/\/kodaly-muveszeti-fesztival.hu\/wp-content\/uploads\/2021\/07\/224217040_1492101404455484_2029145211999675132_n1-300x215.jpg 300w, https:\/\/kodaly-muveszeti-fesztival.hu\/wp-content\/uploads\/2021\/07\/224217040_1492101404455484_2029145211999675132_n1-768x551.jpg 768w\" sizes=\"(max-width: 927px) 100vw, 927px\" \/><\/a>\n\t\t\t<\/div><\/figure><figure class='gallery-item'>\n\t\t\t<div class='gallery-icon landscape'>\n\t\t\t\t<a href='https:\/\/kodaly-muveszeti-fesztival.hu\/wp-content\/uploads\/2021\/07\/224055965_976497782911289_282508640057068382_n.jpg'><img loading=\"lazy\" decoding=\"async\" width=\"939\" height=\"670\" src=\"https:\/\/kodaly-muveszeti-fesztival.hu\/wp-content\/uploads\/2021\/07\/224055965_976497782911289_282508640057068382_n.jpg\" class=\"attachment-large size-large\" alt=\"\" srcset=\"https:\/\/kodaly-muveszeti-fesztival.hu\/wp-content\/uploads\/2021\/07\/224055965_976497782911289_282508640057068382_n.jpg 939w, https:\/\/kodaly-muveszeti-fesztival.hu\/wp-content\/uploads\/2021\/07\/224055965_976497782911289_282508640057068382_n-300x214.jpg 300w, https:\/\/kodaly-muveszeti-fesztival.hu\/wp-content\/uploads\/2021\/07\/224055965_976497782911289_282508640057068382_n-768x548.jpg 768w\" sizes=\"(max-width: 939px) 100vw, 939px\" \/><\/a>\n\t\t\t<\/div><\/figure><figure class='gallery-item'>\n\t\t\t<div class='gallery-icon landscape'>\n\t\t\t\t<a href='https:\/\/kodaly-muveszeti-fesztival.hu\/wp-content\/uploads\/2021\/07\/225866146_2997733663882649_8298858594583935243_n.jpg'><img loading=\"lazy\" decoding=\"async\" width=\"956\" height=\"675\" src=\"https:\/\/kodaly-muveszeti-fesztival.hu\/wp-content\/uploads\/2021\/07\/225866146_2997733663882649_8298858594583935243_n.jpg\" class=\"attachment-large size-large\" alt=\"\" srcset=\"https:\/\/kodaly-muveszeti-fesztival.hu\/wp-content\/uploads\/2021\/07\/225866146_2997733663882649_8298858594583935243_n.jpg 956w, https:\/\/kodaly-muveszeti-fesztival.hu\/wp-content\/uploads\/2021\/07\/225866146_2997733663882649_8298858594583935243_n-300x212.jpg 300w, https:\/\/kodaly-muveszeti-fesztival.hu\/wp-content\/uploads\/2021\/07\/225866146_2997733663882649_8298858594583935243_n-768x542.jpg 768w\" sizes=\"(max-width: 956px) 100vw, 956px\" \/><\/a>\n\t\t\t<\/div><\/figure>\n\t\t<\/div>\n\t\t\t\t\t\t\t\t<\/div>\n\t\t\t\t<\/div>\n\t\t\t\t<div class=\"elementor-element elementor-element-a927ad4 elementor-widget elementor-widget-button\" data-id=\"a927ad4\" data-element_type=\"widget\" data-widget_type=\"button.default\">\n\t\t\t\t<div class=\"elementor-widget-container\">\n\t\t\t\t\t\t\t\t\t<div class=\"elementor-button-wrapper\">\n\t\t\t\t\t<a class=\"elementor-button elementor-button-link elementor-size-sm\" href=\"https:\/\/fb.watch\/v\/1a1i_1KJK\/\">\n\t\t\t\t\t\t<span class=\"elementor-button-content-wrapper\">\n\t\t\t\t\t\t<span class=\"elementor-button-icon\">\n\t\t\t\t<i aria-hidden=\"true\" class=\"fas fa-video\"><\/i>\t\t\t<\/span>\n\t\t\t\t\t\t\t\t\t<span class=\"elementor-button-text\">Megn\u00e9zem a vide\u00f3t<\/span>\n\t\t\t\t\t<\/span>\n\t\t\t\t\t<\/a>\n\t\t\t\t<\/div>\n\t\t\t\t\t\t\t\t<\/div>\n\t\t\t\t<\/div>\n\t\t\t\t<div class=\"elementor-element elementor-element-5b18b3f elementor-widget-divider--view-line elementor-widget elementor-widget-divider\" data-id=\"5b18b3f\" data-element_type=\"widget\" data-widget_type=\"divider.default\">\n\t\t\t\t<div class=\"elementor-widget-container\">\n\t\t\t\t\t\t\t<div class=\"elementor-divider\">\n\t\t\t<span class=\"elementor-divider-separator\">\n\t\t\t\t\t\t<\/span>\n\t\t<\/div>\n\t\t\t\t\t\t<\/div>\n\t\t\t\t<\/div>\n\t\t\t\t<div class=\"elementor-element elementor-element-cbcdc91 elementor-widget elementor-widget-text-editor\" data-id=\"cbcdc91\" data-element_type=\"widget\" data-widget_type=\"text-editor.default\">\n\t\t\t\t<div class=\"elementor-widget-container\">\n\t\t\t\t\t\t\t\t\t<h4><strong>Kedd, 07.27.<\/strong><\/h4><h4><span style=\"color: #808080;\"><strong>Visszat\u00e9rtek a hangszerek a Kod\u00e1ly Pontra<\/strong><\/span><\/h4><p>\u00a0<\/p><p><span style=\"color: #333333;\">Visszat\u00e9rtek a hangszerek kedd d\u00e9lut\u00e1n a Kod\u00e1ly Pontra.<\/span><\/p><p><span style=\"color: #333333;\">A <strong>Kecskem\u00e9ti Szimfonikus Zenekar<\/strong> \u00e9s a <strong>Harm\u00f3nia Fuvola Kvartett tagjai<\/strong> var\u00e1zsolt\u00e1k el a k\u00f6z\u00f6ns\u00e9get. A koncert sor\u00e1n t\u00f6bb m\u0171fajt \u00e9rintettek a zen\u00e9szek a legk\u00fcl\u00f6nf\u00e9l\u00e9bb hangszereken.<\/span><\/p><p><span style=\"color: #333333;\">Els\u0151k\u00e9nt <strong>Puliusz Emese<\/strong> \u00e9s <strong>Poly\u00e1k Zs\u00f3ka fuvola<\/strong> du\u00f3 eg\u00e9sz\u00fclt ki <strong>Sipos Gerg\u0151 G\u00e1bor gordonkam\u0171v\u00e9sz<\/strong> j\u00e1t\u00e9k\u00e1val. A tri\u00f3 tagjai m\u00e1r kor\u00e1bban is adtak szabadt\u00e9ri koncertet a Kod\u00e1ly M\u0171v\u00e9szeti Fesztiv\u00e1l t\u00f6rt\u00e9net\u00e9ben. A tri\u00f3t k\u00f6vette <strong>Palot\u00e1s G\u00e1bor<\/strong>, aki sz\u00f3l\u00f3ban <strong>vibrafonon<\/strong> b\u0171v\u00f6lte el a k\u00f6z\u00f6ns\u00e9get. A koncertet z\u00e1rta <strong>F\u00f6ldin\u00e9 M\u00e9sz\u00e1ros Orsolya<\/strong> <strong>klarin\u00e9tj\u00e1t\u00e9ka<\/strong>, <strong>zongor\u00e1n<\/strong> <strong>Madar\u00e1sz \u00c9va<\/strong> k\u00eds\u00e9rte.<\/span><\/p><p><span style=\"color: #333333;\">A Kod\u00e1ly Pont a zenei \u00e9letben akt\u00edv m\u0171v\u00e9szeket is vonzza \u2013 a fell\u00e9p\u00e9s \u00e9lm\u00e9nye, a h\u00e9tk\u00f6znapi, szabadt\u00e9ri koncerthelysz\u00edn teret ad az \u00f6r\u00f6mzen\u00e9nek, amit az arra j\u00e1r\u00f3k is \u00e1t\u00e9lhetnek.<\/span><\/p><p><em>Fot\u00f3k: Banczik R\u00f3bert<\/em><\/p><div id='gallery-9' class='gallery galleryid-801 gallery-columns-5 gallery-size-full'><figure class='gallery-item'>\n\t\t\t<div class='gallery-icon landscape'>\n\t\t\t\t<a href='https:\/\/kodaly-muveszeti-fesztival.hu\/wp-content\/uploads\/2021\/07\/DSC5037-scaled.jpg'><img loading=\"lazy\" decoding=\"async\" width=\"2560\" height=\"1705\" src=\"https:\/\/kodaly-muveszeti-fesztival.hu\/wp-content\/uploads\/2021\/07\/DSC5037-scaled.jpg\" class=\"attachment-full size-full\" alt=\"\" srcset=\"https:\/\/kodaly-muveszeti-fesztival.hu\/wp-content\/uploads\/2021\/07\/DSC5037-scaled.jpg 2560w, https:\/\/kodaly-muveszeti-fesztival.hu\/wp-content\/uploads\/2021\/07\/DSC5037-300x200.jpg 300w, https:\/\/kodaly-muveszeti-fesztival.hu\/wp-content\/uploads\/2021\/07\/DSC5037-1024x682.jpg 1024w, https:\/\/kodaly-muveszeti-fesztival.hu\/wp-content\/uploads\/2021\/07\/DSC5037-768x512.jpg 768w, https:\/\/kodaly-muveszeti-fesztival.hu\/wp-content\/uploads\/2021\/07\/DSC5037-1536x1023.jpg 1536w, https:\/\/kodaly-muveszeti-fesztival.hu\/wp-content\/uploads\/2021\/07\/DSC5037-2048x1364.jpg 2048w, https:\/\/kodaly-muveszeti-fesztival.hu\/wp-content\/uploads\/2021\/07\/DSC5037-1140x759.jpg 1140w\" sizes=\"(max-width: 2560px) 100vw, 2560px\" \/><\/a>\n\t\t\t<\/div><\/figure><figure class='gallery-item'>\n\t\t\t<div class='gallery-icon landscape'>\n\t\t\t\t<a href='https:\/\/kodaly-muveszeti-fesztival.hu\/wp-content\/uploads\/2021\/07\/DSC5044-scaled.jpg'><img loading=\"lazy\" decoding=\"async\" width=\"2560\" height=\"1705\" src=\"https:\/\/kodaly-muveszeti-fesztival.hu\/wp-content\/uploads\/2021\/07\/DSC5044-scaled.jpg\" class=\"attachment-full size-full\" alt=\"\" srcset=\"https:\/\/kodaly-muveszeti-fesztival.hu\/wp-content\/uploads\/2021\/07\/DSC5044-scaled.jpg 2560w, https:\/\/kodaly-muveszeti-fesztival.hu\/wp-content\/uploads\/2021\/07\/DSC5044-300x200.jpg 300w, https:\/\/kodaly-muveszeti-fesztival.hu\/wp-content\/uploads\/2021\/07\/DSC5044-1024x682.jpg 1024w, https:\/\/kodaly-muveszeti-fesztival.hu\/wp-content\/uploads\/2021\/07\/DSC5044-768x512.jpg 768w, https:\/\/kodaly-muveszeti-fesztival.hu\/wp-content\/uploads\/2021\/07\/DSC5044-1536x1023.jpg 1536w, https:\/\/kodaly-muveszeti-fesztival.hu\/wp-content\/uploads\/2021\/07\/DSC5044-2048x1364.jpg 2048w, https:\/\/kodaly-muveszeti-fesztival.hu\/wp-content\/uploads\/2021\/07\/DSC5044-1140x759.jpg 1140w\" sizes=\"(max-width: 2560px) 100vw, 2560px\" \/><\/a>\n\t\t\t<\/div><\/figure><figure class='gallery-item'>\n\t\t\t<div class='gallery-icon portrait'>\n\t\t\t\t<a href='https:\/\/kodaly-muveszeti-fesztival.hu\/wp-content\/uploads\/2021\/07\/DSC5049-scaled.jpg'><img loading=\"lazy\" decoding=\"async\" width=\"1705\" height=\"2560\" src=\"https:\/\/kodaly-muveszeti-fesztival.hu\/wp-content\/uploads\/2021\/07\/DSC5049-scaled.jpg\" class=\"attachment-full size-full\" alt=\"\" srcset=\"https:\/\/kodaly-muveszeti-fesztival.hu\/wp-content\/uploads\/2021\/07\/DSC5049-scaled.jpg 1705w, https:\/\/kodaly-muveszeti-fesztival.hu\/wp-content\/uploads\/2021\/07\/DSC5049-200x300.jpg 200w, https:\/\/kodaly-muveszeti-fesztival.hu\/wp-content\/uploads\/2021\/07\/DSC5049-682x1024.jpg 682w, https:\/\/kodaly-muveszeti-fesztival.hu\/wp-content\/uploads\/2021\/07\/DSC5049-768x1153.jpg 768w, https:\/\/kodaly-muveszeti-fesztival.hu\/wp-content\/uploads\/2021\/07\/DSC5049-1023x1536.jpg 1023w, https:\/\/kodaly-muveszeti-fesztival.hu\/wp-content\/uploads\/2021\/07\/DSC5049-1364x2048.jpg 1364w, https:\/\/kodaly-muveszeti-fesztival.hu\/wp-content\/uploads\/2021\/07\/DSC5049-1140x1711.jpg 1140w\" sizes=\"(max-width: 1705px) 100vw, 1705px\" \/><\/a>\n\t\t\t<\/div><\/figure><figure class='gallery-item'>\n\t\t\t<div class='gallery-icon landscape'>\n\t\t\t\t<a href='https:\/\/kodaly-muveszeti-fesztival.hu\/wp-content\/uploads\/2021\/07\/DSC5058-scaled.jpg'><img loading=\"lazy\" decoding=\"async\" width=\"2560\" height=\"1705\" src=\"https:\/\/kodaly-muveszeti-fesztival.hu\/wp-content\/uploads\/2021\/07\/DSC5058-scaled.jpg\" class=\"attachment-full size-full\" alt=\"\" srcset=\"https:\/\/kodaly-muveszeti-fesztival.hu\/wp-content\/uploads\/2021\/07\/DSC5058-scaled.jpg 2560w, https:\/\/kodaly-muveszeti-fesztival.hu\/wp-content\/uploads\/2021\/07\/DSC5058-300x200.jpg 300w, https:\/\/kodaly-muveszeti-fesztival.hu\/wp-content\/uploads\/2021\/07\/DSC5058-1024x682.jpg 1024w, https:\/\/kodaly-muveszeti-fesztival.hu\/wp-content\/uploads\/2021\/07\/DSC5058-768x512.jpg 768w, https:\/\/kodaly-muveszeti-fesztival.hu\/wp-content\/uploads\/2021\/07\/DSC5058-1536x1023.jpg 1536w, https:\/\/kodaly-muveszeti-fesztival.hu\/wp-content\/uploads\/2021\/07\/DSC5058-2048x1364.jpg 2048w, https:\/\/kodaly-muveszeti-fesztival.hu\/wp-content\/uploads\/2021\/07\/DSC5058-1140x759.jpg 1140w\" sizes=\"(max-width: 2560px) 100vw, 2560px\" \/><\/a>\n\t\t\t<\/div><\/figure><figure class='gallery-item'>\n\t\t\t<div class='gallery-icon landscape'>\n\t\t\t\t<a href='https:\/\/kodaly-muveszeti-fesztival.hu\/wp-content\/uploads\/2021\/07\/DSC5064-scaled.jpg'><img loading=\"lazy\" decoding=\"async\" width=\"2560\" height=\"1705\" src=\"https:\/\/kodaly-muveszeti-fesztival.hu\/wp-content\/uploads\/2021\/07\/DSC5064-scaled.jpg\" class=\"attachment-full size-full\" alt=\"\" srcset=\"https:\/\/kodaly-muveszeti-fesztival.hu\/wp-content\/uploads\/2021\/07\/DSC5064-scaled.jpg 2560w, https:\/\/kodaly-muveszeti-fesztival.hu\/wp-content\/uploads\/2021\/07\/DSC5064-300x200.jpg 300w, https:\/\/kodaly-muveszeti-fesztival.hu\/wp-content\/uploads\/2021\/07\/DSC5064-1024x682.jpg 1024w, https:\/\/kodaly-muveszeti-fesztival.hu\/wp-content\/uploads\/2021\/07\/DSC5064-768x512.jpg 768w, https:\/\/kodaly-muveszeti-fesztival.hu\/wp-content\/uploads\/2021\/07\/DSC5064-1536x1023.jpg 1536w, https:\/\/kodaly-muveszeti-fesztival.hu\/wp-content\/uploads\/2021\/07\/DSC5064-2048x1364.jpg 2048w, https:\/\/kodaly-muveszeti-fesztival.hu\/wp-content\/uploads\/2021\/07\/DSC5064-1140x759.jpg 1140w\" sizes=\"(max-width: 2560px) 100vw, 2560px\" \/><\/a>\n\t\t\t<\/div><\/figure>\n\t\t<\/div>\n\t\t\t\t\t\t\t\t<\/div>\n\t\t\t\t<\/div>\n\t\t\t\t<div class=\"elementor-element elementor-element-1fe5ff6 elementor-widget elementor-widget-button\" data-id=\"1fe5ff6\" data-element_type=\"widget\" data-widget_type=\"button.default\">\n\t\t\t\t<div class=\"elementor-widget-container\">\n\t\t\t\t\t\t\t\t\t<div class=\"elementor-button-wrapper\">\n\t\t\t\t\t<a class=\"elementor-button elementor-button-link elementor-size-sm\" href=\"https:\/\/fb.watch\/77seIbUcIz\/\">\n\t\t\t\t\t\t<span class=\"elementor-button-content-wrapper\">\n\t\t\t\t\t\t<span class=\"elementor-button-icon\">\n\t\t\t\t<i aria-hidden=\"true\" class=\"fas fa-video\"><\/i>\t\t\t<\/span>\n\t\t\t\t\t\t\t\t\t<span class=\"elementor-button-text\">Megn\u00e9zem a vide\u00f3t<\/span>\n\t\t\t\t\t<\/span>\n\t\t\t\t\t<\/a>\n\t\t\t\t<\/div>\n\t\t\t\t\t\t\t\t<\/div>\n\t\t\t\t<\/div>\n\t\t\t\t<div class=\"elementor-element elementor-element-f70e878 elementor-widget-divider--view-line elementor-widget elementor-widget-divider\" data-id=\"f70e878\" data-element_type=\"widget\" data-widget_type=\"divider.default\">\n\t\t\t\t<div class=\"elementor-widget-container\">\n\t\t\t\t\t\t\t<div class=\"elementor-divider\">\n\t\t\t<span class=\"elementor-divider-separator\">\n\t\t\t\t\t\t<\/span>\n\t\t<\/div>\n\t\t\t\t\t\t<\/div>\n\t\t\t\t<\/div>\n\t\t\t\t<div class=\"elementor-element elementor-element-a90db03 elementor-widget elementor-widget-text-editor\" data-id=\"a90db03\" data-element_type=\"widget\" data-widget_type=\"text-editor.default\">\n\t\t\t\t<div class=\"elementor-widget-container\">\n\t\t\t\t\t\t\t\t\t<h4><strong>Szerda, 07.28.<\/strong><\/h4><h4><span style=\"color: #808080;\"><strong>\u00dajra n\u00e9pt\u00e1nc a Kod\u00e1ly Ponton!<\/strong><\/span><\/h4><p>\u00a0<\/p><p><span style=\"color: #333333;\">A <strong>Kecskem\u00e9t<\/strong> <strong>T\u00e1ncegy\u00fcttes<\/strong> tagjai megragadt\u00e1k a lehet\u0151s\u00e9get, hogy a n\u00e9pt\u00e1nc \u00e9s n\u00e9pzene szeretet\u00e9t, mag\u00e1val ragad\u00f3 hangulat\u00e1t \u00fajra kivigy\u00e9k a k\u00f6zt\u00e9rre. A De\u00e1k t\u00e9r ism\u00e9t \u00e1talakulhatott egy k\u00f6z\u00f6ss\u00e9gi t\u00e9rr\u00e9, ahol a Kod\u00e1ly Pont centruma fogja \u00f6ssze az egybegy\u0171lteket.<\/span><\/p><p><span style=\"color: #333333;\">A t\u00e1ncol\u00f3 k\u00f6z\u00f6ns\u00e9gben egyar\u00e1nt szerepeltek kicsik \u00e9s nagyok, akik a Kecskem\u00e9t T\u00e1ncegy\u00fcttes tagjainak vezet\u00e9s\u00e9vel saj\u00e1t\u00edthatt\u00e1k el a t\u00e1ncl\u00e9p\u00e9seket, \u00e9s \u00e1llhattak be a k\u00f6z\u00f6s k\u00f6rt\u00e1ncba.<\/span><\/p><p><span style=\"color: #333333;\">A <strong>Kecskem\u00e9ti Szimfonikus Zenekar von\u00f3sn\u00e9gyese<\/strong> is fell\u00e9pett az est folyam\u00e1n.<\/span><\/p><p><span style=\"color: #333333;\">\u00dajabb maradand\u00f3 \u00e9s felemel\u0151 ny\u00e1resti hangulat teremt\u0151d\u00f6tt a Kod\u00e1ly Pontn\u00e1l.<\/span><\/p><p><em>Fot\u00f3k: Banczik R\u00f3bert<\/em><\/p><div id='gallery-10' class='gallery galleryid-801 gallery-columns-5 gallery-size-full'><figure class='gallery-item'>\n\t\t\t<div class='gallery-icon landscape'>\n\t\t\t\t<a href='https:\/\/kodaly-muveszeti-fesztival.hu\/wp-content\/uploads\/2021\/07\/DSC5462-scaled.jpg'><img loading=\"lazy\" decoding=\"async\" width=\"2560\" height=\"1702\" src=\"https:\/\/kodaly-muveszeti-fesztival.hu\/wp-content\/uploads\/2021\/07\/DSC5462-scaled.jpg\" class=\"attachment-full size-full\" alt=\"\" srcset=\"https:\/\/kodaly-muveszeti-fesztival.hu\/wp-content\/uploads\/2021\/07\/DSC5462-scaled.jpg 2560w, https:\/\/kodaly-muveszeti-fesztival.hu\/wp-content\/uploads\/2021\/07\/DSC5462-300x199.jpg 300w, https:\/\/kodaly-muveszeti-fesztival.hu\/wp-content\/uploads\/2021\/07\/DSC5462-1024x681.jpg 1024w, https:\/\/kodaly-muveszeti-fesztival.hu\/wp-content\/uploads\/2021\/07\/DSC5462-768x511.jpg 768w, https:\/\/kodaly-muveszeti-fesztival.hu\/wp-content\/uploads\/2021\/07\/DSC5462-1536x1021.jpg 1536w, https:\/\/kodaly-muveszeti-fesztival.hu\/wp-content\/uploads\/2021\/07\/DSC5462-2048x1362.jpg 2048w, https:\/\/kodaly-muveszeti-fesztival.hu\/wp-content\/uploads\/2021\/07\/DSC5462-1140x758.jpg 1140w\" sizes=\"(max-width: 2560px) 100vw, 2560px\" \/><\/a>\n\t\t\t<\/div><\/figure><figure class='gallery-item'>\n\t\t\t<div class='gallery-icon landscape'>\n\t\t\t\t<a href='https:\/\/kodaly-muveszeti-fesztival.hu\/wp-content\/uploads\/2021\/07\/DSC5476-1-scaled.jpg'><img loading=\"lazy\" decoding=\"async\" width=\"2560\" height=\"1705\" src=\"https:\/\/kodaly-muveszeti-fesztival.hu\/wp-content\/uploads\/2021\/07\/DSC5476-1-scaled.jpg\" class=\"attachment-full size-full\" alt=\"\" srcset=\"https:\/\/kodaly-muveszeti-fesztival.hu\/wp-content\/uploads\/2021\/07\/DSC5476-1-scaled.jpg 2560w, https:\/\/kodaly-muveszeti-fesztival.hu\/wp-content\/uploads\/2021\/07\/DSC5476-1-300x200.jpg 300w, https:\/\/kodaly-muveszeti-fesztival.hu\/wp-content\/uploads\/2021\/07\/DSC5476-1-1024x682.jpg 1024w, https:\/\/kodaly-muveszeti-fesztival.hu\/wp-content\/uploads\/2021\/07\/DSC5476-1-768x512.jpg 768w, https:\/\/kodaly-muveszeti-fesztival.hu\/wp-content\/uploads\/2021\/07\/DSC5476-1-1536x1023.jpg 1536w, https:\/\/kodaly-muveszeti-fesztival.hu\/wp-content\/uploads\/2021\/07\/DSC5476-1-2048x1364.jpg 2048w, https:\/\/kodaly-muveszeti-fesztival.hu\/wp-content\/uploads\/2021\/07\/DSC5476-1-1140x759.jpg 1140w\" sizes=\"(max-width: 2560px) 100vw, 2560px\" \/><\/a>\n\t\t\t<\/div><\/figure><figure class='gallery-item'>\n\t\t\t<div class='gallery-icon landscape'>\n\t\t\t\t<a href='https:\/\/kodaly-muveszeti-fesztival.hu\/wp-content\/uploads\/2021\/07\/DSC5472-scaled.jpg'><img loading=\"lazy\" decoding=\"async\" width=\"2560\" height=\"1699\" src=\"https:\/\/kodaly-muveszeti-fesztival.hu\/wp-content\/uploads\/2021\/07\/DSC5472-scaled.jpg\" class=\"attachment-full size-full\" alt=\"\" srcset=\"https:\/\/kodaly-muveszeti-fesztival.hu\/wp-content\/uploads\/2021\/07\/DSC5472-scaled.jpg 2560w, https:\/\/kodaly-muveszeti-fesztival.hu\/wp-content\/uploads\/2021\/07\/DSC5472-300x199.jpg 300w, https:\/\/kodaly-muveszeti-fesztival.hu\/wp-content\/uploads\/2021\/07\/DSC5472-1024x680.jpg 1024w, https:\/\/kodaly-muveszeti-fesztival.hu\/wp-content\/uploads\/2021\/07\/DSC5472-768x510.jpg 768w, https:\/\/kodaly-muveszeti-fesztival.hu\/wp-content\/uploads\/2021\/07\/DSC5472-1536x1019.jpg 1536w, https:\/\/kodaly-muveszeti-fesztival.hu\/wp-content\/uploads\/2021\/07\/DSC5472-2048x1359.jpg 2048w, https:\/\/kodaly-muveszeti-fesztival.hu\/wp-content\/uploads\/2021\/07\/DSC5472-1140x756.jpg 1140w\" sizes=\"(max-width: 2560px) 100vw, 2560px\" \/><\/a>\n\t\t\t<\/div><\/figure><figure class='gallery-item'>\n\t\t\t<div class='gallery-icon landscape'>\n\t\t\t\t<a href='https:\/\/kodaly-muveszeti-fesztival.hu\/wp-content\/uploads\/2021\/07\/DSC5490-scaled.jpg'><img loading=\"lazy\" decoding=\"async\" width=\"2560\" height=\"1705\" src=\"https:\/\/kodaly-muveszeti-fesztival.hu\/wp-content\/uploads\/2021\/07\/DSC5490-scaled.jpg\" class=\"attachment-full size-full\" alt=\"\" srcset=\"https:\/\/kodaly-muveszeti-fesztival.hu\/wp-content\/uploads\/2021\/07\/DSC5490-scaled.jpg 2560w, https:\/\/kodaly-muveszeti-fesztival.hu\/wp-content\/uploads\/2021\/07\/DSC5490-300x200.jpg 300w, https:\/\/kodaly-muveszeti-fesztival.hu\/wp-content\/uploads\/2021\/07\/DSC5490-1024x682.jpg 1024w, https:\/\/kodaly-muveszeti-fesztival.hu\/wp-content\/uploads\/2021\/07\/DSC5490-768x512.jpg 768w, https:\/\/kodaly-muveszeti-fesztival.hu\/wp-content\/uploads\/2021\/07\/DSC5490-1536x1023.jpg 1536w, https:\/\/kodaly-muveszeti-fesztival.hu\/wp-content\/uploads\/2021\/07\/DSC5490-2048x1364.jpg 2048w, https:\/\/kodaly-muveszeti-fesztival.hu\/wp-content\/uploads\/2021\/07\/DSC5490-1140x759.jpg 1140w\" sizes=\"(max-width: 2560px) 100vw, 2560px\" \/><\/a>\n\t\t\t<\/div><\/figure><figure class='gallery-item'>\n\t\t\t<div class='gallery-icon landscape'>\n\t\t\t\t<a href='https:\/\/kodaly-muveszeti-fesztival.hu\/wp-content\/uploads\/2021\/07\/DSC5510-scaled.jpg'><img loading=\"lazy\" decoding=\"async\" width=\"2560\" height=\"1598\" src=\"https:\/\/kodaly-muveszeti-fesztival.hu\/wp-content\/uploads\/2021\/07\/DSC5510-scaled.jpg\" class=\"attachment-full size-full\" alt=\"\" srcset=\"https:\/\/kodaly-muveszeti-fesztival.hu\/wp-content\/uploads\/2021\/07\/DSC5510-scaled.jpg 2560w, https:\/\/kodaly-muveszeti-fesztival.hu\/wp-content\/uploads\/2021\/07\/DSC5510-300x187.jpg 300w, https:\/\/kodaly-muveszeti-fesztival.hu\/wp-content\/uploads\/2021\/07\/DSC5510-1024x639.jpg 1024w, https:\/\/kodaly-muveszeti-fesztival.hu\/wp-content\/uploads\/2021\/07\/DSC5510-768x479.jpg 768w, https:\/\/kodaly-muveszeti-fesztival.hu\/wp-content\/uploads\/2021\/07\/DSC5510-1536x959.jpg 1536w, https:\/\/kodaly-muveszeti-fesztival.hu\/wp-content\/uploads\/2021\/07\/DSC5510-2048x1278.jpg 2048w, https:\/\/kodaly-muveszeti-fesztival.hu\/wp-content\/uploads\/2021\/07\/DSC5510-1140x711.jpg 1140w\" sizes=\"(max-width: 2560px) 100vw, 2560px\" \/><\/a>\n\t\t\t<\/div><\/figure>\n\t\t<\/div>\n\t\t\t\t\t\t\t\t<\/div>\n\t\t\t\t<\/div>\n\t\t\t\t<div class=\"elementor-element elementor-element-a08fb73 elementor-widget elementor-widget-button\" data-id=\"a08fb73\" data-element_type=\"widget\" data-widget_type=\"button.default\">\n\t\t\t\t<div class=\"elementor-widget-container\">\n\t\t\t\t\t\t\t\t\t<div class=\"elementor-button-wrapper\">\n\t\t\t\t\t<a class=\"elementor-button elementor-button-link elementor-size-sm\" href=\"https:\/\/fb.watch\/77r-a0IuOW\/\">\n\t\t\t\t\t\t<span class=\"elementor-button-content-wrapper\">\n\t\t\t\t\t\t<span class=\"elementor-button-icon\">\n\t\t\t\t<i aria-hidden=\"true\" class=\"fas fa-video\"><\/i>\t\t\t<\/span>\n\t\t\t\t\t\t\t\t\t<span class=\"elementor-button-text\">Megn\u00e9zem a vide\u00f3t<\/span>\n\t\t\t\t\t<\/span>\n\t\t\t\t\t<\/a>\n\t\t\t\t<\/div>\n\t\t\t\t\t\t\t\t<\/div>\n\t\t\t\t<\/div>\n\t\t\t\t<div class=\"elementor-element elementor-element-0699d8b elementor-widget-divider--view-line elementor-widget elementor-widget-divider\" data-id=\"0699d8b\" data-element_type=\"widget\" data-widget_type=\"divider.default\">\n\t\t\t\t<div class=\"elementor-widget-container\">\n\t\t\t\t\t\t\t<div class=\"elementor-divider\">\n\t\t\t<span class=\"elementor-divider-separator\">\n\t\t\t\t\t\t<\/span>\n\t\t<\/div>\n\t\t\t\t\t\t<\/div>\n\t\t\t\t<\/div>\n\t\t\t\t<div class=\"elementor-element elementor-element-af805e4 elementor-widget elementor-widget-text-editor\" data-id=\"af805e4\" data-element_type=\"widget\" data-widget_type=\"text-editor.default\">\n\t\t\t\t<div class=\"elementor-widget-container\">\n\t\t\t\t\t\t\t\t\t<h4><strong>Cs\u00fct\u00f6rt\u00f6k, 07.29.<\/strong><\/h4><h4><span style=\"color: #808080;\"><strong>Zene, t\u00e1nc, l\u00edra &#8211; Pont mindenkinek!<\/strong><\/span><\/h4><p>\u00a0<\/p><p><span style=\"color: #333333;\">Szinte m\u00e1r hagyom\u00e1nynak \u00e9rz\u0151dnek a Kod\u00e1ly Ponton zajl\u00f3 koncertek, t\u00e1ncmulats\u00e1gok \u00e9s a k\u00fcl\u00f6nb\u00f6z\u0151 fell\u00e9p\u00e9sek.<\/span><\/p><p><span style=\"color: #333333;\">A megszokottn\u00e1l kor\u00e1bban indultak ma a programok a sz\u00ednpad k\u00f6r\u00fcl. Els\u0151k\u00e9nt a \u201c<strong>Senior \u00f6r\u00f6mt\u00e1nc Ildik\u00f3val<\/strong>\u201d csoport tagjai mutatt\u00e1k be t\u00e1nctud\u00e1sukat a szabad leveg\u0151n. M\u00e1sodik fell\u00e9p\u0151nket, <strong>Oskol\u00e1s J\u00e1nos\u00a0 vers\u00edr\u00f3<\/strong>t k\u00f6sz\u00f6nthett\u00fck: Kod\u00e1ly Zolt\u00e1n munk\u00e1ss\u00e1ga \u00e9s \u00e9lete ihlette, <strong>saj\u00e1t k\u00f6ltem\u00e9nyeit szavalta<\/strong> el k\u00f6z\u00f6ns\u00e9g\u00e9nek. Az \u00e9l\u0151zene ma sem maradhatott el: a program z\u00e1r\u00e1sak\u00e9nt<strong> Illichn\u00e9 Kondacs Szilvia<\/strong> <strong>heged\u0171m\u0171v\u00e9szn\u0151<\/strong> j\u00e1tszott <strong>n\u00f6vend\u00e9k\u00e9vel<\/strong>, <strong>Zajac<\/strong> <strong>Borb\u00e1l\u00e1val<\/strong> duettet, <strong>zongor\u00e1n<\/strong> k\u00eds\u00e9rte \u0151ket <strong>G\u00e9mes Adrienn<\/strong>.<\/span><\/p><p><span style=\"color: #333333;\">A Kod\u00e1ly Pont szabad sz\u00ednpad akci\u00f3ja a fesztiv\u00e1l v\u00e9g\u00e9ig tart; \u00edgy m\u00e9g egy napig b\u00e1rki kihaszn\u00e1lhatja a lehet\u0151s\u00e9get, hogy fell\u00e9pjen rajta.<\/span><\/p><div id='gallery-11' class='gallery galleryid-801 gallery-columns-5 gallery-size-full'><figure class='gallery-item'>\n\t\t\t<div class='gallery-icon landscape'>\n\t\t\t\t<a href='https:\/\/kodaly-muveszeti-fesztival.hu\/wp-content\/uploads\/2021\/07\/228526614_201007918547839_2483908622694929590_n.jpg'><img loading=\"lazy\" decoding=\"async\" width=\"765\" height=\"574\" src=\"https:\/\/kodaly-muveszeti-fesztival.hu\/wp-content\/uploads\/2021\/07\/228526614_201007918547839_2483908622694929590_n.jpg\" class=\"attachment-full size-full\" alt=\"\" srcset=\"https:\/\/kodaly-muveszeti-fesztival.hu\/wp-content\/uploads\/2021\/07\/228526614_201007918547839_2483908622694929590_n.jpg 765w, https:\/\/kodaly-muveszeti-fesztival.hu\/wp-content\/uploads\/2021\/07\/228526614_201007918547839_2483908622694929590_n-300x225.jpg 300w\" sizes=\"(max-width: 765px) 100vw, 765px\" \/><\/a>\n\t\t\t<\/div><\/figure><figure class='gallery-item'>\n\t\t\t<div class='gallery-icon landscape'>\n\t\t\t\t<a href='https:\/\/kodaly-muveszeti-fesztival.hu\/wp-content\/uploads\/2021\/07\/227276849_1020197001854817_4287168021903123254_n-1.jpg'><img loading=\"lazy\" decoding=\"async\" width=\"765\" height=\"574\" src=\"https:\/\/kodaly-muveszeti-fesztival.hu\/wp-content\/uploads\/2021\/07\/227276849_1020197001854817_4287168021903123254_n-1.jpg\" class=\"attachment-full size-full\" alt=\"\" srcset=\"https:\/\/kodaly-muveszeti-fesztival.hu\/wp-content\/uploads\/2021\/07\/227276849_1020197001854817_4287168021903123254_n-1.jpg 765w, https:\/\/kodaly-muveszeti-fesztival.hu\/wp-content\/uploads\/2021\/07\/227276849_1020197001854817_4287168021903123254_n-1-300x225.jpg 300w\" sizes=\"(max-width: 765px) 100vw, 765px\" \/><\/a>\n\t\t\t<\/div><\/figure><figure class='gallery-item'>\n\t\t\t<div class='gallery-icon portrait'>\n\t\t\t\t<a href='https:\/\/kodaly-muveszeti-fesztival.hu\/wp-content\/uploads\/2021\/07\/225933274_898007707733848_5338653297735272589_n.jpg'><img loading=\"lazy\" decoding=\"async\" width=\"574\" height=\"765\" src=\"https:\/\/kodaly-muveszeti-fesztival.hu\/wp-content\/uploads\/2021\/07\/225933274_898007707733848_5338653297735272589_n.jpg\" class=\"attachment-full size-full\" alt=\"\" srcset=\"https:\/\/kodaly-muveszeti-fesztival.hu\/wp-content\/uploads\/2021\/07\/225933274_898007707733848_5338653297735272589_n.jpg 574w, https:\/\/kodaly-muveszeti-fesztival.hu\/wp-content\/uploads\/2021\/07\/225933274_898007707733848_5338653297735272589_n-225x300.jpg 225w\" sizes=\"(max-width: 574px) 100vw, 574px\" \/><\/a>\n\t\t\t<\/div><\/figure><figure class='gallery-item'>\n\t\t\t<div class='gallery-icon landscape'>\n\t\t\t\t<a href='https:\/\/kodaly-muveszeti-fesztival.hu\/wp-content\/uploads\/2021\/07\/221134712_1032642017140737_8774819403523737031_n.jpg'><img loading=\"lazy\" decoding=\"async\" width=\"765\" height=\"574\" src=\"https:\/\/kodaly-muveszeti-fesztival.hu\/wp-content\/uploads\/2021\/07\/221134712_1032642017140737_8774819403523737031_n.jpg\" class=\"attachment-full size-full\" alt=\"\" srcset=\"https:\/\/kodaly-muveszeti-fesztival.hu\/wp-content\/uploads\/2021\/07\/221134712_1032642017140737_8774819403523737031_n.jpg 765w, https:\/\/kodaly-muveszeti-fesztival.hu\/wp-content\/uploads\/2021\/07\/221134712_1032642017140737_8774819403523737031_n-300x225.jpg 300w\" sizes=\"(max-width: 765px) 100vw, 765px\" \/><\/a>\n\t\t\t<\/div><\/figure><figure class='gallery-item'>\n\t\t\t<div class='gallery-icon landscape'>\n\t\t\t\t<a href='https:\/\/kodaly-muveszeti-fesztival.hu\/wp-content\/uploads\/2021\/07\/227276849_1020197001854817_4287168021903123254_n.jpg'><img loading=\"lazy\" decoding=\"async\" width=\"765\" height=\"574\" src=\"https:\/\/kodaly-muveszeti-fesztival.hu\/wp-content\/uploads\/2021\/07\/227276849_1020197001854817_4287168021903123254_n.jpg\" class=\"attachment-full size-full\" alt=\"\" srcset=\"https:\/\/kodaly-muveszeti-fesztival.hu\/wp-content\/uploads\/2021\/07\/227276849_1020197001854817_4287168021903123254_n.jpg 765w, https:\/\/kodaly-muveszeti-fesztival.hu\/wp-content\/uploads\/2021\/07\/227276849_1020197001854817_4287168021903123254_n-300x225.jpg 300w\" sizes=\"(max-width: 765px) 100vw, 765px\" \/><\/a>\n\t\t\t<\/div><\/figure>\n\t\t<\/div>\n\t\t\t\t\t\t\t\t<\/div>\n\t\t\t\t<\/div>\n\t\t\t\t<div class=\"elementor-element elementor-element-8fe9541 elementor-widget elementor-widget-button\" data-id=\"8fe9541\" data-element_type=\"widget\" data-widget_type=\"button.default\">\n\t\t\t\t<div class=\"elementor-widget-container\">\n\t\t\t\t\t\t\t\t\t<div class=\"elementor-button-wrapper\">\n\t\t\t\t\t<a class=\"elementor-button elementor-button-link elementor-size-sm\" href=\"https:\/\/fb.watch\/77s2AXXSrY\/\">\n\t\t\t\t\t\t<span class=\"elementor-button-content-wrapper\">\n\t\t\t\t\t\t<span class=\"elementor-button-icon\">\n\t\t\t\t<i aria-hidden=\"true\" class=\"fas fa-video\"><\/i>\t\t\t<\/span>\n\t\t\t\t\t\t\t\t\t<span class=\"elementor-button-text\">Megn\u00e9zem a vide\u00f3t<\/span>\n\t\t\t\t\t<\/span>\n\t\t\t\t\t<\/a>\n\t\t\t\t<\/div>\n\t\t\t\t\t\t\t\t<\/div>\n\t\t\t\t<\/div>\n\t\t\t\t<div class=\"elementor-element elementor-element-9c631be elementor-widget-divider--view-line elementor-widget elementor-widget-divider\" data-id=\"9c631be\" data-element_type=\"widget\" data-widget_type=\"divider.default\">\n\t\t\t\t<div class=\"elementor-widget-container\">\n\t\t\t\t\t\t\t<div class=\"elementor-divider\">\n\t\t\t<span class=\"elementor-divider-separator\">\n\t\t\t\t\t\t<\/span>\n\t\t<\/div>\n\t\t\t\t\t\t<\/div>\n\t\t\t\t<\/div>\n\t\t\t\t<div class=\"elementor-element elementor-element-12bbdd9 elementor-widget elementor-widget-text-editor\" data-id=\"12bbdd9\" data-element_type=\"widget\" data-widget_type=\"text-editor.default\">\n\t\t\t\t<div class=\"elementor-widget-container\">\n\t\t\t\t\t\t\t\t\t<h4><strong>P\u00e9ntek, 07.30.<\/strong><\/h4><h4><span style=\"color: #808080;\">Pontz\u00e1r\u00f3 produkci\u00f3k &#8211; a Kod\u00e1ly Pont utols\u00f3 fell\u00e9p\u0151i<\/span><\/h4><p>\u00a0<\/p><p><span style=\"color: #333333;\">A mai nappal z\u00e1rul a kecskem\u00e9ti Kod\u00e1ly M\u0171v\u00e9szeti Fesztiv\u00e1l, melynek keretein bel\u00fcl a Kod\u00e1ly Pont szabad sz\u00ednpada m\u0171k\u00f6d\u00f6tt. H\u00e1rom k\u00fcl\u00f6nb\u00f6z\u0151 fell\u00e9p\u0151 koncertj\u00e9t hallhattuk p\u00e9ntek este &#8211; m\u00e9lt\u00f3 b\u00facs\u00faztat\u00e1sak\u00e9nt a Pontnak.<\/span><\/p><p><span style=\"color: #333333;\">T\u00f6r\u0151 \u00c1bris csellista j\u00e1t\u00e9ka nyitotta a hangversenyt. El\u00e1rulta nek\u00fcnk, hogy m\u00e1r 11 \u00e9ve csell\u00f3zik, \u00e9s az az \u00e1lma, hogy felv\u00e9telt nyerjen a Liszt Ferenc Zenem\u0171v\u00e9szeti Egyetemre.<\/span><\/p><p><span style=\"color: #333333;\">M\u00e1sodik fell\u00e9p\u0151nk a Zegernye Zenekar, akik a Kecskem\u00e9t k\u00f6rny\u00e9ki n\u00e9pi n\u00f3t\u00e1k mellett hoztak egy kis &#8222;hideg erd\u00e9lyi muzsik\u00e1t a forr\u00f3 ny\u00e1ri napokba&#8221;. A zenekar n\u00e9pdalfeldolgoz\u00e1sokat adott el\u0151 \u00e9nekkel, heged\u0171vel, t\u00e1rogat\u00f3val \u00e9s harmonik\u00e1val.\u00a0<\/span><\/p><p><span style=\"color: #333333;\">Az este z\u00e1r\u00f3akkordja Korb Tam\u00e1s zen\u00e9s produkci\u00f3ja volt, aki git\u00e1rj\u00e1val experiment\u00e1lis zene vil\u00e1g\u00e1ba kalauzolta el a k\u00f6z\u00f6ns\u00e9get.<\/span><\/p><div id='gallery-12' class='gallery galleryid-801 gallery-columns-5 gallery-size-full'><figure class='gallery-item'>\n\t\t\t<div class='gallery-icon landscape'>\n\t\t\t\t<a href='https:\/\/kodaly-muveszeti-fesztival.hu\/wp-content\/uploads\/2021\/08\/DSC5727-scaled.jpg'><img loading=\"lazy\" decoding=\"async\" width=\"2560\" height=\"1714\" src=\"https:\/\/kodaly-muveszeti-fesztival.hu\/wp-content\/uploads\/2021\/08\/DSC5727-scaled.jpg\" class=\"attachment-full size-full\" alt=\"\" srcset=\"https:\/\/kodaly-muveszeti-fesztival.hu\/wp-content\/uploads\/2021\/08\/DSC5727-scaled.jpg 2560w, https:\/\/kodaly-muveszeti-fesztival.hu\/wp-content\/uploads\/2021\/08\/DSC5727-300x201.jpg 300w, https:\/\/kodaly-muveszeti-fesztival.hu\/wp-content\/uploads\/2021\/08\/DSC5727-1024x686.jpg 1024w, https:\/\/kodaly-muveszeti-fesztival.hu\/wp-content\/uploads\/2021\/08\/DSC5727-768x514.jpg 768w, https:\/\/kodaly-muveszeti-fesztival.hu\/wp-content\/uploads\/2021\/08\/DSC5727-1536x1029.jpg 1536w, https:\/\/kodaly-muveszeti-fesztival.hu\/wp-content\/uploads\/2021\/08\/DSC5727-2048x1372.jpg 2048w, https:\/\/kodaly-muveszeti-fesztival.hu\/wp-content\/uploads\/2021\/08\/DSC5727-1140x763.jpg 1140w\" sizes=\"(max-width: 2560px) 100vw, 2560px\" \/><\/a>\n\t\t\t<\/div><\/figure><figure class='gallery-item'>\n\t\t\t<div class='gallery-icon landscape'>\n\t\t\t\t<a href='https:\/\/kodaly-muveszeti-fesztival.hu\/wp-content\/uploads\/2021\/08\/DSC5750-scaled.jpg'><img loading=\"lazy\" decoding=\"async\" width=\"2560\" height=\"1705\" src=\"https:\/\/kodaly-muveszeti-fesztival.hu\/wp-content\/uploads\/2021\/08\/DSC5750-scaled.jpg\" class=\"attachment-full size-full\" alt=\"\" srcset=\"https:\/\/kodaly-muveszeti-fesztival.hu\/wp-content\/uploads\/2021\/08\/DSC5750-scaled.jpg 2560w, https:\/\/kodaly-muveszeti-fesztival.hu\/wp-content\/uploads\/2021\/08\/DSC5750-300x200.jpg 300w, https:\/\/kodaly-muveszeti-fesztival.hu\/wp-content\/uploads\/2021\/08\/DSC5750-1024x682.jpg 1024w, https:\/\/kodaly-muveszeti-fesztival.hu\/wp-content\/uploads\/2021\/08\/DSC5750-768x512.jpg 768w, https:\/\/kodaly-muveszeti-fesztival.hu\/wp-content\/uploads\/2021\/08\/DSC5750-1536x1023.jpg 1536w, https:\/\/kodaly-muveszeti-fesztival.hu\/wp-content\/uploads\/2021\/08\/DSC5750-2048x1364.jpg 2048w, https:\/\/kodaly-muveszeti-fesztival.hu\/wp-content\/uploads\/2021\/08\/DSC5750-1140x759.jpg 1140w\" sizes=\"(max-width: 2560px) 100vw, 2560px\" \/><\/a>\n\t\t\t<\/div><\/figure><figure class='gallery-item'>\n\t\t\t<div class='gallery-icon landscape'>\n\t\t\t\t<a href='https:\/\/kodaly-muveszeti-fesztival.hu\/wp-content\/uploads\/2021\/08\/DSC5768-scaled.jpg'><img loading=\"lazy\" decoding=\"async\" width=\"2560\" height=\"1705\" src=\"https:\/\/kodaly-muveszeti-fesztival.hu\/wp-content\/uploads\/2021\/08\/DSC5768-scaled.jpg\" class=\"attachment-full size-full\" alt=\"\" srcset=\"https:\/\/kodaly-muveszeti-fesztival.hu\/wp-content\/uploads\/2021\/08\/DSC5768-scaled.jpg 2560w, https:\/\/kodaly-muveszeti-fesztival.hu\/wp-content\/uploads\/2021\/08\/DSC5768-300x200.jpg 300w, https:\/\/kodaly-muveszeti-fesztival.hu\/wp-content\/uploads\/2021\/08\/DSC5768-1024x682.jpg 1024w, https:\/\/kodaly-muveszeti-fesztival.hu\/wp-content\/uploads\/2021\/08\/DSC5768-768x512.jpg 768w, https:\/\/kodaly-muveszeti-fesztival.hu\/wp-content\/uploads\/2021\/08\/DSC5768-1536x1023.jpg 1536w, https:\/\/kodaly-muveszeti-fesztival.hu\/wp-content\/uploads\/2021\/08\/DSC5768-2048x1364.jpg 2048w, https:\/\/kodaly-muveszeti-fesztival.hu\/wp-content\/uploads\/2021\/08\/DSC5768-1140x759.jpg 1140w\" sizes=\"(max-width: 2560px) 100vw, 2560px\" \/><\/a>\n\t\t\t<\/div><\/figure><figure class='gallery-item'>\n\t\t\t<div class='gallery-icon landscape'>\n\t\t\t\t<a href='https:\/\/kodaly-muveszeti-fesztival.hu\/wp-content\/uploads\/2021\/08\/DSC5774-scaled.jpg'><img loading=\"lazy\" decoding=\"async\" width=\"2560\" height=\"1705\" src=\"https:\/\/kodaly-muveszeti-fesztival.hu\/wp-content\/uploads\/2021\/08\/DSC5774-scaled.jpg\" class=\"attachment-full size-full\" alt=\"\" srcset=\"https:\/\/kodaly-muveszeti-fesztival.hu\/wp-content\/uploads\/2021\/08\/DSC5774-scaled.jpg 2560w, https:\/\/kodaly-muveszeti-fesztival.hu\/wp-content\/uploads\/2021\/08\/DSC5774-300x200.jpg 300w, https:\/\/kodaly-muveszeti-fesztival.hu\/wp-content\/uploads\/2021\/08\/DSC5774-1024x682.jpg 1024w, https:\/\/kodaly-muveszeti-fesztival.hu\/wp-content\/uploads\/2021\/08\/DSC5774-768x512.jpg 768w, https:\/\/kodaly-muveszeti-fesztival.hu\/wp-content\/uploads\/2021\/08\/DSC5774-1536x1023.jpg 1536w, https:\/\/kodaly-muveszeti-fesztival.hu\/wp-content\/uploads\/2021\/08\/DSC5774-2048x1364.jpg 2048w, https:\/\/kodaly-muveszeti-fesztival.hu\/wp-content\/uploads\/2021\/08\/DSC5774-1140x759.jpg 1140w\" sizes=\"(max-width: 2560px) 100vw, 2560px\" \/><\/a>\n\t\t\t<\/div><\/figure><figure class='gallery-item'>\n\t\t\t<div class='gallery-icon portrait'>\n\t\t\t\t<a href='https:\/\/kodaly-muveszeti-fesztival.hu\/wp-content\/uploads\/2021\/08\/DSC5752-scaled.jpg'><img loading=\"lazy\" decoding=\"async\" width=\"1705\" height=\"2560\" src=\"https:\/\/kodaly-muveszeti-fesztival.hu\/wp-content\/uploads\/2021\/08\/DSC5752-scaled.jpg\" class=\"attachment-full size-full\" alt=\"\" srcset=\"https:\/\/kodaly-muveszeti-fesztival.hu\/wp-content\/uploads\/2021\/08\/DSC5752-scaled.jpg 1705w, https:\/\/kodaly-muveszeti-fesztival.hu\/wp-content\/uploads\/2021\/08\/DSC5752-200x300.jpg 200w, https:\/\/kodaly-muveszeti-fesztival.hu\/wp-content\/uploads\/2021\/08\/DSC5752-682x1024.jpg 682w, https:\/\/kodaly-muveszeti-fesztival.hu\/wp-content\/uploads\/2021\/08\/DSC5752-768x1153.jpg 768w, https:\/\/kodaly-muveszeti-fesztival.hu\/wp-content\/uploads\/2021\/08\/DSC5752-1023x1536.jpg 1023w, https:\/\/kodaly-muveszeti-fesztival.hu\/wp-content\/uploads\/2021\/08\/DSC5752-1364x2048.jpg 1364w, https:\/\/kodaly-muveszeti-fesztival.hu\/wp-content\/uploads\/2021\/08\/DSC5752-1140x1711.jpg 1140w\" sizes=\"(max-width: 1705px) 100vw, 1705px\" \/><\/a>\n\t\t\t<\/div><\/figure>\n\t\t<\/div>\n\t\t\t\t\t\t\t\t<\/div>\n\t\t\t\t<\/div>\n\t\t\t\t<div class=\"elementor-element elementor-element-73bb1b5 elementor-widget elementor-widget-button\" data-id=\"73bb1b5\" data-element_type=\"widget\" data-widget_type=\"button.default\">\n\t\t\t\t<div class=\"elementor-widget-container\">\n\t\t\t\t\t\t\t\t\t<div class=\"elementor-button-wrapper\">\n\t\t\t\t\t<a class=\"elementor-button elementor-button-link elementor-size-sm\" href=\"https:\/\/fb.watch\/77sbfzsucC\/\">\n\t\t\t\t\t\t<span class=\"elementor-button-content-wrapper\">\n\t\t\t\t\t\t<span class=\"elementor-button-icon\">\n\t\t\t\t<i aria-hidden=\"true\" class=\"fas fa-video\"><\/i>\t\t\t<\/span>\n\t\t\t\t\t\t\t\t\t<span class=\"elementor-button-text\">Megn\u00e9zem a vide\u00f3t <\/span>\n\t\t\t\t\t<\/span>\n\t\t\t\t\t<\/a>\n\t\t\t\t<\/div>\n\t\t\t\t\t\t\t\t<\/div>\n\t\t\t\t<\/div>\n\t\t\t\t\t<\/div>\n\t\t<\/div>\n\t\t\t\t\t<\/div>\n\t\t<\/section>\n\t\t\t\t<section class=\"elementor-section elementor-top-section elementor-element elementor-element-5b1f165 elementor-section-boxed elementor-section-height-default elementor-section-height-default\" data-id=\"5b1f165\" data-element_type=\"section\">\n\t\t\t\t\t\t<div class=\"elementor-container elementor-column-gap-default\">\n\t\t\t\t\t<div class=\"elementor-column elementor-col-100 elementor-top-column elementor-element elementor-element-44112cd\" data-id=\"44112cd\" data-element_type=\"column\">\n\t\t\t<div class=\"elementor-widget-wrap elementor-element-populated\">\n\t\t\t\t\t\t<div class=\"elementor-element elementor-element-695dd4e elementor-widget-divider--view-line elementor-widget elementor-widget-divider\" data-id=\"695dd4e\" data-element_type=\"widget\" data-widget_type=\"divider.default\">\n\t\t\t\t<div class=\"elementor-widget-container\">\n\t\t\t\t\t\t\t<div class=\"elementor-divider\">\n\t\t\t<span class=\"elementor-divider-separator\">\n\t\t\t\t\t\t<\/span>\n\t\t<\/div>\n\t\t\t\t\t\t<\/div>\n\t\t\t\t<\/div>\n\t\t\t\t\t<\/div>\n\t\t<\/div>\n\t\t\t\t\t<\/div>\n\t\t<\/section>\n\t\t\t\t<\/div>\n\t\t","protected":false},"excerpt":{"rendered":"<p>&#8222;Legyen a zene mindenki\u00e9!&#8221; A Kod\u00e1ly Pont pont az a hely, ahol\u00a0n\u00e9h\u00e1ny percig b\u00e1rki zen\u00e9lhet, b\u00e1rmilyen m\u0171fajban, f\u00fcggetlen\u00fcl att\u00f3l, hogy magabiztos profi vagy lelkes\u00a0amat\u0151r. S aki nem tudja a zene univerz\u00e1lis nyelv\u00e9n\u00a0kifejezni a gondolatait az\u00a0elmondhatja \u00e9l\u0151sz\u00f3ban is a zen\u00e9vel kapcsolatos \u00e9lm\u00e9nyeit-eml\u00e9keit-benyom\u00e1sait. A Kod\u00e1ly Pont 2025. augusztus 2-8. k\u00f6z\u00f6tt minden nap 19 \u00f3r\u00e1t\u00f3l r\u00f6videbb-hosszabb performanszokkal v\u00e1rja a De\u00e1k Ferenc t\u00e9ren a H\u00edr\u00f6s Ag\u00f3ra el\u0151tt a v\u00e1llalkoz\u00f3 kedv\u0171 zenerajong\u00f3kat, akik szeretn\u00e9k megmutatni tud\u00e1sukat az \u00e9rdekl\u0151d\u0151knek vagy megosztani gondolataikat az arra j\u00e1r\u00f3kkal.\u00a0 Kod\u00e1ly Pont. Pont neked. Pont neked programnapt\u00e1r: augusztus 2., szombat 19:00 ___________________ A soksz\u00edn\u0171 K\u00edna &#8211; n\u00e9pdalok a Nemzetk\u00f6zi Kod\u00e1ly Szemin\u00e1rium k\u00ednai hallgat\u00f3inak el\u0151ad\u00e1s\u00e1ban Fell\u00e9p\u0151k:\u00a0 Hengjia HE, Ting LI, Jialei LIU, Weiting YAN, Wenhui YU, Yongxi ZHOU, Zhen XIE augusztus 3., vas\u00e1rnap 19:00 ___________________ Kis Sebesty\u00e9n (csell\u00f3), a Kecskem\u00e9ti Szimfonikus Zenekar sz\u00f3list\u00e1j\u00e1nak koncertje \u00a0 Kod\u00e1ly Zolt\u00e1n: Szon\u00e1ta csell\u00f3sz\u00f3l\u00f3ra Op. 8 &#8211; 1. t\u00e9telGaspar Cassado: Cello suite augusztus 4., h\u00e9tf\u0151 19:00 ___________________ A 27. Nemzetk\u00f6zi Kod\u00e1ly Szimp\u00f3zium r\u00e9sztvev\u0151inek koncertje \u00a0 K\u00f6zrem\u0171k\u00f6dik:\u00a0 Gemma Ryan (Ausztr\u00e1lia), Samantha Wee (Szingap\u00far), Liuqingqing Yang (K\u00edna) \u00e9s a Kod\u00e1ly Int\u00e9zet egykori hallgat\u00f3ib\u00f3l alakult SAJT Ensemble: Bianca Varela (Portug\u00e1lia), Sarah Keane (\u00cdrorsz\u00e1g\/ Portug\u00e1lia), Teresa Appleton (Portug\u00e1lia), M\u00e1rk F\u00e9dronic (USA), Haodong Ma (K\u00edna), Samuel Rausch (USA) augusztus 5., kedd 19:00 ___________________ A Kod\u00e1ly Iskola tanul\u00f3inak koncertje augusztus 6., szerda 19:00 ___________________ HOLL\u00d3K\u0150I HUBA (HEGED\u0170-M\u0171v\u00e9sz) \u00c9S SIPOS GERG\u0150 (CSELL\u00d3-M\u0171v\u00e9sz) Koncertje Kod\u00e1ly Zolt\u00e1n: Du\u00f3 heged\u0171re \u00e9s csell\u00f3ra Op. 7 augusztus 7., cs\u00fct\u00f6rt\u00f6k 19:00 ___________________ Tur\u00f3czi-Ko\u00f3s Claudia klarin\u00e9tm\u0171v\u00e9sz koncertje augusztus 8., p\u00e9ntek 19:00 ___________________ &#8222;A klasszikusokt\u00f3l Kod\u00e1lyon \u00e1t a filmzen\u00e9ig&#8221; A Kecskem\u00e9ti M. Bodon P\u00e1l AMI m\u0171sora \u00a0 Fell\u00e9p\u0151k:\u00a0Ambrus Anett &#8211; heged\u0171m\u0171v\u00e9sz, Barta Franciska, Gyenei Tam\u00e1s, Katonka Milos, Kov\u00e1cs M\u00e1rk Zsolt, Pusztai Levente, Pusztai Tam\u00e1sn\u00e9-tan\u00e1r, Szab\u00f3 S\u00e1ra Borb\u00e1la, Sz\u00fccs Hunor.\u00a0Felk\u00e9sz\u00edt\u0151 tan\u00e1rok:\u00a0Bujdos\u00f3n\u00e9 Cs\u00e1ki Edit, Kov\u00e1cs Levente, Nemes D\u00f3ra, Orosz Csaba, Tary Tim\u00f3tn\u00e9. M\u0170SORF\u00dcZET LET\u00d6LT\u00c9SE Kod\u00e1ly pont a 2022-es fesztiv\u00e1lon: H\u00e9tf\u0151, 07.19.Kod\u00e1ly Ponton a Kecskem\u00e9t T\u00e1ncegy\u00fcttes \u00a0 A 2021-es Kod\u00e1ly M\u0171v\u00e9szeti Fesztiv\u00e1l ideje alatt nyitott sz\u00ednpaddal v\u00e1rja a Kod\u00e1ly Pont a tehets\u00e9g\u00fcket \u00e9s m\u0171v\u00e9szet\u00fcket megmutatni k\u00edv\u00e1n\u00f3 egy\u00e9neket \u00e9s csoportokat, kort\u00f3l \u00e9s m\u0171fajt\u00f3l f\u00fcggetlen\u00fcl &#8211; legyen sz\u00f3 \u00e9nekr\u0151l, zen\u00e9r\u0151l, t\u00e1ncr\u00f3l, szaval\u00e1sr\u00f3l, sz\u00ednj\u00e1tsz\u00e1sr\u00f3l. A Kod\u00e1ly Pont mindenki\u00e9, ahol n\u00e9h\u00e1ny percig b\u00e1rki, b\u00e1rmilyen m\u0171fajban szerepelhet Kecskem\u00e9t F\u0151ter\u00e9hez k\u00f6zel, a De\u00e1k t\u00e9ren. A Kod\u00e1ly M\u0171v\u00e9szeti Fesztiv\u00e1l els\u0151 napj\u00e1n n\u00e9pt\u00e1ncosok avatt\u00e1k fel a Kod\u00e1ly Pont p\u00f3dium\u00e1t. A Kecskem\u00e9t T\u00e1ncegy\u00fcttes tagjai k\u00f6rbet\u00e1ncolt\u00e1k a teret, az arra j\u00e1r\u00f3k pedig vel\u00fck egy\u00fctt saj\u00e1t\u00edthatt\u00e1k el a l\u00e9p\u00e9seket. A k\u00f6z\u00f6s t\u00e1nchoz m\u00e9g a legkisebbek is csatlakoztak. Term\u00e9szetesen a zene is adott volt; megelevenedtek a n\u00e9pi dallamok \u00e9s ritmusok, melyek sosem vesz\u00edtik el aktualit\u00e1sukat. Fot\u00f3k: Banczik R\u00f3bert M\u0170SORF\u00dcZET LET\u00d6LT\u00c9SE Megn\u00e9zem a vide\u00f3t Kedd, 07.20.Szaxofon \u00e9s billenty\u0171 &#8211; \u00e9l\u0151 jazz a De\u00e1k t\u00e9ren \u00a0 \u00a0 \u00a0 \u00a0 \u00a0 \u00a0 \u00a0 \u00a0 \u00a0 \u00a0 \u00a0 \u00a0 \u00a0\u00a0 \u00daj fell\u00e9p\u0151kkel tal\u00e1lkozhattunk kedden este a De\u00e1k t\u00e9ri Kod\u00e1ly Pontn\u00e1l.\u00a0 A Pontot ma a zene uralta &#8211; Papp M\u00e1rton, szaxofon \u00e9s Papp M\u00e1ty\u00e1s, billenyt\u0171 du\u00f3j\u00e1t hallgathattuk. A k\u00e9t fiatal m\u0171v\u00e9sz m\u00e1r gyermekkoruk \u00f3ta akt\u00edvan foglalkozik a zen\u00e9vel. A jazz m\u0171faja \u0151ket is mag\u00e1val ragadta, a k\u00f6z\u00f6ns\u00e9gnek jazz \u00f6r\u00f6kz\u00f6ldekkel k\u00e9sz\u00fcltek.\u00a0 Igazi k\u00f6nnyed, kedd d\u00e9lut\u00e1nhoz ill\u0151 hangulatot teremtett a form\u00e1ci\u00f3! &#8222;Legyen a zene mindenki\u00e9!&#8221; &#8211; Kod\u00e1ly Zolt\u00e1n \u00f6r\u00f6k \u00e9rv\u00e9ny\u0171 mondata \u00f6lt testet a Ponton t\u00f6rt\u00e9n\u0151 r\u00f6gt\u00f6nz\u00f6tt koncertekben. Megn\u00e9zem a vide\u00f3t Szerda, 07.21.F\u00f6ldi J\u00e1cint \u00e9s Kov\u00e1cs Levente du\u00f3ja \u00a0 Szerda este ism\u00e9t \u00f6r\u00f6mzene volt a Kod\u00e1ly Ponton, a H\u00edr\u00f6s Ag\u00f3ra el\u0151tti De\u00e1k t\u00e9ren. F\u00f6ldi J\u00e1cint \u00e9s Kov\u00e1cs Levente kett\u0151se mind\u00f6ssze k\u00e9t hangszerrel var\u00e1zsolt t\u00f6k\u00e9letes ny\u00e1resti hangulatot a kissz\u00ednpadunkra. A m\u0171v\u00e9szek m\u0171sora improviz\u00e1ci\u00f3s elemeket \u00e9s j\u00f3l ismert dallamokat is tartogattak. S\u00e9t\u00e1lj egyet a j\u00f3 leveg\u0151n, foglalj helyet a sz\u00e9keken, d\u0151lj h\u00e1tra \u00e9s \u00e9lvezd minden d\u00e9lut\u00e1n a kellemes szabadt\u00e9ri kiskoncerteket.Ha kedved tartja, l\u00e9pj fel Te is. A Kod\u00e1ly Pont pont ez\u00e9rt j\u00f6tt l\u00e9tre. Fot\u00f3k: Banczik R\u00f3bert Megn\u00e9zem a vide\u00f3t Cs\u00fct\u00f6rt\u00f6k, 07.22.T\u00e1rogat\u00f3n j\u00e1tszott Tak\u00e1cs Emese \u00a0 Ahogyan minden nap, cs\u00fct\u00f6rt\u00f6k d\u00e9lut\u00e1n is megcsillogtatta egy-egy m\u0171v\u00e9sz tehets\u00e9g\u00e9t \u00e9s tud\u00e1s\u00e1t a Kod\u00e1ly Ponton. Ez\u00fattal Tak\u00e1cs Emes\u00e9t l\u00e1thattuk \u00e9s hallhattuk t\u00e1rogat\u00f3n j\u00e1tszani. A t\u00e1rogat\u00f3 hangszer hungarikum, a magyar t\u00f6rt\u00e9nelem k\u00eds\u00e9r\u0151je a honfoglal\u00e1st\u00f3l napjainkig. \u00c9les hangj\u00e1t jelz\u00e9snek \u00e9s parancsk\u00f6zvet\u00edt\u00e9s eszk\u00f6z\u00e9nek is haszn\u00e1lt\u00e1k viadalok idej\u00e9n, m\u00e1skor pedig az \u00e9nekek, t\u00e1ncok elengedhetetlen k\u00eds\u00e9r\u0151je volt. A hangszer mai form\u00e1j\u00e1t a 19. sz\u00e1zad v\u00e9g\u00e9n nyerte el; teste hosszabb lett, klarin\u00e9tszer\u0171 f\u00fav\u00f3k\u00e1t kapott \u00e9s t\u00f6bb billenty\u0171vel szerelt\u00e9k fel. A koncerten egy szatm\u00e1ri \u00f6ssze\u00e1ll\u00edt\u00e1st, sz\u00e9kelyf\u00f6ldi t\u00e1ncdallamokat, vasv\u00e1ri verbunkot, g\u00f6m\u00f6ri hallgat\u00f3kat \u00e9s egy Nagys\u00e1rr\u00e9ti csokrot hallhattunk. Fot\u00f3k: Banczik R\u00f3bert Megn\u00e9zem a vide\u00f3t P\u00e9ntek, 07.23.Holl\u00f3k\u0151i Huba \u00e9s Korb Vanessza heged\u0171duettje \u00a0 Ism\u00e9t itt vagyunk a Kod\u00e1ly Pontpon, ahol ma este Korb Vanessza \u00e9s Holl\u00f3k\u0151i Huba heged\u0171j\u00e1t\u00e9k\u00e1t hallhatta a k\u00f6z\u00f6ns\u00e9g. Holl\u00f3k\u0151i Huba, aki a Kod\u00e1ly M\u0171v\u00e9szeti Fesztiv\u00e1l nyit\u00f3koncertj\u00e9n vez\u00e9nyelte a Kecskem\u00e9ti Szimfonikusokat, heged\u0171m\u0171v\u00e9szk\u00e9nt is tev\u00e9keny, a Kod\u00e1ly Pont kiskoncertjeinek hangulata arra \u00f6szt\u00f6n\u00f6zte, hogy heged\u0171vel is fell\u00e9pjen. Korb Vanessza a Liszt Ferenc Zenem\u0171v\u00e9szeti Egyetemen v\u00e9gzett heged\u0171m\u0171v\u00e9szk\u00e9nt, akt\u00edvan r\u00e9szt vesz a zenei \u00e9letben. Bart\u00f3k heged\u0171re \u00edrt du\u00f3i k\u00f6z\u00fcl v\u00e1logatott a p\u00e1ros. Megn\u00e9zem a vide\u00f3t Szombat, 07.24.Trombita-, \u00e9s harsonasz\u00f3 zengte be a teret a Kod\u00e1ly Ponton \u00a0 A fesztiv\u00e1l h\u00e9tv\u00e9g\u00e9j\u00e9nek napj\u00e1n, \u00fajb\u00f3l a f\u00fav\u00f3s hangszerek\u00e9 volt a f\u0151szerep: F\u00f6ldi J\u00e1cint trombitahangja, \u00e9s H\u00e1mori \u00c1ron harsonaj\u00e1t\u00e9ka zengte be a H\u00edr\u00f6s Ag\u00f3ra el\u0151tti De\u00e1k Ferenc teret.\u00a0 A m\u0171v\u00e9szek k\u00fcl\u00f6n, majd egy\u00fctt is j\u00e1tszottak. H\u00e1mori \u00c1ron egy 20. sz\u00e1zadi darabbal k\u00e9sz\u00fclt, Kist\u00e9t\u00e9nyi Melinda harson\u00e1ra \u00edrt sz\u00f3l\u00f3szon\u00e1t\u00e1j\u00e1t f\u00fajta el, F\u00f6ldi J\u00e1cinttal k\u00f6z\u00f6sen alkotott du\u00f3ban pedig Schubertt\u0151l, eredetileg k\u00fcrtre \u00edrt duetteket j\u00e1tszottak, harson\u00e1n \u00e9s trombit\u00e1n. A harsona m\u00e9ly, telt hangja remek\u00fcl kieg\u00e9sz\u00edtette a trombita \u00e9lesebb, magasabb dallamait, \u00e9s a koncerten r\u00e9sztvev\u0151knek k\u00fcl\u00f6n\u00f6s \u00e9lm\u00e9nyben lehetett r\u00e9sz\u00fck &#8211; a hangszerek csod\u00e1san bezengt\u00e9k a teret a Kod\u00e1ly Pont k\u00f6r\u00fcl. Megn\u00e9zem a vide\u00f3t Karikat\u00fara, mint m\u0171faj &#8211; Habi rajzol \u00a0 Aki ma a Kod\u00e1ly Ponthoz l\u00e1togatott, nem csak egy csod\u00e1s koncertet hallgathatott v\u00e9gig, hanem modellt is \u00fclhetett Habinak, aki minden jelentkez\u0151r\u0151l tal\u00e1l\u00f3 portr\u00e9kat k\u00e9sz\u00edtett. A &#8222;karikaturista&#8221; munk\u00e1i k\u00f6z\u00fcl megtekinthettek p\u00e1rat az al\u00e1bbi gal\u00e9ri\u00e1ban.Habi a Fesztiv\u00e1l ideje alatt a Kod\u00e1ly Pontn\u00e1l h\u00e9tf\u0151n \u00e9s szerd\u00e1n, 17:00-19:00-ig, az Ag\u00f3ra bej\u00e1rata el\u0151tt a babzs\u00e1kokn\u00e1l v\u00e1rja modelljeit! Vas\u00e1rnap, 07.25.Gal\u00e1ntai \u00e9s g\u00f6d\u00f6ll\u0151i t\u00e1ncok a Kecskem\u00e9t T\u00e1ncegy\u00fcttessel \u00a0 Vas\u00e1rnap a Kod\u00e1ly Ponton ism\u00e9t n\u00e9pzene sz\u00f3lt, \u00e9s egym\u00e1sba kapaszkod\u00f3, k\u00f6rt\u00e1ncot lejt\u0151 csapatra bukkanhattak az arra j\u00e1r\u00f3k. Luk\u00e1cs L\u00e1szl\u00f3, a Kecskem\u00e9t T\u00e1ncegy\u00fcttes m\u0171v\u00e9szeti vezet\u0151je nyitotta az aznapi est\u00e9t a De\u00e1k t\u00e9ren. Kod\u00e1ly Zolt\u00e1n m\u00faltj\u00e1r\u00f3l \u00e9s munk\u00e1ss\u00e1g\u00e1r\u00f3l esett sz\u00f3 p\u00e1r mondatban: Kod\u00e1ly felvid\u00e9kre el\u00e9g kor\u00e1n elker\u00fclt, ezen bel\u00fcl Gal\u00e1nt\u00e1n \u00e9s Nagyszombaton t\u00f6lt\u00f6tte gyermeki \u00e9veit. A nagyszombati gimn\u00e1ziumban, a fiatal zeneszerz\u0151 \u00e1ltal 16 \u00e9vesen kompon\u00e1lt darabot adta el\u0151 az iskolai zenekar. Viszont Kod\u00e1ly a magyar n\u00e9pdalokban kereste \u00e9s tal\u00e1lta meg m\u0171v\u00e9szet\u00e9nek k\u00f6zponti elem\u00e9t &#8222;Nincs m\u00e1s zen\u00e9nk, ami a magyar l\u00e9lekbe m\u00e9lyebben vil\u00e1g\u00edt bele, \u00e9rcn\u00e9l maradand\u00f3bb form\u00e1ban, mint a magyar n\u00e9pdal.&#8221; &#8211; Luk\u00e1cs L\u00e1szl\u00f3 Kod\u00e1lyt\u00f3l id\u00e9zte mondat\u00e1t. Kod\u00e1ly Zolt\u00e1n &#8211; H\u00e1ry J\u00e1nos dalj\u00e1t\u00e9k\u00e1ban megjelenik egy g\u00f6m\u00f6ri n\u00e9pdal. A T\u00e1ncegy\u00fcttes k\u00e9pvisel\u0151i felvid\u00e9kr\u0151l, g\u00f6m\u00f6ri t\u00e1ncokkal k\u00e9sz\u00fcltek, ism\u00e9t bevonva a k\u00f6z\u00f6ns\u00e9get a k\u00f6z\u00f6s t\u00e1ncba. Fot\u00f3k: Banczik R\u00f3bert H\u00e9tf\u0151, 07.26. Nemzetk\u00f6zi kultur\u00e1lis mix a Kod\u00e1ly Ponton! \u00a0 Ma este az Eur\u00f3pai Szolidarit\u00e1si Test\u00fclet \u00f6nk\u00e9ntesei k\u00e9sz\u00fcltek t\u00f6bb produkci\u00f3val is. A H\u00edr\u00f6s Ag\u00f3ra Kultur\u00e1lis \u00e9s Ifj\u00fas\u00e1gi K\u00f6zpont \u00f6nk\u00e9ntes programj\u00e1n kereszt\u00fcl a kecskem\u00e9ti fiataloknak &#8211; amellett, hogy k\u00fclf\u00f6ldre mehetnek a program j\u00f3volt\u00e1b\u00f3l &#8211; lehet\u0151s\u00e9g\u00fck van a Kecskem\u00e9tre \u00e9rkez\u0151 k\u00fclf\u00f6ldi \u00f6nk\u00e9ntesekkel is tal\u00e1lkozniuk, \u00edgy orsz\u00e1gokon \u00e9s kult\u00far\u00e1kon \u00e1t\u00edvel\u0151 bar\u00e1ts\u00e1gok sz\u00fclethetnek. Az Erasmusosok \u00e9s \u00f6nk\u00e9ntesek tagjainak m\u0171sora. A jelenleg Kecskem\u00e9ten tart\u00f3zkod\u00f3 itthoni, \u00e9s t\u00e1volr\u00f3l \u00e9rkez\u0151 \u00f6nk\u00e9ntes fiatalok band\u00e1j\u00e1b\u00f3l p\u00e1ran, a legk\u00fcl\u00f6nf\u00e9l\u00e9bb el\u0151ad\u00e1sokkal k\u00e9sz\u00fcltek a k\u00f6z\u00f6ns\u00e9gnek h\u00e9tf\u0151 este a Kod\u00e1ly Ponton.Els\u0151k\u00e9nt Szilv\u00e1si Tibor koncertj\u00e9t hallhattuk, a klasszikus \u201eegysz\u00e1lgit\u00e1r-\u00e9nek\u201d fel\u00e1ll\u00e1sban. M\u00e1sodikk\u00e9nt Guillermo-t l\u00e1thattuk zsongl\u0151rk\u00f6dni, Tam\u00e1s G\u00e1bor pedig \u00f6rd\u00f6gbot tr\u00fckk\u00f6ket adott el\u0151. Utols\u00f3k\u00e9nt egy break-t\u00e1nc bemutat\u00f3t adott el\u0151 Kostas \u00e9s Nagy Viktor, aki a m\u0171sor felvezet\u00e9s\u00e9ben \u00fagy fogalmazott: \u201e\u2026mi is zsongl\u0151rk\u00f6dni fogunk, csak a test\u00fcnkkel.\u201d Megtudhattuk tov\u00e1bb\u00e1, hogy a break-t\u00e1nc a 2024-es p\u00e1rizsi Olimpi\u00e1n megjelenik, mint olimpiai sport\u00e1g, 2018-ban az Ifj\u00fas\u00e1gi Olimpi\u00e1n m\u00e1r szerepelt egy magyar h\u00f6lgy versenyz\u0151 a legjobb 16 k\u00f6z\u00f6tt. 2026-ban Dakarban fog a break-t\u00e1nc \u00fajra deb\u00fct\u00e1lni az Ifj\u00fas\u00e1gi Olimpi\u00e1n. A k\u00e9t t\u00e1ncos egy t\u00e1ncp\u00e1rbajt v\u00edvott \u2013 a 70-es \u00e9vekben az utcai band\u00e1k alak\u00edtott\u00e1k ki ezeket a &#8222;break-battle&#8221;-\u00f6ket, hogy t\u00e1ncban m\u00e9rj\u00e9k \u00f6ssze az erej\u00fcket \u00e9s ne az agresszi\u00f3ban.\u00a0 Az eg\u00e9sz csapatnak izgalmas \u00e9s sz\u00f3rakoztat\u00f3 m\u0171sort k\u00f6sz\u00f6nhetett a Kod\u00e1ly Pont k\u00f6z\u00f6ns\u00e9ge. Megn\u00e9zem a vide\u00f3t Kedd, 07.27. Visszat\u00e9rtek a hangszerek a Kod\u00e1ly Pontra \u00a0 Visszat\u00e9rtek a hangszerek kedd d\u00e9lut\u00e1n a Kod\u00e1ly Pontra. A Kecskem\u00e9ti Szimfonikus Zenekar \u00e9s a Harm\u00f3nia Fuvola Kvartett tagjai var\u00e1zsolt\u00e1k el a k\u00f6z\u00f6ns\u00e9get. A koncert sor\u00e1n t\u00f6bb m\u0171fajt \u00e9rintettek a zen\u00e9szek a legk\u00fcl\u00f6nf\u00e9l\u00e9bb hangszereken. Els\u0151k\u00e9nt Puliusz Emese \u00e9s Poly\u00e1k Zs\u00f3ka fuvola du\u00f3 eg\u00e9sz\u00fclt ki Sipos Gerg\u0151 G\u00e1bor gordonkam\u0171v\u00e9sz j\u00e1t\u00e9k\u00e1val. A tri\u00f3 tagjai m\u00e1r kor\u00e1bban is adtak szabadt\u00e9ri koncertet a Kod\u00e1ly M\u0171v\u00e9szeti Fesztiv\u00e1l t\u00f6rt\u00e9net\u00e9ben. A tri\u00f3t k\u00f6vette Palot\u00e1s G\u00e1bor, aki sz\u00f3l\u00f3ban vibrafonon b\u0171v\u00f6lte el a k\u00f6z\u00f6ns\u00e9get. A koncertet z\u00e1rta F\u00f6ldin\u00e9 M\u00e9sz\u00e1ros Orsolya klarin\u00e9tj\u00e1t\u00e9ka, zongor\u00e1n Madar\u00e1sz \u00c9va k\u00eds\u00e9rte. A Kod\u00e1ly Pont a zenei \u00e9letben akt\u00edv m\u0171v\u00e9szeket is vonzza \u2013 a fell\u00e9p\u00e9s \u00e9lm\u00e9nye, a h\u00e9tk\u00f6znapi, szabadt\u00e9ri koncerthelysz\u00edn teret ad az \u00f6r\u00f6mzen\u00e9nek, amit az arra j\u00e1r\u00f3k is \u00e1t\u00e9lhetnek. Fot\u00f3k: Banczik R\u00f3bert Megn\u00e9zem a vide\u00f3t Szerda, 07.28. \u00dajra n\u00e9pt\u00e1nc a Kod\u00e1ly Ponton! \u00a0 A Kecskem\u00e9t T\u00e1ncegy\u00fcttes tagjai megragadt\u00e1k a lehet\u0151s\u00e9get, hogy a n\u00e9pt\u00e1nc \u00e9s n\u00e9pzene szeretet\u00e9t, mag\u00e1val ragad\u00f3 hangulat\u00e1t \u00fajra kivigy\u00e9k a k\u00f6zt\u00e9rre. A De\u00e1k t\u00e9r ism\u00e9t \u00e1talakulhatott egy k\u00f6z\u00f6ss\u00e9gi t\u00e9rr\u00e9, ahol a Kod\u00e1ly Pont centruma fogja \u00f6ssze az egybegy\u0171lteket. A t\u00e1ncol\u00f3 k\u00f6z\u00f6ns\u00e9gben egyar\u00e1nt szerepeltek kicsik \u00e9s nagyok, akik a Kecskem\u00e9t T\u00e1ncegy\u00fcttes tagjainak vezet\u00e9s\u00e9vel saj\u00e1t\u00edthatt\u00e1k el a t\u00e1ncl\u00e9p\u00e9seket, \u00e9s \u00e1llhattak be a k\u00f6z\u00f6s k\u00f6rt\u00e1ncba. A Kecskem\u00e9ti Szimfonikus Zenekar von\u00f3sn\u00e9gyese is fell\u00e9pett az est folyam\u00e1n. \u00dajabb maradand\u00f3 \u00e9s felemel\u0151 ny\u00e1resti hangulat teremt\u0151d\u00f6tt a Kod\u00e1ly Pontn\u00e1l. Fot\u00f3k: Banczik R\u00f3bert Megn\u00e9zem a vide\u00f3t Cs\u00fct\u00f6rt\u00f6k, 07.29. Zene, t\u00e1nc, l\u00edra &#8211; Pont mindenkinek! \u00a0 Szinte m\u00e1r hagyom\u00e1nynak \u00e9rz\u0151dnek a Kod\u00e1ly Ponton zajl\u00f3 koncertek, t\u00e1ncmulats\u00e1gok \u00e9s a k\u00fcl\u00f6nb\u00f6z\u0151 fell\u00e9p\u00e9sek. A megszokottn\u00e1l kor\u00e1bban indultak ma a programok a sz\u00ednpad k\u00f6r\u00fcl. Els\u0151k\u00e9nt a \u201cSenior \u00f6r\u00f6mt\u00e1nc Ildik\u00f3val\u201d csoport tagjai mutatt\u00e1k be t\u00e1nctud\u00e1sukat a szabad leveg\u0151n. M\u00e1sodik fell\u00e9p\u0151nket, Oskol\u00e1s J\u00e1nos\u00a0 vers\u00edr\u00f3t k\u00f6sz\u00f6nthett\u00fck: Kod\u00e1ly Zolt\u00e1n munk\u00e1ss\u00e1ga \u00e9s \u00e9lete ihlette, saj\u00e1t k\u00f6ltem\u00e9nyeit szavalta el k\u00f6z\u00f6ns\u00e9g\u00e9nek. Az \u00e9l\u0151zene ma sem maradhatott el: a program z\u00e1r\u00e1sak\u00e9nt Illichn\u00e9 Kondacs Szilvia heged\u0171m\u0171v\u00e9szn\u0151 j\u00e1tszott n\u00f6vend\u00e9k\u00e9vel, Zajac Borb\u00e1l\u00e1val duettet, zongor\u00e1n k\u00eds\u00e9rte \u0151ket G\u00e9mes Adrienn. A Kod\u00e1ly Pont szabad sz\u00ednpad akci\u00f3ja a fesztiv\u00e1l v\u00e9g\u00e9ig tart; \u00edgy m\u00e9g egy napig b\u00e1rki kihaszn\u00e1lhatja a lehet\u0151s\u00e9get, hogy fell\u00e9pjen rajta. Megn\u00e9zem a vide\u00f3t P\u00e9ntek, 07.30. Pontz\u00e1r\u00f3 produkci\u00f3k &#8211; a Kod\u00e1ly Pont utols\u00f3 fell\u00e9p\u0151i \u00a0 A mai nappal z\u00e1rul a kecskem\u00e9ti Kod\u00e1ly M\u0171v\u00e9szeti Fesztiv\u00e1l, melynek keretein bel\u00fcl a Kod\u00e1ly Pont szabad sz\u00ednpada m\u0171k\u00f6d\u00f6tt. H\u00e1rom k\u00fcl\u00f6nb\u00f6z\u0151 fell\u00e9p\u0151 koncertj\u00e9t hallhattuk p\u00e9ntek este &#8211; m\u00e9lt\u00f3 b\u00facs\u00faztat\u00e1sak\u00e9nt a Pontnak. T\u00f6r\u0151 \u00c1bris csellista j\u00e1t\u00e9ka nyitotta a hangversenyt. El\u00e1rulta nek\u00fcnk, hogy m\u00e1r 11 \u00e9ve csell\u00f3zik, \u00e9s az az \u00e1lma, hogy felv\u00e9telt nyerjen a Liszt Ferenc Zenem\u0171v\u00e9szeti Egyetemre. M\u00e1sodik fell\u00e9p\u0151nk a Zegernye Zenekar, akik a Kecskem\u00e9t k\u00f6rny\u00e9ki n\u00e9pi n\u00f3t\u00e1k mellett hoztak egy kis &#8222;hideg erd\u00e9lyi muzsik\u00e1t a forr\u00f3 ny\u00e1ri napokba&#8221;. A zenekar n\u00e9pdalfeldolgoz\u00e1sokat adott el\u0151 \u00e9nekkel, heged\u0171vel, t\u00e1rogat\u00f3val \u00e9s harmonik\u00e1val.\u00a0 Az este z\u00e1r\u00f3akkordja Korb Tam\u00e1s zen\u00e9s produkci\u00f3ja volt, aki git\u00e1rj\u00e1val experiment\u00e1lis zene vil\u00e1g\u00e1ba kalauzolta el a k\u00f6z\u00f6ns\u00e9get. Megn\u00e9zem a vide\u00f3t<\/p>\n","protected":false},"author":1,"featured_media":0,"parent":0,"menu_order":0,"comment_status":"closed","ping_status":"closed","template":"elementor_header_footer","meta":{"footnotes":""},"class_list":["post-801","page","type-page","status-publish","hentry"],"_links":{"self":[{"href":"https:\/\/kodaly-muveszeti-fesztival.hu\/index.php?rest_route=\/wp\/v2\/pages\/801","targetHints":{"allow":["GET"]}}],"collection":[{"href":"https:\/\/kodaly-muveszeti-fesztival.hu\/index.php?rest_route=\/wp\/v2\/pages"}],"about":[{"href":"https:\/\/kodaly-muveszeti-fesztival.hu\/index.php?rest_route=\/wp\/v2\/types\/page"}],"author":[{"embeddable":true,"href":"https:\/\/kodaly-muveszeti-fesztival.hu\/index.php?rest_route=\/wp\/v2\/users\/1"}],"replies":[{"embeddable":true,"href":"https:\/\/kodaly-muveszeti-fesztival.hu\/index.php?rest_route=%2Fwp%2Fv2%2Fcomments&post=801"}],"version-history":[{"count":539,"href":"https:\/\/kodaly-muveszeti-fesztival.hu\/index.php?rest_route=\/wp\/v2\/pages\/801\/revisions"}],"predecessor-version":[{"id":4517,"href":"https:\/\/kodaly-muveszeti-fesztival.hu\/index.php?rest_route=\/wp\/v2\/pages\/801\/revisions\/4517"}],"wp:attachment":[{"href":"https:\/\/kodaly-muveszeti-fesztival.hu\/index.php?rest_route=%2Fwp%2Fv2%2Fmedia&parent=801"}],"curies":[{"name":"wp","href":"https:\/\/api.w.org\/{rel}","templated":true}]}}