{"id":4152,"date":"2025-07-03T12:05:59","date_gmt":"2025-07-03T12:05:59","guid":{"rendered":"https:\/\/kodaly-muveszeti-fesztival.hu\/?page_id=4152"},"modified":"2025-07-22T14:06:01","modified_gmt":"2025-07-22T14:06:01","slug":"mupa-koncertfilm-vetites","status":"publish","type":"page","link":"https:\/\/kodaly-muveszeti-fesztival.hu\/?page_id=4152","title":{"rendered":"M\u00dcPA KONCERTFILM VET\u00cdT\u00c9S"},"content":{"rendered":"\t\t<div data-elementor-type=\"wp-page\" data-elementor-id=\"4152\" class=\"elementor elementor-4152\">\n\t\t\t\t\t\t<section class=\"elementor-section elementor-top-section elementor-element elementor-element-611705 elementor-section-boxed elementor-section-height-default elementor-section-height-default\" data-id=\"611705\" data-element_type=\"section\">\n\t\t\t\t\t\t<div class=\"elementor-container elementor-column-gap-default\">\n\t\t\t\t\t<div class=\"elementor-column elementor-col-100 elementor-top-column elementor-element elementor-element-712d17ef\" data-id=\"712d17ef\" data-element_type=\"column\">\n\t\t\t<div class=\"elementor-widget-wrap elementor-element-populated\">\n\t\t\t\t\t\t<div class=\"elementor-element elementor-element-363d435 elementor-widget elementor-widget-spacer\" data-id=\"363d435\" data-element_type=\"widget\" data-widget_type=\"spacer.default\">\n\t\t\t\t<div class=\"elementor-widget-container\">\n\t\t\t\t\t\t\t<div class=\"elementor-spacer\">\n\t\t\t<div class=\"elementor-spacer-inner\"><\/div>\n\t\t<\/div>\n\t\t\t\t\t\t<\/div>\n\t\t\t\t<\/div>\n\t\t\t\t<div class=\"elementor-element elementor-element-f9e9399 elementor-widget elementor-widget-heading\" data-id=\"f9e9399\" data-element_type=\"widget\" data-widget_type=\"heading.default\">\n\t\t\t\t<div class=\"elementor-widget-container\">\n\t\t\t\t\t<h2 class=\"elementor-heading-title elementor-size-default\">augusztus 7., cs\u00fct\u00f6rt\u00f6k 18:00\t<br>\nM\u00dcPA KONCERTFILM VET\u00cdT\u00c9S<br>\nH\u00c1ROM BART\u00d3K\n\n\n\n\n<\/h2>\t\t\t\t<\/div>\n\t\t\t\t<\/div>\n\t\t\t\t<div class=\"elementor-element elementor-element-605d919 elementor-widget elementor-widget-spacer\" data-id=\"605d919\" data-element_type=\"widget\" data-widget_type=\"spacer.default\">\n\t\t\t\t<div class=\"elementor-widget-container\">\n\t\t\t\t\t\t\t<div class=\"elementor-spacer\">\n\t\t\t<div class=\"elementor-spacer-inner\"><\/div>\n\t\t<\/div>\n\t\t\t\t\t\t<\/div>\n\t\t\t\t<\/div>\n\t\t\t\t\t<\/div>\n\t\t<\/div>\n\t\t\t\t\t<\/div>\n\t\t<\/section>\n\t\t\t\t<section class=\"elementor-section elementor-top-section elementor-element elementor-element-14e6904 elementor-section-boxed elementor-section-height-default elementor-section-height-default\" data-id=\"14e6904\" data-element_type=\"section\">\n\t\t\t\t\t\t<div class=\"elementor-container elementor-column-gap-default\">\n\t\t\t\t\t<div class=\"elementor-column elementor-col-50 elementor-top-column elementor-element elementor-element-65b12c2\" data-id=\"65b12c2\" data-element_type=\"column\">\n\t\t\t<div class=\"elementor-widget-wrap elementor-element-populated\">\n\t\t\t\t\t\t<div class=\"elementor-element elementor-element-5a6af1d elementor-widget elementor-widget-image\" data-id=\"5a6af1d\" data-element_type=\"widget\" data-widget_type=\"image.default\">\n\t\t\t\t<div class=\"elementor-widget-container\">\n\t\t\t\t\t\t\t\t\t\t\t\t\t\t\t<img fetchpriority=\"high\" decoding=\"async\" width=\"960\" height=\"960\" src=\"https:\/\/kodaly-muveszeti-fesztival.hu\/wp-content\/uploads\/2025\/07\/K25_WB_1080x_1-masolata-3-1024x1024.jpg\" class=\"attachment-large size-large wp-image-4090\" alt=\"\" srcset=\"https:\/\/kodaly-muveszeti-fesztival.hu\/wp-content\/uploads\/2025\/07\/K25_WB_1080x_1-masolata-3-1024x1024.jpg 1024w, https:\/\/kodaly-muveszeti-fesztival.hu\/wp-content\/uploads\/2025\/07\/K25_WB_1080x_1-masolata-3-300x300.jpg 300w, https:\/\/kodaly-muveszeti-fesztival.hu\/wp-content\/uploads\/2025\/07\/K25_WB_1080x_1-masolata-3-150x150.jpg 150w, https:\/\/kodaly-muveszeti-fesztival.hu\/wp-content\/uploads\/2025\/07\/K25_WB_1080x_1-masolata-3-768x768.jpg 768w, https:\/\/kodaly-muveszeti-fesztival.hu\/wp-content\/uploads\/2025\/07\/K25_WB_1080x_1-masolata-3-1140x1140.jpg 1140w, https:\/\/kodaly-muveszeti-fesztival.hu\/wp-content\/uploads\/2025\/07\/K25_WB_1080x_1-masolata-3-75x75.jpg 75w, https:\/\/kodaly-muveszeti-fesztival.hu\/wp-content\/uploads\/2025\/07\/K25_WB_1080x_1-masolata-3.jpg 1440w\" sizes=\"(max-width: 960px) 100vw, 960px\" \/>\t\t\t\t\t\t\t\t\t\t\t\t\t\t\t<\/div>\n\t\t\t\t<\/div>\n\t\t\t\t\t<\/div>\n\t\t<\/div>\n\t\t\t\t<div class=\"elementor-column elementor-col-50 elementor-top-column elementor-element elementor-element-6fd2743\" data-id=\"6fd2743\" data-element_type=\"column\">\n\t\t\t<div class=\"elementor-widget-wrap elementor-element-populated\">\n\t\t\t\t\t\t<div class=\"elementor-element elementor-element-1c1c5dd elementor-widget elementor-widget-text-editor\" data-id=\"1c1c5dd\" data-element_type=\"widget\" data-widget_type=\"text-editor.default\">\n\t\t\t\t<div class=\"elementor-widget-container\">\n\t\t\t\t\t\t\t\t\t<h5><strong>M\u0171sor:<\/strong><\/h5>\n<h5>Bart\u00f3k: K\u00e9t arck\u00e9p, op. 5<\/h5>\n<h5>III. zongoraverseny, Sz. 119, BB 127<\/h5>\n<h5>A k\u00e9kszak\u00e1ll\u00fa herceg v\u00e1ra, Sz. 48<\/h5>\n<h5><strong>Vez\u00e9nyel:<\/strong> Hamar Zsolt<\/h5>\n<h5><strong>K\u00f6zrem\u0171k\u00f6d\u0151k:<\/strong><\/h5>\n<h5>R\u00e1nki Dezs\u00f3 \u2013 zongora<\/h5>\n<h5>Koml\u00f3si Ildik\u00f3 \u2013 szopr\u00e1n<\/h5>\n<h5>Palerdi Andr\u00e1s \u2013 basszus<\/h5>\n<h5>Kopp\u00e1ndi Jen\u0151 \u2013 heged\u0171<\/h5>\n<h5>Nemzeti Filharmonikus Zenekar<\/h5>\n<h5>A hangverseny m\u0171sora Bart\u00f3k \u00e9s a n\u0151i nem kapcsolat\u00e1r\u00f3l sz\u00f3l, olyan m\u0171veket vonultatva fel, amelyek k\u00f6z\u00fcl kett\u0151 \u00e9lete egy-egy nagy \u00e9rzelm\u00e9t \u00f6r\u00f6k\u00edti meg hangokba foglalva, a harmadik pedig egy mitikus t\u00f6rt\u00e9netben, miszt\u00e9riumm\u00e1 nemes\u00edtve \u00e1ltal\u00e1noss\u00e1gban sz\u00f3l a f\u00e9rfi-n\u0151 problematik\u00e1r\u00f3l, ahogyan azt a zeneszerz\u0151 l\u00e1tta.<\/h5>\n<h5>A Nemzeti Filharmonikus Zenekar hangverseny\u00e9nek nyit\u00f3sz\u00e1mak\u00e9nt megsz\u00f3lal\u00f3 K\u00e9t k\u00e9p m\u00f6g\u00f6tt a heged\u0171m\u0171v\u00e9szn\u0151, Geyer Stefi ir\u00e1nti viszonzatlan, fiatalkori szerelem inspir\u00e1ci\u00f3ja \u00e1ll. A szeretett n\u0151alak eszm\u00e9nyi arc\u00e1t felmutat\u00f3 els\u0151 k\u00e9p (Ide\u00e1lis) az I. heged\u0171verseny nyit\u00f3t\u00e9tel\u00e9vel azonos, az egzalt\u00e1lt m\u00e1sodik t\u00e9tel (Torz) az eredetileg zongor\u00e1ra fogalmazott Tizenn\u00e9gy bagatell sorozat Szeret\u0151m t\u00e1ncol c\u00edm\u0171 z\u00e1r\u00f3t\u00e9tel\u00e9nek zenekari v\u00e1ltozata.<br \/>Bart\u00f3k befejezetlen\u00fcl maradt hatty\u00fadala, a hal\u00e1los betegen kompon\u00e1lt III. zongoraverseny a zeneszerz\u0151 feles\u00e9ge, P\u00e1sztory Ditta sz\u00e1m\u00e1ra k\u00e9sz\u00fclt, s a klasszika \u201eh\u00f6lgykoncertjeinek\u201d kecses ut\u00f3dak\u00e9nt a Bart\u00f3kt\u00f3l megszokott kem\u00e9ny t\u00f3nus helyett szel\u00eddebb hangot inton\u00e1l. R\u00e1nki Dezs\u0151 p\u00e1lyakezd\u00e9se \u00f3ta a kompoz\u00edci\u00f3 autentikus el\u0151ad\u00f3ja.<br \/>A Bal\u00e1zs B\u00e9la sz\u00f6veg\u00e9re k\u00e9sz\u00fclt miszt\u00e9rium-opera a bez\u00e1rk\u00f3z\u00e1s, a titok, a megismer\u00e9s, a birtokl\u00e1si v\u00e1gy, a f\u00e9lt\u00e9kenys\u00e9g \u00e9s a mag\u00e1ny fogalmait boncolgatja a sz\u00e1zadel\u0151 l\u00e9lekelemz\u0151 m\u0171v\u00e9szi magatart\u00e1s\u00e1t k\u00f6vetve, olyan var\u00e1zslatos kever\u00e9kst\u00edlusban, amely a romantika, a n\u00e9piess\u00e9g, a szecesszi\u00f3 \u00e9s a szimbolizmus elemeit is mag\u00e1ba fogadja. Koml\u00f3si Ildik\u00f3 \u00e9s Palerdi Andr\u00e1s a k\u00e9t szerep tapasztalt, sikeres el\u0151ad\u00f3ja.<\/h5>\n<h5><strong>A bel\u00e9p\u00e9s ingyenes, helyfoglal\u00e1s \u00e9rkez\u00e9si sorrendben.<\/strong><\/h5>\t\t\t\t\t\t\t\t<\/div>\n\t\t\t\t<\/div>\n\t\t\t\t\t<\/div>\n\t\t<\/div>\n\t\t\t\t\t<\/div>\n\t\t<\/section>\n\t\t\t\t<section class=\"elementor-section elementor-top-section elementor-element elementor-element-8c4e607 elementor-section-boxed elementor-section-height-default elementor-section-height-default\" data-id=\"8c4e607\" data-element_type=\"section\">\n\t\t\t\t\t\t<div class=\"elementor-container elementor-column-gap-default\">\n\t\t\t\t\t<div class=\"elementor-column elementor-col-100 elementor-top-column elementor-element elementor-element-d43c628\" data-id=\"d43c628\" data-element_type=\"column\">\n\t\t\t<div class=\"elementor-widget-wrap elementor-element-populated\">\n\t\t\t\t\t\t<div class=\"elementor-element elementor-element-7921d68 elementor-widget elementor-widget-spacer\" data-id=\"7921d68\" data-element_type=\"widget\" data-widget_type=\"spacer.default\">\n\t\t\t\t<div class=\"elementor-widget-container\">\n\t\t\t\t\t\t\t<div class=\"elementor-spacer\">\n\t\t\t<div class=\"elementor-spacer-inner\"><\/div>\n\t\t<\/div>\n\t\t\t\t\t\t<\/div>\n\t\t\t\t<\/div>\n\t\t\t\t<div class=\"elementor-element elementor-element-2bd5ef7 elementor-align-center elementor-widget elementor-widget-button\" data-id=\"2bd5ef7\" data-element_type=\"widget\" data-widget_type=\"button.default\">\n\t\t\t\t<div class=\"elementor-widget-container\">\n\t\t\t\t\t\t\t\t\t<div class=\"elementor-button-wrapper\">\n\t\t\t\t\t<a class=\"elementor-button elementor-button-link elementor-size-sm\" href=\"https:\/\/heyzine.com\/flip-book\/3fd03aea89.html\">\n\t\t\t\t\t\t<span class=\"elementor-button-content-wrapper\">\n\t\t\t\t\t\t\t\t\t<span class=\"elementor-button-text\">M\u0170SORF\u00dcZET LET\u00d6LT\u00c9SE<\/span>\n\t\t\t\t\t<\/span>\n\t\t\t\t\t<\/a>\n\t\t\t\t<\/div>\n\t\t\t\t\t\t\t\t<\/div>\n\t\t\t\t<\/div>\n\t\t\t\t<div class=\"elementor-element elementor-element-5d8f752 elementor-widget elementor-widget-spacer\" data-id=\"5d8f752\" data-element_type=\"widget\" data-widget_type=\"spacer.default\">\n\t\t\t\t<div class=\"elementor-widget-container\">\n\t\t\t\t\t\t\t<div class=\"elementor-spacer\">\n\t\t\t<div class=\"elementor-spacer-inner\"><\/div>\n\t\t<\/div>\n\t\t\t\t\t\t<\/div>\n\t\t\t\t<\/div>\n\t\t\t\t\t<\/div>\n\t\t<\/div>\n\t\t\t\t\t<\/div>\n\t\t<\/section>\n\t\t\t\t<section class=\"elementor-section elementor-top-section elementor-element elementor-element-53513fd elementor-section-boxed elementor-section-height-default elementor-section-height-default\" data-id=\"53513fd\" data-element_type=\"section\">\n\t\t\t\t\t\t<div class=\"elementor-container elementor-column-gap-default\">\n\t\t\t\t\t<div class=\"elementor-column elementor-col-50 elementor-top-column elementor-element elementor-element-be2e236\" data-id=\"be2e236\" data-element_type=\"column\">\n\t\t\t<div class=\"elementor-widget-wrap elementor-element-populated\">\n\t\t\t\t\t\t<div class=\"elementor-element elementor-element-602d074 elementor-widget elementor-widget-text-editor\" data-id=\"602d074\" data-element_type=\"widget\" data-widget_type=\"text-editor.default\">\n\t\t\t\t<div class=\"elementor-widget-container\">\n\t\t\t\t\t\t\t\t\t<h3>augusztus 7., cs\u00fct\u00f6rt\u00f6k 18:00<\/h3>\n<h3><strong>Helysz\u00edn:<\/strong> H\u00edr\u00f6s Ag\u00f3ra Otthon Mozi<\/h3>\n<h5><strong>A bel\u00e9p\u00e9s ingyenes, helyfoglal\u00e1s \u00e9rkez\u00e9si sorrendben.<\/strong><\/h5>\t\t\t\t\t\t\t\t<\/div>\n\t\t\t\t<\/div>\n\t\t\t\t\t<\/div>\n\t\t<\/div>\n\t\t\t\t<div class=\"elementor-column elementor-col-50 elementor-top-column elementor-element elementor-element-028ae1d\" data-id=\"028ae1d\" data-element_type=\"column\">\n\t\t\t<div class=\"elementor-widget-wrap\">\n\t\t\t\t\t\t\t<\/div>\n\t\t<\/div>\n\t\t\t\t\t<\/div>\n\t\t<\/section>\n\t\t\t\t<section class=\"elementor-section elementor-top-section elementor-element elementor-element-319b492 elementor-section-boxed elementor-section-height-default elementor-section-height-default\" data-id=\"319b492\" data-element_type=\"section\">\n\t\t\t\t\t\t<div class=\"elementor-container elementor-column-gap-default\">\n\t\t\t\t\t<div class=\"elementor-column elementor-col-100 elementor-top-column elementor-element elementor-element-76e1ba4\" data-id=\"76e1ba4\" data-element_type=\"column\">\n\t\t\t<div class=\"elementor-widget-wrap elementor-element-populated\">\n\t\t\t\t\t\t<div class=\"elementor-element elementor-element-e0d41d0 elementor-widget elementor-widget-spacer\" data-id=\"e0d41d0\" data-element_type=\"widget\" data-widget_type=\"spacer.default\">\n\t\t\t\t<div class=\"elementor-widget-container\">\n\t\t\t\t\t\t\t<div class=\"elementor-spacer\">\n\t\t\t<div class=\"elementor-spacer-inner\"><\/div>\n\t\t<\/div>\n\t\t\t\t\t\t<\/div>\n\t\t\t\t<\/div>\n\t\t\t\t<div class=\"elementor-element elementor-element-6f42f57 elementor-widget elementor-widget-google_maps\" data-id=\"6f42f57\" data-element_type=\"widget\" data-widget_type=\"google_maps.default\">\n\t\t\t\t<div class=\"elementor-widget-container\">\n\t\t\t\t\t\t\t<div class=\"elementor-custom-embed\">\n\t\t\t<iframe loading=\"lazy\"\n\t\t\t\t\tsrc=\"https:\/\/maps.google.com\/maps?q=Otthon%20Mozi&#038;t=m&#038;z=17&#038;output=embed&#038;iwloc=near\"\n\t\t\t\t\ttitle=\"Otthon Mozi\"\n\t\t\t\t\taria-label=\"Otthon Mozi\"\n\t\t\t><\/iframe>\n\t\t<\/div>\n\t\t\t\t\t\t<\/div>\n\t\t\t\t<\/div>\n\t\t\t\t\t<\/div>\n\t\t<\/div>\n\t\t\t\t\t<\/div>\n\t\t<\/section>\n\t\t\t\t<\/div>\n\t\t","protected":false},"excerpt":{"rendered":"<p>augusztus 7., cs\u00fct\u00f6rt\u00f6k 18:00 M\u00dcPA KONCERTFILM VET\u00cdT\u00c9S H\u00c1ROM BART\u00d3K M\u0171sor: Bart\u00f3k: K\u00e9t arck\u00e9p, op. 5 III. zongoraverseny, Sz. 119, BB 127 A k\u00e9kszak\u00e1ll\u00fa herceg v\u00e1ra, Sz. 48 Vez\u00e9nyel: Hamar Zsolt K\u00f6zrem\u0171k\u00f6d\u0151k: R\u00e1nki Dezs\u00f3 \u2013 zongora Koml\u00f3si Ildik\u00f3 \u2013 szopr\u00e1n Palerdi Andr\u00e1s \u2013 basszus Kopp\u00e1ndi Jen\u0151 \u2013 heged\u0171 Nemzeti Filharmonikus Zenekar A hangverseny m\u0171sora Bart\u00f3k \u00e9s a n\u0151i nem kapcsolat\u00e1r\u00f3l sz\u00f3l, olyan m\u0171veket vonultatva fel, amelyek k\u00f6z\u00fcl kett\u0151 \u00e9lete egy-egy nagy \u00e9rzelm\u00e9t \u00f6r\u00f6k\u00edti meg hangokba foglalva, a harmadik pedig egy mitikus t\u00f6rt\u00e9netben, miszt\u00e9riumm\u00e1 nemes\u00edtve \u00e1ltal\u00e1noss\u00e1gban sz\u00f3l a f\u00e9rfi-n\u0151 problematik\u00e1r\u00f3l, ahogyan azt a zeneszerz\u0151 l\u00e1tta. A Nemzeti Filharmonikus Zenekar hangverseny\u00e9nek nyit\u00f3sz\u00e1mak\u00e9nt megsz\u00f3lal\u00f3 K\u00e9t k\u00e9p m\u00f6g\u00f6tt a heged\u0171m\u0171v\u00e9szn\u0151, Geyer Stefi ir\u00e1nti viszonzatlan, fiatalkori szerelem inspir\u00e1ci\u00f3ja \u00e1ll. A szeretett n\u0151alak eszm\u00e9nyi arc\u00e1t felmutat\u00f3 els\u0151 k\u00e9p (Ide\u00e1lis) az I. heged\u0171verseny nyit\u00f3t\u00e9tel\u00e9vel azonos, az egzalt\u00e1lt m\u00e1sodik t\u00e9tel (Torz) az eredetileg zongor\u00e1ra fogalmazott Tizenn\u00e9gy bagatell sorozat Szeret\u0151m t\u00e1ncol c\u00edm\u0171 z\u00e1r\u00f3t\u00e9tel\u00e9nek zenekari v\u00e1ltozata.Bart\u00f3k befejezetlen\u00fcl maradt hatty\u00fadala, a hal\u00e1los betegen kompon\u00e1lt III. zongoraverseny a zeneszerz\u0151 feles\u00e9ge, P\u00e1sztory Ditta sz\u00e1m\u00e1ra k\u00e9sz\u00fclt, s a klasszika \u201eh\u00f6lgykoncertjeinek\u201d kecses ut\u00f3dak\u00e9nt a Bart\u00f3kt\u00f3l megszokott kem\u00e9ny t\u00f3nus helyett szel\u00eddebb hangot inton\u00e1l. R\u00e1nki Dezs\u0151 p\u00e1lyakezd\u00e9se \u00f3ta a kompoz\u00edci\u00f3 autentikus el\u0151ad\u00f3ja.A Bal\u00e1zs B\u00e9la sz\u00f6veg\u00e9re k\u00e9sz\u00fclt miszt\u00e9rium-opera a bez\u00e1rk\u00f3z\u00e1s, a titok, a megismer\u00e9s, a birtokl\u00e1si v\u00e1gy, a f\u00e9lt\u00e9kenys\u00e9g \u00e9s a mag\u00e1ny fogalmait boncolgatja a sz\u00e1zadel\u0151 l\u00e9lekelemz\u0151 m\u0171v\u00e9szi magatart\u00e1s\u00e1t k\u00f6vetve, olyan var\u00e1zslatos kever\u00e9kst\u00edlusban, amely a romantika, a n\u00e9piess\u00e9g, a szecesszi\u00f3 \u00e9s a szimbolizmus elemeit is mag\u00e1ba fogadja. Koml\u00f3si Ildik\u00f3 \u00e9s Palerdi Andr\u00e1s a k\u00e9t szerep tapasztalt, sikeres el\u0151ad\u00f3ja. A bel\u00e9p\u00e9s ingyenes, helyfoglal\u00e1s \u00e9rkez\u00e9si sorrendben. M\u0170SORF\u00dcZET LET\u00d6LT\u00c9SE augusztus 7., cs\u00fct\u00f6rt\u00f6k 18:00 Helysz\u00edn: H\u00edr\u00f6s Ag\u00f3ra Otthon Mozi A bel\u00e9p\u00e9s ingyenes, helyfoglal\u00e1s \u00e9rkez\u00e9si sorrendben.<\/p>\n","protected":false},"author":1,"featured_media":0,"parent":0,"menu_order":0,"comment_status":"closed","ping_status":"closed","template":"","meta":{"footnotes":""},"class_list":["post-4152","page","type-page","status-publish","hentry"],"_links":{"self":[{"href":"https:\/\/kodaly-muveszeti-fesztival.hu\/index.php?rest_route=\/wp\/v2\/pages\/4152","targetHints":{"allow":["GET"]}}],"collection":[{"href":"https:\/\/kodaly-muveszeti-fesztival.hu\/index.php?rest_route=\/wp\/v2\/pages"}],"about":[{"href":"https:\/\/kodaly-muveszeti-fesztival.hu\/index.php?rest_route=\/wp\/v2\/types\/page"}],"author":[{"embeddable":true,"href":"https:\/\/kodaly-muveszeti-fesztival.hu\/index.php?rest_route=\/wp\/v2\/users\/1"}],"replies":[{"embeddable":true,"href":"https:\/\/kodaly-muveszeti-fesztival.hu\/index.php?rest_route=%2Fwp%2Fv2%2Fcomments&post=4152"}],"version-history":[{"count":11,"href":"https:\/\/kodaly-muveszeti-fesztival.hu\/index.php?rest_route=\/wp\/v2\/pages\/4152\/revisions"}],"predecessor-version":[{"id":4464,"href":"https:\/\/kodaly-muveszeti-fesztival.hu\/index.php?rest_route=\/wp\/v2\/pages\/4152\/revisions\/4464"}],"wp:attachment":[{"href":"https:\/\/kodaly-muveszeti-fesztival.hu\/index.php?rest_route=%2Fwp%2Fv2%2Fmedia&parent=4152"}],"curies":[{"name":"wp","href":"https:\/\/api.w.org\/{rel}","templated":true}]}}