{"id":3989,"date":"2025-07-02T11:03:28","date_gmt":"2025-07-02T11:03:28","guid":{"rendered":"https:\/\/kodaly-muveszeti-fesztival.hu\/?page_id=3989"},"modified":"2025-07-22T14:04:34","modified_gmt":"2025-07-22T14:04:34","slug":"fulei-balazs-zongoraestje","status":"publish","type":"page","link":"https:\/\/kodaly-muveszeti-fesztival.hu\/?page_id=3989","title":{"rendered":"F\u00dcLEI BAL\u00c1ZS ZONGORAESTJE"},"content":{"rendered":"\t\t<div data-elementor-type=\"wp-page\" data-elementor-id=\"3989\" class=\"elementor elementor-3989\">\n\t\t\t\t\t\t<section class=\"elementor-section elementor-top-section elementor-element elementor-element-63db0a1 elementor-section-boxed elementor-section-height-default elementor-section-height-default\" data-id=\"63db0a1\" data-element_type=\"section\">\n\t\t\t\t\t\t<div class=\"elementor-container elementor-column-gap-default\">\n\t\t\t\t\t<div class=\"elementor-column elementor-col-100 elementor-top-column elementor-element elementor-element-34098b3\" data-id=\"34098b3\" data-element_type=\"column\">\n\t\t\t<div class=\"elementor-widget-wrap elementor-element-populated\">\n\t\t\t\t\t\t<div class=\"elementor-element elementor-element-47885fa elementor-widget elementor-widget-spacer\" data-id=\"47885fa\" data-element_type=\"widget\" data-widget_type=\"spacer.default\">\n\t\t\t\t<div class=\"elementor-widget-container\">\n\t\t\t\t\t\t\t<div class=\"elementor-spacer\">\n\t\t\t<div class=\"elementor-spacer-inner\"><\/div>\n\t\t<\/div>\n\t\t\t\t\t\t<\/div>\n\t\t\t\t<\/div>\n\t\t\t\t<div class=\"elementor-element elementor-element-92e3268 elementor-widget elementor-widget-heading\" data-id=\"92e3268\" data-element_type=\"widget\" data-widget_type=\"heading.default\">\n\t\t\t\t<div class=\"elementor-widget-container\">\n\t\t\t\t\t<h2 class=\"elementor-heading-title elementor-size-default\">augusztus 5., kedd 20:00<br>\nF\u00dcLEI BAL\u00c1ZS ZONGORAESTJE\n\n<\/h2>\t\t\t\t<\/div>\n\t\t\t\t<\/div>\n\t\t\t\t<div class=\"elementor-element elementor-element-1d8b778 elementor-widget elementor-widget-spacer\" data-id=\"1d8b778\" data-element_type=\"widget\" data-widget_type=\"spacer.default\">\n\t\t\t\t<div class=\"elementor-widget-container\">\n\t\t\t\t\t\t\t<div class=\"elementor-spacer\">\n\t\t\t<div class=\"elementor-spacer-inner\"><\/div>\n\t\t<\/div>\n\t\t\t\t\t\t<\/div>\n\t\t\t\t<\/div>\n\t\t\t\t\t<\/div>\n\t\t<\/div>\n\t\t\t\t\t<\/div>\n\t\t<\/section>\n\t\t\t\t<section class=\"elementor-section elementor-top-section elementor-element elementor-element-328750c elementor-section-boxed elementor-section-height-default elementor-section-height-default\" data-id=\"328750c\" data-element_type=\"section\">\n\t\t\t\t\t\t<div class=\"elementor-container elementor-column-gap-default\">\n\t\t\t\t\t<div class=\"elementor-column elementor-col-50 elementor-top-column elementor-element elementor-element-fa4a59a\" data-id=\"fa4a59a\" data-element_type=\"column\">\n\t\t\t<div class=\"elementor-widget-wrap elementor-element-populated\">\n\t\t\t\t\t\t<div class=\"elementor-element elementor-element-98cacfe elementor-widget elementor-widget-image\" data-id=\"98cacfe\" data-element_type=\"widget\" data-widget_type=\"image.default\">\n\t\t\t\t<div class=\"elementor-widget-container\">\n\t\t\t\t\t\t\t\t\t\t\t\t\t\t\t<img fetchpriority=\"high\" decoding=\"async\" width=\"960\" height=\"960\" src=\"https:\/\/kodaly-muveszeti-fesztival.hu\/wp-content\/uploads\/2025\/07\/K25_WB_1080x_1-masolata-3-1024x1024.jpg\" class=\"attachment-large size-large wp-image-4090\" alt=\"\" srcset=\"https:\/\/kodaly-muveszeti-fesztival.hu\/wp-content\/uploads\/2025\/07\/K25_WB_1080x_1-masolata-3-1024x1024.jpg 1024w, https:\/\/kodaly-muveszeti-fesztival.hu\/wp-content\/uploads\/2025\/07\/K25_WB_1080x_1-masolata-3-300x300.jpg 300w, https:\/\/kodaly-muveszeti-fesztival.hu\/wp-content\/uploads\/2025\/07\/K25_WB_1080x_1-masolata-3-150x150.jpg 150w, https:\/\/kodaly-muveszeti-fesztival.hu\/wp-content\/uploads\/2025\/07\/K25_WB_1080x_1-masolata-3-768x768.jpg 768w, https:\/\/kodaly-muveszeti-fesztival.hu\/wp-content\/uploads\/2025\/07\/K25_WB_1080x_1-masolata-3-1140x1140.jpg 1140w, https:\/\/kodaly-muveszeti-fesztival.hu\/wp-content\/uploads\/2025\/07\/K25_WB_1080x_1-masolata-3-75x75.jpg 75w, https:\/\/kodaly-muveszeti-fesztival.hu\/wp-content\/uploads\/2025\/07\/K25_WB_1080x_1-masolata-3.jpg 1440w\" sizes=\"(max-width: 960px) 100vw, 960px\" \/>\t\t\t\t\t\t\t\t\t\t\t\t\t\t\t<\/div>\n\t\t\t\t<\/div>\n\t\t\t\t\t<\/div>\n\t\t<\/div>\n\t\t\t\t<div class=\"elementor-column elementor-col-50 elementor-top-column elementor-element elementor-element-611aa95\" data-id=\"611aa95\" data-element_type=\"column\">\n\t\t\t<div class=\"elementor-widget-wrap elementor-element-populated\">\n\t\t\t\t\t\t<div class=\"elementor-element elementor-element-052abac elementor-widget elementor-widget-text-editor\" data-id=\"052abac\" data-element_type=\"widget\" data-widget_type=\"text-editor.default\">\n\t\t\t\t<div class=\"elementor-widget-container\">\n\t\t\t\t\t\t\t\t\t<h5>&#8222;Sz\u00e1zadfordul\u00f3 Kod\u00e1llyal&#8221;<\/h5><h5><strong>M\u0171sor:<\/strong><\/h5><h5>Bart\u00f3k: Rom\u00e1n n\u00e9pi t\u00e1ncok<\/h5><h5>Kod\u00e1ly: 7 zongoradarab, Op. 11 &#8211; r\u00e9szletek<\/h5><h5>Debussy: A boldog sziget<\/h5><h5>Ginastera: Argentin t\u00e1ncok, Op. 2<\/h5><h5>Kod\u00e1ly: 9 zongoradarab, Op. 3 &#8211; r\u00e9szletek\u00a0<\/h5><h5>Grieg: 17 norv\u00e9g parasztt\u00e1nc, Op. 72 &#8211; r\u00e9szletek<\/h5><h5>Jan\u00e1\u010dek: Ben\u0151tt \u00f6sv\u00e9nyen &#8211; r\u00e9szletek<\/h5><h5>Kod\u00e1ly: Marossz\u00e9ki t\u00e1ncok<\/h5><h5>F\u00fclei Bal\u00e1zs Liszt Ferenc-, Artisjus \u00e9s Junior Prima d\u00edjas zongoram\u0171v\u00e9sz, gener\u00e1ci\u00f3j\u00e1nak egyik legkreat\u00edvabb el\u0151ad\u00f3ja. Reperto\u00e1rj\u00e1n t\u00f6bb mint harminc zongoraverseny szerepel, k\u00f6zt\u00fck Beethoven, Liszt, Brahms, \u00e9s Bart\u00f3k \u00f6sszes zongoraversenye. A Zeneakad\u00e9mia tansz\u00e9kvezet\u0151 egyetemi docense, vil\u00e1gszerte tart mesterkurzusokat. Az Echo Ny\u00e1ri Akad\u00e9mia alap\u00edt\u00f3ja \u00e9s m\u0171v\u00e9szeti vezet\u0151je, amelyet a feh\u00e9rv\u00e1rcsurg\u00f3i K\u00e1rolyi Kast\u00e9lyban rendeznek \u00e9vente.<\/h5><h5>Kor\u00e1n bekapcsol\u00f3dott a nemzetk\u00f6zi zenei \u00e9let k\u00f6rforg\u00e1s\u00e1ba: 2005-ben a tarant\u00f3i Arcangelo Speranza Nemzetk\u00f6zi Zongoraverseny gy\u0151ztese volt, \u00e9s tov\u00e1bbi d\u00edjakat hozott el Mil\u00e1n\u00f3b\u00f3l, Cagliarib\u00f3l, Moszkv\u00e1b\u00f3l. A The International Holland Music Sessions k\u00e9t \u00edzben is a New Masters On Tour koncertk\u00f6r\u00fat sz\u00f3list\u00e1j\u00e1v\u00e1 v\u00e1lasztja.<\/h5><h5>Szakmai \u00e9let\u00e9nek meghat\u00e1roz\u00f3 \u00e1llom\u00e1sai a Zeneakad\u00e9mia Nagyterme, a M\u0171v\u00e9szetek Palot\u00e1ja, a b\u00e9csi Konzerthaus, az amszterdami Concertgebouw, a toki\u00f3i Kioi Hall, a moszkvai Csajkovszkij Konzervat\u00f3rium, az NCPA Mumbaiban, valamint a New York-i Carnegie Hall, ahol 2008-ban deb\u00fct\u00e1lt sz\u00f3l\u00f3estj\u00e9vel. A legjelent\u0151sebb magyarorsz\u00e1gi \u00e9s k\u00fclf\u00f6ldi szimfonikus zenekarokkal dolgozott egy\u00fctt, fell\u00e9pett Eur\u00f3pa szinte minden orsz\u00e1g\u00e1ban, Izraelben, az Egyes\u00fclt \u00c1llamokban, Ausztr\u00e1li\u00e1ban, Jap\u00e1nban, K\u00edn\u00e1ban, \u00e9s Vietn\u00e1mban. Gyakori partnere a Kod\u00e1ly Von\u00f3sn\u00e9gyes, amellyel Indi\u00e1ban is turn\u00e9zott. Sz\u00f3list\u00e1ja volt a vil\u00e1g \u00e9lvonal\u00e1ba tartoz\u00f3 Camerata Bern egy\u00fcttesnek. Koncertjei, lemezfelv\u00e9telei m\u0171sor\u00e1t k\u00fcl\u00f6nleges tematika alapj\u00e1n \u00e1ll\u00edtja \u00f6ssze.<\/h5><h5>F\u00fclei Bal\u00e1zs kiv\u00e9teles verb\u00e1lis adotts\u00e1gainak k\u00f6sz\u00f6nhet\u0151en gyakran l\u00e9p fel olyan k\u00fcl\u00f6nleges m\u0171sorokkal, ahol az elhangz\u00f3 zenem\u0171veket saj\u00e1t szavaival hozza m\u00e9g k\u00f6zelebb a hallgat\u00f3khoz. Saj\u00e1t sorozatai k\u00f6z\u00fcl a \u201eHallgasson F\u00fcleire!\u201d c\u00edm\u0171 koncertjein azt mutatja be, hogyan lehet t\u00f6bbf\u00e9lek\u00e9ppen el\u0151adni ugyanazt a zenem\u0171vet, \u00edgy a k\u00f6z\u00f6ns\u00e9g \u00e1t\u00e9lheti az el\u0151ad\u00f3m\u0171v\u00e9szet szabads\u00e1g\u00e1t \u00e9s t\u0171n\u00e9kenys\u00e9g\u00e9t.<\/h5><h5>16 lemezt k\u00e9sz\u00edtett, Christmas with Franz Liszt c\u00edm\u0171 sz\u00f3l\u00f3 albuma 2022-ben elnyerte a Liszt Ferenc T\u00e1rsas\u00e1g 42. Nemzetk\u00f6zi Hanglemez Nagyd\u00edj\u00e1t.<\/h5><h5>F\u00fclei Bal\u00e1zs a Steinway &amp; Sons zongoragy\u00e1rt\u00f3l 2020-ban kapta meg a kit\u00fcntet\u0151 \u201eSteinway Artist\u201d c\u00edmet.<\/h5><h5><strong>Az el\u0151ad\u00e1s hossza:<\/strong> 80 perc, sz\u00fcnet n\u00e9lk\u00fcl<\/h5>\t\t\t\t\t\t\t\t<\/div>\n\t\t\t\t<\/div>\n\t\t\t\t\t<\/div>\n\t\t<\/div>\n\t\t\t\t\t<\/div>\n\t\t<\/section>\n\t\t\t\t<section class=\"elementor-section elementor-top-section elementor-element elementor-element-7ebe050 elementor-section-boxed elementor-section-height-default elementor-section-height-default\" data-id=\"7ebe050\" data-element_type=\"section\">\n\t\t\t\t\t\t<div class=\"elementor-container elementor-column-gap-default\">\n\t\t\t\t\t<div class=\"elementor-column elementor-col-100 elementor-top-column elementor-element elementor-element-114580d\" data-id=\"114580d\" data-element_type=\"column\">\n\t\t\t<div class=\"elementor-widget-wrap elementor-element-populated\">\n\t\t\t\t\t\t<div class=\"elementor-element elementor-element-249ba90 elementor-widget elementor-widget-spacer\" data-id=\"249ba90\" data-element_type=\"widget\" data-widget_type=\"spacer.default\">\n\t\t\t\t<div class=\"elementor-widget-container\">\n\t\t\t\t\t\t\t<div class=\"elementor-spacer\">\n\t\t\t<div class=\"elementor-spacer-inner\"><\/div>\n\t\t<\/div>\n\t\t\t\t\t\t<\/div>\n\t\t\t\t<\/div>\n\t\t\t\t<div class=\"elementor-element elementor-element-a43f493 elementor-align-center elementor-widget elementor-widget-button\" data-id=\"a43f493\" data-element_type=\"widget\" data-widget_type=\"button.default\">\n\t\t\t\t<div class=\"elementor-widget-container\">\n\t\t\t\t\t\t\t\t\t<div class=\"elementor-button-wrapper\">\n\t\t\t\t\t<a class=\"elementor-button elementor-button-link elementor-size-sm\" href=\"https:\/\/heyzine.com\/flip-book\/3fd03aea89.html\">\n\t\t\t\t\t\t<span class=\"elementor-button-content-wrapper\">\n\t\t\t\t\t\t\t\t\t<span class=\"elementor-button-text\">M\u0170SORF\u00dcZET LET\u00d6LT\u00c9SE<\/span>\n\t\t\t\t\t<\/span>\n\t\t\t\t\t<\/a>\n\t\t\t\t<\/div>\n\t\t\t\t\t\t\t\t<\/div>\n\t\t\t\t<\/div>\n\t\t\t\t<div class=\"elementor-element elementor-element-02ed590 elementor-widget elementor-widget-spacer\" data-id=\"02ed590\" data-element_type=\"widget\" data-widget_type=\"spacer.default\">\n\t\t\t\t<div class=\"elementor-widget-container\">\n\t\t\t\t\t\t\t<div class=\"elementor-spacer\">\n\t\t\t<div class=\"elementor-spacer-inner\"><\/div>\n\t\t<\/div>\n\t\t\t\t\t\t<\/div>\n\t\t\t\t<\/div>\n\t\t\t\t\t<\/div>\n\t\t<\/div>\n\t\t\t\t\t<\/div>\n\t\t<\/section>\n\t\t\t\t<section class=\"elementor-section elementor-top-section elementor-element elementor-element-4cfd00d elementor-section-boxed elementor-section-height-default elementor-section-height-default\" data-id=\"4cfd00d\" data-element_type=\"section\">\n\t\t\t\t\t\t<div class=\"elementor-container elementor-column-gap-default\">\n\t\t\t\t\t<div class=\"elementor-column elementor-col-50 elementor-top-column elementor-element elementor-element-3421b6f\" data-id=\"3421b6f\" data-element_type=\"column\">\n\t\t\t<div class=\"elementor-widget-wrap elementor-element-populated\">\n\t\t\t\t\t\t<div class=\"elementor-element elementor-element-d707295 elementor-widget elementor-widget-text-editor\" data-id=\"d707295\" data-element_type=\"widget\" data-widget_type=\"text-editor.default\">\n\t\t\t\t<div class=\"elementor-widget-container\">\n\t\t\t\t\t\t\t\t\t<h3>augusztus 5., kedd 20:00<\/h3><h3><strong>Helysz\u00edn:<\/strong> H\u00edr\u00f6s Ag\u00f3ra Kultur\u00e1lis K\u00f6zpont<\/h3><h5><strong>Jegy\u00e1rak:<\/strong> 4.500 Ft, <strong>Nyugd\u00edjas jegy<\/strong>: 4.000 Ft, <strong>Di\u00e1kjegy:<\/strong> 1.500 Ft<\/h5><h5>Kecskem\u00e9t k\u00e1rty\u00e1val 10% kedvezm\u00e9ny<\/h5><h5>\u00a0<\/h5>\t\t\t\t\t\t\t\t<\/div>\n\t\t\t\t<\/div>\n\t\t\t\t\t<\/div>\n\t\t<\/div>\n\t\t\t\t<div class=\"elementor-column elementor-col-50 elementor-top-column elementor-element elementor-element-815c89f\" data-id=\"815c89f\" data-element_type=\"column\">\n\t\t\t<div class=\"elementor-widget-wrap elementor-element-populated\">\n\t\t\t\t\t\t<div class=\"elementor-element elementor-element-e666c18 elementor-align-center elementor-widget elementor-widget-button\" data-id=\"e666c18\" data-element_type=\"widget\" data-widget_type=\"button.default\">\n\t\t\t\t<div class=\"elementor-widget-container\">\n\t\t\t\t\t\t\t\t\t<div class=\"elementor-button-wrapper\">\n\t\t\t\t\t<a class=\"elementor-button elementor-button-link elementor-size-sm\" href=\"https:\/\/hirosagora.jegy.hu\/program\/kodaly-muveszeti-fesztival-2025-fulei-balazs-zongoraestje-178442\">\n\t\t\t\t\t\t<span class=\"elementor-button-content-wrapper\">\n\t\t\t\t\t\t\t\t\t<span class=\"elementor-button-text\">JEGYV\u00c1S\u00c1RL\u00c1S<\/span>\n\t\t\t\t\t<\/span>\n\t\t\t\t\t<\/a>\n\t\t\t\t<\/div>\n\t\t\t\t\t\t\t\t<\/div>\n\t\t\t\t<\/div>\n\t\t\t\t\t<\/div>\n\t\t<\/div>\n\t\t\t\t\t<\/div>\n\t\t<\/section>\n\t\t\t\t<section class=\"elementor-section elementor-top-section elementor-element elementor-element-1376194 elementor-section-boxed elementor-section-height-default elementor-section-height-default\" data-id=\"1376194\" data-element_type=\"section\">\n\t\t\t\t\t\t<div class=\"elementor-container elementor-column-gap-default\">\n\t\t\t\t\t<div class=\"elementor-column elementor-col-100 elementor-top-column elementor-element elementor-element-89d67f5\" data-id=\"89d67f5\" data-element_type=\"column\">\n\t\t\t<div class=\"elementor-widget-wrap elementor-element-populated\">\n\t\t\t\t\t\t<div class=\"elementor-element elementor-element-4ed435d elementor-widget elementor-widget-spacer\" data-id=\"4ed435d\" data-element_type=\"widget\" data-widget_type=\"spacer.default\">\n\t\t\t\t<div class=\"elementor-widget-container\">\n\t\t\t\t\t\t\t<div class=\"elementor-spacer\">\n\t\t\t<div class=\"elementor-spacer-inner\"><\/div>\n\t\t<\/div>\n\t\t\t\t\t\t<\/div>\n\t\t\t\t<\/div>\n\t\t\t\t<div class=\"elementor-element elementor-element-ae2a8fe elementor-widget elementor-widget-google_maps\" data-id=\"ae2a8fe\" data-element_type=\"widget\" data-widget_type=\"google_maps.default\">\n\t\t\t\t<div class=\"elementor-widget-container\">\n\t\t\t\t\t\t\t<div class=\"elementor-custom-embed\">\n\t\t\t<iframe loading=\"lazy\"\n\t\t\t\t\tsrc=\"https:\/\/maps.google.com\/maps?q=H%C3%ADr%C3%B6s%20Ag%C3%B3ra%20Kultur%C3%A1lis%20K%C3%B6zpont&#038;t=m&#038;z=17&#038;output=embed&#038;iwloc=near\"\n\t\t\t\t\ttitle=\"H\u00edr\u00f6s Ag\u00f3ra Kultur\u00e1lis K\u00f6zpont\"\n\t\t\t\t\taria-label=\"H\u00edr\u00f6s Ag\u00f3ra Kultur\u00e1lis K\u00f6zpont\"\n\t\t\t><\/iframe>\n\t\t<\/div>\n\t\t\t\t\t\t<\/div>\n\t\t\t\t<\/div>\n\t\t\t\t\t<\/div>\n\t\t<\/div>\n\t\t\t\t\t<\/div>\n\t\t<\/section>\n\t\t\t\t<\/div>\n\t\t","protected":false},"excerpt":{"rendered":"<p>augusztus 5., kedd 20:00 F\u00dcLEI BAL\u00c1ZS ZONGORAESTJE &#8222;Sz\u00e1zadfordul\u00f3 Kod\u00e1llyal&#8221; M\u0171sor: Bart\u00f3k: Rom\u00e1n n\u00e9pi t\u00e1ncok Kod\u00e1ly: 7 zongoradarab, Op. 11 &#8211; r\u00e9szletek Debussy: A boldog sziget Ginastera: Argentin t\u00e1ncok, Op. 2 Kod\u00e1ly: 9 zongoradarab, Op. 3 &#8211; r\u00e9szletek\u00a0 Grieg: 17 norv\u00e9g parasztt\u00e1nc, Op. 72 &#8211; r\u00e9szletek Jan\u00e1\u010dek: Ben\u0151tt \u00f6sv\u00e9nyen &#8211; r\u00e9szletek Kod\u00e1ly: Marossz\u00e9ki t\u00e1ncok F\u00fclei Bal\u00e1zs Liszt Ferenc-, Artisjus \u00e9s Junior Prima d\u00edjas zongoram\u0171v\u00e9sz, gener\u00e1ci\u00f3j\u00e1nak egyik legkreat\u00edvabb el\u0151ad\u00f3ja. Reperto\u00e1rj\u00e1n t\u00f6bb mint harminc zongoraverseny szerepel, k\u00f6zt\u00fck Beethoven, Liszt, Brahms, \u00e9s Bart\u00f3k \u00f6sszes zongoraversenye. A Zeneakad\u00e9mia tansz\u00e9kvezet\u0151 egyetemi docense, vil\u00e1gszerte tart mesterkurzusokat. Az Echo Ny\u00e1ri Akad\u00e9mia alap\u00edt\u00f3ja \u00e9s m\u0171v\u00e9szeti vezet\u0151je, amelyet a feh\u00e9rv\u00e1rcsurg\u00f3i K\u00e1rolyi Kast\u00e9lyban rendeznek \u00e9vente. Kor\u00e1n bekapcsol\u00f3dott a nemzetk\u00f6zi zenei \u00e9let k\u00f6rforg\u00e1s\u00e1ba: 2005-ben a tarant\u00f3i Arcangelo Speranza Nemzetk\u00f6zi Zongoraverseny gy\u0151ztese volt, \u00e9s tov\u00e1bbi d\u00edjakat hozott el Mil\u00e1n\u00f3b\u00f3l, Cagliarib\u00f3l, Moszkv\u00e1b\u00f3l. A The International Holland Music Sessions k\u00e9t \u00edzben is a New Masters On Tour koncertk\u00f6r\u00fat sz\u00f3list\u00e1j\u00e1v\u00e1 v\u00e1lasztja. Szakmai \u00e9let\u00e9nek meghat\u00e1roz\u00f3 \u00e1llom\u00e1sai a Zeneakad\u00e9mia Nagyterme, a M\u0171v\u00e9szetek Palot\u00e1ja, a b\u00e9csi Konzerthaus, az amszterdami Concertgebouw, a toki\u00f3i Kioi Hall, a moszkvai Csajkovszkij Konzervat\u00f3rium, az NCPA Mumbaiban, valamint a New York-i Carnegie Hall, ahol 2008-ban deb\u00fct\u00e1lt sz\u00f3l\u00f3estj\u00e9vel. A legjelent\u0151sebb magyarorsz\u00e1gi \u00e9s k\u00fclf\u00f6ldi szimfonikus zenekarokkal dolgozott egy\u00fctt, fell\u00e9pett Eur\u00f3pa szinte minden orsz\u00e1g\u00e1ban, Izraelben, az Egyes\u00fclt \u00c1llamokban, Ausztr\u00e1li\u00e1ban, Jap\u00e1nban, K\u00edn\u00e1ban, \u00e9s Vietn\u00e1mban. Gyakori partnere a Kod\u00e1ly Von\u00f3sn\u00e9gyes, amellyel Indi\u00e1ban is turn\u00e9zott. Sz\u00f3list\u00e1ja volt a vil\u00e1g \u00e9lvonal\u00e1ba tartoz\u00f3 Camerata Bern egy\u00fcttesnek. Koncertjei, lemezfelv\u00e9telei m\u0171sor\u00e1t k\u00fcl\u00f6nleges tematika alapj\u00e1n \u00e1ll\u00edtja \u00f6ssze. F\u00fclei Bal\u00e1zs kiv\u00e9teles verb\u00e1lis adotts\u00e1gainak k\u00f6sz\u00f6nhet\u0151en gyakran l\u00e9p fel olyan k\u00fcl\u00f6nleges m\u0171sorokkal, ahol az elhangz\u00f3 zenem\u0171veket saj\u00e1t szavaival hozza m\u00e9g k\u00f6zelebb a hallgat\u00f3khoz. Saj\u00e1t sorozatai k\u00f6z\u00fcl a \u201eHallgasson F\u00fcleire!\u201d c\u00edm\u0171 koncertjein azt mutatja be, hogyan lehet t\u00f6bbf\u00e9lek\u00e9ppen el\u0151adni ugyanazt a zenem\u0171vet, \u00edgy a k\u00f6z\u00f6ns\u00e9g \u00e1t\u00e9lheti az el\u0151ad\u00f3m\u0171v\u00e9szet szabads\u00e1g\u00e1t \u00e9s t\u0171n\u00e9kenys\u00e9g\u00e9t. 16 lemezt k\u00e9sz\u00edtett, Christmas with Franz Liszt c\u00edm\u0171 sz\u00f3l\u00f3 albuma 2022-ben elnyerte a Liszt Ferenc T\u00e1rsas\u00e1g 42. Nemzetk\u00f6zi Hanglemez Nagyd\u00edj\u00e1t. F\u00fclei Bal\u00e1zs a Steinway &amp; Sons zongoragy\u00e1rt\u00f3l 2020-ban kapta meg a kit\u00fcntet\u0151 \u201eSteinway Artist\u201d c\u00edmet. Az el\u0151ad\u00e1s hossza: 80 perc, sz\u00fcnet n\u00e9lk\u00fcl M\u0170SORF\u00dcZET LET\u00d6LT\u00c9SE augusztus 5., kedd 20:00 Helysz\u00edn: H\u00edr\u00f6s Ag\u00f3ra Kultur\u00e1lis K\u00f6zpont Jegy\u00e1rak: 4.500 Ft, Nyugd\u00edjas jegy: 4.000 Ft, Di\u00e1kjegy: 1.500 Ft Kecskem\u00e9t k\u00e1rty\u00e1val 10% kedvezm\u00e9ny \u00a0 JEGYV\u00c1S\u00c1RL\u00c1S<\/p>\n","protected":false},"author":1,"featured_media":0,"parent":0,"menu_order":0,"comment_status":"closed","ping_status":"closed","template":"","meta":{"footnotes":""},"class_list":["post-3989","page","type-page","status-publish","hentry"],"_links":{"self":[{"href":"https:\/\/kodaly-muveszeti-fesztival.hu\/index.php?rest_route=\/wp\/v2\/pages\/3989","targetHints":{"allow":["GET"]}}],"collection":[{"href":"https:\/\/kodaly-muveszeti-fesztival.hu\/index.php?rest_route=\/wp\/v2\/pages"}],"about":[{"href":"https:\/\/kodaly-muveszeti-fesztival.hu\/index.php?rest_route=\/wp\/v2\/types\/page"}],"author":[{"embeddable":true,"href":"https:\/\/kodaly-muveszeti-fesztival.hu\/index.php?rest_route=\/wp\/v2\/users\/1"}],"replies":[{"embeddable":true,"href":"https:\/\/kodaly-muveszeti-fesztival.hu\/index.php?rest_route=%2Fwp%2Fv2%2Fcomments&post=3989"}],"version-history":[{"count":10,"href":"https:\/\/kodaly-muveszeti-fesztival.hu\/index.php?rest_route=\/wp\/v2\/pages\/3989\/revisions"}],"predecessor-version":[{"id":4455,"href":"https:\/\/kodaly-muveszeti-fesztival.hu\/index.php?rest_route=\/wp\/v2\/pages\/3989\/revisions\/4455"}],"wp:attachment":[{"href":"https:\/\/kodaly-muveszeti-fesztival.hu\/index.php?rest_route=%2Fwp%2Fv2%2Fmedia&parent=3989"}],"curies":[{"name":"wp","href":"https:\/\/api.w.org\/{rel}","templated":true}]}}