{"id":3984,"date":"2025-07-02T11:03:03","date_gmt":"2025-07-02T11:03:03","guid":{"rendered":"https:\/\/kodaly-muveszeti-fesztival.hu\/?page_id=3984"},"modified":"2025-07-22T14:04:26","modified_gmt":"2025-07-22T14:04:26","slug":"creator-spiritus-ix","status":"publish","type":"page","link":"https:\/\/kodaly-muveszeti-fesztival.hu\/?page_id=3984","title":{"rendered":"CREATOR SPIRITUS IX."},"content":{"rendered":"\t\t<div data-elementor-type=\"wp-page\" data-elementor-id=\"3984\" class=\"elementor elementor-3984\">\n\t\t\t\t\t\t<section class=\"elementor-section elementor-top-section elementor-element elementor-element-d39f76c elementor-section-boxed elementor-section-height-default elementor-section-height-default\" data-id=\"d39f76c\" data-element_type=\"section\">\n\t\t\t\t\t\t<div class=\"elementor-container elementor-column-gap-default\">\n\t\t\t\t\t<div class=\"elementor-column elementor-col-100 elementor-top-column elementor-element elementor-element-440e1e8\" data-id=\"440e1e8\" data-element_type=\"column\">\n\t\t\t<div class=\"elementor-widget-wrap elementor-element-populated\">\n\t\t\t\t\t\t<div class=\"elementor-element elementor-element-0f9f188 elementor-widget elementor-widget-spacer\" data-id=\"0f9f188\" data-element_type=\"widget\" data-widget_type=\"spacer.default\">\n\t\t\t\t<div class=\"elementor-widget-container\">\n\t\t\t\t\t\t\t<div class=\"elementor-spacer\">\n\t\t\t<div class=\"elementor-spacer-inner\"><\/div>\n\t\t<\/div>\n\t\t\t\t\t\t<\/div>\n\t\t\t\t<\/div>\n\t\t\t\t<div class=\"elementor-element elementor-element-cca085b elementor-widget elementor-widget-heading\" data-id=\"cca085b\" data-element_type=\"widget\" data-widget_type=\"heading.default\">\n\t\t\t\t<div class=\"elementor-widget-container\">\n\t\t\t\t\t<h2 class=\"elementor-heading-title elementor-size-default\">augusztus 5., kedd 18:00<br>\nCREATOR SPIRITUS IX.<br>\nKONTEMPL\u00c1CI\u00d3 2025\n\n<\/h2>\t\t\t\t<\/div>\n\t\t\t\t<\/div>\n\t\t\t\t<div class=\"elementor-element elementor-element-c5878c1 elementor-widget elementor-widget-spacer\" data-id=\"c5878c1\" data-element_type=\"widget\" data-widget_type=\"spacer.default\">\n\t\t\t\t<div class=\"elementor-widget-container\">\n\t\t\t\t\t\t\t<div class=\"elementor-spacer\">\n\t\t\t<div class=\"elementor-spacer-inner\"><\/div>\n\t\t<\/div>\n\t\t\t\t\t\t<\/div>\n\t\t\t\t<\/div>\n\t\t\t\t\t<\/div>\n\t\t<\/div>\n\t\t\t\t\t<\/div>\n\t\t<\/section>\n\t\t\t\t<section class=\"elementor-section elementor-top-section elementor-element elementor-element-55b07b2 elementor-section-boxed elementor-section-height-default elementor-section-height-default\" data-id=\"55b07b2\" data-element_type=\"section\">\n\t\t\t\t\t\t<div class=\"elementor-container elementor-column-gap-default\">\n\t\t\t\t\t<div class=\"elementor-column elementor-col-50 elementor-top-column elementor-element elementor-element-34c6454\" data-id=\"34c6454\" data-element_type=\"column\">\n\t\t\t<div class=\"elementor-widget-wrap elementor-element-populated\">\n\t\t\t\t\t\t<div class=\"elementor-element elementor-element-2549fe4 elementor-widget elementor-widget-image\" data-id=\"2549fe4\" data-element_type=\"widget\" data-widget_type=\"image.default\">\n\t\t\t\t<div class=\"elementor-widget-container\">\n\t\t\t\t\t\t\t\t\t\t\t\t\t\t\t<img fetchpriority=\"high\" decoding=\"async\" width=\"960\" height=\"960\" src=\"https:\/\/kodaly-muveszeti-fesztival.hu\/wp-content\/uploads\/2025\/07\/K25_WB_1080x_1-masolata-3-1024x1024.jpg\" class=\"attachment-large size-large wp-image-4090\" alt=\"\" srcset=\"https:\/\/kodaly-muveszeti-fesztival.hu\/wp-content\/uploads\/2025\/07\/K25_WB_1080x_1-masolata-3-1024x1024.jpg 1024w, https:\/\/kodaly-muveszeti-fesztival.hu\/wp-content\/uploads\/2025\/07\/K25_WB_1080x_1-masolata-3-300x300.jpg 300w, https:\/\/kodaly-muveszeti-fesztival.hu\/wp-content\/uploads\/2025\/07\/K25_WB_1080x_1-masolata-3-150x150.jpg 150w, https:\/\/kodaly-muveszeti-fesztival.hu\/wp-content\/uploads\/2025\/07\/K25_WB_1080x_1-masolata-3-768x768.jpg 768w, https:\/\/kodaly-muveszeti-fesztival.hu\/wp-content\/uploads\/2025\/07\/K25_WB_1080x_1-masolata-3-1140x1140.jpg 1140w, https:\/\/kodaly-muveszeti-fesztival.hu\/wp-content\/uploads\/2025\/07\/K25_WB_1080x_1-masolata-3-75x75.jpg 75w, https:\/\/kodaly-muveszeti-fesztival.hu\/wp-content\/uploads\/2025\/07\/K25_WB_1080x_1-masolata-3.jpg 1440w\" sizes=\"(max-width: 960px) 100vw, 960px\" \/>\t\t\t\t\t\t\t\t\t\t\t\t\t\t\t<\/div>\n\t\t\t\t<\/div>\n\t\t\t\t\t<\/div>\n\t\t<\/div>\n\t\t\t\t<div class=\"elementor-column elementor-col-50 elementor-top-column elementor-element elementor-element-a1652b8\" data-id=\"a1652b8\" data-element_type=\"column\">\n\t\t\t<div class=\"elementor-widget-wrap elementor-element-populated\">\n\t\t\t\t\t\t<div class=\"elementor-element elementor-element-443a687 elementor-widget elementor-widget-text-editor\" data-id=\"443a687\" data-element_type=\"widget\" data-widget_type=\"text-editor.default\">\n\t\t\t\t<div class=\"elementor-widget-container\">\n\t\t\t\t\t\t\t\t\t<h5>\u201eVal\u00f3j\u00e1ban nem a sok tud\u00e1s az, ami kiel\u00e9g\u00edti a lelket, hanem a dolgok bels\u0151 \u00e1t\u00e9l\u00e9se \u00e9s meg\u00edzlel\u00e9se.\u201d <strong>(Loyolai Szent Ign\u00e1c)<\/strong><\/h5><h5>Kilencedik alkalommal rendezz\u00fck meg a Creator Spiritus szakr\u00e1lis k\u00e9pz\u0151m\u0171v\u00e9szeti trienn\u00e1l\u00e9t, melynek mott\u00f3ja ez\u00fattal: KONTEMPL\u00c1CI\u00d3 &#8211; evang\u00e9liumi szeml\u00e9l\u0151d\u00e9s, lelki elm\u00e9ly\u00fcl\u00e9s.<\/h5><h5>Szent Ign\u00e1c szerint a szeml\u00e9l\u0151d\u00e9s az evang\u00e9lium alapj\u00e1n Krisztusra tekint\u00e9st jelent. Saj\u00e1t l\u00e9temet is ennek f\u00e9ny\u00e9ben szeml\u00e9lem, hogy l\u00e1t\u00e1sm\u00f3dom, \u00edt\u00e9leteim helyes mederbe ker\u00fcljenek \u00e9s \u00edgy v\u00e1ljak cselekv\u0151 emberr\u00e9.<\/h5><h5>A szeml\u00e9l\u0151d\u00e9s persze jelentheti a teremtett vil\u00e1g sz\u00e9ps\u00e9geinek, titkainak a kutat\u00e1s\u00e1t, meg\u00e9l\u00e9s\u00e9t is, mert aki a term\u00e9szet \u00f6r\u00f6k t\u00f6rv\u00e9nyeit szeml\u00e9li \u00e9s kutatja, az a teremt\u00e9s titk\u00e1hoz ker\u00fclhet k\u00f6zelebb.<\/h5><h5><strong>K\u00f6sz\u00f6nt\u0151t mond:<\/strong> Fekete Szabolcs pl\u00e9b\u00e1nos a ki\u00e1ll\u00edt\u00e1s v\u00e9dn\u00f6ke<\/h5><h5><strong>A ki\u00e1ll\u00edt\u00e1st megnyitja:<\/strong> K\u00e9pir\u00f3 \u00c1gnes m\u0171v\u00e9szett\u00f6rt\u00e9n\u00e9sz<\/h5><h5><strong>Kur\u00e1tor: <\/strong>Balanyi K\u00e1roly<\/h5><h5><strong>Megtekinthet\u0151:<\/strong> 2025. augusztus 27-ig 09:00 \u00e9s 18:00 \u00f3ra k\u00f6z\u00f6tt a H\u00edr\u00f6s Ag\u00f3ra nyitvatart\u00e1si idej\u00e9ben<\/h5><h5><strong>T\u00e1mogat\u00f3:<\/strong> NKA<\/h5>\t\t\t\t\t\t\t\t<\/div>\n\t\t\t\t<\/div>\n\t\t\t\t\t<\/div>\n\t\t<\/div>\n\t\t\t\t\t<\/div>\n\t\t<\/section>\n\t\t\t\t<section class=\"elementor-section elementor-top-section elementor-element elementor-element-d0d9339 elementor-section-boxed elementor-section-height-default elementor-section-height-default\" data-id=\"d0d9339\" data-element_type=\"section\">\n\t\t\t\t\t\t<div class=\"elementor-container elementor-column-gap-default\">\n\t\t\t\t\t<div class=\"elementor-column elementor-col-100 elementor-top-column elementor-element elementor-element-191e211\" data-id=\"191e211\" data-element_type=\"column\">\n\t\t\t<div class=\"elementor-widget-wrap elementor-element-populated\">\n\t\t\t\t\t\t<div class=\"elementor-element elementor-element-4204b47 elementor-widget elementor-widget-spacer\" data-id=\"4204b47\" data-element_type=\"widget\" data-widget_type=\"spacer.default\">\n\t\t\t\t<div class=\"elementor-widget-container\">\n\t\t\t\t\t\t\t<div class=\"elementor-spacer\">\n\t\t\t<div class=\"elementor-spacer-inner\"><\/div>\n\t\t<\/div>\n\t\t\t\t\t\t<\/div>\n\t\t\t\t<\/div>\n\t\t\t\t<div class=\"elementor-element elementor-element-680766b elementor-align-center elementor-widget elementor-widget-button\" data-id=\"680766b\" data-element_type=\"widget\" data-widget_type=\"button.default\">\n\t\t\t\t<div class=\"elementor-widget-container\">\n\t\t\t\t\t\t\t\t\t<div class=\"elementor-button-wrapper\">\n\t\t\t\t\t<a class=\"elementor-button elementor-button-link elementor-size-sm\" href=\"https:\/\/heyzine.com\/flip-book\/3fd03aea89.html\">\n\t\t\t\t\t\t<span class=\"elementor-button-content-wrapper\">\n\t\t\t\t\t\t\t\t\t<span class=\"elementor-button-text\">M\u0170SORF\u00dcZET LET\u00d6LT\u00c9SE<\/span>\n\t\t\t\t\t<\/span>\n\t\t\t\t\t<\/a>\n\t\t\t\t<\/div>\n\t\t\t\t\t\t\t\t<\/div>\n\t\t\t\t<\/div>\n\t\t\t\t<div class=\"elementor-element elementor-element-c11e2e1 elementor-widget elementor-widget-spacer\" data-id=\"c11e2e1\" data-element_type=\"widget\" data-widget_type=\"spacer.default\">\n\t\t\t\t<div class=\"elementor-widget-container\">\n\t\t\t\t\t\t\t<div class=\"elementor-spacer\">\n\t\t\t<div class=\"elementor-spacer-inner\"><\/div>\n\t\t<\/div>\n\t\t\t\t\t\t<\/div>\n\t\t\t\t<\/div>\n\t\t\t\t\t<\/div>\n\t\t<\/div>\n\t\t\t\t\t<\/div>\n\t\t<\/section>\n\t\t\t\t<section class=\"elementor-section elementor-top-section elementor-element elementor-element-1bacacf elementor-section-boxed elementor-section-height-default elementor-section-height-default\" data-id=\"1bacacf\" data-element_type=\"section\">\n\t\t\t\t\t\t<div class=\"elementor-container elementor-column-gap-default\">\n\t\t\t\t\t<div class=\"elementor-column elementor-col-50 elementor-top-column elementor-element elementor-element-8a8d342\" data-id=\"8a8d342\" data-element_type=\"column\">\n\t\t\t<div class=\"elementor-widget-wrap elementor-element-populated\">\n\t\t\t\t\t\t<div class=\"elementor-element elementor-element-eef7131 elementor-widget elementor-widget-text-editor\" data-id=\"eef7131\" data-element_type=\"widget\" data-widget_type=\"text-editor.default\">\n\t\t\t\t<div class=\"elementor-widget-container\">\n\t\t\t\t\t\t\t\t\t<h3>augusztus 5., kedd 18:00<\/h3><h3><strong>Helysz\u00edn:<\/strong> H\u00edr\u00f6s Ag\u00f3ra Kultur\u00e1lis K\u00f6zpont<\/h3><h4><strong>Megtekinthet\u0151: <\/strong>augusztus 27-ig 9:00 \u00e9s 18:00 \u00f3ra k\u00f6z\u00f6tt a H\u00edr\u00f6s Ag\u00f3ra nyitvatart\u00e1si idej\u00e9ben<\/h4><h5>A bel\u00e9p\u00e9s d\u00edjtalan!<\/h5>\t\t\t\t\t\t\t\t<\/div>\n\t\t\t\t<\/div>\n\t\t\t\t\t<\/div>\n\t\t<\/div>\n\t\t\t\t<div class=\"elementor-column elementor-col-50 elementor-top-column elementor-element elementor-element-dbd31ef\" data-id=\"dbd31ef\" data-element_type=\"column\">\n\t\t\t<div class=\"elementor-widget-wrap\">\n\t\t\t\t\t\t\t<\/div>\n\t\t<\/div>\n\t\t\t\t\t<\/div>\n\t\t<\/section>\n\t\t\t\t<section class=\"elementor-section elementor-top-section elementor-element elementor-element-d8adf51 elementor-section-boxed elementor-section-height-default elementor-section-height-default\" data-id=\"d8adf51\" data-element_type=\"section\">\n\t\t\t\t\t\t<div class=\"elementor-container elementor-column-gap-default\">\n\t\t\t\t\t<div class=\"elementor-column elementor-col-100 elementor-top-column elementor-element elementor-element-ee6bb5b\" data-id=\"ee6bb5b\" data-element_type=\"column\">\n\t\t\t<div class=\"elementor-widget-wrap elementor-element-populated\">\n\t\t\t\t\t\t<div class=\"elementor-element elementor-element-df96ca6 elementor-widget elementor-widget-spacer\" data-id=\"df96ca6\" data-element_type=\"widget\" data-widget_type=\"spacer.default\">\n\t\t\t\t<div class=\"elementor-widget-container\">\n\t\t\t\t\t\t\t<div class=\"elementor-spacer\">\n\t\t\t<div class=\"elementor-spacer-inner\"><\/div>\n\t\t<\/div>\n\t\t\t\t\t\t<\/div>\n\t\t\t\t<\/div>\n\t\t\t\t<div class=\"elementor-element elementor-element-75ebeb3 elementor-widget elementor-widget-google_maps\" data-id=\"75ebeb3\" data-element_type=\"widget\" data-widget_type=\"google_maps.default\">\n\t\t\t\t<div class=\"elementor-widget-container\">\n\t\t\t\t\t\t\t<div class=\"elementor-custom-embed\">\n\t\t\t<iframe loading=\"lazy\"\n\t\t\t\t\tsrc=\"https:\/\/maps.google.com\/maps?q=H%C3%ADr%C3%B6s%20Ag%C3%B3ra%20Kultur%C3%A1lis%20K%C3%B6zpont&#038;t=m&#038;z=17&#038;output=embed&#038;iwloc=near\"\n\t\t\t\t\ttitle=\"H\u00edr\u00f6s Ag\u00f3ra Kultur\u00e1lis K\u00f6zpont\"\n\t\t\t\t\taria-label=\"H\u00edr\u00f6s Ag\u00f3ra Kultur\u00e1lis K\u00f6zpont\"\n\t\t\t><\/iframe>\n\t\t<\/div>\n\t\t\t\t\t\t<\/div>\n\t\t\t\t<\/div>\n\t\t\t\t\t<\/div>\n\t\t<\/div>\n\t\t\t\t\t<\/div>\n\t\t<\/section>\n\t\t\t\t<\/div>\n\t\t","protected":false},"excerpt":{"rendered":"<p>augusztus 5., kedd 18:00 CREATOR SPIRITUS IX. KONTEMPL\u00c1CI\u00d3 2025 \u201eVal\u00f3j\u00e1ban nem a sok tud\u00e1s az, ami kiel\u00e9g\u00edti a lelket, hanem a dolgok bels\u0151 \u00e1t\u00e9l\u00e9se \u00e9s meg\u00edzlel\u00e9se.\u201d (Loyolai Szent Ign\u00e1c) Kilencedik alkalommal rendezz\u00fck meg a Creator Spiritus szakr\u00e1lis k\u00e9pz\u0151m\u0171v\u00e9szeti trienn\u00e1l\u00e9t, melynek mott\u00f3ja ez\u00fattal: KONTEMPL\u00c1CI\u00d3 &#8211; evang\u00e9liumi szeml\u00e9l\u0151d\u00e9s, lelki elm\u00e9ly\u00fcl\u00e9s. Szent Ign\u00e1c szerint a szeml\u00e9l\u0151d\u00e9s az evang\u00e9lium alapj\u00e1n Krisztusra tekint\u00e9st jelent. Saj\u00e1t l\u00e9temet is ennek f\u00e9ny\u00e9ben szeml\u00e9lem, hogy l\u00e1t\u00e1sm\u00f3dom, \u00edt\u00e9leteim helyes mederbe ker\u00fcljenek \u00e9s \u00edgy v\u00e1ljak cselekv\u0151 emberr\u00e9. A szeml\u00e9l\u0151d\u00e9s persze jelentheti a teremtett vil\u00e1g sz\u00e9ps\u00e9geinek, titkainak a kutat\u00e1s\u00e1t, meg\u00e9l\u00e9s\u00e9t is, mert aki a term\u00e9szet \u00f6r\u00f6k t\u00f6rv\u00e9nyeit szeml\u00e9li \u00e9s kutatja, az a teremt\u00e9s titk\u00e1hoz ker\u00fclhet k\u00f6zelebb. K\u00f6sz\u00f6nt\u0151t mond: Fekete Szabolcs pl\u00e9b\u00e1nos a ki\u00e1ll\u00edt\u00e1s v\u00e9dn\u00f6ke A ki\u00e1ll\u00edt\u00e1st megnyitja: K\u00e9pir\u00f3 \u00c1gnes m\u0171v\u00e9szett\u00f6rt\u00e9n\u00e9sz Kur\u00e1tor: Balanyi K\u00e1roly Megtekinthet\u0151: 2025. augusztus 27-ig 09:00 \u00e9s 18:00 \u00f3ra k\u00f6z\u00f6tt a H\u00edr\u00f6s Ag\u00f3ra nyitvatart\u00e1si idej\u00e9ben T\u00e1mogat\u00f3: NKA M\u0170SORF\u00dcZET LET\u00d6LT\u00c9SE augusztus 5., kedd 18:00 Helysz\u00edn: H\u00edr\u00f6s Ag\u00f3ra Kultur\u00e1lis K\u00f6zpont Megtekinthet\u0151: augusztus 27-ig 9:00 \u00e9s 18:00 \u00f3ra k\u00f6z\u00f6tt a H\u00edr\u00f6s Ag\u00f3ra nyitvatart\u00e1si idej\u00e9ben A bel\u00e9p\u00e9s d\u00edjtalan!<\/p>\n","protected":false},"author":1,"featured_media":0,"parent":0,"menu_order":0,"comment_status":"closed","ping_status":"closed","template":"","meta":{"footnotes":""},"class_list":["post-3984","page","type-page","status-publish","hentry"],"_links":{"self":[{"href":"https:\/\/kodaly-muveszeti-fesztival.hu\/index.php?rest_route=\/wp\/v2\/pages\/3984","targetHints":{"allow":["GET"]}}],"collection":[{"href":"https:\/\/kodaly-muveszeti-fesztival.hu\/index.php?rest_route=\/wp\/v2\/pages"}],"about":[{"href":"https:\/\/kodaly-muveszeti-fesztival.hu\/index.php?rest_route=\/wp\/v2\/types\/page"}],"author":[{"embeddable":true,"href":"https:\/\/kodaly-muveszeti-fesztival.hu\/index.php?rest_route=\/wp\/v2\/users\/1"}],"replies":[{"embeddable":true,"href":"https:\/\/kodaly-muveszeti-fesztival.hu\/index.php?rest_route=%2Fwp%2Fv2%2Fcomments&post=3984"}],"version-history":[{"count":13,"href":"https:\/\/kodaly-muveszeti-fesztival.hu\/index.php?rest_route=\/wp\/v2\/pages\/3984\/revisions"}],"predecessor-version":[{"id":4452,"href":"https:\/\/kodaly-muveszeti-fesztival.hu\/index.php?rest_route=\/wp\/v2\/pages\/3984\/revisions\/4452"}],"wp:attachment":[{"href":"https:\/\/kodaly-muveszeti-fesztival.hu\/index.php?rest_route=%2Fwp%2Fv2%2Fmedia&parent=3984"}],"curies":[{"name":"wp","href":"https:\/\/api.w.org\/{rel}","templated":true}]}}