{"id":3973,"date":"2025-07-02T11:01:33","date_gmt":"2025-07-02T11:01:33","guid":{"rendered":"https:\/\/kodaly-muveszeti-fesztival.hu\/?page_id=3973"},"modified":"2025-08-03T09:11:18","modified_gmt":"2025-08-03T09:11:18","slug":"atmoszfera-koncert-rezvarazs","status":"publish","type":"page","link":"https:\/\/kodaly-muveszeti-fesztival.hu\/?page_id=3973","title":{"rendered":"ATMOSZF\u00c9RA KONCERT \/ R\u00c9ZVAR\u00c1ZS"},"content":{"rendered":"\t\t<div data-elementor-type=\"wp-page\" data-elementor-id=\"3973\" class=\"elementor elementor-3973\">\n\t\t\t\t\t\t<section class=\"elementor-section elementor-top-section elementor-element elementor-element-6b168d1 elementor-section-boxed elementor-section-height-default elementor-section-height-default\" data-id=\"6b168d1\" data-element_type=\"section\">\n\t\t\t\t\t\t<div class=\"elementor-container elementor-column-gap-default\">\n\t\t\t\t\t<div class=\"elementor-column elementor-col-100 elementor-top-column elementor-element elementor-element-a0bdac3\" data-id=\"a0bdac3\" data-element_type=\"column\">\n\t\t\t<div class=\"elementor-widget-wrap elementor-element-populated\">\n\t\t\t\t\t\t<div class=\"elementor-element elementor-element-d677110 elementor-widget elementor-widget-spacer\" data-id=\"d677110\" data-element_type=\"widget\" data-widget_type=\"spacer.default\">\n\t\t\t\t<div class=\"elementor-widget-container\">\n\t\t\t\t\t\t\t<div class=\"elementor-spacer\">\n\t\t\t<div class=\"elementor-spacer-inner\"><\/div>\n\t\t<\/div>\n\t\t\t\t\t\t<\/div>\n\t\t\t\t<\/div>\n\t\t\t\t<div class=\"elementor-element elementor-element-f07b458 elementor-widget elementor-widget-heading\" data-id=\"f07b458\" data-element_type=\"widget\" data-widget_type=\"heading.default\">\n\t\t\t\t<div class=\"elementor-widget-container\">\n\t\t\t\t\t<h2 class=\"elementor-heading-title elementor-size-default\">augusztus 3., vas\u00e1rnap 21:00<br>\nR\u00c9ZVAR\u00c1ZS <br>\nAtmoszf\u00e9ra koncert - zenet\u00f6rt\u00e9neti utaz\u00e1s a Kecskem\u00e9ti Szimfonikus Zenekar r\u00e9zf\u00fav\u00f3s \u00e9s \u00fct\u0151egy\u00fcttes\u00e9vel<br>\n\u00daJ HELYSZ\u00cdN!\n\n<\/h2>\t\t\t\t<\/div>\n\t\t\t\t<\/div>\n\t\t\t\t<div class=\"elementor-element elementor-element-298f297 elementor-widget elementor-widget-spacer\" data-id=\"298f297\" data-element_type=\"widget\" data-widget_type=\"spacer.default\">\n\t\t\t\t<div class=\"elementor-widget-container\">\n\t\t\t\t\t\t\t<div class=\"elementor-spacer\">\n\t\t\t<div class=\"elementor-spacer-inner\"><\/div>\n\t\t<\/div>\n\t\t\t\t\t\t<\/div>\n\t\t\t\t<\/div>\n\t\t\t\t\t<\/div>\n\t\t<\/div>\n\t\t\t\t\t<\/div>\n\t\t<\/section>\n\t\t\t\t<section class=\"elementor-section elementor-top-section elementor-element elementor-element-1d9e1ca elementor-section-boxed elementor-section-height-default elementor-section-height-default\" data-id=\"1d9e1ca\" data-element_type=\"section\">\n\t\t\t\t\t\t<div class=\"elementor-container elementor-column-gap-default\">\n\t\t\t\t\t<div class=\"elementor-column elementor-col-50 elementor-top-column elementor-element elementor-element-71c02c8\" data-id=\"71c02c8\" data-element_type=\"column\">\n\t\t\t<div class=\"elementor-widget-wrap elementor-element-populated\">\n\t\t\t\t\t\t<div class=\"elementor-element elementor-element-f4c05db elementor-widget elementor-widget-image\" data-id=\"f4c05db\" data-element_type=\"widget\" data-widget_type=\"image.default\">\n\t\t\t\t<div class=\"elementor-widget-container\">\n\t\t\t\t\t\t\t\t\t\t\t\t\t\t\t<img fetchpriority=\"high\" decoding=\"async\" width=\"960\" height=\"960\" src=\"https:\/\/kodaly-muveszeti-fesztival.hu\/wp-content\/uploads\/2025\/07\/K25_WB_1080x_1-masolata-3-1024x1024.jpg\" class=\"attachment-large size-large wp-image-4090\" alt=\"\" srcset=\"https:\/\/kodaly-muveszeti-fesztival.hu\/wp-content\/uploads\/2025\/07\/K25_WB_1080x_1-masolata-3-1024x1024.jpg 1024w, https:\/\/kodaly-muveszeti-fesztival.hu\/wp-content\/uploads\/2025\/07\/K25_WB_1080x_1-masolata-3-300x300.jpg 300w, https:\/\/kodaly-muveszeti-fesztival.hu\/wp-content\/uploads\/2025\/07\/K25_WB_1080x_1-masolata-3-150x150.jpg 150w, https:\/\/kodaly-muveszeti-fesztival.hu\/wp-content\/uploads\/2025\/07\/K25_WB_1080x_1-masolata-3-768x768.jpg 768w, https:\/\/kodaly-muveszeti-fesztival.hu\/wp-content\/uploads\/2025\/07\/K25_WB_1080x_1-masolata-3-1140x1140.jpg 1140w, https:\/\/kodaly-muveszeti-fesztival.hu\/wp-content\/uploads\/2025\/07\/K25_WB_1080x_1-masolata-3-75x75.jpg 75w, https:\/\/kodaly-muveszeti-fesztival.hu\/wp-content\/uploads\/2025\/07\/K25_WB_1080x_1-masolata-3.jpg 1440w\" sizes=\"(max-width: 960px) 100vw, 960px\" \/>\t\t\t\t\t\t\t\t\t\t\t\t\t\t\t<\/div>\n\t\t\t\t<\/div>\n\t\t\t\t\t<\/div>\n\t\t<\/div>\n\t\t\t\t<div class=\"elementor-column elementor-col-50 elementor-top-column elementor-element elementor-element-e0165d1\" data-id=\"e0165d1\" data-element_type=\"column\">\n\t\t\t<div class=\"elementor-widget-wrap elementor-element-populated\">\n\t\t\t\t\t\t<div class=\"elementor-element elementor-element-869eeb2 elementor-widget elementor-widget-text-editor\" data-id=\"869eeb2\" data-element_type=\"widget\" data-widget_type=\"text-editor.default\">\n\t\t\t\t<div class=\"elementor-widget-container\">\n\t\t\t\t\t\t\t\t\t<h5><strong>Kedves K\u00f6z\u00f6ns\u00e9g\u00fcnk!<br \/>\u00daJ HELYSZ\u00cdN<\/strong><\/h5><h5>A kezdvez\u0151tlen, bizonytalan id\u0151j\u00e1r\u00e1si k\u00f6r\u00fclm\u00e9nyek \u00e9s a koncert speci\u00e1lis technikai ig\u00e9nyei ok\u00e1n a mai R\u00c9ZVAR\u00c1ZS atmoszf\u00e9ra koncert a H\u00edr\u00f6s Ag\u00f3ra Sz\u00ednh\u00e1zterm\u00e9ben ker\u00fcl megrendez\u00e9sre.<\/h5><h5>A bel\u00e9p\u00e9s tov\u00e1bbra is ingyenes!<br \/>R\u00e9szletek lentebb!<\/h5><h5>Atmoszf\u00e9ra koncert &#8211; zenet\u00f6rt\u00e9neti utaz\u00e1s a Kecskem\u00e9ti Szimfonikus Zenekar r\u00e9zf\u00fav\u00f3s \u00e9s \u00fct\u0151egy\u00fcttes\u00e9vel<\/h5><h5><strong>M\u0171sor:<\/strong> <br \/>Giovannoni Gabrieli: Sonata Pian\u2019e Forte <br \/>Georg Friedrich H\u00e4ndel: Solomon, Shena kir\u00e1lyn\u0151 \u00e9rkez\u00e9se<br \/>Giuseppe Verdi: Aida bevonul\u00e1si indul\u00f3<br \/>Johan de Meij: Brasserie Royale<br \/>Edward Elgar: Pomp and Circumstance March No. 2 <br \/>Robert Ramskill: Jazzamataz <br \/>Chris Hazell: Brass Cats <br \/>Alan Silvestri: Vissza a j\u00f6v\u0151be filmzene <br \/>Ulvaeus-Andersson: Sakk <br \/>Van McCoy: The Hustle <br \/><strong>Vez\u00e9nyel:<\/strong> Kis-Fekete Vilmos<br \/><strong>K\u00f6zrem\u0171k\u00f6dik:<\/strong> Kecskem\u00e9ti Szimfonikus Zenekar r\u00e9zf\u00fav\u00f3s \u00e9s \u00fct\u0151egy\u00fcttese<br \/><strong>Az el\u0151ad\u00e1s hossza:<\/strong> 50 perc, sz\u00fcnet n\u00e9lk\u00fcl<br \/><strong>A koncert ingyenes.<\/strong><\/h5>\t\t\t\t\t\t\t\t<\/div>\n\t\t\t\t<\/div>\n\t\t\t\t\t<\/div>\n\t\t<\/div>\n\t\t\t\t\t<\/div>\n\t\t<\/section>\n\t\t\t\t<section class=\"elementor-section elementor-top-section elementor-element elementor-element-b3070da elementor-section-boxed elementor-section-height-default elementor-section-height-default\" data-id=\"b3070da\" data-element_type=\"section\">\n\t\t\t\t\t\t<div class=\"elementor-container elementor-column-gap-default\">\n\t\t\t\t\t<div class=\"elementor-column elementor-col-100 elementor-top-column elementor-element elementor-element-b931ef1\" data-id=\"b931ef1\" data-element_type=\"column\">\n\t\t\t<div class=\"elementor-widget-wrap elementor-element-populated\">\n\t\t\t\t\t\t<div class=\"elementor-element elementor-element-67be209 elementor-widget elementor-widget-spacer\" data-id=\"67be209\" data-element_type=\"widget\" data-widget_type=\"spacer.default\">\n\t\t\t\t<div class=\"elementor-widget-container\">\n\t\t\t\t\t\t\t<div class=\"elementor-spacer\">\n\t\t\t<div class=\"elementor-spacer-inner\"><\/div>\n\t\t<\/div>\n\t\t\t\t\t\t<\/div>\n\t\t\t\t<\/div>\n\t\t\t\t\t<\/div>\n\t\t<\/div>\n\t\t\t\t\t<\/div>\n\t\t<\/section>\n\t\t\t\t<section class=\"elementor-section elementor-top-section elementor-element elementor-element-4033229 elementor-section-boxed elementor-section-height-default elementor-section-height-default\" data-id=\"4033229\" data-element_type=\"section\">\n\t\t\t\t\t\t<div class=\"elementor-container elementor-column-gap-default\">\n\t\t\t\t\t<div class=\"elementor-column elementor-col-100 elementor-top-column elementor-element elementor-element-ec11442\" data-id=\"ec11442\" data-element_type=\"column\">\n\t\t\t<div class=\"elementor-widget-wrap elementor-element-populated\">\n\t\t\t\t\t\t<div class=\"elementor-element elementor-element-610f1bb elementor-align-center elementor-widget elementor-widget-button\" data-id=\"610f1bb\" data-element_type=\"widget\" data-widget_type=\"button.default\">\n\t\t\t\t<div class=\"elementor-widget-container\">\n\t\t\t\t\t\t\t\t\t<div class=\"elementor-button-wrapper\">\n\t\t\t\t\t<a class=\"elementor-button elementor-button-link elementor-size-sm\" href=\"https:\/\/heyzine.com\/flip-book\/3fd03aea89.html\">\n\t\t\t\t\t\t<span class=\"elementor-button-content-wrapper\">\n\t\t\t\t\t\t\t\t\t<span class=\"elementor-button-text\">M\u0170SORF\u00dcZET LET\u00d6LT\u00c9SE<\/span>\n\t\t\t\t\t<\/span>\n\t\t\t\t\t<\/a>\n\t\t\t\t<\/div>\n\t\t\t\t\t\t\t\t<\/div>\n\t\t\t\t<\/div>\n\t\t\t\t\t<\/div>\n\t\t<\/div>\n\t\t\t\t\t<\/div>\n\t\t<\/section>\n\t\t\t\t<section class=\"elementor-section elementor-top-section elementor-element elementor-element-315a4d3 elementor-section-boxed elementor-section-height-default elementor-section-height-default\" data-id=\"315a4d3\" data-element_type=\"section\">\n\t\t\t\t\t\t<div class=\"elementor-container elementor-column-gap-default\">\n\t\t\t\t\t<div class=\"elementor-column elementor-col-100 elementor-top-column elementor-element elementor-element-b842c8c\" data-id=\"b842c8c\" data-element_type=\"column\">\n\t\t\t<div class=\"elementor-widget-wrap elementor-element-populated\">\n\t\t\t\t\t\t<div class=\"elementor-element elementor-element-6e4e7ec elementor-widget elementor-widget-spacer\" data-id=\"6e4e7ec\" data-element_type=\"widget\" data-widget_type=\"spacer.default\">\n\t\t\t\t<div class=\"elementor-widget-container\">\n\t\t\t\t\t\t\t<div class=\"elementor-spacer\">\n\t\t\t<div class=\"elementor-spacer-inner\"><\/div>\n\t\t<\/div>\n\t\t\t\t\t\t<\/div>\n\t\t\t\t<\/div>\n\t\t\t\t\t<\/div>\n\t\t<\/div>\n\t\t\t\t\t<\/div>\n\t\t<\/section>\n\t\t\t\t<section class=\"elementor-section elementor-top-section elementor-element elementor-element-bc8aa97 elementor-section-boxed elementor-section-height-default elementor-section-height-default\" data-id=\"bc8aa97\" data-element_type=\"section\">\n\t\t\t\t\t\t<div class=\"elementor-container elementor-column-gap-default\">\n\t\t\t\t\t<div class=\"elementor-column elementor-col-50 elementor-top-column elementor-element elementor-element-d70ec80\" data-id=\"d70ec80\" data-element_type=\"column\">\n\t\t\t<div class=\"elementor-widget-wrap elementor-element-populated\">\n\t\t\t\t\t\t<div class=\"elementor-element elementor-element-d225d80 elementor-widget elementor-widget-text-editor\" data-id=\"d225d80\" data-element_type=\"widget\" data-widget_type=\"text-editor.default\">\n\t\t\t\t<div class=\"elementor-widget-container\">\n\t\t\t\t\t\t\t\t\t<h3>augusztus 3., vas\u00e1rnap 21:00<\/h3>\n<h3>\u00daj helysz\u00edn: H\u00edr\u00f6s Ag\u00f3ra Sz\u00ednh\u00e1zterem<strong>&nbsp; &nbsp; &nbsp; &nbsp; &nbsp; &nbsp; &nbsp; &nbsp; &nbsp; &nbsp;&nbsp;<\/strong><\/h3>\n<h5>A bel\u00e9p\u00e9s d\u00edjtalan!<\/h5>\t\t\t\t\t\t\t\t<\/div>\n\t\t\t\t<\/div>\n\t\t\t\t\t<\/div>\n\t\t<\/div>\n\t\t\t\t<div class=\"elementor-column elementor-col-50 elementor-top-column elementor-element elementor-element-b8eaefa\" data-id=\"b8eaefa\" data-element_type=\"column\">\n\t\t\t<div class=\"elementor-widget-wrap\">\n\t\t\t\t\t\t\t<\/div>\n\t\t<\/div>\n\t\t\t\t\t<\/div>\n\t\t<\/section>\n\t\t\t\t<section class=\"elementor-section elementor-top-section elementor-element elementor-element-889dd06 elementor-section-boxed elementor-section-height-default elementor-section-height-default\" data-id=\"889dd06\" data-element_type=\"section\">\n\t\t\t\t\t\t<div class=\"elementor-container elementor-column-gap-default\">\n\t\t\t\t\t<div class=\"elementor-column elementor-col-100 elementor-top-column elementor-element elementor-element-4a1a522\" data-id=\"4a1a522\" data-element_type=\"column\">\n\t\t\t<div class=\"elementor-widget-wrap elementor-element-populated\">\n\t\t\t\t\t\t<div class=\"elementor-element elementor-element-e26ff8a elementor-widget elementor-widget-spacer\" data-id=\"e26ff8a\" data-element_type=\"widget\" data-widget_type=\"spacer.default\">\n\t\t\t\t<div class=\"elementor-widget-container\">\n\t\t\t\t\t\t\t<div class=\"elementor-spacer\">\n\t\t\t<div class=\"elementor-spacer-inner\"><\/div>\n\t\t<\/div>\n\t\t\t\t\t\t<\/div>\n\t\t\t\t<\/div>\n\t\t\t\t<div class=\"elementor-element elementor-element-d689068 elementor-widget elementor-widget-google_maps\" data-id=\"d689068\" data-element_type=\"widget\" data-widget_type=\"google_maps.default\">\n\t\t\t\t<div class=\"elementor-widget-container\">\n\t\t\t\t\t\t\t<div class=\"elementor-custom-embed\">\n\t\t\t<iframe loading=\"lazy\"\n\t\t\t\t\tsrc=\"https:\/\/maps.google.com\/maps?q=kecskem%C3%A9t%20f%C5%91t%C3%A9r&#038;t=m&#038;z=17&#038;output=embed&#038;iwloc=near\"\n\t\t\t\t\ttitle=\"kecskem\u00e9t f\u0151t\u00e9r\"\n\t\t\t\t\taria-label=\"kecskem\u00e9t f\u0151t\u00e9r\"\n\t\t\t><\/iframe>\n\t\t<\/div>\n\t\t\t\t\t\t<\/div>\n\t\t\t\t<\/div>\n\t\t\t\t\t<\/div>\n\t\t<\/div>\n\t\t\t\t\t<\/div>\n\t\t<\/section>\n\t\t\t\t<\/div>\n\t\t","protected":false},"excerpt":{"rendered":"<p>augusztus 3., vas\u00e1rnap 21:00 R\u00c9ZVAR\u00c1ZS Atmoszf\u00e9ra koncert &#8211; zenet\u00f6rt\u00e9neti utaz\u00e1s a Kecskem\u00e9ti Szimfonikus Zenekar r\u00e9zf\u00fav\u00f3s \u00e9s \u00fct\u0151egy\u00fcttes\u00e9vel \u00daJ HELYSZ\u00cdN! Kedves K\u00f6z\u00f6ns\u00e9g\u00fcnk!\u00daJ HELYSZ\u00cdN A kezdvez\u0151tlen, bizonytalan id\u0151j\u00e1r\u00e1si k\u00f6r\u00fclm\u00e9nyek \u00e9s a koncert speci\u00e1lis technikai ig\u00e9nyei ok\u00e1n a mai R\u00c9ZVAR\u00c1ZS atmoszf\u00e9ra koncert a H\u00edr\u00f6s Ag\u00f3ra Sz\u00ednh\u00e1zterm\u00e9ben ker\u00fcl megrendez\u00e9sre. A bel\u00e9p\u00e9s tov\u00e1bbra is ingyenes!R\u00e9szletek lentebb! Atmoszf\u00e9ra koncert &#8211; zenet\u00f6rt\u00e9neti utaz\u00e1s a Kecskem\u00e9ti Szimfonikus Zenekar r\u00e9zf\u00fav\u00f3s \u00e9s \u00fct\u0151egy\u00fcttes\u00e9vel M\u0171sor: Giovannoni Gabrieli: Sonata Pian\u2019e Forte Georg Friedrich H\u00e4ndel: Solomon, Shena kir\u00e1lyn\u0151 \u00e9rkez\u00e9seGiuseppe Verdi: Aida bevonul\u00e1si indul\u00f3Johan de Meij: Brasserie RoyaleEdward Elgar: Pomp and Circumstance March No. 2 Robert Ramskill: Jazzamataz Chris Hazell: Brass Cats Alan Silvestri: Vissza a j\u00f6v\u0151be filmzene Ulvaeus-Andersson: Sakk Van McCoy: The Hustle Vez\u00e9nyel: Kis-Fekete VilmosK\u00f6zrem\u0171k\u00f6dik: Kecskem\u00e9ti Szimfonikus Zenekar r\u00e9zf\u00fav\u00f3s \u00e9s \u00fct\u0151egy\u00fctteseAz el\u0151ad\u00e1s hossza: 50 perc, sz\u00fcnet n\u00e9lk\u00fclA koncert ingyenes. M\u0170SORF\u00dcZET LET\u00d6LT\u00c9SE augusztus 3., vas\u00e1rnap 21:00 \u00daj helysz\u00edn: H\u00edr\u00f6s Ag\u00f3ra Sz\u00ednh\u00e1zterem&nbsp; &nbsp; &nbsp; &nbsp; &nbsp; &nbsp; &nbsp; &nbsp; &nbsp; &nbsp;&nbsp; A bel\u00e9p\u00e9s d\u00edjtalan!<\/p>\n","protected":false},"author":1,"featured_media":0,"parent":0,"menu_order":0,"comment_status":"closed","ping_status":"closed","template":"","meta":{"footnotes":""},"class_list":["post-3973","page","type-page","status-publish","hentry"],"_links":{"self":[{"href":"https:\/\/kodaly-muveszeti-fesztival.hu\/index.php?rest_route=\/wp\/v2\/pages\/3973","targetHints":{"allow":["GET"]}}],"collection":[{"href":"https:\/\/kodaly-muveszeti-fesztival.hu\/index.php?rest_route=\/wp\/v2\/pages"}],"about":[{"href":"https:\/\/kodaly-muveszeti-fesztival.hu\/index.php?rest_route=\/wp\/v2\/types\/page"}],"author":[{"embeddable":true,"href":"https:\/\/kodaly-muveszeti-fesztival.hu\/index.php?rest_route=\/wp\/v2\/users\/1"}],"replies":[{"embeddable":true,"href":"https:\/\/kodaly-muveszeti-fesztival.hu\/index.php?rest_route=%2Fwp%2Fv2%2Fcomments&post=3973"}],"version-history":[{"count":22,"href":"https:\/\/kodaly-muveszeti-fesztival.hu\/index.php?rest_route=\/wp\/v2\/pages\/3973\/revisions"}],"predecessor-version":[{"id":4544,"href":"https:\/\/kodaly-muveszeti-fesztival.hu\/index.php?rest_route=\/wp\/v2\/pages\/3973\/revisions\/4544"}],"wp:attachment":[{"href":"https:\/\/kodaly-muveszeti-fesztival.hu\/index.php?rest_route=%2Fwp%2Fv2%2Fmedia&parent=3973"}],"curies":[{"name":"wp","href":"https:\/\/api.w.org\/{rel}","templated":true}]}}