{"id":3968,"date":"2025-07-02T11:01:06","date_gmt":"2025-07-02T11:01:06","guid":{"rendered":"https:\/\/kodaly-muveszeti-fesztival.hu\/?page_id=3968"},"modified":"2025-07-22T14:03:07","modified_gmt":"2025-07-22T14:03:07","slug":"a-duda-uj-ruhaja-zenelo-kiallitas","status":"publish","type":"page","link":"https:\/\/kodaly-muveszeti-fesztival.hu\/?page_id=3968","title":{"rendered":"A DUDA \u00daJ RUH\u00c1JA &#8211; ZEN\u00c9L\u0150 KI\u00c1LL\u00cdT\u00c1S"},"content":{"rendered":"\t\t<div data-elementor-type=\"wp-page\" data-elementor-id=\"3968\" class=\"elementor elementor-3968\">\n\t\t\t\t\t\t<section class=\"elementor-section elementor-top-section elementor-element elementor-element-80111f5 elementor-section-boxed elementor-section-height-default elementor-section-height-default\" data-id=\"80111f5\" data-element_type=\"section\">\n\t\t\t\t\t\t<div class=\"elementor-container elementor-column-gap-default\">\n\t\t\t\t\t<div class=\"elementor-column elementor-col-100 elementor-top-column elementor-element elementor-element-2857c8e\" data-id=\"2857c8e\" data-element_type=\"column\">\n\t\t\t<div class=\"elementor-widget-wrap elementor-element-populated\">\n\t\t\t\t\t\t<div class=\"elementor-element elementor-element-da010a7 elementor-widget elementor-widget-spacer\" data-id=\"da010a7\" data-element_type=\"widget\" data-widget_type=\"spacer.default\">\n\t\t\t\t<div class=\"elementor-widget-container\">\n\t\t\t\t\t\t\t<div class=\"elementor-spacer\">\n\t\t\t<div class=\"elementor-spacer-inner\"><\/div>\n\t\t<\/div>\n\t\t\t\t\t\t<\/div>\n\t\t\t\t<\/div>\n\t\t\t\t<div class=\"elementor-element elementor-element-184faa3 elementor-widget elementor-widget-heading\" data-id=\"184faa3\" data-element_type=\"widget\" data-widget_type=\"heading.default\">\n\t\t\t\t<div class=\"elementor-widget-container\">\n\t\t\t\t\t<h2 class=\"elementor-heading-title elementor-size-default\">augusztus 2-23.<br>\n\nA DUDA \u00daJ RUH\u00c1JA - ZEN\u00c9L\u0150 KI\u00c1LL\u00cdT\u00c1S<\/h2>\t\t\t\t<\/div>\n\t\t\t\t<\/div>\n\t\t\t\t<div class=\"elementor-element elementor-element-54fbe02 elementor-widget elementor-widget-spacer\" data-id=\"54fbe02\" data-element_type=\"widget\" data-widget_type=\"spacer.default\">\n\t\t\t\t<div class=\"elementor-widget-container\">\n\t\t\t\t\t\t\t<div class=\"elementor-spacer\">\n\t\t\t<div class=\"elementor-spacer-inner\"><\/div>\n\t\t<\/div>\n\t\t\t\t\t\t<\/div>\n\t\t\t\t<\/div>\n\t\t\t\t\t<\/div>\n\t\t<\/div>\n\t\t\t\t\t<\/div>\n\t\t<\/section>\n\t\t\t\t<section class=\"elementor-section elementor-top-section elementor-element elementor-element-c99de18 elementor-section-boxed elementor-section-height-default elementor-section-height-default\" data-id=\"c99de18\" data-element_type=\"section\">\n\t\t\t\t\t\t<div class=\"elementor-container elementor-column-gap-default\">\n\t\t\t\t\t<div class=\"elementor-column elementor-col-50 elementor-top-column elementor-element elementor-element-bec0164\" data-id=\"bec0164\" data-element_type=\"column\">\n\t\t\t<div class=\"elementor-widget-wrap elementor-element-populated\">\n\t\t\t\t\t\t<div class=\"elementor-element elementor-element-1bbafa4 elementor-widget elementor-widget-image\" data-id=\"1bbafa4\" data-element_type=\"widget\" data-widget_type=\"image.default\">\n\t\t\t\t<div class=\"elementor-widget-container\">\n\t\t\t\t\t\t\t\t\t\t\t\t\t\t\t<img fetchpriority=\"high\" decoding=\"async\" width=\"960\" height=\"960\" src=\"https:\/\/kodaly-muveszeti-fesztival.hu\/wp-content\/uploads\/2025\/07\/K25_WB_1080x_1-masolata-3-1024x1024.jpg\" class=\"attachment-large size-large wp-image-4090\" alt=\"\" srcset=\"https:\/\/kodaly-muveszeti-fesztival.hu\/wp-content\/uploads\/2025\/07\/K25_WB_1080x_1-masolata-3-1024x1024.jpg 1024w, https:\/\/kodaly-muveszeti-fesztival.hu\/wp-content\/uploads\/2025\/07\/K25_WB_1080x_1-masolata-3-300x300.jpg 300w, https:\/\/kodaly-muveszeti-fesztival.hu\/wp-content\/uploads\/2025\/07\/K25_WB_1080x_1-masolata-3-150x150.jpg 150w, https:\/\/kodaly-muveszeti-fesztival.hu\/wp-content\/uploads\/2025\/07\/K25_WB_1080x_1-masolata-3-768x768.jpg 768w, https:\/\/kodaly-muveszeti-fesztival.hu\/wp-content\/uploads\/2025\/07\/K25_WB_1080x_1-masolata-3-1140x1140.jpg 1140w, https:\/\/kodaly-muveszeti-fesztival.hu\/wp-content\/uploads\/2025\/07\/K25_WB_1080x_1-masolata-3-75x75.jpg 75w, https:\/\/kodaly-muveszeti-fesztival.hu\/wp-content\/uploads\/2025\/07\/K25_WB_1080x_1-masolata-3.jpg 1440w\" sizes=\"(max-width: 960px) 100vw, 960px\" \/>\t\t\t\t\t\t\t\t\t\t\t\t\t\t\t<\/div>\n\t\t\t\t<\/div>\n\t\t\t\t\t<\/div>\n\t\t<\/div>\n\t\t\t\t<div class=\"elementor-column elementor-col-50 elementor-top-column elementor-element elementor-element-6114982\" data-id=\"6114982\" data-element_type=\"column\">\n\t\t\t<div class=\"elementor-widget-wrap elementor-element-populated\">\n\t\t\t\t\t\t<div class=\"elementor-element elementor-element-a11e9fe elementor-widget elementor-widget-text-editor\" data-id=\"a11e9fe\" data-element_type=\"widget\" data-widget_type=\"text-editor.default\">\n\t\t\t\t<div class=\"elementor-widget-container\">\n\t\t\t\t\t\t\t\t\t<h5><em>\u201e40 \u00e9v dud\u00e1l\u00e1s &#8211; DUD\u00c1S, TUD\u00c1S, UTAZ\u00c1S c\u00edmmel \u00edrott dudazen\u00e9mmel\u00a0\u00e9s ezzel a hangz\u00f3-ki\u00e1ll\u00edt\u00e1ssal\u00a0\u00fcnneplem\u00a0az \u00e9vfordul\u00f3t. Szakdolgozatomat 1992-ben \u00edrtam Tartalmi \u00e9s st\u00edlusbeli elemek a K\u00e1rp\u00e1t-medence dudazen\u00e9j\u00e9ben c\u00edmmel, Paksa Katalin mentor\u00e1l\u00e1s\u00e1val, mely a Magyar\u00a0 Zenetudom\u00e1nyi Int\u00e9zetbe is beker\u00fclt. Ennek \u00f6sszm\u0171v\u00e9szeti folytat\u00e1sa ez a ki\u00e1ll\u00edt\u00e1s a hozz\u00e1 \u00edrott zen\u00e9vel, mely a formai lehet\u0151s\u00e9gek szabad \u00e9rtelmez\u00e9s\u00e9re mutat r\u00e1. Textiltervez\u0151k, jelmeztervez\u0151k, nemezm\u0171v\u00e9szek, b\u00e1bk\u00e9sz\u00edt\u0151k, fest\u0151k tal\u00e1lt\u00e1k ki saj\u00e1t \u201edud\u00e1jukat&#8221; , imm\u00e1r fel\u00f6lt\u00f6ztetve , mint egy szerepl\u0151t.\u00a0A sk\u00f3t duda mint\u00e1j\u00e1ra t\u00f6rt\u00e9nt a dud\u00e1k fel\u00f6lt\u00f6ztet\u00e9se, majd a l\u00e9trej\u00f6v\u0151 kit\u00f6m\u00f6tt\u00a0dudaszobrok\u00a0megkapt\u00e1k elk\u00e9pzelt\u00a0dudazen\u00e9j\u00fcket\u00a0is. A magyar dudazen\u00e9ben\u00a0szerzett j\u00e1rtass\u00e1gom\u00a0seg\u00edtett az egyedi st\u00edlus\u00fa dud\u00e1khoz ill\u0151 darabok meg\u00edr\u00e1s\u00e1ban, melyek a k\u00f6z\u00e9pkori hangulatokt\u00f3l a rockzen\u00e9ig terjednek. A zen\u00e9k QR k\u00f3ddal hallgathat\u00f3k meg a helysz\u00ednen vagy c\u00edm alapj\u00e1n az interneten.\u201d<\/em> <strong>\u00c1goston B\u00e9la<\/strong><\/h5><h5><strong>A ki\u00e1ll\u00edt\u00e1s l\u00e9trej\u00f6tt\u00e9t az NKA t\u00e1mogatta.<\/strong><\/h5><h5><strong>Alkot\u00f3t\u00e1rsak:<\/strong>\u00a0Ter\u00e9nyi Gy\u00f6ngy, Fekete D\u00f3ra , Thiesz Ang\u00e9la , Makrai Krisztina, P\u00f3cs Judit, Jakab Mih\u00e1ly, Boka G\u00e1bor, Vetl\u00e9nyi Zsolt, Balask\u00f3 Attila\u00a0<\/h5><h5><strong>Megnyit\u00f3:<\/strong> Panor\u00e1ma Gal\u00e9ria, augusztus 1., p\u00e9ntek 17:00<\/h5><h5><strong>K\u00f6zrem\u0171k\u00f6d\u0151: \u00c1goston B\u00e9la zen\u00e9sz<\/strong><\/h5><h5><strong>A ki\u00e1ll\u00edt\u00e1st megnyitja: F\u00f6ldin\u00e9 M\u00e9sz\u00e1ros Orsolya klarin\u00e9tm\u0171v\u00e9sz<\/strong><\/h5><h5><strong>Megtekinthet\u0151:<\/strong> augusztus 23-ig 9:00 \u00e9s 18:00 \u00f3ra k\u00f6z\u00f6tt a H\u00edr\u00f6s Ag\u00f3ra nyitvatart\u00e1si idej\u00e9ben<\/h5>\t\t\t\t\t\t\t\t<\/div>\n\t\t\t\t<\/div>\n\t\t\t\t\t<\/div>\n\t\t<\/div>\n\t\t\t\t\t<\/div>\n\t\t<\/section>\n\t\t\t\t<section class=\"elementor-section elementor-top-section elementor-element elementor-element-2a98d9e elementor-section-boxed elementor-section-height-default elementor-section-height-default\" data-id=\"2a98d9e\" data-element_type=\"section\">\n\t\t\t\t\t\t<div class=\"elementor-container elementor-column-gap-default\">\n\t\t\t\t\t<div class=\"elementor-column elementor-col-100 elementor-top-column elementor-element elementor-element-8ed4918\" data-id=\"8ed4918\" data-element_type=\"column\">\n\t\t\t<div class=\"elementor-widget-wrap elementor-element-populated\">\n\t\t\t\t\t\t<div class=\"elementor-element elementor-element-8ba9cb1 elementor-widget elementor-widget-spacer\" data-id=\"8ba9cb1\" data-element_type=\"widget\" data-widget_type=\"spacer.default\">\n\t\t\t\t<div class=\"elementor-widget-container\">\n\t\t\t\t\t\t\t<div class=\"elementor-spacer\">\n\t\t\t<div class=\"elementor-spacer-inner\"><\/div>\n\t\t<\/div>\n\t\t\t\t\t\t<\/div>\n\t\t\t\t<\/div>\n\t\t\t\t\t<\/div>\n\t\t<\/div>\n\t\t\t\t\t<\/div>\n\t\t<\/section>\n\t\t\t\t<section class=\"elementor-section elementor-top-section elementor-element elementor-element-c5b01cc elementor-section-boxed elementor-section-height-default elementor-section-height-default\" data-id=\"c5b01cc\" data-element_type=\"section\">\n\t\t\t\t\t\t<div class=\"elementor-container elementor-column-gap-default\">\n\t\t\t\t\t<div class=\"elementor-column elementor-col-100 elementor-top-column elementor-element elementor-element-3f702ae\" data-id=\"3f702ae\" data-element_type=\"column\">\n\t\t\t<div class=\"elementor-widget-wrap elementor-element-populated\">\n\t\t\t\t\t\t<div class=\"elementor-element elementor-element-527144c elementor-align-center elementor-widget elementor-widget-button\" data-id=\"527144c\" data-element_type=\"widget\" data-widget_type=\"button.default\">\n\t\t\t\t<div class=\"elementor-widget-container\">\n\t\t\t\t\t\t\t\t\t<div class=\"elementor-button-wrapper\">\n\t\t\t\t\t<a class=\"elementor-button elementor-button-link elementor-size-sm\" href=\"https:\/\/heyzine.com\/flip-book\/3fd03aea89.html\">\n\t\t\t\t\t\t<span class=\"elementor-button-content-wrapper\">\n\t\t\t\t\t\t\t\t\t<span class=\"elementor-button-text\">M\u0170SORF\u00dcZET LET\u00d6LT\u00c9SE<\/span>\n\t\t\t\t\t<\/span>\n\t\t\t\t\t<\/a>\n\t\t\t\t<\/div>\n\t\t\t\t\t\t\t\t<\/div>\n\t\t\t\t<\/div>\n\t\t\t\t\t<\/div>\n\t\t<\/div>\n\t\t\t\t\t<\/div>\n\t\t<\/section>\n\t\t\t\t<section class=\"elementor-section elementor-top-section elementor-element elementor-element-315a1b9 elementor-section-boxed elementor-section-height-default elementor-section-height-default\" data-id=\"315a1b9\" data-element_type=\"section\">\n\t\t\t\t\t\t<div class=\"elementor-container elementor-column-gap-default\">\n\t\t\t\t\t<div class=\"elementor-column elementor-col-50 elementor-top-column elementor-element elementor-element-36d13e7\" data-id=\"36d13e7\" data-element_type=\"column\">\n\t\t\t<div class=\"elementor-widget-wrap elementor-element-populated\">\n\t\t\t\t\t\t<div class=\"elementor-element elementor-element-b752d73 elementor-widget elementor-widget-text-editor\" data-id=\"b752d73\" data-element_type=\"widget\" data-widget_type=\"text-editor.default\">\n\t\t\t\t<div class=\"elementor-widget-container\">\n\t\t\t\t\t\t\t\t\t<h3>augusztus 2-23.<\/h3><h3><strong>Helysz\u00edn:<\/strong> H\u00edr\u00f6s Ag\u00f3ra Kultur\u00e1lis K\u00f6zpont<\/h3><h4><strong>Megtekinthet\u0151: <\/strong>augusztus 23-ig 9:00 \u00e9s 18:00 \u00f3ra k\u00f6z\u00f6tt\u00a0<\/h4><h5>A bel\u00e9p\u00e9s d\u00edjtalan!<\/h5>\t\t\t\t\t\t\t\t<\/div>\n\t\t\t\t<\/div>\n\t\t\t\t\t<\/div>\n\t\t<\/div>\n\t\t\t\t<div class=\"elementor-column elementor-col-50 elementor-top-column elementor-element elementor-element-4906929\" data-id=\"4906929\" data-element_type=\"column\">\n\t\t\t<div class=\"elementor-widget-wrap\">\n\t\t\t\t\t\t\t<\/div>\n\t\t<\/div>\n\t\t\t\t\t<\/div>\n\t\t<\/section>\n\t\t\t\t<section class=\"elementor-section elementor-top-section elementor-element elementor-element-85022af elementor-section-boxed elementor-section-height-default elementor-section-height-default\" data-id=\"85022af\" data-element_type=\"section\">\n\t\t\t\t\t\t<div class=\"elementor-container elementor-column-gap-default\">\n\t\t\t\t\t<div class=\"elementor-column elementor-col-100 elementor-top-column elementor-element elementor-element-93c5271\" data-id=\"93c5271\" data-element_type=\"column\">\n\t\t\t<div class=\"elementor-widget-wrap elementor-element-populated\">\n\t\t\t\t\t\t<div class=\"elementor-element elementor-element-056c09b elementor-widget elementor-widget-spacer\" data-id=\"056c09b\" data-element_type=\"widget\" data-widget_type=\"spacer.default\">\n\t\t\t\t<div class=\"elementor-widget-container\">\n\t\t\t\t\t\t\t<div class=\"elementor-spacer\">\n\t\t\t<div class=\"elementor-spacer-inner\"><\/div>\n\t\t<\/div>\n\t\t\t\t\t\t<\/div>\n\t\t\t\t<\/div>\n\t\t\t\t\t<\/div>\n\t\t<\/div>\n\t\t\t\t\t<\/div>\n\t\t<\/section>\n\t\t\t\t<section class=\"elementor-section elementor-top-section elementor-element elementor-element-223238b elementor-section-boxed elementor-section-height-default elementor-section-height-default\" data-id=\"223238b\" data-element_type=\"section\">\n\t\t\t\t\t\t<div class=\"elementor-container elementor-column-gap-default\">\n\t\t\t\t\t<div class=\"elementor-column elementor-col-100 elementor-top-column elementor-element elementor-element-3644aab\" data-id=\"3644aab\" data-element_type=\"column\">\n\t\t\t<div class=\"elementor-widget-wrap elementor-element-populated\">\n\t\t\t\t\t\t<div class=\"elementor-element elementor-element-988f0c9 elementor-widget elementor-widget-google_maps\" data-id=\"988f0c9\" data-element_type=\"widget\" data-widget_type=\"google_maps.default\">\n\t\t\t\t<div class=\"elementor-widget-container\">\n\t\t\t\t\t\t\t<div class=\"elementor-custom-embed\">\n\t\t\t<iframe loading=\"lazy\"\n\t\t\t\t\tsrc=\"https:\/\/maps.google.com\/maps?q=H%C3%ADr%C3%B6s%20Ag%C3%B3ra%20Kultur%C3%A1lis%20K%C3%B6zpont&#038;t=m&#038;z=17&#038;output=embed&#038;iwloc=near\"\n\t\t\t\t\ttitle=\"H\u00edr\u00f6s Ag\u00f3ra Kultur\u00e1lis K\u00f6zpont\"\n\t\t\t\t\taria-label=\"H\u00edr\u00f6s Ag\u00f3ra Kultur\u00e1lis K\u00f6zpont\"\n\t\t\t><\/iframe>\n\t\t<\/div>\n\t\t\t\t\t\t<\/div>\n\t\t\t\t<\/div>\n\t\t\t\t\t<\/div>\n\t\t<\/div>\n\t\t\t\t\t<\/div>\n\t\t<\/section>\n\t\t\t\t<\/div>\n\t\t","protected":false},"excerpt":{"rendered":"<p>augusztus 2-23. A DUDA \u00daJ RUH\u00c1JA &#8211; ZEN\u00c9L\u0150 KI\u00c1LL\u00cdT\u00c1S \u201e40 \u00e9v dud\u00e1l\u00e1s &#8211; DUD\u00c1S, TUD\u00c1S, UTAZ\u00c1S c\u00edmmel \u00edrott dudazen\u00e9mmel\u00a0\u00e9s ezzel a hangz\u00f3-ki\u00e1ll\u00edt\u00e1ssal\u00a0\u00fcnneplem\u00a0az \u00e9vfordul\u00f3t. Szakdolgozatomat 1992-ben \u00edrtam Tartalmi \u00e9s st\u00edlusbeli elemek a K\u00e1rp\u00e1t-medence dudazen\u00e9j\u00e9ben c\u00edmmel, Paksa Katalin mentor\u00e1l\u00e1s\u00e1val, mely a Magyar\u00a0 Zenetudom\u00e1nyi Int\u00e9zetbe is beker\u00fclt. Ennek \u00f6sszm\u0171v\u00e9szeti folytat\u00e1sa ez a ki\u00e1ll\u00edt\u00e1s a hozz\u00e1 \u00edrott zen\u00e9vel, mely a formai lehet\u0151s\u00e9gek szabad \u00e9rtelmez\u00e9s\u00e9re mutat r\u00e1. Textiltervez\u0151k, jelmeztervez\u0151k, nemezm\u0171v\u00e9szek, b\u00e1bk\u00e9sz\u00edt\u0151k, fest\u0151k tal\u00e1lt\u00e1k ki saj\u00e1t \u201edud\u00e1jukat&#8221; , imm\u00e1r fel\u00f6lt\u00f6ztetve , mint egy szerepl\u0151t.\u00a0A sk\u00f3t duda mint\u00e1j\u00e1ra t\u00f6rt\u00e9nt a dud\u00e1k fel\u00f6lt\u00f6ztet\u00e9se, majd a l\u00e9trej\u00f6v\u0151 kit\u00f6m\u00f6tt\u00a0dudaszobrok\u00a0megkapt\u00e1k elk\u00e9pzelt\u00a0dudazen\u00e9j\u00fcket\u00a0is. A magyar dudazen\u00e9ben\u00a0szerzett j\u00e1rtass\u00e1gom\u00a0seg\u00edtett az egyedi st\u00edlus\u00fa dud\u00e1khoz ill\u0151 darabok meg\u00edr\u00e1s\u00e1ban, melyek a k\u00f6z\u00e9pkori hangulatokt\u00f3l a rockzen\u00e9ig terjednek. A zen\u00e9k QR k\u00f3ddal hallgathat\u00f3k meg a helysz\u00ednen vagy c\u00edm alapj\u00e1n az interneten.\u201d \u00c1goston B\u00e9la A ki\u00e1ll\u00edt\u00e1s l\u00e9trej\u00f6tt\u00e9t az NKA t\u00e1mogatta. Alkot\u00f3t\u00e1rsak:\u00a0Ter\u00e9nyi Gy\u00f6ngy, Fekete D\u00f3ra , Thiesz Ang\u00e9la , Makrai Krisztina, P\u00f3cs Judit, Jakab Mih\u00e1ly, Boka G\u00e1bor, Vetl\u00e9nyi Zsolt, Balask\u00f3 Attila\u00a0 Megnyit\u00f3: Panor\u00e1ma Gal\u00e9ria, augusztus 1., p\u00e9ntek 17:00 K\u00f6zrem\u0171k\u00f6d\u0151: \u00c1goston B\u00e9la zen\u00e9sz A ki\u00e1ll\u00edt\u00e1st megnyitja: F\u00f6ldin\u00e9 M\u00e9sz\u00e1ros Orsolya klarin\u00e9tm\u0171v\u00e9sz Megtekinthet\u0151: augusztus 23-ig 9:00 \u00e9s 18:00 \u00f3ra k\u00f6z\u00f6tt a H\u00edr\u00f6s Ag\u00f3ra nyitvatart\u00e1si idej\u00e9ben M\u0170SORF\u00dcZET LET\u00d6LT\u00c9SE augusztus 2-23. Helysz\u00edn: H\u00edr\u00f6s Ag\u00f3ra Kultur\u00e1lis K\u00f6zpont Megtekinthet\u0151: augusztus 23-ig 9:00 \u00e9s 18:00 \u00f3ra k\u00f6z\u00f6tt\u00a0 A bel\u00e9p\u00e9s d\u00edjtalan!<\/p>\n","protected":false},"author":1,"featured_media":0,"parent":0,"menu_order":0,"comment_status":"closed","ping_status":"closed","template":"","meta":{"footnotes":""},"class_list":["post-3968","page","type-page","status-publish","hentry"],"_links":{"self":[{"href":"https:\/\/kodaly-muveszeti-fesztival.hu\/index.php?rest_route=\/wp\/v2\/pages\/3968","targetHints":{"allow":["GET"]}}],"collection":[{"href":"https:\/\/kodaly-muveszeti-fesztival.hu\/index.php?rest_route=\/wp\/v2\/pages"}],"about":[{"href":"https:\/\/kodaly-muveszeti-fesztival.hu\/index.php?rest_route=\/wp\/v2\/types\/page"}],"author":[{"embeddable":true,"href":"https:\/\/kodaly-muveszeti-fesztival.hu\/index.php?rest_route=\/wp\/v2\/users\/1"}],"replies":[{"embeddable":true,"href":"https:\/\/kodaly-muveszeti-fesztival.hu\/index.php?rest_route=%2Fwp%2Fv2%2Fcomments&post=3968"}],"version-history":[{"count":7,"href":"https:\/\/kodaly-muveszeti-fesztival.hu\/index.php?rest_route=\/wp\/v2\/pages\/3968\/revisions"}],"predecessor-version":[{"id":4440,"href":"https:\/\/kodaly-muveszeti-fesztival.hu\/index.php?rest_route=\/wp\/v2\/pages\/3968\/revisions\/4440"}],"wp:attachment":[{"href":"https:\/\/kodaly-muveszeti-fesztival.hu\/index.php?rest_route=%2Fwp%2Fv2%2Fmedia&parent=3968"}],"curies":[{"name":"wp","href":"https:\/\/api.w.org\/{rel}","templated":true}]}}