{"id":3962,"date":"2025-07-02T11:00:07","date_gmt":"2025-07-02T11:00:07","guid":{"rendered":"https:\/\/kodaly-muveszeti-fesztival.hu\/?page_id=3962"},"modified":"2025-07-22T14:00:31","modified_gmt":"2025-07-22T14:00:31","slug":"a-panula-mesterkurzus-kivalosagainak-koncertje","status":"publish","type":"page","link":"https:\/\/kodaly-muveszeti-fesztival.hu\/?page_id=3962","title":{"rendered":"A PANULA MESTERKURZUS KIV\u00c1L\u00d3S\u00c1GAINAK KONCERTJE"},"content":{"rendered":"\t\t<div data-elementor-type=\"wp-page\" data-elementor-id=\"3962\" class=\"elementor elementor-3962\">\n\t\t\t\t\t\t<section class=\"elementor-section elementor-top-section elementor-element elementor-element-7de2a8b elementor-section-boxed elementor-section-height-default elementor-section-height-default\" data-id=\"7de2a8b\" data-element_type=\"section\">\n\t\t\t\t\t\t<div class=\"elementor-container elementor-column-gap-default\">\n\t\t\t\t\t<div class=\"elementor-column elementor-col-100 elementor-top-column elementor-element elementor-element-1e9450f\" data-id=\"1e9450f\" data-element_type=\"column\">\n\t\t\t<div class=\"elementor-widget-wrap elementor-element-populated\">\n\t\t\t\t\t\t<div class=\"elementor-element elementor-element-490fdad elementor-widget elementor-widget-spacer\" data-id=\"490fdad\" data-element_type=\"widget\" data-widget_type=\"spacer.default\">\n\t\t\t\t<div class=\"elementor-widget-container\">\n\t\t\t\t\t\t\t<div class=\"elementor-spacer\">\n\t\t\t<div class=\"elementor-spacer-inner\"><\/div>\n\t\t<\/div>\n\t\t\t\t\t\t<\/div>\n\t\t\t\t<\/div>\n\t\t\t\t<div class=\"elementor-element elementor-element-5b9872f elementor-widget elementor-widget-heading\" data-id=\"5b9872f\" data-element_type=\"widget\" data-widget_type=\"heading.default\">\n\t\t\t\t<div class=\"elementor-widget-container\">\n\t\t\t\t\t<h2 class=\"elementor-heading-title elementor-size-default\">augusztus 2., szombat 20:00<br>\nA PANULA MESTERKURZUS KIV\u00c1L\u00d3S\u00c1GAINAK KONCERTJE \n\n<\/h2>\t\t\t\t<\/div>\n\t\t\t\t<\/div>\n\t\t\t\t<div class=\"elementor-element elementor-element-82c6729 elementor-widget elementor-widget-spacer\" data-id=\"82c6729\" data-element_type=\"widget\" data-widget_type=\"spacer.default\">\n\t\t\t\t<div class=\"elementor-widget-container\">\n\t\t\t\t\t\t\t<div class=\"elementor-spacer\">\n\t\t\t<div class=\"elementor-spacer-inner\"><\/div>\n\t\t<\/div>\n\t\t\t\t\t\t<\/div>\n\t\t\t\t<\/div>\n\t\t\t\t\t<\/div>\n\t\t<\/div>\n\t\t\t\t\t<\/div>\n\t\t<\/section>\n\t\t\t\t<section class=\"elementor-section elementor-top-section elementor-element elementor-element-078fe82 elementor-section-boxed elementor-section-height-default elementor-section-height-default\" data-id=\"078fe82\" data-element_type=\"section\">\n\t\t\t\t\t\t<div class=\"elementor-container elementor-column-gap-default\">\n\t\t\t\t\t<div class=\"elementor-column elementor-col-50 elementor-top-column elementor-element elementor-element-92f8542\" data-id=\"92f8542\" data-element_type=\"column\">\n\t\t\t<div class=\"elementor-widget-wrap elementor-element-populated\">\n\t\t\t\t\t\t<div class=\"elementor-element elementor-element-4c75cde elementor-widget elementor-widget-image\" data-id=\"4c75cde\" data-element_type=\"widget\" data-widget_type=\"image.default\">\n\t\t\t\t<div class=\"elementor-widget-container\">\n\t\t\t\t\t\t\t\t\t\t\t\t\t\t\t<img fetchpriority=\"high\" decoding=\"async\" width=\"960\" height=\"960\" src=\"https:\/\/kodaly-muveszeti-fesztival.hu\/wp-content\/uploads\/2025\/07\/K25_WB_1080x_1-masolata-3-1024x1024.jpg\" class=\"attachment-large size-large wp-image-4090\" alt=\"\" srcset=\"https:\/\/kodaly-muveszeti-fesztival.hu\/wp-content\/uploads\/2025\/07\/K25_WB_1080x_1-masolata-3-1024x1024.jpg 1024w, https:\/\/kodaly-muveszeti-fesztival.hu\/wp-content\/uploads\/2025\/07\/K25_WB_1080x_1-masolata-3-300x300.jpg 300w, https:\/\/kodaly-muveszeti-fesztival.hu\/wp-content\/uploads\/2025\/07\/K25_WB_1080x_1-masolata-3-150x150.jpg 150w, https:\/\/kodaly-muveszeti-fesztival.hu\/wp-content\/uploads\/2025\/07\/K25_WB_1080x_1-masolata-3-768x768.jpg 768w, https:\/\/kodaly-muveszeti-fesztival.hu\/wp-content\/uploads\/2025\/07\/K25_WB_1080x_1-masolata-3-1140x1140.jpg 1140w, https:\/\/kodaly-muveszeti-fesztival.hu\/wp-content\/uploads\/2025\/07\/K25_WB_1080x_1-masolata-3-75x75.jpg 75w, https:\/\/kodaly-muveszeti-fesztival.hu\/wp-content\/uploads\/2025\/07\/K25_WB_1080x_1-masolata-3.jpg 1440w\" sizes=\"(max-width: 960px) 100vw, 960px\" \/>\t\t\t\t\t\t\t\t\t\t\t\t\t\t\t<\/div>\n\t\t\t\t<\/div>\n\t\t\t\t\t<\/div>\n\t\t<\/div>\n\t\t\t\t<div class=\"elementor-column elementor-col-50 elementor-top-column elementor-element elementor-element-8e561e3\" data-id=\"8e561e3\" data-element_type=\"column\">\n\t\t\t<div class=\"elementor-widget-wrap elementor-element-populated\">\n\t\t\t\t\t\t<div class=\"elementor-element elementor-element-ec7efd4 elementor-widget elementor-widget-text-editor\" data-id=\"ec7efd4\" data-element_type=\"widget\" data-widget_type=\"text-editor.default\">\n\t\t\t\t<div class=\"elementor-widget-container\">\n\t\t\t\t\t\t\t\t\t<h5>A H\u00edr\u00f6s Ag\u00f3r\u00e1ban imm\u00e1r negyedik alkalommal megrendezett, Jorma Panula Nemzetk\u00f6zi Karmesterkurzus val\u00f3di seregszeml\u00e9je a fiatal karmester gener\u00e1ci\u00f3 kiv\u00e1l\u00f3s\u00e1gainak. A 95 \u00e9ves Maestro a 70-es \u00e9vek \u00f3ta szt\u00e1rkarmesterek tucatjait tan\u00edtotta, \u00e9s a mai napig rendk\u00edv\u00fcli energi\u00e1val oktatja a karmester szakma mesterfog\u00e1sait.<\/h5><h5>A k\u00f6zel 40 jelentkez\u0151 k\u00f6z\u00fcl, szigor\u00fa, vide\u00f3s v\u00e1logat\u00e1s alapj\u00e1n, a vil\u00e1g minden t\u00e1j\u00e1r\u00f3l \u00e9rkezett az a 9 dirigens, akik egy hetet tanulhattak Panula mestert\u0151l, valamint Holl\u00f3k\u0151i Hub\u00e1t\u00f3l, a zenekar m\u0171v\u00e9szeti vezet\u0151j\u00e9t\u0151l, \u00e9s \u00e1llhatnak a z\u00e1r\u00f3koncerten\u00a0a Kecskem\u00e9ti Szimfonikus Zenekar karmesteri\u00a0dobog\u00f3j\u00e1n. A k\u00f6z\u00f6ns\u00e9gnek most egy koncerten bel\u00fcl lesz m\u00f3dja \u00f6sszehasonl\u00edtani, hogyan sz\u00f3l ugyanaz a zenekar 9 k\u00fcl\u00f6nb\u00f6z\u0151 p\u00e1lca alatt &#8211; a tizedik fell\u00e9p\u0151 pedig maga Maestro Panula lesz, aki az este k\u00fcl\u00f6nlegess\u00e9gek\u00e9nt Bart\u00f3k: Este a sz\u00e9kelyekn\u00e9l c\u00edm\u0171 m\u0171v\u00e9t fogja vez\u00e9nyelni.<\/h5><h5><strong>M\u0171sor:<\/strong><\/h5><h5>Bart\u00f3k B\u00e9la: Este a sz\u00e9kelyekn\u00e9l\u00a0<\/h5><h5>Ludvig van Beethoven: 2. szimf\u00f3nia\u00a0<\/h5><h5>Sz\u00fcnet<br \/>Franz Schubert: 5. szimf\u00f3nia\u00a0<br \/>Kod\u00e1ly Zolt\u00e1n: Marossz\u00e9ki t\u00e1ncok\u00a0<br \/><strong>K\u00f6zrem\u0171k\u00f6dik:<\/strong> Kecskem\u00e9ti Szimfonikus Zenekar<\/h5><h5><strong>Vez\u00e9nyelnek:<\/strong> Jorma Panula \u00e9s a kurzus r\u00e9sztvev\u0151i<\/h5><h5><strong>Az el\u0151ad\u00e1s hossza:<\/strong> 100 perc, sz\u00fcnettel egy\u00fctt<\/h5>\t\t\t\t\t\t\t\t<\/div>\n\t\t\t\t<\/div>\n\t\t\t\t\t<\/div>\n\t\t<\/div>\n\t\t\t\t\t<\/div>\n\t\t<\/section>\n\t\t\t\t<section class=\"elementor-section elementor-top-section elementor-element elementor-element-c66cf57 elementor-section-boxed elementor-section-height-default elementor-section-height-default\" data-id=\"c66cf57\" data-element_type=\"section\">\n\t\t\t\t\t\t<div class=\"elementor-container elementor-column-gap-default\">\n\t\t\t\t\t<div class=\"elementor-column elementor-col-100 elementor-top-column elementor-element elementor-element-9841b26\" data-id=\"9841b26\" data-element_type=\"column\">\n\t\t\t<div class=\"elementor-widget-wrap elementor-element-populated\">\n\t\t\t\t\t\t<div class=\"elementor-element elementor-element-f18c0ab elementor-widget elementor-widget-spacer\" data-id=\"f18c0ab\" data-element_type=\"widget\" data-widget_type=\"spacer.default\">\n\t\t\t\t<div class=\"elementor-widget-container\">\n\t\t\t\t\t\t\t<div class=\"elementor-spacer\">\n\t\t\t<div class=\"elementor-spacer-inner\"><\/div>\n\t\t<\/div>\n\t\t\t\t\t\t<\/div>\n\t\t\t\t<\/div>\n\t\t\t\t<div class=\"elementor-element elementor-element-0969a10 elementor-align-center elementor-widget elementor-widget-button\" data-id=\"0969a10\" data-element_type=\"widget\" data-widget_type=\"button.default\">\n\t\t\t\t<div class=\"elementor-widget-container\">\n\t\t\t\t\t\t\t\t\t<div class=\"elementor-button-wrapper\">\n\t\t\t\t\t<a class=\"elementor-button elementor-button-link elementor-size-sm\" href=\"https:\/\/heyzine.com\/flip-book\/3fd03aea89.html\">\n\t\t\t\t\t\t<span class=\"elementor-button-content-wrapper\">\n\t\t\t\t\t\t\t\t\t<span class=\"elementor-button-text\">M\u0170SORF\u00dcZET LET\u00d6LT\u00c9SE<\/span>\n\t\t\t\t\t<\/span>\n\t\t\t\t\t<\/a>\n\t\t\t\t<\/div>\n\t\t\t\t\t\t\t\t<\/div>\n\t\t\t\t<\/div>\n\t\t\t\t<div class=\"elementor-element elementor-element-ef1ffe9 elementor-widget elementor-widget-spacer\" data-id=\"ef1ffe9\" data-element_type=\"widget\" data-widget_type=\"spacer.default\">\n\t\t\t\t<div class=\"elementor-widget-container\">\n\t\t\t\t\t\t\t<div class=\"elementor-spacer\">\n\t\t\t<div class=\"elementor-spacer-inner\"><\/div>\n\t\t<\/div>\n\t\t\t\t\t\t<\/div>\n\t\t\t\t<\/div>\n\t\t\t\t\t<\/div>\n\t\t<\/div>\n\t\t\t\t\t<\/div>\n\t\t<\/section>\n\t\t\t\t<section class=\"elementor-section elementor-top-section elementor-element elementor-element-5fedd03 elementor-section-boxed elementor-section-height-default elementor-section-height-default\" data-id=\"5fedd03\" data-element_type=\"section\">\n\t\t\t\t\t\t<div class=\"elementor-container elementor-column-gap-default\">\n\t\t\t\t\t<div class=\"elementor-column elementor-col-50 elementor-top-column elementor-element elementor-element-a2993e2\" data-id=\"a2993e2\" data-element_type=\"column\">\n\t\t\t<div class=\"elementor-widget-wrap elementor-element-populated\">\n\t\t\t\t\t\t<div class=\"elementor-element elementor-element-56c201f elementor-widget elementor-widget-text-editor\" data-id=\"56c201f\" data-element_type=\"widget\" data-widget_type=\"text-editor.default\">\n\t\t\t\t<div class=\"elementor-widget-container\">\n\t\t\t\t\t\t\t\t\t<h3>augusztus 2., szombat 20:00<\/h3><h3><strong>Helysz\u00edn:<\/strong> H\u00edr\u00f6s Ag\u00f3ra Kultur\u00e1lis K\u00f6zpont<\/h3><h5><strong>Jegy\u00e1rak:<\/strong> 4.000 Ft, Nyugd\u00edjas jegy: 3.600 Ft,<\/h5><h5>Di\u00e1kjegy: 1.500 Ft<br \/>Kecskem\u00e9t k\u00e1rty\u00e1val 10% kedvezm\u00e9ny<\/h5><h5>\u00a0<\/h5>\t\t\t\t\t\t\t\t<\/div>\n\t\t\t\t<\/div>\n\t\t\t\t\t<\/div>\n\t\t<\/div>\n\t\t\t\t<div class=\"elementor-column elementor-col-50 elementor-top-column elementor-element elementor-element-83ec74f\" data-id=\"83ec74f\" data-element_type=\"column\">\n\t\t\t<div class=\"elementor-widget-wrap elementor-element-populated\">\n\t\t\t\t\t\t<div class=\"elementor-element elementor-element-0a9afd7 elementor-align-center elementor-widget elementor-widget-button\" data-id=\"0a9afd7\" data-element_type=\"widget\" data-widget_type=\"button.default\">\n\t\t\t\t<div class=\"elementor-widget-container\">\n\t\t\t\t\t\t\t\t\t<div class=\"elementor-button-wrapper\">\n\t\t\t\t\t<a class=\"elementor-button elementor-button-link elementor-size-sm\" href=\"https:\/\/hirosagora.jegy.hu\/program\/panula-nemzetkozi-karmesterkurzus-2025-zarokoncertje-163628\">\n\t\t\t\t\t\t<span class=\"elementor-button-content-wrapper\">\n\t\t\t\t\t\t\t\t\t<span class=\"elementor-button-text\">JEGYV\u00c1S\u00c1RL\u00c1S<\/span>\n\t\t\t\t\t<\/span>\n\t\t\t\t\t<\/a>\n\t\t\t\t<\/div>\n\t\t\t\t\t\t\t\t<\/div>\n\t\t\t\t<\/div>\n\t\t\t\t\t<\/div>\n\t\t<\/div>\n\t\t\t\t\t<\/div>\n\t\t<\/section>\n\t\t\t\t<section class=\"elementor-section elementor-top-section elementor-element elementor-element-732471b elementor-section-boxed elementor-section-height-default elementor-section-height-default\" data-id=\"732471b\" data-element_type=\"section\">\n\t\t\t\t\t\t<div class=\"elementor-container elementor-column-gap-default\">\n\t\t\t\t\t<div class=\"elementor-column elementor-col-100 elementor-top-column elementor-element elementor-element-90dc757\" data-id=\"90dc757\" data-element_type=\"column\">\n\t\t\t<div class=\"elementor-widget-wrap elementor-element-populated\">\n\t\t\t\t\t\t<div class=\"elementor-element elementor-element-91361a0 elementor-widget elementor-widget-spacer\" data-id=\"91361a0\" data-element_type=\"widget\" data-widget_type=\"spacer.default\">\n\t\t\t\t<div class=\"elementor-widget-container\">\n\t\t\t\t\t\t\t<div class=\"elementor-spacer\">\n\t\t\t<div class=\"elementor-spacer-inner\"><\/div>\n\t\t<\/div>\n\t\t\t\t\t\t<\/div>\n\t\t\t\t<\/div>\n\t\t\t\t\t<\/div>\n\t\t<\/div>\n\t\t\t\t\t<\/div>\n\t\t<\/section>\n\t\t\t\t<section class=\"elementor-section elementor-top-section elementor-element elementor-element-719a28a elementor-section-boxed elementor-section-height-default elementor-section-height-default\" data-id=\"719a28a\" data-element_type=\"section\">\n\t\t\t\t\t\t<div class=\"elementor-container elementor-column-gap-default\">\n\t\t\t\t\t<div class=\"elementor-column elementor-col-100 elementor-top-column elementor-element elementor-element-fcb5e81\" data-id=\"fcb5e81\" data-element_type=\"column\">\n\t\t\t<div class=\"elementor-widget-wrap elementor-element-populated\">\n\t\t\t\t\t\t<div class=\"elementor-element elementor-element-b3485d7 elementor-widget elementor-widget-google_maps\" data-id=\"b3485d7\" data-element_type=\"widget\" data-widget_type=\"google_maps.default\">\n\t\t\t\t<div class=\"elementor-widget-container\">\n\t\t\t\t\t\t\t<div class=\"elementor-custom-embed\">\n\t\t\t<iframe loading=\"lazy\"\n\t\t\t\t\tsrc=\"https:\/\/maps.google.com\/maps?q=H%C3%ADr%C3%B6s%20Ag%C3%B3ra%20Kultur%C3%A1lis%20K%C3%B6zpont&#038;t=m&#038;z=17&#038;output=embed&#038;iwloc=near\"\n\t\t\t\t\ttitle=\"H\u00edr\u00f6s Ag\u00f3ra Kultur\u00e1lis K\u00f6zpont\"\n\t\t\t\t\taria-label=\"H\u00edr\u00f6s Ag\u00f3ra Kultur\u00e1lis K\u00f6zpont\"\n\t\t\t><\/iframe>\n\t\t<\/div>\n\t\t\t\t\t\t<\/div>\n\t\t\t\t<\/div>\n\t\t\t\t\t<\/div>\n\t\t<\/div>\n\t\t\t\t\t<\/div>\n\t\t<\/section>\n\t\t\t\t<\/div>\n\t\t","protected":false},"excerpt":{"rendered":"<p>augusztus 2., szombat 20:00 A PANULA MESTERKURZUS KIV\u00c1L\u00d3S\u00c1GAINAK KONCERTJE A H\u00edr\u00f6s Ag\u00f3r\u00e1ban imm\u00e1r negyedik alkalommal megrendezett, Jorma Panula Nemzetk\u00f6zi Karmesterkurzus val\u00f3di seregszeml\u00e9je a fiatal karmester gener\u00e1ci\u00f3 kiv\u00e1l\u00f3s\u00e1gainak. A 95 \u00e9ves Maestro a 70-es \u00e9vek \u00f3ta szt\u00e1rkarmesterek tucatjait tan\u00edtotta, \u00e9s a mai napig rendk\u00edv\u00fcli energi\u00e1val oktatja a karmester szakma mesterfog\u00e1sait. A k\u00f6zel 40 jelentkez\u0151 k\u00f6z\u00fcl, szigor\u00fa, vide\u00f3s v\u00e1logat\u00e1s alapj\u00e1n, a vil\u00e1g minden t\u00e1j\u00e1r\u00f3l \u00e9rkezett az a 9 dirigens, akik egy hetet tanulhattak Panula mestert\u0151l, valamint Holl\u00f3k\u0151i Hub\u00e1t\u00f3l, a zenekar m\u0171v\u00e9szeti vezet\u0151j\u00e9t\u0151l, \u00e9s \u00e1llhatnak a z\u00e1r\u00f3koncerten\u00a0a Kecskem\u00e9ti Szimfonikus Zenekar karmesteri\u00a0dobog\u00f3j\u00e1n. A k\u00f6z\u00f6ns\u00e9gnek most egy koncerten bel\u00fcl lesz m\u00f3dja \u00f6sszehasonl\u00edtani, hogyan sz\u00f3l ugyanaz a zenekar 9 k\u00fcl\u00f6nb\u00f6z\u0151 p\u00e1lca alatt &#8211; a tizedik fell\u00e9p\u0151 pedig maga Maestro Panula lesz, aki az este k\u00fcl\u00f6nlegess\u00e9gek\u00e9nt Bart\u00f3k: Este a sz\u00e9kelyekn\u00e9l c\u00edm\u0171 m\u0171v\u00e9t fogja vez\u00e9nyelni. M\u0171sor: Bart\u00f3k B\u00e9la: Este a sz\u00e9kelyekn\u00e9l\u00a0 Ludvig van Beethoven: 2. szimf\u00f3nia\u00a0 Sz\u00fcnetFranz Schubert: 5. szimf\u00f3nia\u00a0Kod\u00e1ly Zolt\u00e1n: Marossz\u00e9ki t\u00e1ncok\u00a0K\u00f6zrem\u0171k\u00f6dik: Kecskem\u00e9ti Szimfonikus Zenekar Vez\u00e9nyelnek: Jorma Panula \u00e9s a kurzus r\u00e9sztvev\u0151i Az el\u0151ad\u00e1s hossza: 100 perc, sz\u00fcnettel egy\u00fctt M\u0170SORF\u00dcZET LET\u00d6LT\u00c9SE augusztus 2., szombat 20:00 Helysz\u00edn: H\u00edr\u00f6s Ag\u00f3ra Kultur\u00e1lis K\u00f6zpont Jegy\u00e1rak: 4.000 Ft, Nyugd\u00edjas jegy: 3.600 Ft, Di\u00e1kjegy: 1.500 FtKecskem\u00e9t k\u00e1rty\u00e1val 10% kedvezm\u00e9ny \u00a0 JEGYV\u00c1S\u00c1RL\u00c1S<\/p>\n","protected":false},"author":1,"featured_media":0,"parent":0,"menu_order":0,"comment_status":"closed","ping_status":"closed","template":"","meta":{"footnotes":""},"class_list":["post-3962","page","type-page","status-publish","hentry"],"_links":{"self":[{"href":"https:\/\/kodaly-muveszeti-fesztival.hu\/index.php?rest_route=\/wp\/v2\/pages\/3962","targetHints":{"allow":["GET"]}}],"collection":[{"href":"https:\/\/kodaly-muveszeti-fesztival.hu\/index.php?rest_route=\/wp\/v2\/pages"}],"about":[{"href":"https:\/\/kodaly-muveszeti-fesztival.hu\/index.php?rest_route=\/wp\/v2\/types\/page"}],"author":[{"embeddable":true,"href":"https:\/\/kodaly-muveszeti-fesztival.hu\/index.php?rest_route=\/wp\/v2\/users\/1"}],"replies":[{"embeddable":true,"href":"https:\/\/kodaly-muveszeti-fesztival.hu\/index.php?rest_route=%2Fwp%2Fv2%2Fcomments&post=3962"}],"version-history":[{"count":28,"href":"https:\/\/kodaly-muveszeti-fesztival.hu\/index.php?rest_route=\/wp\/v2\/pages\/3962\/revisions"}],"predecessor-version":[{"id":4431,"href":"https:\/\/kodaly-muveszeti-fesztival.hu\/index.php?rest_route=\/wp\/v2\/pages\/3962\/revisions\/4431"}],"wp:attachment":[{"href":"https:\/\/kodaly-muveszeti-fesztival.hu\/index.php?rest_route=%2Fwp%2Fv2%2Fmedia&parent=3962"}],"curies":[{"name":"wp","href":"https:\/\/api.w.org\/{rel}","templated":true}]}}