{"id":3959,"date":"2025-07-02T10:59:03","date_gmt":"2025-07-02T10:59:03","guid":{"rendered":"https:\/\/kodaly-muveszeti-fesztival.hu\/?page_id=3959"},"modified":"2025-07-22T14:00:55","modified_gmt":"2025-07-22T14:00:55","slug":"a-sokszinu-kodaly-feketen-feheren","status":"publish","type":"page","link":"https:\/\/kodaly-muveszeti-fesztival.hu\/?page_id=3959","title":{"rendered":"A SOKSZ\u00cdN\u0170 KOD\u00c1LY \u2013 FEKET\u00c9N-FEH\u00c9REN"},"content":{"rendered":"\t\t<div data-elementor-type=\"wp-page\" data-elementor-id=\"3959\" class=\"elementor elementor-3959\">\n\t\t\t\t\t\t<section class=\"elementor-section elementor-top-section elementor-element elementor-element-bf072e1 elementor-section-boxed elementor-section-height-default elementor-section-height-default\" data-id=\"bf072e1\" data-element_type=\"section\">\n\t\t\t\t\t\t<div class=\"elementor-container elementor-column-gap-default\">\n\t\t\t\t\t<div class=\"elementor-column elementor-col-100 elementor-top-column elementor-element elementor-element-f9c8219\" data-id=\"f9c8219\" data-element_type=\"column\">\n\t\t\t<div class=\"elementor-widget-wrap elementor-element-populated\">\n\t\t\t\t\t\t<div class=\"elementor-element elementor-element-eba4595 elementor-widget elementor-widget-spacer\" data-id=\"eba4595\" data-element_type=\"widget\" data-widget_type=\"spacer.default\">\n\t\t\t\t<div class=\"elementor-widget-container\">\n\t\t\t\t\t\t\t<div class=\"elementor-spacer\">\n\t\t\t<div class=\"elementor-spacer-inner\"><\/div>\n\t\t<\/div>\n\t\t\t\t\t\t<\/div>\n\t\t\t\t<\/div>\n\t\t\t\t<div class=\"elementor-element elementor-element-149e7e8 elementor-widget elementor-widget-heading\" data-id=\"149e7e8\" data-element_type=\"widget\" data-widget_type=\"heading.default\">\n\t\t\t\t<div class=\"elementor-widget-container\">\n\t\t\t\t\t<h2 class=\"elementor-heading-title elementor-size-default\">augusztus 2., szombat 18:00<br>\n\nA SOKSZ\u00cdN\u0170 KOD\u00c1LY \u2013 FEKET\u00c9N-FEH\u00c9REN\n<\/h2>\t\t\t\t<\/div>\n\t\t\t\t<\/div>\n\t\t\t\t<div class=\"elementor-element elementor-element-9afd536 elementor-widget elementor-widget-spacer\" data-id=\"9afd536\" data-element_type=\"widget\" data-widget_type=\"spacer.default\">\n\t\t\t\t<div class=\"elementor-widget-container\">\n\t\t\t\t\t\t\t<div class=\"elementor-spacer\">\n\t\t\t<div class=\"elementor-spacer-inner\"><\/div>\n\t\t<\/div>\n\t\t\t\t\t\t<\/div>\n\t\t\t\t<\/div>\n\t\t\t\t\t<\/div>\n\t\t<\/div>\n\t\t\t\t\t<\/div>\n\t\t<\/section>\n\t\t\t\t<section class=\"elementor-section elementor-top-section elementor-element elementor-element-fdbe860 elementor-section-boxed elementor-section-height-default elementor-section-height-default\" data-id=\"fdbe860\" data-element_type=\"section\">\n\t\t\t\t\t\t<div class=\"elementor-container elementor-column-gap-default\">\n\t\t\t\t\t<div class=\"elementor-column elementor-col-50 elementor-top-column elementor-element elementor-element-69c856c\" data-id=\"69c856c\" data-element_type=\"column\">\n\t\t\t<div class=\"elementor-widget-wrap elementor-element-populated\">\n\t\t\t\t\t\t<div class=\"elementor-element elementor-element-d4183e9 elementor-widget elementor-widget-image\" data-id=\"d4183e9\" data-element_type=\"widget\" data-widget_type=\"image.default\">\n\t\t\t\t<div class=\"elementor-widget-container\">\n\t\t\t\t\t\t\t\t\t\t\t\t\t\t\t<img fetchpriority=\"high\" decoding=\"async\" width=\"960\" height=\"960\" src=\"https:\/\/kodaly-muveszeti-fesztival.hu\/wp-content\/uploads\/2025\/07\/K25_WB_1080x_1-masolata-3-1024x1024.jpg\" class=\"attachment-large size-large wp-image-4090\" alt=\"\" srcset=\"https:\/\/kodaly-muveszeti-fesztival.hu\/wp-content\/uploads\/2025\/07\/K25_WB_1080x_1-masolata-3-1024x1024.jpg 1024w, https:\/\/kodaly-muveszeti-fesztival.hu\/wp-content\/uploads\/2025\/07\/K25_WB_1080x_1-masolata-3-300x300.jpg 300w, https:\/\/kodaly-muveszeti-fesztival.hu\/wp-content\/uploads\/2025\/07\/K25_WB_1080x_1-masolata-3-150x150.jpg 150w, https:\/\/kodaly-muveszeti-fesztival.hu\/wp-content\/uploads\/2025\/07\/K25_WB_1080x_1-masolata-3-768x768.jpg 768w, https:\/\/kodaly-muveszeti-fesztival.hu\/wp-content\/uploads\/2025\/07\/K25_WB_1080x_1-masolata-3-1140x1140.jpg 1140w, https:\/\/kodaly-muveszeti-fesztival.hu\/wp-content\/uploads\/2025\/07\/K25_WB_1080x_1-masolata-3-75x75.jpg 75w, https:\/\/kodaly-muveszeti-fesztival.hu\/wp-content\/uploads\/2025\/07\/K25_WB_1080x_1-masolata-3.jpg 1440w\" sizes=\"(max-width: 960px) 100vw, 960px\" \/>\t\t\t\t\t\t\t\t\t\t\t\t\t\t\t<\/div>\n\t\t\t\t<\/div>\n\t\t\t\t\t<\/div>\n\t\t<\/div>\n\t\t\t\t<div class=\"elementor-column elementor-col-50 elementor-top-column elementor-element elementor-element-2db72b7\" data-id=\"2db72b7\" data-element_type=\"column\">\n\t\t\t<div class=\"elementor-widget-wrap elementor-element-populated\">\n\t\t\t\t\t\t<div class=\"elementor-element elementor-element-ff7819f elementor-widget elementor-widget-text-editor\" data-id=\"ff7819f\" data-element_type=\"widget\" data-widget_type=\"text-editor.default\">\n\t\t\t\t<div class=\"elementor-widget-container\">\n\t\t\t\t\t\t\t\t\t<h5>Kod\u00e1ly Zolt\u00e1nr\u00f3l k\u00e9sz\u00fclt eredeti fotogr\u00e1fi\u00e1k Kert\u00e9sz Csaba gy\u0171jtem\u00e9ny\u00e9b\u0151l<\/h5><p>\u00a0<\/p><h5>Kod\u00e1ly Zolt\u00e1nnak \u201eSok arca volt\u201d. A Kod\u00e1ly gy\u0171jtem\u00e9ny 30 darabj\u00e1b\u00f3l v\u00e1logatott fot\u00f3k ezt a sokarc\u00fas\u00e1got reprezent\u00e1lj\u00e1k. A portr\u00e9k mellett, a karmesterr\u0151l, a kompon\u00e1l\u00f3r\u00f3l, csal\u00e1dj\u00e1val, magyar \u00e9s vil\u00e1gh\u00edr\u0171 zen\u00e9szt\u00e1rsaival, bar\u00e1ti t\u00e1rsas\u00e1gban k\u00e9sz\u00fclt k\u00e9pek ezt a sokf\u00e9le Kod\u00e1lyt mutatj\u00e1k.<\/h5><h5>A kor legkiv\u00e1l\u00f3bb fotogr\u00e1fusai mellett n\u00e9h\u00e1ny bar\u00e1t, ismer\u0151s amat\u0151r f\u00e9nyk\u00e9pei a kedves, der\u0171s arc\u00e1t mutatj\u00e1k.<\/h5><h5>Gink K\u00e1roly, Moln\u00e1r Edit, V\u00e1rkonyi L\u00e1szl\u00f3, Keleti \u00c9va, Boj\u00e1r S\u00e1ndor, Sz\u00e9kely Alad\u00e1r, Langer Kl\u00e1ra, Szalay Zolt\u00e1n \u00e9s m\u00e1s kiv\u00e1l\u00f3 fot\u00f3m\u0171v\u00e9sz munk\u00e1i l\u00e1that\u00f3ak a ki\u00e1ll\u00edt\u00e1sunkon.<\/h5><h5>\u201e\u00c9n, a gy\u0171jt\u0151 &#8211; ismerve azt a hatalmas \u00e9letm\u0171vet, amit h\u00e1tra hagyott &#8211; minden arc\u00e1t szeretettel \u00e9s tisztelettel szeml\u00e9lem \u00e9s rem\u00e9lem, hogy a ki\u00e1ll\u00edt\u00e1s l\u00e1togat\u00f3i is hasonl\u00f3an fogadj\u00e1k.\u201d Kert\u00e9sz Csaba<\/h5><h5><strong>A ki\u00e1ll\u00edt\u00e1st megnyitja:<\/strong> <strong>Rajk Judit a Kod\u00e1ly Int\u00e9zet igazgat\u00f3ja<\/strong><\/h5><h5><strong>Megtekinthet\u0151:<\/strong> 2025. szeptember 29-ig, az Int\u00e9zet nyitvatart\u00e1si idej\u00e9ben<\/h5>\t\t\t\t\t\t\t\t<\/div>\n\t\t\t\t<\/div>\n\t\t\t\t\t<\/div>\n\t\t<\/div>\n\t\t\t\t\t<\/div>\n\t\t<\/section>\n\t\t\t\t<section class=\"elementor-section elementor-top-section elementor-element elementor-element-cc5c8ef elementor-section-boxed elementor-section-height-default elementor-section-height-default\" data-id=\"cc5c8ef\" data-element_type=\"section\">\n\t\t\t\t\t\t<div class=\"elementor-container elementor-column-gap-default\">\n\t\t\t\t\t<div class=\"elementor-column elementor-col-100 elementor-top-column elementor-element elementor-element-cb07e6d\" data-id=\"cb07e6d\" data-element_type=\"column\">\n\t\t\t<div class=\"elementor-widget-wrap elementor-element-populated\">\n\t\t\t\t\t\t<div class=\"elementor-element elementor-element-ca71cb1 elementor-widget elementor-widget-spacer\" data-id=\"ca71cb1\" data-element_type=\"widget\" data-widget_type=\"spacer.default\">\n\t\t\t\t<div class=\"elementor-widget-container\">\n\t\t\t\t\t\t\t<div class=\"elementor-spacer\">\n\t\t\t<div class=\"elementor-spacer-inner\"><\/div>\n\t\t<\/div>\n\t\t\t\t\t\t<\/div>\n\t\t\t\t<\/div>\n\t\t\t\t<div class=\"elementor-element elementor-element-4ffaf37 elementor-align-center elementor-widget elementor-widget-button\" data-id=\"4ffaf37\" data-element_type=\"widget\" data-widget_type=\"button.default\">\n\t\t\t\t<div class=\"elementor-widget-container\">\n\t\t\t\t\t\t\t\t\t<div class=\"elementor-button-wrapper\">\n\t\t\t\t\t<a class=\"elementor-button elementor-button-link elementor-size-sm\" href=\"https:\/\/heyzine.com\/flip-book\/3fd03aea89.html\">\n\t\t\t\t\t\t<span class=\"elementor-button-content-wrapper\">\n\t\t\t\t\t\t\t\t\t<span class=\"elementor-button-text\">M\u0170SORF\u00dcZET LET\u00d6LT\u00c9SE<\/span>\n\t\t\t\t\t<\/span>\n\t\t\t\t\t<\/a>\n\t\t\t\t<\/div>\n\t\t\t\t\t\t\t\t<\/div>\n\t\t\t\t<\/div>\n\t\t\t\t<div class=\"elementor-element elementor-element-88667f2 elementor-widget elementor-widget-spacer\" data-id=\"88667f2\" data-element_type=\"widget\" data-widget_type=\"spacer.default\">\n\t\t\t\t<div class=\"elementor-widget-container\">\n\t\t\t\t\t\t\t<div class=\"elementor-spacer\">\n\t\t\t<div class=\"elementor-spacer-inner\"><\/div>\n\t\t<\/div>\n\t\t\t\t\t\t<\/div>\n\t\t\t\t<\/div>\n\t\t\t\t\t<\/div>\n\t\t<\/div>\n\t\t\t\t\t<\/div>\n\t\t<\/section>\n\t\t\t\t<section class=\"elementor-section elementor-top-section elementor-element elementor-element-e438f90 elementor-section-boxed elementor-section-height-default elementor-section-height-default\" data-id=\"e438f90\" data-element_type=\"section\">\n\t\t\t\t\t\t<div class=\"elementor-container elementor-column-gap-default\">\n\t\t\t\t\t<div class=\"elementor-column elementor-col-50 elementor-top-column elementor-element elementor-element-0ab0e54\" data-id=\"0ab0e54\" data-element_type=\"column\">\n\t\t\t<div class=\"elementor-widget-wrap elementor-element-populated\">\n\t\t\t\t\t\t<div class=\"elementor-element elementor-element-f13ffcb elementor-widget elementor-widget-text-editor\" data-id=\"f13ffcb\" data-element_type=\"widget\" data-widget_type=\"text-editor.default\">\n\t\t\t\t<div class=\"elementor-widget-container\">\n\t\t\t\t\t\t\t\t\t<h3>augusztus 2., szombat 18:00<\/h3>\n<h3><strong>Helysz\u00edn:<\/strong> Kod\u00e1ly Int\u00e9zet<\/h3>\n<h4>Megtekinthet\u0151: 2025. szeptember 29-ig, az Int\u00e9zet nyitvatart\u00e1si idej\u00e9ben<\/h4>\n<h5>A bel\u00e9p\u00e9s d\u00edjtalan!<\/h5>\t\t\t\t\t\t\t\t<\/div>\n\t\t\t\t<\/div>\n\t\t\t\t\t<\/div>\n\t\t<\/div>\n\t\t\t\t<div class=\"elementor-column elementor-col-50 elementor-top-column elementor-element elementor-element-7375453\" data-id=\"7375453\" data-element_type=\"column\">\n\t\t\t<div class=\"elementor-widget-wrap\">\n\t\t\t\t\t\t\t<\/div>\n\t\t<\/div>\n\t\t\t\t\t<\/div>\n\t\t<\/section>\n\t\t\t\t<section class=\"elementor-section elementor-top-section elementor-element elementor-element-1c8f589 elementor-section-boxed elementor-section-height-default elementor-section-height-default\" data-id=\"1c8f589\" data-element_type=\"section\">\n\t\t\t\t\t\t<div class=\"elementor-container elementor-column-gap-default\">\n\t\t\t\t\t<div class=\"elementor-column elementor-col-100 elementor-top-column elementor-element elementor-element-38a6cf5\" data-id=\"38a6cf5\" data-element_type=\"column\">\n\t\t\t<div class=\"elementor-widget-wrap elementor-element-populated\">\n\t\t\t\t\t\t<div class=\"elementor-element elementor-element-150ae8d elementor-widget elementor-widget-spacer\" data-id=\"150ae8d\" data-element_type=\"widget\" data-widget_type=\"spacer.default\">\n\t\t\t\t<div class=\"elementor-widget-container\">\n\t\t\t\t\t\t\t<div class=\"elementor-spacer\">\n\t\t\t<div class=\"elementor-spacer-inner\"><\/div>\n\t\t<\/div>\n\t\t\t\t\t\t<\/div>\n\t\t\t\t<\/div>\n\t\t\t\t<div class=\"elementor-element elementor-element-a74dbab elementor-widget elementor-widget-google_maps\" data-id=\"a74dbab\" data-element_type=\"widget\" data-widget_type=\"google_maps.default\">\n\t\t\t\t<div class=\"elementor-widget-container\">\n\t\t\t\t\t\t\t<div class=\"elementor-custom-embed\">\n\t\t\t<iframe loading=\"lazy\"\n\t\t\t\t\tsrc=\"https:\/\/maps.google.com\/maps?q=Kod%C3%A1ly%20Int%C3%A9zet&#038;t=m&#038;z=17&#038;output=embed&#038;iwloc=near\"\n\t\t\t\t\ttitle=\"Kod\u00e1ly Int\u00e9zet\"\n\t\t\t\t\taria-label=\"Kod\u00e1ly Int\u00e9zet\"\n\t\t\t><\/iframe>\n\t\t<\/div>\n\t\t\t\t\t\t<\/div>\n\t\t\t\t<\/div>\n\t\t\t\t\t<\/div>\n\t\t<\/div>\n\t\t\t\t\t<\/div>\n\t\t<\/section>\n\t\t\t\t<\/div>\n\t\t","protected":false},"excerpt":{"rendered":"<p>augusztus 2., szombat 18:00 A SOKSZ\u00cdN\u0170 KOD\u00c1LY \u2013 FEKET\u00c9N-FEH\u00c9REN Kod\u00e1ly Zolt\u00e1nr\u00f3l k\u00e9sz\u00fclt eredeti fotogr\u00e1fi\u00e1k Kert\u00e9sz Csaba gy\u0171jtem\u00e9ny\u00e9b\u0151l \u00a0 Kod\u00e1ly Zolt\u00e1nnak \u201eSok arca volt\u201d. A Kod\u00e1ly gy\u0171jtem\u00e9ny 30 darabj\u00e1b\u00f3l v\u00e1logatott fot\u00f3k ezt a sokarc\u00fas\u00e1got reprezent\u00e1lj\u00e1k. A portr\u00e9k mellett, a karmesterr\u0151l, a kompon\u00e1l\u00f3r\u00f3l, csal\u00e1dj\u00e1val, magyar \u00e9s vil\u00e1gh\u00edr\u0171 zen\u00e9szt\u00e1rsaival, bar\u00e1ti t\u00e1rsas\u00e1gban k\u00e9sz\u00fclt k\u00e9pek ezt a sokf\u00e9le Kod\u00e1lyt mutatj\u00e1k. A kor legkiv\u00e1l\u00f3bb fotogr\u00e1fusai mellett n\u00e9h\u00e1ny bar\u00e1t, ismer\u0151s amat\u0151r f\u00e9nyk\u00e9pei a kedves, der\u0171s arc\u00e1t mutatj\u00e1k. Gink K\u00e1roly, Moln\u00e1r Edit, V\u00e1rkonyi L\u00e1szl\u00f3, Keleti \u00c9va, Boj\u00e1r S\u00e1ndor, Sz\u00e9kely Alad\u00e1r, Langer Kl\u00e1ra, Szalay Zolt\u00e1n \u00e9s m\u00e1s kiv\u00e1l\u00f3 fot\u00f3m\u0171v\u00e9sz munk\u00e1i l\u00e1that\u00f3ak a ki\u00e1ll\u00edt\u00e1sunkon. \u201e\u00c9n, a gy\u0171jt\u0151 &#8211; ismerve azt a hatalmas \u00e9letm\u0171vet, amit h\u00e1tra hagyott &#8211; minden arc\u00e1t szeretettel \u00e9s tisztelettel szeml\u00e9lem \u00e9s rem\u00e9lem, hogy a ki\u00e1ll\u00edt\u00e1s l\u00e1togat\u00f3i is hasonl\u00f3an fogadj\u00e1k.\u201d Kert\u00e9sz Csaba A ki\u00e1ll\u00edt\u00e1st megnyitja: Rajk Judit a Kod\u00e1ly Int\u00e9zet igazgat\u00f3ja Megtekinthet\u0151: 2025. szeptember 29-ig, az Int\u00e9zet nyitvatart\u00e1si idej\u00e9ben M\u0170SORF\u00dcZET LET\u00d6LT\u00c9SE augusztus 2., szombat 18:00 Helysz\u00edn: Kod\u00e1ly Int\u00e9zet Megtekinthet\u0151: 2025. szeptember 29-ig, az Int\u00e9zet nyitvatart\u00e1si idej\u00e9ben A bel\u00e9p\u00e9s d\u00edjtalan!<\/p>\n","protected":false},"author":1,"featured_media":0,"parent":0,"menu_order":0,"comment_status":"closed","ping_status":"closed","template":"","meta":{"footnotes":""},"class_list":["post-3959","page","type-page","status-publish","hentry"],"_links":{"self":[{"href":"https:\/\/kodaly-muveszeti-fesztival.hu\/index.php?rest_route=\/wp\/v2\/pages\/3959","targetHints":{"allow":["GET"]}}],"collection":[{"href":"https:\/\/kodaly-muveszeti-fesztival.hu\/index.php?rest_route=\/wp\/v2\/pages"}],"about":[{"href":"https:\/\/kodaly-muveszeti-fesztival.hu\/index.php?rest_route=\/wp\/v2\/types\/page"}],"author":[{"embeddable":true,"href":"https:\/\/kodaly-muveszeti-fesztival.hu\/index.php?rest_route=\/wp\/v2\/users\/1"}],"replies":[{"embeddable":true,"href":"https:\/\/kodaly-muveszeti-fesztival.hu\/index.php?rest_route=%2Fwp%2Fv2%2Fcomments&post=3959"}],"version-history":[{"count":16,"href":"https:\/\/kodaly-muveszeti-fesztival.hu\/index.php?rest_route=\/wp\/v2\/pages\/3959\/revisions"}],"predecessor-version":[{"id":4437,"href":"https:\/\/kodaly-muveszeti-fesztival.hu\/index.php?rest_route=\/wp\/v2\/pages\/3959\/revisions\/4437"}],"wp:attachment":[{"href":"https:\/\/kodaly-muveszeti-fesztival.hu\/index.php?rest_route=%2Fwp%2Fv2%2Fmedia&parent=3959"}],"curies":[{"name":"wp","href":"https:\/\/api.w.org\/{rel}","templated":true}]}}