{"id":3790,"date":"2024-07-16T13:03:04","date_gmt":"2024-07-16T13:03:04","guid":{"rendered":"https:\/\/kodaly-muveszeti-fesztival.hu\/?page_id=3790"},"modified":"2024-07-16T13:07:46","modified_gmt":"2024-07-16T13:07:46","slug":"ismet-kodaly-muveszeti-fesztival-kecskemeten","status":"publish","type":"page","link":"https:\/\/kodaly-muveszeti-fesztival.hu\/?page_id=3790","title":{"rendered":"ISM\u00c9T KOD\u00c1LY M\u0170V\u00c9SZETI FESZTIV\u00c1L KECSKEM\u00c9TEN!\u00a0"},"content":{"rendered":"\t\t<div data-elementor-type=\"wp-page\" data-elementor-id=\"3790\" class=\"elementor elementor-3790\">\n\t\t\t\t\t\t<section class=\"elementor-section elementor-top-section elementor-element elementor-element-84ee9c6 elementor-section-boxed elementor-section-height-default elementor-section-height-default\" data-id=\"84ee9c6\" data-element_type=\"section\">\n\t\t\t\t\t\t<div class=\"elementor-container elementor-column-gap-default\">\n\t\t\t\t\t<div class=\"elementor-column elementor-col-100 elementor-top-column elementor-element elementor-element-b09b917\" data-id=\"b09b917\" data-element_type=\"column\">\n\t\t\t<div class=\"elementor-widget-wrap elementor-element-populated\">\n\t\t\t\t\t\t<div class=\"elementor-element elementor-element-66335ca elementor-widget elementor-widget-spacer\" data-id=\"66335ca\" data-element_type=\"widget\" data-widget_type=\"spacer.default\">\n\t\t\t\t<div class=\"elementor-widget-container\">\n\t\t\t\t\t\t\t<div class=\"elementor-spacer\">\n\t\t\t<div class=\"elementor-spacer-inner\"><\/div>\n\t\t<\/div>\n\t\t\t\t\t\t<\/div>\n\t\t\t\t<\/div>\n\t\t\t\t<div class=\"elementor-element elementor-element-a8856d7 elementor-widget elementor-widget-heading\" data-id=\"a8856d7\" data-element_type=\"widget\" data-widget_type=\"heading.default\">\n\t\t\t\t<div class=\"elementor-widget-container\">\n\t\t\t\t\t<h2 class=\"elementor-heading-title elementor-size-default\">ISM\u00c9T KOD\u00c1LY M\u0170V\u00c9SZETI FESZTIV\u00c1L KECSKEM\u00c9TEN!<\/h2>\t\t\t\t<\/div>\n\t\t\t\t<\/div>\n\t\t\t\t<div class=\"elementor-element elementor-element-be6dfd0 elementor-widget elementor-widget-spacer\" data-id=\"be6dfd0\" data-element_type=\"widget\" data-widget_type=\"spacer.default\">\n\t\t\t\t<div class=\"elementor-widget-container\">\n\t\t\t\t\t\t\t<div class=\"elementor-spacer\">\n\t\t\t<div class=\"elementor-spacer-inner\"><\/div>\n\t\t<\/div>\n\t\t\t\t\t\t<\/div>\n\t\t\t\t<\/div>\n\t\t\t\t<div class=\"elementor-element elementor-element-d2c706f elementor-widget elementor-widget-text-editor\" data-id=\"d2c706f\" data-element_type=\"widget\" data-widget_type=\"text-editor.default\">\n\t\t\t\t<div class=\"elementor-widget-container\">\n\t\t\t\t\t\t\t\t\t<h5>T\u00f6bb mint hat nagyfesztiv\u00e1l szervez\u00e9se, maximalista hozz\u00e1\u00e1ll\u00e1s, k\u00fcldet\u00e9studat hatja \u00e1t Barta D\u00f3ra ir\u00e1ny\u00edt\u00e1sa alatt m\u0171k\u00f6d\u0151 kecskem\u00e9ti H\u00edr\u00f6s Ag\u00f3ra idei \u00e9v\u00e9t. Az egyik tradicion\u00e1lis gy\u00f6ngyszem ezek k\u00f6z\u00fcl a Kod\u00e1ly M\u0171v\u00e9szeti Fesztiv\u00e1l. Az idei ny\u00e1ron j\u00falius 22-28. k\u00f6z\u00f6tt ker\u00fcl megrendez\u00e9sre ez az imm\u00e1r mintegy f\u00e9l\u00e9vsz\u00e1zados m\u00faltra visszatekint\u0151 nemzetk\u00f6zi h\u00edr\u0171 \u00e9s rang\u00fa esem\u00e9nysorozat, a h\u00edr\u00f6s v\u00e1ros legszebb \u00e9s leghangulatosabb helysz\u00ednein ez\u00fattal is kiv\u00e1l\u00f3 el\u0151ad\u00f3m\u0171v\u00e9szeket felvonultatva. A Kecskem\u00e9t v\u00e1ros\u00e1hoz eg\u00e9sz \u00e9let\u00e9n \u00e1t szorosan k\u00f6t\u0151d\u0151, vil\u00e1gszerte ismert \u00e9s elismert zeneszerz\u0151 \u00e9s zenepedag\u00f3gus Kod\u00e1ly Zolt\u00e1n munk\u00e1ss\u00e1g\u00e1t tov\u00e1bb\u00e9ltet\u0151 \u00e9s tov\u00e1bbfejleszt\u0151 Kod\u00e1ly Szemin\u00e1riumnak 1970 \u00f3ta ad otthont a megyesz\u00e9khely.<\/h5><h5>\u00a0<\/h5><h5>A vil\u00e1g szinte valamennyi \u00e9gt\u00e1j\u00e1r\u00f3l \u00e9rkez\u0151 kutat\u00f3k \u00e9s oktat\u00f3k r\u00e9szv\u00e9tel\u00e9vel zajl\u00f3 rendezv\u00e9nyhez m\u00e1r a kezdetekt\u0151l fogva egy hangversenysorozat is kapcsol\u00f3dott, amely azt\u00e1n k\u00e9s\u0151bb 1991-t\u0151l Kod\u00e1ly Fesztiv\u00e1l, majd 1998-t\u00f3l Kod\u00e1ly M\u0171v\u00e9szeti Fesztiv\u00e1l n\u00e9ven v\u00e1lt sz\u00e9les k\u00f6rben ismertt\u00e9 \u00e9s n\u00e9pszer\u0171v\u00e9. H\u00edven n\u00e9vad\u00f3j\u00e1nak szellem\u00e9hez \u00e9s ig\u00e9nyess\u00e9g\u00e9hez az elm\u00falt \u00e9vtizedek sor\u00e1n a hazai \u00e9s nemzetk\u00f6zi zenei \u00e9let legnagyobb egy\u00e9nis\u00e9geit l\u00e1tta vend\u00e9g\u00fcl: az Amadinda egy\u00fcttest\u0151l, Kocsis Zolt\u00e1nt\u00f3l Per\u00e9nyi Mikl\u00f3son \u00e1t V\u00e1s\u00e1ry Tam\u00e1sig \u00e9s a vatik\u00e1ni Sixtus-k\u00e1polna k\u00f3rus\u00e1ig, hogy csak n\u00e9h\u00e1nyat eml\u00edts\u00fcnk a legeml\u00e9kezetesebb koncertekb\u0151l \u00e9s fell\u00e9p\u0151kb\u0151l. Term\u00e9szetesen a fesztiv\u00e1lt szervez\u0151 H\u00edr\u00f6s Ag\u00f3ra az idei \u00e9vben is gondoskodik r\u00f3la, hogy ne legyen hi\u00e1ny szt\u00e1rfell\u00e9p\u0151kb\u0151l.<\/h5><h5>\u00a0<\/h5><h5>J\u00falius 22-\u00e9n, a nyit\u00f3napon mindj\u00e1rt egy emblematikus form\u00e1ci\u00f3 l\u00e9p a mind\u00f6ssze n\u00e9h\u00e1ny h\u00f3napja megny\u00edlt H\u00edr\u00f6s Ag\u00f3ra \u00faj reprezentat\u00edv helysz\u00edne, a KultKaszin\u00f3 sz\u00ednpad\u00e1ra: a Kod\u00e1ly Quartet. A Kossuth-d\u00edjjal is elismert kiv\u00e1l\u00f3 kamaraegy\u00fcttes 1966-ban alakult a Liszt Ferenc Zenem\u0171v\u00e9szeti F\u0151iskola n\u00f6vend\u00e9keib\u0151l. Eddig k\u00f6zel 70 lemez\u00fck jelent meg, megsz\u00e1ml\u00e1lhatatlanul sok orsz\u00e1gban, \u00e9vtizedek \u00f3ta rendszeresen visszat\u00e9r\u0151 vend\u00e9gei a vil\u00e1g legrangosabb koncerttermeinek \u00e9s fesztiv\u00e1ljainak.<\/h5><h5>\u00a0<\/h5><h5>J\u00falius 23-\u00e1n a belv\u00e1ros egyik gy\u00f6ngyszeme, a Romkert ad otthont a Kod\u00e1ly Spicy Jazz projekt hangverseny\u00e9nek, amely izgalmas, friss, fiatalos \u00e9s trendi zenei \u00e9lm\u00e9nyt tartogat. A Kod\u00e1ly Zolt\u00e1n \u00e1ltal is feldolgozott legszebb \u00e9s legismertebb magyar n\u00e9pdalok ez\u00fattal \u00fajragondolt form\u00e1ban, jazz k\u00f6nt\u00f6sben sz\u00f3lalnak meg.<\/h5><h5>\u00a0<\/h5><h5>J\u00falius 26-\u00e1n ism\u00e9t rendk\u00edv\u00fcli \u00e9lm\u00e9nyben lesz r\u00e9sze a H\u00edr\u00f6s Ag\u00f3ra Kultur\u00e1lis K\u00f6zpontba ell\u00e1togat\u00f3 zenekedvel\u0151knek. P\u00e9ter Bence virtu\u00f3z zongoram\u0171v\u00e9sz, zeneszerz\u0151 \u00e9s zenei producer l\u00e9p sz\u00ednpadra, aki \u00f6t kontinens imm\u00e1r 43 orsz\u00e1g\u00e1ban adott telth\u00e1zas koncertet. 2012 \u00f3ta \u0151 &#8222;A vil\u00e1g leggyorsabb kez\u0171 zongorist\u00e1ja&#8221;: a Guiness Rekordok K\u00f6nyv\u00e9ben P\u00e9ter Bence tartja az egy perc alatt le\u00fct\u00f6tt legt\u00f6bb zongorahang rekordj\u00e1t, 765 le\u00fct\u00f6tt hanggal. Zeneszerz\u0151k\u00e9nt sz\u00e9lesre t\u00e1rja a m\u0171fajok kapuit, kompoz\u00edci\u00f3iban a pop elemei keverednek a rockkal \u00e9s a klasszikus hangz\u00e1sokkal. Eml\u00e9kezetes este lesz, ehhez k\u00e9ts\u00e9g sem f\u00e9rhet.<\/h5><h5>\u00a0<\/h5><h5>J\u00falius 27-\u00e9n ism\u00e9t k\u00fcl\u00f6nleges hangz\u00e1s, ism\u00e9t k\u00fcl\u00f6nleges k\u00f6rnyezetben. A Trio Passacaglia m\u00e1r fel\u00e1ll\u00e1s\u00e1ban is igazi unikum: k\u00e9t \u00e9nekes \u00e9s egy csellista alkotja a form\u00e1ci\u00f3t, amelynek reperto\u00e1rja a gregori\u00e1nokt\u00f3l a renesz\u00e1nsz \u00e9s barokk m\u0171veken \u00e1t eg\u00e9szen napjainkig \u00edvel, hiszen koncertj\u00fck m\u00e1sodik r\u00e9sz\u00e9ben egy 2023-ban kifejezetten az egy\u00fcttes sz\u00e1m\u00e1ra \u00edrt Tornyai P\u00e9ter kompoz\u00edci\u00f3t mutatnak be. J\u00falius 28-a sem marad k\u00fcl\u00f6nleges l\u00e1tv\u00e1nyoss\u00e1g n\u00e9lk\u00fcl.<\/h5><h5>\u00a0<\/h5><h5>Z\u00e1r\u00f3akkordk\u00e9nt a gy\u00f6ny\u00f6r\u0171 kecskem\u00e9ti F\u0151t\u00e9r hatalmas \u00e1rnyas f\u00e1i erre az est\u00e9re k\u00e1pr\u00e1zatos f\u00e9nyekbe \u00f6lt\u00f6znek, s az Atmoszf\u00e9ra koncert n\u00e9z\u0151it a Holl\u00f3k\u0151i Huba vez\u00e9nyelte Kecskem\u00e9ti Szimfonikus Zenekar koncertj\u00e9n Vivaldi \u00e9s kort\u00e1rs \u201e\u00fajrakompon\u00e1l\u00f3ja\u201d, Max Richter m\u0171vei var\u00e1zsolj\u00e1k majd el egy kiv\u00e1l\u00f3 brit heged\u0171virtu\u00f3z, Daniel Rowland vend\u00e9gszerepl\u00e9s\u00e9vel, akinek j\u00e1t\u00e9k\u00e1r\u00f3l a neves angol lap, a The Guardian kritikusa \u00edgy \u00edrt: <em>\u201ecsod\u00e1latos \u00e9s a maga finoms\u00e1g\u00e1ban elb\u0171v\u00f6l\u0151\u201d.<\/em><\/h5><p>\u00a0<\/p>\t\t\t\t\t\t\t\t<\/div>\n\t\t\t\t<\/div>\n\t\t\t\t\t<\/div>\n\t\t<\/div>\n\t\t\t\t\t<\/div>\n\t\t<\/section>\n\t\t\t\t<\/div>\n\t\t","protected":false},"excerpt":{"rendered":"<p>ISM\u00c9T KOD\u00c1LY M\u0170V\u00c9SZETI FESZTIV\u00c1L KECSKEM\u00c9TEN! T\u00f6bb mint hat nagyfesztiv\u00e1l szervez\u00e9se, maximalista hozz\u00e1\u00e1ll\u00e1s, k\u00fcldet\u00e9studat hatja \u00e1t Barta D\u00f3ra ir\u00e1ny\u00edt\u00e1sa alatt m\u0171k\u00f6d\u0151 kecskem\u00e9ti H\u00edr\u00f6s Ag\u00f3ra idei \u00e9v\u00e9t. Az egyik tradicion\u00e1lis gy\u00f6ngyszem ezek k\u00f6z\u00fcl a Kod\u00e1ly M\u0171v\u00e9szeti Fesztiv\u00e1l. Az idei ny\u00e1ron j\u00falius 22-28. k\u00f6z\u00f6tt ker\u00fcl megrendez\u00e9sre ez az imm\u00e1r mintegy f\u00e9l\u00e9vsz\u00e1zados m\u00faltra visszatekint\u0151 nemzetk\u00f6zi h\u00edr\u0171 \u00e9s rang\u00fa esem\u00e9nysorozat, a h\u00edr\u00f6s v\u00e1ros legszebb \u00e9s leghangulatosabb helysz\u00ednein ez\u00fattal is kiv\u00e1l\u00f3 el\u0151ad\u00f3m\u0171v\u00e9szeket felvonultatva. A Kecskem\u00e9t v\u00e1ros\u00e1hoz eg\u00e9sz \u00e9let\u00e9n \u00e1t szorosan k\u00f6t\u0151d\u0151, vil\u00e1gszerte ismert \u00e9s elismert zeneszerz\u0151 \u00e9s zenepedag\u00f3gus Kod\u00e1ly Zolt\u00e1n munk\u00e1ss\u00e1g\u00e1t tov\u00e1bb\u00e9ltet\u0151 \u00e9s tov\u00e1bbfejleszt\u0151 Kod\u00e1ly Szemin\u00e1riumnak 1970 \u00f3ta ad otthont a megyesz\u00e9khely. \u00a0 A vil\u00e1g szinte valamennyi \u00e9gt\u00e1j\u00e1r\u00f3l \u00e9rkez\u0151 kutat\u00f3k \u00e9s oktat\u00f3k r\u00e9szv\u00e9tel\u00e9vel zajl\u00f3 rendezv\u00e9nyhez m\u00e1r a kezdetekt\u0151l fogva egy hangversenysorozat is kapcsol\u00f3dott, amely azt\u00e1n k\u00e9s\u0151bb 1991-t\u0151l Kod\u00e1ly Fesztiv\u00e1l, majd 1998-t\u00f3l Kod\u00e1ly M\u0171v\u00e9szeti Fesztiv\u00e1l n\u00e9ven v\u00e1lt sz\u00e9les k\u00f6rben ismertt\u00e9 \u00e9s n\u00e9pszer\u0171v\u00e9. H\u00edven n\u00e9vad\u00f3j\u00e1nak szellem\u00e9hez \u00e9s ig\u00e9nyess\u00e9g\u00e9hez az elm\u00falt \u00e9vtizedek sor\u00e1n a hazai \u00e9s nemzetk\u00f6zi zenei \u00e9let legnagyobb egy\u00e9nis\u00e9geit l\u00e1tta vend\u00e9g\u00fcl: az Amadinda egy\u00fcttest\u0151l, Kocsis Zolt\u00e1nt\u00f3l Per\u00e9nyi Mikl\u00f3son \u00e1t V\u00e1s\u00e1ry Tam\u00e1sig \u00e9s a vatik\u00e1ni Sixtus-k\u00e1polna k\u00f3rus\u00e1ig, hogy csak n\u00e9h\u00e1nyat eml\u00edts\u00fcnk a legeml\u00e9kezetesebb koncertekb\u0151l \u00e9s fell\u00e9p\u0151kb\u0151l. Term\u00e9szetesen a fesztiv\u00e1lt szervez\u0151 H\u00edr\u00f6s Ag\u00f3ra az idei \u00e9vben is gondoskodik r\u00f3la, hogy ne legyen hi\u00e1ny szt\u00e1rfell\u00e9p\u0151kb\u0151l. \u00a0 J\u00falius 22-\u00e9n, a nyit\u00f3napon mindj\u00e1rt egy emblematikus form\u00e1ci\u00f3 l\u00e9p a mind\u00f6ssze n\u00e9h\u00e1ny h\u00f3napja megny\u00edlt H\u00edr\u00f6s Ag\u00f3ra \u00faj reprezentat\u00edv helysz\u00edne, a KultKaszin\u00f3 sz\u00ednpad\u00e1ra: a Kod\u00e1ly Quartet. A Kossuth-d\u00edjjal is elismert kiv\u00e1l\u00f3 kamaraegy\u00fcttes 1966-ban alakult a Liszt Ferenc Zenem\u0171v\u00e9szeti F\u0151iskola n\u00f6vend\u00e9keib\u0151l. Eddig k\u00f6zel 70 lemez\u00fck jelent meg, megsz\u00e1ml\u00e1lhatatlanul sok orsz\u00e1gban, \u00e9vtizedek \u00f3ta rendszeresen visszat\u00e9r\u0151 vend\u00e9gei a vil\u00e1g legrangosabb koncerttermeinek \u00e9s fesztiv\u00e1ljainak. \u00a0 J\u00falius 23-\u00e1n a belv\u00e1ros egyik gy\u00f6ngyszeme, a Romkert ad otthont a Kod\u00e1ly Spicy Jazz projekt hangverseny\u00e9nek, amely izgalmas, friss, fiatalos \u00e9s trendi zenei \u00e9lm\u00e9nyt tartogat. A Kod\u00e1ly Zolt\u00e1n \u00e1ltal is feldolgozott legszebb \u00e9s legismertebb magyar n\u00e9pdalok ez\u00fattal \u00fajragondolt form\u00e1ban, jazz k\u00f6nt\u00f6sben sz\u00f3lalnak meg. \u00a0 J\u00falius 26-\u00e1n ism\u00e9t rendk\u00edv\u00fcli \u00e9lm\u00e9nyben lesz r\u00e9sze a H\u00edr\u00f6s Ag\u00f3ra Kultur\u00e1lis K\u00f6zpontba ell\u00e1togat\u00f3 zenekedvel\u0151knek. P\u00e9ter Bence virtu\u00f3z zongoram\u0171v\u00e9sz, zeneszerz\u0151 \u00e9s zenei producer l\u00e9p sz\u00ednpadra, aki \u00f6t kontinens imm\u00e1r 43 orsz\u00e1g\u00e1ban adott telth\u00e1zas koncertet. 2012 \u00f3ta \u0151 &#8222;A vil\u00e1g leggyorsabb kez\u0171 zongorist\u00e1ja&#8221;: a Guiness Rekordok K\u00f6nyv\u00e9ben P\u00e9ter Bence tartja az egy perc alatt le\u00fct\u00f6tt legt\u00f6bb zongorahang rekordj\u00e1t, 765 le\u00fct\u00f6tt hanggal. Zeneszerz\u0151k\u00e9nt sz\u00e9lesre t\u00e1rja a m\u0171fajok kapuit, kompoz\u00edci\u00f3iban a pop elemei keverednek a rockkal \u00e9s a klasszikus hangz\u00e1sokkal. Eml\u00e9kezetes este lesz, ehhez k\u00e9ts\u00e9g sem f\u00e9rhet. \u00a0 J\u00falius 27-\u00e9n ism\u00e9t k\u00fcl\u00f6nleges hangz\u00e1s, ism\u00e9t k\u00fcl\u00f6nleges k\u00f6rnyezetben. A Trio Passacaglia m\u00e1r fel\u00e1ll\u00e1s\u00e1ban is igazi unikum: k\u00e9t \u00e9nekes \u00e9s egy csellista alkotja a form\u00e1ci\u00f3t, amelynek reperto\u00e1rja a gregori\u00e1nokt\u00f3l a renesz\u00e1nsz \u00e9s barokk m\u0171veken \u00e1t eg\u00e9szen napjainkig \u00edvel, hiszen koncertj\u00fck m\u00e1sodik r\u00e9sz\u00e9ben egy 2023-ban kifejezetten az egy\u00fcttes sz\u00e1m\u00e1ra \u00edrt Tornyai P\u00e9ter kompoz\u00edci\u00f3t mutatnak be. J\u00falius 28-a sem marad k\u00fcl\u00f6nleges l\u00e1tv\u00e1nyoss\u00e1g n\u00e9lk\u00fcl. \u00a0 Z\u00e1r\u00f3akkordk\u00e9nt a gy\u00f6ny\u00f6r\u0171 kecskem\u00e9ti F\u0151t\u00e9r hatalmas \u00e1rnyas f\u00e1i erre az est\u00e9re k\u00e1pr\u00e1zatos f\u00e9nyekbe \u00f6lt\u00f6znek, s az Atmoszf\u00e9ra koncert n\u00e9z\u0151it a Holl\u00f3k\u0151i Huba vez\u00e9nyelte Kecskem\u00e9ti Szimfonikus Zenekar koncertj\u00e9n Vivaldi \u00e9s kort\u00e1rs \u201e\u00fajrakompon\u00e1l\u00f3ja\u201d, Max Richter m\u0171vei var\u00e1zsolj\u00e1k majd el egy kiv\u00e1l\u00f3 brit heged\u0171virtu\u00f3z, Daniel Rowland vend\u00e9gszerepl\u00e9s\u00e9vel, akinek j\u00e1t\u00e9k\u00e1r\u00f3l a neves angol lap, a The Guardian kritikusa \u00edgy \u00edrt: \u201ecsod\u00e1latos \u00e9s a maga finoms\u00e1g\u00e1ban elb\u0171v\u00f6l\u0151\u201d. \u00a0<\/p>\n","protected":false},"author":1,"featured_media":0,"parent":0,"menu_order":0,"comment_status":"closed","ping_status":"closed","template":"","meta":{"footnotes":""},"class_list":["post-3790","page","type-page","status-publish","hentry"],"_links":{"self":[{"href":"https:\/\/kodaly-muveszeti-fesztival.hu\/index.php?rest_route=\/wp\/v2\/pages\/3790","targetHints":{"allow":["GET"]}}],"collection":[{"href":"https:\/\/kodaly-muveszeti-fesztival.hu\/index.php?rest_route=\/wp\/v2\/pages"}],"about":[{"href":"https:\/\/kodaly-muveszeti-fesztival.hu\/index.php?rest_route=\/wp\/v2\/types\/page"}],"author":[{"embeddable":true,"href":"https:\/\/kodaly-muveszeti-fesztival.hu\/index.php?rest_route=\/wp\/v2\/users\/1"}],"replies":[{"embeddable":true,"href":"https:\/\/kodaly-muveszeti-fesztival.hu\/index.php?rest_route=%2Fwp%2Fv2%2Fcomments&post=3790"}],"version-history":[{"count":7,"href":"https:\/\/kodaly-muveszeti-fesztival.hu\/index.php?rest_route=\/wp\/v2\/pages\/3790\/revisions"}],"predecessor-version":[{"id":3797,"href":"https:\/\/kodaly-muveszeti-fesztival.hu\/index.php?rest_route=\/wp\/v2\/pages\/3790\/revisions\/3797"}],"wp:attachment":[{"href":"https:\/\/kodaly-muveszeti-fesztival.hu\/index.php?rest_route=%2Fwp%2Fv2%2Fmedia&parent=3790"}],"curies":[{"name":"wp","href":"https:\/\/api.w.org\/{rel}","templated":true}]}}