{"id":2884,"date":"2022-07-25T11:35:40","date_gmt":"2022-07-25T11:35:40","guid":{"rendered":"https:\/\/kodaly-muveszeti-fesztival.hu\/?page_id=2884"},"modified":"2022-07-26T11:25:59","modified_gmt":"2022-07-26T11:25:59","slug":"uj-muveszeti-vezeto-a-kecskemeti-szimfonikus-zenekar-elen","status":"publish","type":"page","link":"https:\/\/kodaly-muveszeti-fesztival.hu\/?page_id=2884","title":{"rendered":"\u00daJ M\u0170V\u00c9SZETI VEZET\u0150 A KECSKEM\u00c9TI SZIMFONIKUS ZENEKAR \u00c9L\u00c9N"},"content":{"rendered":"\t\t<div data-elementor-type=\"wp-page\" data-elementor-id=\"2884\" class=\"elementor elementor-2884\">\n\t\t\t\t\t\t<section class=\"elementor-section elementor-top-section elementor-element elementor-element-a94c828 elementor-section-boxed elementor-section-height-default elementor-section-height-default\" data-id=\"a94c828\" data-element_type=\"section\">\n\t\t\t\t\t\t<div class=\"elementor-container elementor-column-gap-default\">\n\t\t\t\t\t<div class=\"elementor-column elementor-col-100 elementor-top-column elementor-element elementor-element-c11b234\" data-id=\"c11b234\" data-element_type=\"column\">\n\t\t\t<div class=\"elementor-widget-wrap elementor-element-populated\">\n\t\t\t\t\t\t<div class=\"elementor-element elementor-element-a56b0c1 elementor-widget elementor-widget-spacer\" data-id=\"a56b0c1\" data-element_type=\"widget\" data-widget_type=\"spacer.default\">\n\t\t\t\t<div class=\"elementor-widget-container\">\n\t\t\t\t\t\t\t<div class=\"elementor-spacer\">\n\t\t\t<div class=\"elementor-spacer-inner\"><\/div>\n\t\t<\/div>\n\t\t\t\t\t\t<\/div>\n\t\t\t\t<\/div>\n\t\t\t\t<div class=\"elementor-element elementor-element-62fe95a elementor-widget elementor-widget-heading\" data-id=\"62fe95a\" data-element_type=\"widget\" data-widget_type=\"heading.default\">\n\t\t\t\t<div class=\"elementor-widget-container\">\n\t\t\t\t\t<h2 class=\"elementor-heading-title elementor-size-default\">\u00daj m\u0171v\u00e9szeti vezet\u0151 a Kecskem\u00e9ti Szimfonikus Zenekar \u00e9l\u00e9n<\/h2>\t\t\t\t<\/div>\n\t\t\t\t<\/div>\n\t\t\t\t<section class=\"elementor-section elementor-inner-section elementor-element elementor-element-8bed89c elementor-section-boxed elementor-section-height-default elementor-section-height-default\" data-id=\"8bed89c\" data-element_type=\"section\">\n\t\t\t\t\t\t<div class=\"elementor-container elementor-column-gap-default\">\n\t\t\t\t\t<div class=\"elementor-column elementor-col-100 elementor-inner-column elementor-element elementor-element-266e50d\" data-id=\"266e50d\" data-element_type=\"column\">\n\t\t\t<div class=\"elementor-widget-wrap elementor-element-populated\">\n\t\t\t\t\t\t<div class=\"elementor-element elementor-element-f6f1cac elementor-widget elementor-widget-text-editor\" data-id=\"f6f1cac\" data-element_type=\"widget\" data-widget_type=\"text-editor.default\">\n\t\t\t\t<div class=\"elementor-widget-container\">\n\t\t\t\t\t\t\t\t\t<h5><span style=\"font-weight: 400;\">Holl\u00f3k\u0151i Huba az \u00faj vezet\u0151 dirigens neve m\u00e1r nem ismeretlen a kecskem\u00e9ti k\u00f6z\u00f6ns\u00e9g el\u0151tt, hiszen az elm\u00falt \u00e9vben t\u00f6bb nagy siker\u0171 koncerten is vez\u00e9nyelte v\u00e1rosunk nagy m\u00falt\u00fa zenekar\u00e1t. Kinevez\u00e9s\u00e9vel \u00faj korszak kezd\u0151dik az egy\u00fcttes \u00e9let\u00e9ben, egy fiatal, de jelent\u0151s nemzetk\u00f6zi tapasztalatokkal rendelkez\u0151, menedzserszeml\u00e9let\u0171 vezet\u0151 ir\u00e1ny\u00edt\u00e1s\u00e1val fejl\u0151dhet tov\u00e1bb.<\/span><\/h5><h5><span style=\"font-weight: 400;\">Barta D\u00f3ra, a Kecskem\u00e9ti Szimfonikus Zenekar \u00e9s a Kecskem\u00e9t T\u00e1ncegy\u00fcttes fenntart\u00f3jak\u00e9nt is m\u0171k\u00f6d\u0151 H\u00edr\u00f6s Ag\u00f3ra Kultur\u00e1lis K\u00f6zpont tavaly ny\u00e1ron kinevezett \u00fcgyvezet\u0151 igazgat\u00f3ja munk\u00e1j\u00e1nak kezdetekor egyik legfontosabb feladat\u00e1nak tekintette, hogy v\u00e1rosunk k\u00e9t patin\u00e1s m\u0171v\u00e9szeti egy\u00fcttes\u00e9nek tov\u00e1bbi fejl\u0151d\u00e9s\u00e9t, min\u0151s\u00e9gi munk\u00e1juk min\u00e9l teljesebb kibontakoz\u00e1s\u00e1t lehet\u0151s\u00e9geihez m\u00e9rten a legink\u00e1bb seg\u00edtse.&nbsp;<\/span><\/h5><h5><span style=\"font-weight: 400;\"><br><\/span><\/h5><h5><span style=\"font-weight: 400;\">Az egyik legfontosabb \u00e9s leg\u00e9get\u0151bb feladat volt megtal\u00e1lni a zenekar \u00faj vezet\u0151j\u00e9t, lehet\u0151leg egy olyan m\u0171v\u00e9sz szem\u00e9ly\u00e9ben, aki nem csak tehets\u00e9g\u00e9vel, de innovat\u00edv szeml\u00e9let\u00e9vel \u00e9s nemzetk\u00f6zi kapcsolatrendszer\u00e9vel is sokat tehet majd az egy\u00fcttes min\u0151s\u00e9g\u00e9nek tov\u00e1bb fejleszt\u00e9s\u00e9\u00e9rt \u00e9s az elk\u00f6vetkez\u0151 \u00e9vek sikeres m\u0171k\u00f6d\u00e9s\u00e9\u00e9rt.<\/span><\/h5><h5><span style=\"font-weight: 400;\"><br><\/span><\/h5><h5><span style=\"font-weight: 400;\">A sz\u00e9lesk\u00f6r\u0171 t\u00e1j\u00e9koz\u00f3d\u00e1s \u00e9s a csillagok szerencs\u00e9s egy\u00fctt\u00e1ll\u00e1sa r\u00e9v\u00e9n siker\u00fclt tal\u00e1lkoznia a m\u00e1r t\u00f6bb hazai \u00e9s k\u00fclf\u00f6ldi egy\u00fcttesn\u00e9l is sz\u00e9lesk\u00f6r\u0171 tapasztalatokat szerzett, tervekkel teli fiatal dirigensnek s az \u00faj kih\u00edv\u00e1sokra \u00e9s jelent\u0151s m\u0171v\u00e9szi megm\u00e9rettet\u00e9sekre szomjas zenekarnak. Az elm\u00falt \u00e9v k\u00f6z\u00f6s munk\u00e1val elt\u00f6lt\u00f6tt napjai alatt kider\u00fclt, hogy az egy\u00fcttes \u00e9s az ambici\u00f3zus dirigens j\u00f3l meg\u00e9rti egym\u00e1st s k\u00f6lcs\u00f6n\u00f6sen \u00f6r\u00f6mteli izgalommal tekint az elk\u00f6vetkez\u0151 \u00e9vek munk\u00e1ja el\u00e9.<\/span><\/h5><h5><span style=\"font-weight: 400;\"><br><\/span><\/h5><h5><span style=\"font-weight: 400;\">Holl\u00f3k\u0151i Huba n\u00e9gy\u00e9vesen kezdett zen\u00e9t tanulni, el\u0151sz\u00f6r a heged\u0171vel ismerkedett meg, s k\u00e9s\u0151bb fordult \u00e9rdekl\u0151d\u00e9se a vez\u00e9nyl\u00e9s fel\u00e9. A budapesti Zeneakad\u00e9mia volt a tehets\u00e9ges fiatalember alma matere Szabadi Vilmos oszt\u00e1ly\u00e1ban, amelynek elv\u00e9gz\u00e9se ut\u00e1n Finnorsz\u00e1g k\u00f6vetkezett, a Sibelius Akad\u00e9mia, ahol 2012-ben szerzett karmester diplom\u00e1t. K\u00edv\u00e1ncsis\u00e1ga \u00e9s tud\u00e1sszomja azut\u00e1n Hollandi\u00e1ba vitte, ahol tov\u00e1bb folytatta tanulm\u00e1nyait, majd k\u00e9t \u00e9vig a Holland R\u00e1di\u00f3 Szimfonikus Zenekar\u00e1nak asszisztens karmestere volt. Heged\u0171m\u0171v\u00e9szk\u00e9nt \u00e9s karmesterk\u00e9nt is sz\u00e1mos d\u00edjat kapott jelent\u0151s hazai \u00e9s k\u00fclf\u00f6ldi megm\u00e9rettet\u00e9seken, illetve t\u00f6bb fontos \u00f6szt\u00f6nd\u00edjat is elnyert.&nbsp;<\/span><\/h5><h5><span style=\"font-weight: 400;\"><br><\/span><\/h5><h5><span style=\"font-weight: 400;\">Karmesterk\u00e9nt a vil\u00e1g sz\u00e1mos vezet\u0151 zenekar\u00e1val \u00e9s sz\u00f3list\u00e1j\u00e1val fell\u00e9pett, k\u00f6zt\u00fck olyanokkal, mint a Netherland Philharmonic Orchestra, Sinfonia Lahti vagy a mexik\u00f3i OSUG Symphony Orchestra. 2017-ben deb\u00fct\u00e1lt dirigensk\u00e9nt a rendk\u00edv\u00fcl rangos amszterdami koncertteremben, a Concertgebouw-ban a Philharmonie S\u00fcdwestfalen \u00e9l\u00e9n. Ugyanebben az \u00e9vben a vil\u00e1g egyik legjelent\u0151sebb zenekarak\u00e9nt sz\u00e1mon tartott holland Royal Concertgebouw Orchestra-val is dolgozhatott, maestro Szemjon Bicskov asszisztensek\u00e9nt.&nbsp;<\/span><\/h5><h5><span style=\"font-weight: 400;\"><br><\/span><\/h5><h5><span style=\"font-weight: 400;\">Tucatnyi modern zenem\u0171 \u0151sbemutat\u00f3ja f\u0171z\u0151dik a nev\u00e9hez. Operaprodukci\u00f3i is sok elismer\u00e9st kaptak mind a k\u00f6z\u00f6ns\u00e9g, mind a kritika r\u00e9sz\u00e9r\u0151l. Eur\u00f3pa szerte dirig\u00e1lta m\u00e1r az operairodalom gy\u00f6ngyszemeit: reperto\u00e1rj\u00e1n ott vannak Bizet Carmen-je, Verdi Rigoletto-ja \u00e9s Beethoven Fidelio-ja mellett Mozart n\u00e9pszer\u0171 remekei is: A var\u00e1zsfuvola, a Figaro h\u00e1zass\u00e1ga, a Cosi fan tutte, a Don Giovanni.<\/span><\/h5><h5><span style=\"font-weight: 400;\">2021-ben operarendez\u0151k\u00e9nt is bemutatkozott Donizetti Szerelmi b\u00e1jital c\u00edm\u0171 m\u0171v\u00e9nek sz\u00ednpadra \u00e1ll\u00edt\u00e1s\u00e1val.&nbsp;<\/span><\/h5><h5><span style=\"font-weight: 400;\"><br><\/span><\/h5><h5><span style=\"font-weight: 400;\">Magyarorsz\u00e1gon olyan ismert egy\u00fcttesekkel dolgozott m\u00e1r egy\u00fctt, mint a M\u00c1V Szimfonikus Zenekar, a Danubia Szimfonikus Zenekar, a Budapesti Von\u00f3sok vagy a Gy\u0151ri Filharmonikus Zenekar.&nbsp;<\/span><\/h5><h5><span style=\"font-weight: 400;\"><br><\/span><\/h5><h5><span style=\"font-weight: 400;\">Sokoldal\u00fas\u00e1g\u00e1ra jellemz\u0151, hogy heged\u0171m\u0171v\u00e9szk\u00e9nt is gyakran koncertezik. Fell\u00e9pett m\u00e1r Magyarorsz\u00e1gon k\u00edv\u00fcl Angli\u00e1ban, N\u00e9metorsz\u00e1gban, Olaszorsz\u00e1gban, Finnorsz\u00e1gban, Ausztri\u00e1ban, Hollandi\u00e1ban \u00e9s Jap\u00e1nban is. T\u00f6bb nemzetk\u00f6zi fesztiv\u00e1lon is vend\u00e9gszerepelt, mint p\u00e9ld\u00e1ul Young Hungarian Talents in Focus &#8211; London, Herbstliche Musiktage &#8211; Bad Urach \u00e9s Musica Nova &#8211; Helsinki.&nbsp;<\/span><\/h5><h5><span style=\"font-weight: 400;\"><br><\/span><\/h5><h5><span style=\"font-weight: 400;\">Barta D\u00f3ra rem\u00e9nyei szerint Holl\u00f3k\u0151i Huba m\u0171v\u00e9szeti vezet\u00e9s\u00e9vel zenekarunk jelent\u0151s szakmai \u00e9s m\u0171v\u00e9szi fejl\u0151d\u00e9s el\u0151tt \u00e1ll s, hogy Kod\u00e1ly Zolt\u00e1n v\u00e1ros\u00e1ban v\u00e9gre nemzetk\u00f6zi sz\u00ednvonal\u00fa \u00e9s ismerts\u00e9g\u0171 egy\u00fcttes koncertjeinek \u00e9s sikereinek \u00f6r\u00fclhet\u00fcnk majd az elk\u00f6vetkez\u0151 \u00e9vekben, sok \u00fajdons\u00e1ggal, sok k\u00fcl\u00f6nlegess\u00e9ggel \u00e9s sok klasszikus remekm\u0171vel.<\/span><\/h5><h5><span style=\"font-weight: 400;\"><br><\/span><\/h5><h5><span style=\"font-weight: 400;\"><br><\/span><\/h5><h5><span style=\"font-weight: 400;\">Fot\u00f3: Gyenes Kata<\/span><\/h5>\t\t\t\t\t\t\t\t<\/div>\n\t\t\t\t<\/div>\n\t\t\t\t\t<\/div>\n\t\t<\/div>\n\t\t\t\t\t<\/div>\n\t\t<\/section>\n\t\t\t\t<section class=\"elementor-section elementor-inner-section elementor-element elementor-element-feeb450 elementor-section-boxed elementor-section-height-default elementor-section-height-default\" data-id=\"feeb450\" data-element_type=\"section\">\n\t\t\t\t\t\t<div class=\"elementor-container elementor-column-gap-default\">\n\t\t\t\t\t<div class=\"elementor-column elementor-col-50 elementor-inner-column elementor-element elementor-element-68ed828\" data-id=\"68ed828\" data-element_type=\"column\">\n\t\t\t<div class=\"elementor-widget-wrap elementor-element-populated\">\n\t\t\t\t\t\t<div class=\"elementor-element elementor-element-367dbe0 elementor-widget elementor-widget-image\" data-id=\"367dbe0\" data-element_type=\"widget\" data-widget_type=\"image.default\">\n\t\t\t\t<div class=\"elementor-widget-container\">\n\t\t\t\t\t\t\t\t\t\t\t\t\t\t\t<img fetchpriority=\"high\" decoding=\"async\" width=\"960\" height=\"638\" src=\"https:\/\/kodaly-muveszeti-fesztival.hu\/wp-content\/uploads\/2022\/07\/DSC_0962-1024x681.jpg\" class=\"attachment-large size-large wp-image-2867\" alt=\"\" srcset=\"https:\/\/kodaly-muveszeti-fesztival.hu\/wp-content\/uploads\/2022\/07\/DSC_0962-1024x681.jpg 1024w, https:\/\/kodaly-muveszeti-fesztival.hu\/wp-content\/uploads\/2022\/07\/DSC_0962-300x200.jpg 300w, https:\/\/kodaly-muveszeti-fesztival.hu\/wp-content\/uploads\/2022\/07\/DSC_0962-768x511.jpg 768w, https:\/\/kodaly-muveszeti-fesztival.hu\/wp-content\/uploads\/2022\/07\/DSC_0962-1140x758.jpg 1140w, https:\/\/kodaly-muveszeti-fesztival.hu\/wp-content\/uploads\/2022\/07\/DSC_0962.jpg 1500w\" sizes=\"(max-width: 960px) 100vw, 960px\" \/>\t\t\t\t\t\t\t\t\t\t\t\t\t\t\t<\/div>\n\t\t\t\t<\/div>\n\t\t\t\t<div class=\"elementor-element elementor-element-f4a9380 elementor-widget elementor-widget-image\" data-id=\"f4a9380\" data-element_type=\"widget\" data-widget_type=\"image.default\">\n\t\t\t\t<div class=\"elementor-widget-container\">\n\t\t\t\t\t\t\t\t\t\t\t\t\t\t\t<img decoding=\"async\" width=\"960\" height=\"638\" src=\"https:\/\/kodaly-muveszeti-fesztival.hu\/wp-content\/uploads\/2022\/07\/DSC_0638-1024x681.jpg\" class=\"attachment-large size-large wp-image-2887\" alt=\"\" srcset=\"https:\/\/kodaly-muveszeti-fesztival.hu\/wp-content\/uploads\/2022\/07\/DSC_0638-1024x681.jpg 1024w, https:\/\/kodaly-muveszeti-fesztival.hu\/wp-content\/uploads\/2022\/07\/DSC_0638-300x200.jpg 300w, https:\/\/kodaly-muveszeti-fesztival.hu\/wp-content\/uploads\/2022\/07\/DSC_0638-768x511.jpg 768w, https:\/\/kodaly-muveszeti-fesztival.hu\/wp-content\/uploads\/2022\/07\/DSC_0638-1140x758.jpg 1140w, https:\/\/kodaly-muveszeti-fesztival.hu\/wp-content\/uploads\/2022\/07\/DSC_0638.jpg 1500w\" sizes=\"(max-width: 960px) 100vw, 960px\" \/>\t\t\t\t\t\t\t\t\t\t\t\t\t\t\t<\/div>\n\t\t\t\t<\/div>\n\t\t\t\t\t<\/div>\n\t\t<\/div>\n\t\t\t\t<div class=\"elementor-column elementor-col-50 elementor-inner-column elementor-element elementor-element-30c0c94\" data-id=\"30c0c94\" data-element_type=\"column\">\n\t\t\t<div class=\"elementor-widget-wrap elementor-element-populated\">\n\t\t\t\t\t\t<div class=\"elementor-element elementor-element-b085a21 elementor-widget elementor-widget-image\" data-id=\"b085a21\" data-element_type=\"widget\" data-widget_type=\"image.default\">\n\t\t\t\t<div class=\"elementor-widget-container\">\n\t\t\t\t\t\t\t\t\t\t\t\t\t\t\t<img decoding=\"async\" width=\"960\" height=\"638\" src=\"https:\/\/kodaly-muveszeti-fesztival.hu\/wp-content\/uploads\/2022\/07\/DSC_0761-1024x681.jpg\" class=\"attachment-large size-large wp-image-2886\" alt=\"\" srcset=\"https:\/\/kodaly-muveszeti-fesztival.hu\/wp-content\/uploads\/2022\/07\/DSC_0761-1024x681.jpg 1024w, https:\/\/kodaly-muveszeti-fesztival.hu\/wp-content\/uploads\/2022\/07\/DSC_0761-300x200.jpg 300w, https:\/\/kodaly-muveszeti-fesztival.hu\/wp-content\/uploads\/2022\/07\/DSC_0761-768x511.jpg 768w, https:\/\/kodaly-muveszeti-fesztival.hu\/wp-content\/uploads\/2022\/07\/DSC_0761-1140x758.jpg 1140w, https:\/\/kodaly-muveszeti-fesztival.hu\/wp-content\/uploads\/2022\/07\/DSC_0761.jpg 1500w\" sizes=\"(max-width: 960px) 100vw, 960px\" \/>\t\t\t\t\t\t\t\t\t\t\t\t\t\t\t<\/div>\n\t\t\t\t<\/div>\n\t\t\t\t<div class=\"elementor-element elementor-element-82a176d elementor-widget elementor-widget-image\" data-id=\"82a176d\" data-element_type=\"widget\" data-widget_type=\"image.default\">\n\t\t\t\t<div class=\"elementor-widget-container\">\n\t\t\t\t\t\t\t\t\t\t\t\t\t\t\t<img loading=\"lazy\" decoding=\"async\" width=\"960\" height=\"638\" src=\"https:\/\/kodaly-muveszeti-fesztival.hu\/wp-content\/uploads\/2022\/07\/DSC_0499-1024x681.jpg\" class=\"attachment-large size-large wp-image-2888\" alt=\"\" srcset=\"https:\/\/kodaly-muveszeti-fesztival.hu\/wp-content\/uploads\/2022\/07\/DSC_0499-1024x681.jpg 1024w, https:\/\/kodaly-muveszeti-fesztival.hu\/wp-content\/uploads\/2022\/07\/DSC_0499-300x200.jpg 300w, https:\/\/kodaly-muveszeti-fesztival.hu\/wp-content\/uploads\/2022\/07\/DSC_0499-768x511.jpg 768w, https:\/\/kodaly-muveszeti-fesztival.hu\/wp-content\/uploads\/2022\/07\/DSC_0499-1140x758.jpg 1140w, https:\/\/kodaly-muveszeti-fesztival.hu\/wp-content\/uploads\/2022\/07\/DSC_0499.jpg 1500w\" sizes=\"(max-width: 960px) 100vw, 960px\" \/>\t\t\t\t\t\t\t\t\t\t\t\t\t\t\t<\/div>\n\t\t\t\t<\/div>\n\t\t\t\t\t<\/div>\n\t\t<\/div>\n\t\t\t\t\t<\/div>\n\t\t<\/section>\n\t\t\t\t\t<\/div>\n\t\t<\/div>\n\t\t\t\t\t<\/div>\n\t\t<\/section>\n\t\t\t\t<\/div>\n\t\t","protected":false},"excerpt":{"rendered":"<p>\u00daj m\u0171v\u00e9szeti vezet\u0151 a Kecskem\u00e9ti Szimfonikus Zenekar \u00e9l\u00e9n Holl\u00f3k\u0151i Huba az \u00faj vezet\u0151 dirigens neve m\u00e1r nem ismeretlen a kecskem\u00e9ti k\u00f6z\u00f6ns\u00e9g el\u0151tt, hiszen az elm\u00falt \u00e9vben t\u00f6bb nagy siker\u0171 koncerten is vez\u00e9nyelte v\u00e1rosunk nagy m\u00falt\u00fa zenekar\u00e1t. Kinevez\u00e9s\u00e9vel \u00faj korszak kezd\u0151dik az egy\u00fcttes \u00e9let\u00e9ben, egy fiatal, de jelent\u0151s nemzetk\u00f6zi tapasztalatokkal rendelkez\u0151, menedzserszeml\u00e9let\u0171 vezet\u0151 ir\u00e1ny\u00edt\u00e1s\u00e1val fejl\u0151dhet tov\u00e1bb. Barta D\u00f3ra, a Kecskem\u00e9ti Szimfonikus Zenekar \u00e9s a Kecskem\u00e9t T\u00e1ncegy\u00fcttes fenntart\u00f3jak\u00e9nt is m\u0171k\u00f6d\u0151 H\u00edr\u00f6s Ag\u00f3ra Kultur\u00e1lis K\u00f6zpont tavaly ny\u00e1ron kinevezett \u00fcgyvezet\u0151 igazgat\u00f3ja munk\u00e1j\u00e1nak kezdetekor egyik legfontosabb feladat\u00e1nak tekintette, hogy v\u00e1rosunk k\u00e9t patin\u00e1s m\u0171v\u00e9szeti egy\u00fcttes\u00e9nek tov\u00e1bbi fejl\u0151d\u00e9s\u00e9t, min\u0151s\u00e9gi munk\u00e1juk min\u00e9l teljesebb kibontakoz\u00e1s\u00e1t lehet\u0151s\u00e9geihez m\u00e9rten a legink\u00e1bb seg\u00edtse.&nbsp; Az egyik legfontosabb \u00e9s leg\u00e9get\u0151bb feladat volt megtal\u00e1lni a zenekar \u00faj vezet\u0151j\u00e9t, lehet\u0151leg egy olyan m\u0171v\u00e9sz szem\u00e9ly\u00e9ben, aki nem csak tehets\u00e9g\u00e9vel, de innovat\u00edv szeml\u00e9let\u00e9vel \u00e9s nemzetk\u00f6zi kapcsolatrendszer\u00e9vel is sokat tehet majd az egy\u00fcttes min\u0151s\u00e9g\u00e9nek tov\u00e1bb fejleszt\u00e9s\u00e9\u00e9rt \u00e9s az elk\u00f6vetkez\u0151 \u00e9vek sikeres m\u0171k\u00f6d\u00e9s\u00e9\u00e9rt. A sz\u00e9lesk\u00f6r\u0171 t\u00e1j\u00e9koz\u00f3d\u00e1s \u00e9s a csillagok szerencs\u00e9s egy\u00fctt\u00e1ll\u00e1sa r\u00e9v\u00e9n siker\u00fclt tal\u00e1lkoznia a m\u00e1r t\u00f6bb hazai \u00e9s k\u00fclf\u00f6ldi egy\u00fcttesn\u00e9l is sz\u00e9lesk\u00f6r\u0171 tapasztalatokat szerzett, tervekkel teli fiatal dirigensnek s az \u00faj kih\u00edv\u00e1sokra \u00e9s jelent\u0151s m\u0171v\u00e9szi megm\u00e9rettet\u00e9sekre szomjas zenekarnak. Az elm\u00falt \u00e9v k\u00f6z\u00f6s munk\u00e1val elt\u00f6lt\u00f6tt napjai alatt kider\u00fclt, hogy az egy\u00fcttes \u00e9s az ambici\u00f3zus dirigens j\u00f3l meg\u00e9rti egym\u00e1st s k\u00f6lcs\u00f6n\u00f6sen \u00f6r\u00f6mteli izgalommal tekint az elk\u00f6vetkez\u0151 \u00e9vek munk\u00e1ja el\u00e9. Holl\u00f3k\u0151i Huba n\u00e9gy\u00e9vesen kezdett zen\u00e9t tanulni, el\u0151sz\u00f6r a heged\u0171vel ismerkedett meg, s k\u00e9s\u0151bb fordult \u00e9rdekl\u0151d\u00e9se a vez\u00e9nyl\u00e9s fel\u00e9. A budapesti Zeneakad\u00e9mia volt a tehets\u00e9ges fiatalember alma matere Szabadi Vilmos oszt\u00e1ly\u00e1ban, amelynek elv\u00e9gz\u00e9se ut\u00e1n Finnorsz\u00e1g k\u00f6vetkezett, a Sibelius Akad\u00e9mia, ahol 2012-ben szerzett karmester diplom\u00e1t. K\u00edv\u00e1ncsis\u00e1ga \u00e9s tud\u00e1sszomja azut\u00e1n Hollandi\u00e1ba vitte, ahol tov\u00e1bb folytatta tanulm\u00e1nyait, majd k\u00e9t \u00e9vig a Holland R\u00e1di\u00f3 Szimfonikus Zenekar\u00e1nak asszisztens karmestere volt. Heged\u0171m\u0171v\u00e9szk\u00e9nt \u00e9s karmesterk\u00e9nt is sz\u00e1mos d\u00edjat kapott jelent\u0151s hazai \u00e9s k\u00fclf\u00f6ldi megm\u00e9rettet\u00e9seken, illetve t\u00f6bb fontos \u00f6szt\u00f6nd\u00edjat is elnyert.&nbsp; Karmesterk\u00e9nt a vil\u00e1g sz\u00e1mos vezet\u0151 zenekar\u00e1val \u00e9s sz\u00f3list\u00e1j\u00e1val fell\u00e9pett, k\u00f6zt\u00fck olyanokkal, mint a Netherland Philharmonic Orchestra, Sinfonia Lahti vagy a mexik\u00f3i OSUG Symphony Orchestra. 2017-ben deb\u00fct\u00e1lt dirigensk\u00e9nt a rendk\u00edv\u00fcl rangos amszterdami koncertteremben, a Concertgebouw-ban a Philharmonie S\u00fcdwestfalen \u00e9l\u00e9n. Ugyanebben az \u00e9vben a vil\u00e1g egyik legjelent\u0151sebb zenekarak\u00e9nt sz\u00e1mon tartott holland Royal Concertgebouw Orchestra-val is dolgozhatott, maestro Szemjon Bicskov asszisztensek\u00e9nt.&nbsp; Tucatnyi modern zenem\u0171 \u0151sbemutat\u00f3ja f\u0171z\u0151dik a nev\u00e9hez. Operaprodukci\u00f3i is sok elismer\u00e9st kaptak mind a k\u00f6z\u00f6ns\u00e9g, mind a kritika r\u00e9sz\u00e9r\u0151l. Eur\u00f3pa szerte dirig\u00e1lta m\u00e1r az operairodalom gy\u00f6ngyszemeit: reperto\u00e1rj\u00e1n ott vannak Bizet Carmen-je, Verdi Rigoletto-ja \u00e9s Beethoven Fidelio-ja mellett Mozart n\u00e9pszer\u0171 remekei is: A var\u00e1zsfuvola, a Figaro h\u00e1zass\u00e1ga, a Cosi fan tutte, a Don Giovanni. 2021-ben operarendez\u0151k\u00e9nt is bemutatkozott Donizetti Szerelmi b\u00e1jital c\u00edm\u0171 m\u0171v\u00e9nek sz\u00ednpadra \u00e1ll\u00edt\u00e1s\u00e1val.&nbsp; Magyarorsz\u00e1gon olyan ismert egy\u00fcttesekkel dolgozott m\u00e1r egy\u00fctt, mint a M\u00c1V Szimfonikus Zenekar, a Danubia Szimfonikus Zenekar, a Budapesti Von\u00f3sok vagy a Gy\u0151ri Filharmonikus Zenekar.&nbsp; Sokoldal\u00fas\u00e1g\u00e1ra jellemz\u0151, hogy heged\u0171m\u0171v\u00e9szk\u00e9nt is gyakran koncertezik. Fell\u00e9pett m\u00e1r Magyarorsz\u00e1gon k\u00edv\u00fcl Angli\u00e1ban, N\u00e9metorsz\u00e1gban, Olaszorsz\u00e1gban, Finnorsz\u00e1gban, Ausztri\u00e1ban, Hollandi\u00e1ban \u00e9s Jap\u00e1nban is. T\u00f6bb nemzetk\u00f6zi fesztiv\u00e1lon is vend\u00e9gszerepelt, mint p\u00e9ld\u00e1ul Young Hungarian Talents in Focus &#8211; London, Herbstliche Musiktage &#8211; Bad Urach \u00e9s Musica Nova &#8211; Helsinki.&nbsp; Barta D\u00f3ra rem\u00e9nyei szerint Holl\u00f3k\u0151i Huba m\u0171v\u00e9szeti vezet\u00e9s\u00e9vel zenekarunk jelent\u0151s szakmai \u00e9s m\u0171v\u00e9szi fejl\u0151d\u00e9s el\u0151tt \u00e1ll s, hogy Kod\u00e1ly Zolt\u00e1n v\u00e1ros\u00e1ban v\u00e9gre nemzetk\u00f6zi sz\u00ednvonal\u00fa \u00e9s ismerts\u00e9g\u0171 egy\u00fcttes koncertjeinek \u00e9s sikereinek \u00f6r\u00fclhet\u00fcnk majd az elk\u00f6vetkez\u0151 \u00e9vekben, sok \u00fajdons\u00e1ggal, sok k\u00fcl\u00f6nlegess\u00e9ggel \u00e9s sok klasszikus remekm\u0171vel. Fot\u00f3: Gyenes Kata<\/p>\n","protected":false},"author":1,"featured_media":0,"parent":0,"menu_order":0,"comment_status":"closed","ping_status":"closed","template":"","meta":{"footnotes":""},"class_list":["post-2884","page","type-page","status-publish","hentry"],"_links":{"self":[{"href":"https:\/\/kodaly-muveszeti-fesztival.hu\/index.php?rest_route=\/wp\/v2\/pages\/2884","targetHints":{"allow":["GET"]}}],"collection":[{"href":"https:\/\/kodaly-muveszeti-fesztival.hu\/index.php?rest_route=\/wp\/v2\/pages"}],"about":[{"href":"https:\/\/kodaly-muveszeti-fesztival.hu\/index.php?rest_route=\/wp\/v2\/types\/page"}],"author":[{"embeddable":true,"href":"https:\/\/kodaly-muveszeti-fesztival.hu\/index.php?rest_route=\/wp\/v2\/users\/1"}],"replies":[{"embeddable":true,"href":"https:\/\/kodaly-muveszeti-fesztival.hu\/index.php?rest_route=%2Fwp%2Fv2%2Fcomments&post=2884"}],"version-history":[{"count":10,"href":"https:\/\/kodaly-muveszeti-fesztival.hu\/index.php?rest_route=\/wp\/v2\/pages\/2884\/revisions"}],"predecessor-version":[{"id":2900,"href":"https:\/\/kodaly-muveszeti-fesztival.hu\/index.php?rest_route=\/wp\/v2\/pages\/2884\/revisions\/2900"}],"wp:attachment":[{"href":"https:\/\/kodaly-muveszeti-fesztival.hu\/index.php?rest_route=%2Fwp%2Fv2%2Fmedia&parent=2884"}],"curies":[{"name":"wp","href":"https:\/\/api.w.org\/{rel}","templated":true}]}}