{"id":2872,"date":"2022-07-25T11:17:28","date_gmt":"2022-07-25T11:17:28","guid":{"rendered":"https:\/\/kodaly-muveszeti-fesztival.hu\/?page_id=2872"},"modified":"2022-07-25T11:33:15","modified_gmt":"2022-07-25T11:33:15","slug":"kodaly-muveszeti-fesztival-interju-barta-doraval","status":"publish","type":"page","link":"https:\/\/kodaly-muveszeti-fesztival.hu\/?page_id=2872","title":{"rendered":"KOD\u00c1LY M\u0170V\u00c9SZETI FESZTIV\u00c1L \u2013 INTERJ\u00da BARTA D\u00d3R\u00c1VAL"},"content":{"rendered":"\t\t<div data-elementor-type=\"wp-page\" data-elementor-id=\"2872\" class=\"elementor elementor-2872\">\n\t\t\t\t\t\t<section class=\"elementor-section elementor-top-section elementor-element elementor-element-4f411c2 elementor-section-boxed elementor-section-height-default elementor-section-height-default\" data-id=\"4f411c2\" data-element_type=\"section\">\n\t\t\t\t\t\t<div class=\"elementor-container elementor-column-gap-default\">\n\t\t\t\t\t<div class=\"elementor-column elementor-col-100 elementor-top-column elementor-element elementor-element-bf734f1\" data-id=\"bf734f1\" data-element_type=\"column\">\n\t\t\t<div class=\"elementor-widget-wrap elementor-element-populated\">\n\t\t\t\t\t\t<div class=\"elementor-element elementor-element-a5fa9f9 elementor-widget elementor-widget-spacer\" data-id=\"a5fa9f9\" data-element_type=\"widget\" data-widget_type=\"spacer.default\">\n\t\t\t\t<div class=\"elementor-widget-container\">\n\t\t\t\t\t\t\t<div class=\"elementor-spacer\">\n\t\t\t<div class=\"elementor-spacer-inner\"><\/div>\n\t\t<\/div>\n\t\t\t\t\t\t<\/div>\n\t\t\t\t<\/div>\n\t\t\t\t<div class=\"elementor-element elementor-element-d34752c elementor-widget elementor-widget-heading\" data-id=\"d34752c\" data-element_type=\"widget\" data-widget_type=\"heading.default\">\n\t\t\t\t<div class=\"elementor-widget-container\">\n\t\t\t\t\t<h2 class=\"elementor-heading-title elementor-size-default\">Kod\u00e1ly M\u0171v\u00e9szeti Fesztiv\u00e1l - Interj\u00fa Barta D\u00f3r\u00e1val<\/h2>\t\t\t\t<\/div>\n\t\t\t\t<\/div>\n\t\t\t\t<section class=\"elementor-section elementor-inner-section elementor-element elementor-element-49ea1b7 elementor-section-boxed elementor-section-height-default elementor-section-height-default\" data-id=\"49ea1b7\" data-element_type=\"section\">\n\t\t\t\t\t\t<div class=\"elementor-container elementor-column-gap-default\">\n\t\t\t\t\t<div class=\"elementor-column elementor-col-100 elementor-inner-column elementor-element elementor-element-7b49651\" data-id=\"7b49651\" data-element_type=\"column\">\n\t\t\t<div class=\"elementor-widget-wrap elementor-element-populated\">\n\t\t\t\t\t\t<div class=\"elementor-element elementor-element-f40cb72 elementor-widget elementor-widget-text-editor\" data-id=\"f40cb72\" data-element_type=\"widget\" data-widget_type=\"text-editor.default\">\n\t\t\t\t<div class=\"elementor-widget-container\">\n\t\t\t\t\t\t\t\t\t<h5><span style=\"font-weight: normal;\">A tavalyi \u00e9vben a Kod\u00e1ly M\u0171v\u00e9szeti Fesztiv\u00e1l l\u00e1tv\u00e1nyosan meg\u00fajult s nagy szakmai \u00e9s k\u00f6z\u00f6ns\u00e9g sikert aratott a H\u00edr\u00f6s Ag\u00f3ra akkor frissen kinevezett \u00faj vezet\u0151je,\u00a0Barta D\u00f3ra innov\u00e1ci\u00f3ra \u00e9p\u00fcl\u0151 koncepci\u00f3j\u00e1nak k\u00f6sz\u00f6nhet\u0151en, annak ellen\u00e9re, hogy csak r\u00f6vid id\u0151 \u00e1llt rendelkez\u00e9s\u00e9re a 2021-es fesztiv\u00e1l el\u0151k\u00e9sz\u00edt\u00e9s\u00e9re.<\/span><\/h5><h5><br \/><span style=\"font-weight: normal;\">Barta D\u00f3ra az eltelt egy \u00e9vben bebizony\u00edtotta, hogy nem csak koreogr\u00e1fus-rendez\u0151k\u00e9nt, hanem rendezv\u00e9nyszervez\u00e9s<\/span> <span style=\"font-weight: normal;\">ter\u00e9n is eml\u00e9kezetes \u00e9lm\u00e9nyekkel tudja gazdag\u00edtani a n\u00e9z\u0151k \u00e9let\u00e9t. A H\u00edr\u00f6s Ag\u00f3ra Kultur\u00e1lis \u00e9s Ifj\u00fas\u00e1gi K\u00f6zpont \u00fcgyvezet\u0151 igazgat\u00f3j\u00e1t a Kod\u00e1ly M\u0171v\u00e9szeti Fesztiv\u00e1l idei programj\u00e1r\u00f3l, tradicion\u00e1lis \u00e9s innovat\u00edv elemeir\u0151l, helysz\u00edneir\u0151l k\u00e9rdezt\u00fck.<\/span><\/h5><div><span style=\"font-weight: normal;\">\u00a0<\/span><\/div><h5>Tavaly m\u00e1r j\u00f3r\u00e9szt az \u00d6n \u00faj koncepci\u00f3ja szerint val\u00f3sult meg Kecskem\u00e9t egyik legikonikusabb nagyrendezv\u00e9nye. Mik voltak a tapasztalatai?<br \/><span style=\"font-weight: normal;\">Tal\u00e1n az els\u0151 \u00e9s legfontosabb, hogy igenis egy vid\u00e9ki v\u00e1rosban is nagy n\u00e9z\u0151i ig\u00e9ny van a min\u0151s\u00e9gi kult\u00far\u00e1ra, ha egy kicsit k\u00f6zelebb vissz\u00fck az emberekhez. Ny\u00e1reste is lehet z\u00e1rt t\u00e9rben komolyzenei koncertet tartani nagy sikerrel. De ilyenkor lehet a csillagos \u00e9g alatt is, s ha van r\u00e1 alkalmas helysz\u00edn\u00fcnk, akkor mi\u00e9rt ne, hiszen lehet, hogy ott t\u00f6bbeket fog meg\u00e9rinteni a var\u00e1zsa. Tavaly a nagy nyit\u00f3koncertet kivitt\u00fck a szabad \u00e9g al\u00e1, ami \u00f3ri\u00e1si kock\u00e1zat volt a nagyl\u00e9tsz\u00e1m\u00fa Kecskem\u00e9ti Szimfonikus Zenekar sz\u00e1m\u00e1ra \u00e9s felel\u0151s \u00fcgyvezet\u0151k\u00e9nt sz\u00e1momra is, hiszen es\u0151t is j\u00f3soltak aznap est\u00e9re. De hittem a hely atmoszf\u00e9r\u00e1j\u00e1nak erej\u00e9ben s \u00edgy Kecskem\u00e9t gy\u00f6ny\u00f6r\u0171 f\u0151ter\u00e9nek f\u00e1i s a csillagok alatt az id\u0151j\u00e1r\u00e1s kegyess\u00e9g\u00e9nek is k\u00f6sz\u00f6nhet\u0151en v\u00e9g\u00fcl megval\u00f3sult a meg\u00e1lmodott koncert, egyedi f\u00e9nyj\u00e1t\u00e9kkal egybek\u00f6tve \u00e9s \u00f3ri\u00e1si sikert aratott. Azok az \u00f6nfeledt tekintetek \u00e9s az a lelkes taps volt a visszaigazol\u00e1s, hogy merj\u00fcnk b\u00e1trak \u00e9s innovat\u00edvak lenni.<\/span><\/h5><div><span style=\"font-weight: normal;\">\u00a0<\/span><\/div><h5>Tekints\u00fcnk egy kicsit a m\u00faltba, hiszen patin\u00e1s rendezv\u00e9nyr\u0151l van sz\u00f3. <br \/><span style=\"font-weight: normal;\">Kecskem\u00e9t 1970-ben adott otthont el\u0151sz\u00f6r a Kod\u00e1ly Szemin\u00e1riumnak, amihez a kezdetekt\u0151l egy hangversenysorozat is kapcsol\u00f3dott, amely 1991-t\u0151l a Kod\u00e1ly Fesztiv\u00e1l nevet viseli. Hamar kialakultak a rendezv\u00e9nysorozat f\u0151 jellemz\u0151i: Kod\u00e1ly alkot\u00e1sainak \u00e9s az \u00e9letm\u0171v\u00e9hez kapcsol\u00f3d\u00f3 szerz\u0151k m\u0171veinek megsz\u00f3laltat\u00e1sa, a kort\u00e1rs magyar koncert\u00e9let jeles k\u00e9pvisel\u0151inek estjei, a helyi zenei m\u0171helyek bemutatkoz\u00e1sai \u00e9s a j\u00f6v\u0151t jelent\u0151 fiatal tehets\u00e9gek fell\u00e9p\u00e9sei. K\u00e9s\u0151bb azt\u00e1n tov\u00e1bb gazdagodott a k\u00edn\u00e1lat, m\u00e1s m\u0171v\u00e9szeti \u00e1gak is helyet kaptak a programban. Azt\u00e1n 1998-t\u00f3l m\u00e1r Kod\u00e1ly M\u0171v\u00e9szeti Fesztiv\u00e1l n\u00e9ven v\u00e1lt Kecskem\u00e9t \u00e9s a r\u00e9gi\u00f3 egyik legjelent\u0151sebb kultur\u00e1lis esem\u00e9ny\u00e9v\u00e9. Ezt az \u00f6r\u00f6ks\u00e9get igyeksz\u00fcnk m\u00e9lt\u00f3 m\u00f3don tov\u00e1bb vinni, s a mai ig\u00e9nyekhez igaz\u00edtani \u00fagy, hogy a hagyom\u00e1nyt \u00e9s az alapelveket nem v\u00e1ltoztatjuk meg. Izgalmas kih\u00edv\u00e1s \u00f6sszehangolni a m\u00falt \u00e9rt\u00e9keit a mai elv\u00e1r\u00e1sokkal \u00e9s a j\u00f6v\u0151 kih\u00edv\u00e1saival.<\/span><\/h5><div><span style=\"font-weight: normal;\">\u00a0<\/span><\/div><h5>Id\u00e9n mire sz\u00e1m\u00edthatunk a Kod\u00e1ly M\u0171v\u00e9szeti Fesztiv\u00e1lon?<br \/><span style=\"font-weight: normal;\">A tavalyi sikereken felbuzdulva szabadt\u00e9ri koncertekre eg\u00e9szen biztosan \u00e9s term\u00e9szetesen sok rangos el\u0151ad\u00f3ra, k\u00fcl\u00f6nleges m\u0171vekre \u00e9s persze Kod\u00e1ly Zolt\u00e1n csod\u00e1latos muzsik\u00e1j\u00e1ra. Rezidens egy\u00fcttes\u00fcnk a Kecskem\u00e9ti Szimfonikus Zenekar \u00e9vr\u0151l \u00e9vre egyre kiforrottabb teljes\u00edtm\u00e9nyre k\u00e9pes Holl\u00f3k\u0151i Huba karmester \u00far ir\u00e1ny\u00edt\u00e1s\u00e1val, akivel a sok k\u00f6z\u00f6s munka koncertr\u0151l koncertre magasabb sz\u00ednvonalra emeli az interpret\u00e1ci\u00f3ikat. Tavaly el\u0151sz\u00f6r fel\u00e1ll\u00edtottunk egy k\u00fcl\u00f6n kis k\u00f6r alak\u00fa sz\u00ednpadot is, melyre ezzel a szlogennel invit\u00e1ltuk s invit\u00e1ljuk majd az id\u00e9n is az alkotni v\u00e1gy\u00f3kat: Kod\u00e1ly Pont. Pont Neked. Ezzel egy \u00faj kultur\u00e1lis kapcsolatteremt\u00e9si es\u00e9ly jelent meg a palett\u00e1nkon, egy napjaink szeml\u00e9let\u00e9nek megfelel\u0151, korszer\u0171 k\u00f6zeg a megl\u00e9v\u0151 trad\u00edci\u00f3k tiszteletben tart\u00e1sa mellett. Az online megoszt\u00e1sokra hangolt vil\u00e1gunkban itt lehet\u0151s\u00e9g ny\u00edlik az \u00e9l\u0151 tartalom k\u00f6zvet\u00edt\u00e9sre \u00e9s a gyors interakci\u00f3kra az el\u0151ad\u00f3 \u00e9s a k\u00f6z\u00f6ns\u00e9ge k\u00f6z\u00f6tt. Mindezt k\u00f6t\u00f6tts\u00e9gekt\u0151l mentesen, szabadon. A H\u00edr\u00f6s Ag\u00f3ra el\u0151tt a De\u00e1k Ferenc t\u00e9ren lesz ez a bizonyos Kod\u00e1ly Pont, ahol a zene nyelv\u00e9n vagy a zene aprop\u00f3j\u00e1n teremt\u00fcnk k\u00f6tetlen megnyilatkoz\u00e1si lehet\u0151s\u00e9get a v\u00e1ros lak\u00f3i s a fesztiv\u00e1lra idel\u00e1togat\u00f3k sz\u00e1m\u00e1ra. Hiszen mi m\u00e1s lehetne egy Kod\u00e1ly Zolt\u00e1nr\u00f3l elnevezett fesztiv\u00e1l legf\u0151bb c\u00e9lja, mint az, hogy: \u201eLegyen a zene mindenki\u00e9!\u201d<\/span><\/h5>\t\t\t\t\t\t\t\t<\/div>\n\t\t\t\t<\/div>\n\t\t\t\t\t<\/div>\n\t\t<\/div>\n\t\t\t\t\t<\/div>\n\t\t<\/section>\n\t\t\t\t<section class=\"elementor-section elementor-inner-section elementor-element elementor-element-c4e23f3 elementor-section-boxed elementor-section-height-default elementor-section-height-default\" data-id=\"c4e23f3\" data-element_type=\"section\">\n\t\t\t\t\t\t<div class=\"elementor-container elementor-column-gap-default\">\n\t\t\t\t\t<div class=\"elementor-column elementor-col-50 elementor-inner-column elementor-element elementor-element-4551088\" data-id=\"4551088\" data-element_type=\"column\">\n\t\t\t<div class=\"elementor-widget-wrap elementor-element-populated\">\n\t\t\t\t\t\t<div class=\"elementor-element elementor-element-c37b1c3 elementor-widget elementor-widget-image\" data-id=\"c37b1c3\" data-element_type=\"widget\" data-widget_type=\"image.default\">\n\t\t\t\t<div class=\"elementor-widget-container\">\n\t\t\t\t\t\t\t\t\t\t\t\t\t\t\t<img fetchpriority=\"high\" decoding=\"async\" width=\"960\" height=\"638\" src=\"https:\/\/kodaly-muveszeti-fesztival.hu\/wp-content\/uploads\/2022\/07\/DSC_2191-2-1024x681.jpg\" class=\"attachment-large size-large wp-image-2864\" alt=\"\" srcset=\"https:\/\/kodaly-muveszeti-fesztival.hu\/wp-content\/uploads\/2022\/07\/DSC_2191-2-1024x681.jpg 1024w, https:\/\/kodaly-muveszeti-fesztival.hu\/wp-content\/uploads\/2022\/07\/DSC_2191-2-300x200.jpg 300w, https:\/\/kodaly-muveszeti-fesztival.hu\/wp-content\/uploads\/2022\/07\/DSC_2191-2-768x511.jpg 768w, https:\/\/kodaly-muveszeti-fesztival.hu\/wp-content\/uploads\/2022\/07\/DSC_2191-2-1536x1022.jpg 1536w, https:\/\/kodaly-muveszeti-fesztival.hu\/wp-content\/uploads\/2022\/07\/DSC_2191-2-2048x1363.jpg 2048w, https:\/\/kodaly-muveszeti-fesztival.hu\/wp-content\/uploads\/2022\/07\/DSC_2191-2-1140x758.jpg 1140w\" sizes=\"(max-width: 960px) 100vw, 960px\" \/>\t\t\t\t\t\t\t\t\t\t\t\t\t\t\t<\/div>\n\t\t\t\t<\/div>\n\t\t\t\t\t<\/div>\n\t\t<\/div>\n\t\t\t\t<div class=\"elementor-column elementor-col-50 elementor-inner-column elementor-element elementor-element-693b2bd\" data-id=\"693b2bd\" data-element_type=\"column\">\n\t\t\t<div class=\"elementor-widget-wrap elementor-element-populated\">\n\t\t\t\t\t\t<div class=\"elementor-element elementor-element-9028d2d elementor-widget elementor-widget-image\" data-id=\"9028d2d\" data-element_type=\"widget\" data-widget_type=\"image.default\">\n\t\t\t\t<div class=\"elementor-widget-container\">\n\t\t\t\t\t\t\t\t\t\t\t\t\t\t\t<img decoding=\"async\" width=\"960\" height=\"638\" src=\"https:\/\/kodaly-muveszeti-fesztival.hu\/wp-content\/uploads\/2022\/07\/DSC_2908-1024x681.jpg\" class=\"attachment-large size-large wp-image-2854\" alt=\"\" srcset=\"https:\/\/kodaly-muveszeti-fesztival.hu\/wp-content\/uploads\/2022\/07\/DSC_2908-1024x681.jpg 1024w, https:\/\/kodaly-muveszeti-fesztival.hu\/wp-content\/uploads\/2022\/07\/DSC_2908-300x200.jpg 300w, https:\/\/kodaly-muveszeti-fesztival.hu\/wp-content\/uploads\/2022\/07\/DSC_2908-768x511.jpg 768w, https:\/\/kodaly-muveszeti-fesztival.hu\/wp-content\/uploads\/2022\/07\/DSC_2908-1536x1022.jpg 1536w, https:\/\/kodaly-muveszeti-fesztival.hu\/wp-content\/uploads\/2022\/07\/DSC_2908-2048x1363.jpg 2048w, https:\/\/kodaly-muveszeti-fesztival.hu\/wp-content\/uploads\/2022\/07\/DSC_2908-1140x758.jpg 1140w\" sizes=\"(max-width: 960px) 100vw, 960px\" \/>\t\t\t\t\t\t\t\t\t\t\t\t\t\t\t<\/div>\n\t\t\t\t<\/div>\n\t\t\t\t\t<\/div>\n\t\t<\/div>\n\t\t\t\t\t<\/div>\n\t\t<\/section>\n\t\t\t\t<div class=\"elementor-element elementor-element-72548cd elementor-widget elementor-widget-text-editor\" data-id=\"72548cd\" data-element_type=\"widget\" data-widget_type=\"text-editor.default\">\n\t\t\t\t<div class=\"elementor-widget-container\">\n\t\t\t\t\t\t\t\t\t<p>Fot\u00f3k: Gyenes Kata<\/p>\t\t\t\t\t\t\t\t<\/div>\n\t\t\t\t<\/div>\n\t\t\t\t\t<\/div>\n\t\t<\/div>\n\t\t\t\t\t<\/div>\n\t\t<\/section>\n\t\t\t\t<\/div>\n\t\t","protected":false},"excerpt":{"rendered":"<p>Kod\u00e1ly M\u0171v\u00e9szeti Fesztiv\u00e1l &#8211; Interj\u00fa Barta D\u00f3r\u00e1val A tavalyi \u00e9vben a Kod\u00e1ly M\u0171v\u00e9szeti Fesztiv\u00e1l l\u00e1tv\u00e1nyosan meg\u00fajult s nagy szakmai \u00e9s k\u00f6z\u00f6ns\u00e9g sikert aratott a H\u00edr\u00f6s Ag\u00f3ra akkor frissen kinevezett \u00faj vezet\u0151je,\u00a0Barta D\u00f3ra innov\u00e1ci\u00f3ra \u00e9p\u00fcl\u0151 koncepci\u00f3j\u00e1nak k\u00f6sz\u00f6nhet\u0151en, annak ellen\u00e9re, hogy csak r\u00f6vid id\u0151 \u00e1llt rendelkez\u00e9s\u00e9re a 2021-es fesztiv\u00e1l el\u0151k\u00e9sz\u00edt\u00e9s\u00e9re. Barta D\u00f3ra az eltelt egy \u00e9vben bebizony\u00edtotta, hogy nem csak koreogr\u00e1fus-rendez\u0151k\u00e9nt, hanem rendezv\u00e9nyszervez\u00e9s ter\u00e9n is eml\u00e9kezetes \u00e9lm\u00e9nyekkel tudja gazdag\u00edtani a n\u00e9z\u0151k \u00e9let\u00e9t. A H\u00edr\u00f6s Ag\u00f3ra Kultur\u00e1lis \u00e9s Ifj\u00fas\u00e1gi K\u00f6zpont \u00fcgyvezet\u0151 igazgat\u00f3j\u00e1t a Kod\u00e1ly M\u0171v\u00e9szeti Fesztiv\u00e1l idei programj\u00e1r\u00f3l, tradicion\u00e1lis \u00e9s innovat\u00edv elemeir\u0151l, helysz\u00edneir\u0151l k\u00e9rdezt\u00fck. \u00a0 Tavaly m\u00e1r j\u00f3r\u00e9szt az \u00d6n \u00faj koncepci\u00f3ja szerint val\u00f3sult meg Kecskem\u00e9t egyik legikonikusabb nagyrendezv\u00e9nye. Mik voltak a tapasztalatai?Tal\u00e1n az els\u0151 \u00e9s legfontosabb, hogy igenis egy vid\u00e9ki v\u00e1rosban is nagy n\u00e9z\u0151i ig\u00e9ny van a min\u0151s\u00e9gi kult\u00far\u00e1ra, ha egy kicsit k\u00f6zelebb vissz\u00fck az emberekhez. Ny\u00e1reste is lehet z\u00e1rt t\u00e9rben komolyzenei koncertet tartani nagy sikerrel. De ilyenkor lehet a csillagos \u00e9g alatt is, s ha van r\u00e1 alkalmas helysz\u00edn\u00fcnk, akkor mi\u00e9rt ne, hiszen lehet, hogy ott t\u00f6bbeket fog meg\u00e9rinteni a var\u00e1zsa. Tavaly a nagy nyit\u00f3koncertet kivitt\u00fck a szabad \u00e9g al\u00e1, ami \u00f3ri\u00e1si kock\u00e1zat volt a nagyl\u00e9tsz\u00e1m\u00fa Kecskem\u00e9ti Szimfonikus Zenekar sz\u00e1m\u00e1ra \u00e9s felel\u0151s \u00fcgyvezet\u0151k\u00e9nt sz\u00e1momra is, hiszen es\u0151t is j\u00f3soltak aznap est\u00e9re. De hittem a hely atmoszf\u00e9r\u00e1j\u00e1nak erej\u00e9ben s \u00edgy Kecskem\u00e9t gy\u00f6ny\u00f6r\u0171 f\u0151ter\u00e9nek f\u00e1i s a csillagok alatt az id\u0151j\u00e1r\u00e1s kegyess\u00e9g\u00e9nek is k\u00f6sz\u00f6nhet\u0151en v\u00e9g\u00fcl megval\u00f3sult a meg\u00e1lmodott koncert, egyedi f\u00e9nyj\u00e1t\u00e9kkal egybek\u00f6tve \u00e9s \u00f3ri\u00e1si sikert aratott. Azok az \u00f6nfeledt tekintetek \u00e9s az a lelkes taps volt a visszaigazol\u00e1s, hogy merj\u00fcnk b\u00e1trak \u00e9s innovat\u00edvak lenni. \u00a0 Tekints\u00fcnk egy kicsit a m\u00faltba, hiszen patin\u00e1s rendezv\u00e9nyr\u0151l van sz\u00f3. Kecskem\u00e9t 1970-ben adott otthont el\u0151sz\u00f6r a Kod\u00e1ly Szemin\u00e1riumnak, amihez a kezdetekt\u0151l egy hangversenysorozat is kapcsol\u00f3dott, amely 1991-t\u0151l a Kod\u00e1ly Fesztiv\u00e1l nevet viseli. Hamar kialakultak a rendezv\u00e9nysorozat f\u0151 jellemz\u0151i: Kod\u00e1ly alkot\u00e1sainak \u00e9s az \u00e9letm\u0171v\u00e9hez kapcsol\u00f3d\u00f3 szerz\u0151k m\u0171veinek megsz\u00f3laltat\u00e1sa, a kort\u00e1rs magyar koncert\u00e9let jeles k\u00e9pvisel\u0151inek estjei, a helyi zenei m\u0171helyek bemutatkoz\u00e1sai \u00e9s a j\u00f6v\u0151t jelent\u0151 fiatal tehets\u00e9gek fell\u00e9p\u00e9sei. K\u00e9s\u0151bb azt\u00e1n tov\u00e1bb gazdagodott a k\u00edn\u00e1lat, m\u00e1s m\u0171v\u00e9szeti \u00e1gak is helyet kaptak a programban. Azt\u00e1n 1998-t\u00f3l m\u00e1r Kod\u00e1ly M\u0171v\u00e9szeti Fesztiv\u00e1l n\u00e9ven v\u00e1lt Kecskem\u00e9t \u00e9s a r\u00e9gi\u00f3 egyik legjelent\u0151sebb kultur\u00e1lis esem\u00e9ny\u00e9v\u00e9. Ezt az \u00f6r\u00f6ks\u00e9get igyeksz\u00fcnk m\u00e9lt\u00f3 m\u00f3don tov\u00e1bb vinni, s a mai ig\u00e9nyekhez igaz\u00edtani \u00fagy, hogy a hagyom\u00e1nyt \u00e9s az alapelveket nem v\u00e1ltoztatjuk meg. Izgalmas kih\u00edv\u00e1s \u00f6sszehangolni a m\u00falt \u00e9rt\u00e9keit a mai elv\u00e1r\u00e1sokkal \u00e9s a j\u00f6v\u0151 kih\u00edv\u00e1saival. \u00a0 Id\u00e9n mire sz\u00e1m\u00edthatunk a Kod\u00e1ly M\u0171v\u00e9szeti Fesztiv\u00e1lon?A tavalyi sikereken felbuzdulva szabadt\u00e9ri koncertekre eg\u00e9szen biztosan \u00e9s term\u00e9szetesen sok rangos el\u0151ad\u00f3ra, k\u00fcl\u00f6nleges m\u0171vekre \u00e9s persze Kod\u00e1ly Zolt\u00e1n csod\u00e1latos muzsik\u00e1j\u00e1ra. Rezidens egy\u00fcttes\u00fcnk a Kecskem\u00e9ti Szimfonikus Zenekar \u00e9vr\u0151l \u00e9vre egyre kiforrottabb teljes\u00edtm\u00e9nyre k\u00e9pes Holl\u00f3k\u0151i Huba karmester \u00far ir\u00e1ny\u00edt\u00e1s\u00e1val, akivel a sok k\u00f6z\u00f6s munka koncertr\u0151l koncertre magasabb sz\u00ednvonalra emeli az interpret\u00e1ci\u00f3ikat. Tavaly el\u0151sz\u00f6r fel\u00e1ll\u00edtottunk egy k\u00fcl\u00f6n kis k\u00f6r alak\u00fa sz\u00ednpadot is, melyre ezzel a szlogennel invit\u00e1ltuk s invit\u00e1ljuk majd az id\u00e9n is az alkotni v\u00e1gy\u00f3kat: Kod\u00e1ly Pont. Pont Neked. Ezzel egy \u00faj kultur\u00e1lis kapcsolatteremt\u00e9si es\u00e9ly jelent meg a palett\u00e1nkon, egy napjaink szeml\u00e9let\u00e9nek megfelel\u0151, korszer\u0171 k\u00f6zeg a megl\u00e9v\u0151 trad\u00edci\u00f3k tiszteletben tart\u00e1sa mellett. Az online megoszt\u00e1sokra hangolt vil\u00e1gunkban itt lehet\u0151s\u00e9g ny\u00edlik az \u00e9l\u0151 tartalom k\u00f6zvet\u00edt\u00e9sre \u00e9s a gyors interakci\u00f3kra az el\u0151ad\u00f3 \u00e9s a k\u00f6z\u00f6ns\u00e9ge k\u00f6z\u00f6tt. Mindezt k\u00f6t\u00f6tts\u00e9gekt\u0151l mentesen, szabadon. A H\u00edr\u00f6s Ag\u00f3ra el\u0151tt a De\u00e1k Ferenc t\u00e9ren lesz ez a bizonyos Kod\u00e1ly Pont, ahol a zene nyelv\u00e9n vagy a zene aprop\u00f3j\u00e1n teremt\u00fcnk k\u00f6tetlen megnyilatkoz\u00e1si lehet\u0151s\u00e9get a v\u00e1ros lak\u00f3i s a fesztiv\u00e1lra idel\u00e1togat\u00f3k sz\u00e1m\u00e1ra. Hiszen mi m\u00e1s lehetne egy Kod\u00e1ly Zolt\u00e1nr\u00f3l elnevezett fesztiv\u00e1l legf\u0151bb c\u00e9lja, mint az, hogy: \u201eLegyen a zene mindenki\u00e9!\u201d Fot\u00f3k: Gyenes Kata<\/p>\n","protected":false},"author":1,"featured_media":0,"parent":0,"menu_order":0,"comment_status":"closed","ping_status":"closed","template":"","meta":{"footnotes":""},"class_list":["post-2872","page","type-page","status-publish","hentry"],"_links":{"self":[{"href":"https:\/\/kodaly-muveszeti-fesztival.hu\/index.php?rest_route=\/wp\/v2\/pages\/2872","targetHints":{"allow":["GET"]}}],"collection":[{"href":"https:\/\/kodaly-muveszeti-fesztival.hu\/index.php?rest_route=\/wp\/v2\/pages"}],"about":[{"href":"https:\/\/kodaly-muveszeti-fesztival.hu\/index.php?rest_route=\/wp\/v2\/types\/page"}],"author":[{"embeddable":true,"href":"https:\/\/kodaly-muveszeti-fesztival.hu\/index.php?rest_route=\/wp\/v2\/users\/1"}],"replies":[{"embeddable":true,"href":"https:\/\/kodaly-muveszeti-fesztival.hu\/index.php?rest_route=%2Fwp%2Fv2%2Fcomments&post=2872"}],"version-history":[{"count":7,"href":"https:\/\/kodaly-muveszeti-fesztival.hu\/index.php?rest_route=\/wp\/v2\/pages\/2872\/revisions"}],"predecessor-version":[{"id":2880,"href":"https:\/\/kodaly-muveszeti-fesztival.hu\/index.php?rest_route=\/wp\/v2\/pages\/2872\/revisions\/2880"}],"wp:attachment":[{"href":"https:\/\/kodaly-muveszeti-fesztival.hu\/index.php?rest_route=%2Fwp%2Fv2%2Fmedia&parent=2872"}],"curies":[{"name":"wp","href":"https:\/\/api.w.org\/{rel}","templated":true}]}}