{"id":2858,"date":"2022-07-25T09:34:53","date_gmt":"2022-07-25T09:34:53","guid":{"rendered":"https:\/\/kodaly-muveszeti-fesztival.hu\/?page_id=2858"},"modified":"2024-07-16T13:08:46","modified_gmt":"2024-07-16T13:08:46","slug":"hirek-2","status":"publish","type":"page","link":"https:\/\/kodaly-muveszeti-fesztival.hu\/?page_id=2858","title":{"rendered":"H\u00edrek"},"content":{"rendered":"\t\t<div data-elementor-type=\"wp-page\" data-elementor-id=\"2858\" class=\"elementor elementor-2858\">\n\t\t\t\t\t\t<section class=\"elementor-section elementor-top-section elementor-element elementor-element-2f79597 elementor-section-boxed elementor-section-height-default elementor-section-height-default\" data-id=\"2f79597\" data-element_type=\"section\">\n\t\t\t\t\t\t<div class=\"elementor-container elementor-column-gap-default\">\n\t\t\t\t\t<div class=\"elementor-column elementor-col-100 elementor-top-column elementor-element elementor-element-6ced1f9\" data-id=\"6ced1f9\" data-element_type=\"column\">\n\t\t\t<div class=\"elementor-widget-wrap elementor-element-populated\">\n\t\t\t\t\t\t<div class=\"elementor-element elementor-element-f126cf6 elementor-widget elementor-widget-spacer\" data-id=\"f126cf6\" data-element_type=\"widget\" data-widget_type=\"spacer.default\">\n\t\t\t\t<div class=\"elementor-widget-container\">\n\t\t\t\t\t\t\t<div class=\"elementor-spacer\">\n\t\t\t<div class=\"elementor-spacer-inner\"><\/div>\n\t\t<\/div>\n\t\t\t\t\t\t<\/div>\n\t\t\t\t<\/div>\n\t\t\t\t<section class=\"elementor-section elementor-inner-section elementor-element elementor-element-ad44aa6 elementor-section-boxed elementor-section-height-default elementor-section-height-default\" data-id=\"ad44aa6\" data-element_type=\"section\">\n\t\t\t\t\t\t<div class=\"elementor-container elementor-column-gap-default\">\n\t\t\t\t\t<div class=\"elementor-column elementor-col-50 elementor-inner-column elementor-element elementor-element-e98e657\" data-id=\"e98e657\" data-element_type=\"column\">\n\t\t\t<div class=\"elementor-widget-wrap elementor-element-populated\">\n\t\t\t\t\t\t<div class=\"elementor-element elementor-element-7b6fe2e elementor-widget elementor-widget-image\" data-id=\"7b6fe2e\" data-element_type=\"widget\" data-widget_type=\"image.default\">\n\t\t\t\t<div class=\"elementor-widget-container\">\n\t\t\t\t\t\t\t\t\t\t\t\t\t\t\t\t<a href=\"https:\/\/kodaly-muveszeti-fesztival.hu\/?page_id=3790\">\n\t\t\t\t\t\t\t<img fetchpriority=\"high\" decoding=\"async\" width=\"300\" height=\"169\" src=\"https:\/\/kodaly-muveszeti-fesztival.hu\/wp-content\/uploads\/2024\/06\/K_24__HD_EVENT_2-300x169.jpg\" class=\"attachment-medium size-medium wp-image-3441\" alt=\"\" srcset=\"https:\/\/kodaly-muveszeti-fesztival.hu\/wp-content\/uploads\/2024\/06\/K_24__HD_EVENT_2-300x169.jpg 300w, https:\/\/kodaly-muveszeti-fesztival.hu\/wp-content\/uploads\/2024\/06\/K_24__HD_EVENT_2-1024x576.jpg 1024w, https:\/\/kodaly-muveszeti-fesztival.hu\/wp-content\/uploads\/2024\/06\/K_24__HD_EVENT_2-768x432.jpg 768w, https:\/\/kodaly-muveszeti-fesztival.hu\/wp-content\/uploads\/2024\/06\/K_24__HD_EVENT_2-1536x864.jpg 1536w, https:\/\/kodaly-muveszeti-fesztival.hu\/wp-content\/uploads\/2024\/06\/K_24__HD_EVENT_2-2048x1152.jpg 2048w, https:\/\/kodaly-muveszeti-fesztival.hu\/wp-content\/uploads\/2024\/06\/K_24__HD_EVENT_2-1140x641.jpg 1140w\" sizes=\"(max-width: 300px) 100vw, 300px\" \/>\t\t\t\t\t\t\t\t<\/a>\n\t\t\t\t\t\t\t\t\t\t\t\t\t\t\t<\/div>\n\t\t\t\t<\/div>\n\t\t\t\t\t<\/div>\n\t\t<\/div>\n\t\t\t\t<div class=\"elementor-column elementor-col-50 elementor-inner-column elementor-element elementor-element-b839eff\" data-id=\"b839eff\" data-element_type=\"column\">\n\t\t\t<div class=\"elementor-widget-wrap elementor-element-populated\">\n\t\t\t\t\t\t<div class=\"elementor-element elementor-element-fe8db2e elementor-widget elementor-widget-text-editor\" data-id=\"fe8db2e\" data-element_type=\"widget\" data-widget_type=\"text-editor.default\">\n\t\t\t\t<div class=\"elementor-widget-container\">\n\t\t\t\t\t\t\t\t\t<h5>ISM\u00c9T KOD\u00c1LY M\u0170V\u00c9SZETI FESZTIV\u00c1L KECSKEM\u00c9TEN<\/h5><div>\u00a0<\/div><h5><span style=\"font-weight: normal;\">T\u00f6bb mint hat nagyfesztiv\u00e1l szervez\u00e9se, maximalista hozz\u00e1\u00e1ll\u00e1s, k\u00fcldet\u00e9studat hatja \u00e1t Barta D\u00f3ra ir\u00e1ny\u00edt\u00e1sa alatt m\u0171k\u00f6d\u0151 kecskem\u00e9ti H\u00edr\u00f6s Ag\u00f3ra idei \u00e9v\u00e9t. Az egyik tradicion\u00e1lis gy\u00f6ngyszem ezek k\u00f6z\u00fcl a Kod\u00e1ly M\u0171v\u00e9szeti Fesztiv\u00e1l. Az idei ny\u00e1ron j\u00falius 22-28. k\u00f6z\u00f6tt ker\u00fcl megrendez\u00e9sre ez az imm\u00e1r mintegy f\u00e9l\u00e9vsz\u00e1zados m\u00faltra visszatekint\u0151 nemzetk\u00f6zi h\u00edr\u0171 \u00e9s rang\u00fa esem\u00e9nysorozat, a h\u00edr\u00f6s v\u00e1ros legszebb \u00e9s leghangulatosabb helysz\u00ednein ez\u00fattal is kiv\u00e1l\u00f3 el\u0151ad\u00f3m\u0171v\u00e9szeket felvonultatva.<\/span><\/h5>\t\t\t\t\t\t\t\t<\/div>\n\t\t\t\t<\/div>\n\t\t\t\t\t<\/div>\n\t\t<\/div>\n\t\t\t\t\t<\/div>\n\t\t<\/section>\n\t\t\t\t<div class=\"elementor-element elementor-element-db3cd90 elementor-widget-divider--view-line elementor-widget elementor-widget-divider\" data-id=\"db3cd90\" data-element_type=\"widget\" data-widget_type=\"divider.default\">\n\t\t\t\t<div class=\"elementor-widget-container\">\n\t\t\t\t\t\t\t<div class=\"elementor-divider\">\n\t\t\t<span class=\"elementor-divider-separator\">\n\t\t\t\t\t\t<\/span>\n\t\t<\/div>\n\t\t\t\t\t\t<\/div>\n\t\t\t\t<\/div>\n\t\t\t\t<section class=\"elementor-section elementor-inner-section elementor-element elementor-element-438b2cb elementor-section-boxed elementor-section-height-default elementor-section-height-default\" data-id=\"438b2cb\" data-element_type=\"section\">\n\t\t\t\t\t\t<div class=\"elementor-container elementor-column-gap-default\">\n\t\t\t\t\t<div class=\"elementor-column elementor-col-50 elementor-inner-column elementor-element elementor-element-14fec36\" data-id=\"14fec36\" data-element_type=\"column\">\n\t\t\t<div class=\"elementor-widget-wrap elementor-element-populated\">\n\t\t\t\t\t\t<div class=\"elementor-element elementor-element-ed9b846 elementor-widget elementor-widget-image\" data-id=\"ed9b846\" data-element_type=\"widget\" data-widget_type=\"image.default\">\n\t\t\t\t<div class=\"elementor-widget-container\">\n\t\t\t\t\t\t\t\t\t\t\t\t\t\t\t\t<a href=\"https:\/\/kodaly-muveszeti-fesztival.hu\/?page_id=2828\">\n\t\t\t\t\t\t\t<img decoding=\"async\" width=\"300\" height=\"200\" src=\"https:\/\/kodaly-muveszeti-fesztival.hu\/wp-content\/uploads\/2022\/07\/DSC_1857-1-300x200.jpg\" class=\"attachment-medium size-medium wp-image-2865\" alt=\"\" srcset=\"https:\/\/kodaly-muveszeti-fesztival.hu\/wp-content\/uploads\/2022\/07\/DSC_1857-1-300x200.jpg 300w, https:\/\/kodaly-muveszeti-fesztival.hu\/wp-content\/uploads\/2022\/07\/DSC_1857-1-1024x681.jpg 1024w, https:\/\/kodaly-muveszeti-fesztival.hu\/wp-content\/uploads\/2022\/07\/DSC_1857-1-768x511.jpg 768w, https:\/\/kodaly-muveszeti-fesztival.hu\/wp-content\/uploads\/2022\/07\/DSC_1857-1-1536x1022.jpg 1536w, https:\/\/kodaly-muveszeti-fesztival.hu\/wp-content\/uploads\/2022\/07\/DSC_1857-1-2048x1363.jpg 2048w, https:\/\/kodaly-muveszeti-fesztival.hu\/wp-content\/uploads\/2022\/07\/DSC_1857-1-1140x758.jpg 1140w\" sizes=\"(max-width: 300px) 100vw, 300px\" \/>\t\t\t\t\t\t\t\t<\/a>\n\t\t\t\t\t\t\t\t\t\t\t\t\t\t\t<\/div>\n\t\t\t\t<\/div>\n\t\t\t\t\t<\/div>\n\t\t<\/div>\n\t\t\t\t<div class=\"elementor-column elementor-col-50 elementor-inner-column elementor-element elementor-element-b5b791c\" data-id=\"b5b791c\" data-element_type=\"column\">\n\t\t\t<div class=\"elementor-widget-wrap elementor-element-populated\">\n\t\t\t\t\t\t<div class=\"elementor-element elementor-element-78203f4 elementor-widget elementor-widget-text-editor\" data-id=\"78203f4\" data-element_type=\"widget\" data-widget_type=\"text-editor.default\">\n\t\t\t\t<div class=\"elementor-widget-container\">\n\t\t\t\t\t\t\t\t\t<h5>KOD\u00c1LY TERMET AVATTUNK A H\u00cdR\u00d6S AG\u00d3RA KULTUR\u00c1LIS K\u00d6ZPONTBAN<\/h5><div>\u00a0<\/div><h5><span style=\"font-weight: normal;\">2022-ben Kod\u00e1ly Zolt\u00e1n sz\u00fclet\u00e9s\u00e9nek 140. \u00e9vfordul\u00f3j\u00e1t \u00fcnnepelj\u00fck. Kod\u00e1ly v\u00e1ros\u00e1ban a zene \u00e9s az \u00e9nek kiemelt fontoss\u00e1g\u00fa &#8211; \u0151rizz\u00fck Kod\u00e1ly eml\u00e9k\u00e9t \u00e9s tov\u00e1bb vissz\u00fck hagyat\u00e9k\u00e1t, m\u00f3dszereit, \u00e9s a zen\u00e9r\u0151l vallott eszm\u00e9it.<br \/>A Kod\u00e1ly M\u0171v\u00e9szeti Fesztiv\u00e1l nyit\u00f3napj\u00e1n ez\u00faton tisztelg\u00fcnk a zeneszerz\u0151, zenetud\u00f3s, n\u00e9pzenekutat\u00f3 \u00e9s zeneoktat\u00f3 el\u0151tt.<\/span><\/h5>\t\t\t\t\t\t\t\t<\/div>\n\t\t\t\t<\/div>\n\t\t\t\t\t<\/div>\n\t\t<\/div>\n\t\t\t\t\t<\/div>\n\t\t<\/section>\n\t\t\t\t<div class=\"elementor-element elementor-element-c425414 elementor-widget-divider--view-line elementor-widget elementor-widget-divider\" data-id=\"c425414\" data-element_type=\"widget\" data-widget_type=\"divider.default\">\n\t\t\t\t<div class=\"elementor-widget-container\">\n\t\t\t\t\t\t\t<div class=\"elementor-divider\">\n\t\t\t<span class=\"elementor-divider-separator\">\n\t\t\t\t\t\t<\/span>\n\t\t<\/div>\n\t\t\t\t\t\t<\/div>\n\t\t\t\t<\/div>\n\t\t\t\t<section class=\"elementor-section elementor-inner-section elementor-element elementor-element-538c9e3 elementor-section-boxed elementor-section-height-default elementor-section-height-default\" data-id=\"538c9e3\" data-element_type=\"section\">\n\t\t\t\t\t\t<div class=\"elementor-container elementor-column-gap-default\">\n\t\t\t\t\t<div class=\"elementor-column elementor-col-50 elementor-inner-column elementor-element elementor-element-6fe0778\" data-id=\"6fe0778\" data-element_type=\"column\">\n\t\t\t<div class=\"elementor-widget-wrap elementor-element-populated\">\n\t\t\t\t\t\t<div class=\"elementor-element elementor-element-5ba7f86 elementor-widget elementor-widget-image\" data-id=\"5ba7f86\" data-element_type=\"widget\" data-widget_type=\"image.default\">\n\t\t\t\t<div class=\"elementor-widget-container\">\n\t\t\t\t\t\t\t\t\t\t\t\t\t\t\t\t<a href=\"https:\/\/kodaly-muveszeti-fesztival.hu\/?page_id=2872\">\n\t\t\t\t\t\t\t<img decoding=\"async\" width=\"300\" height=\"200\" src=\"https:\/\/kodaly-muveszeti-fesztival.hu\/wp-content\/uploads\/2022\/07\/DSC_2191-2-300x200.jpg\" class=\"attachment-medium size-medium wp-image-2864\" alt=\"\" srcset=\"https:\/\/kodaly-muveszeti-fesztival.hu\/wp-content\/uploads\/2022\/07\/DSC_2191-2-300x200.jpg 300w, https:\/\/kodaly-muveszeti-fesztival.hu\/wp-content\/uploads\/2022\/07\/DSC_2191-2-1024x681.jpg 1024w, https:\/\/kodaly-muveszeti-fesztival.hu\/wp-content\/uploads\/2022\/07\/DSC_2191-2-768x511.jpg 768w, https:\/\/kodaly-muveszeti-fesztival.hu\/wp-content\/uploads\/2022\/07\/DSC_2191-2-1536x1022.jpg 1536w, https:\/\/kodaly-muveszeti-fesztival.hu\/wp-content\/uploads\/2022\/07\/DSC_2191-2-2048x1363.jpg 2048w, https:\/\/kodaly-muveszeti-fesztival.hu\/wp-content\/uploads\/2022\/07\/DSC_2191-2-1140x758.jpg 1140w\" sizes=\"(max-width: 300px) 100vw, 300px\" \/>\t\t\t\t\t\t\t\t<\/a>\n\t\t\t\t\t\t\t\t\t\t\t\t\t\t\t<\/div>\n\t\t\t\t<\/div>\n\t\t\t\t\t<\/div>\n\t\t<\/div>\n\t\t\t\t<div class=\"elementor-column elementor-col-50 elementor-inner-column elementor-element elementor-element-9063085\" data-id=\"9063085\" data-element_type=\"column\">\n\t\t\t<div class=\"elementor-widget-wrap elementor-element-populated\">\n\t\t\t\t\t\t<div class=\"elementor-element elementor-element-f189f26 elementor-widget elementor-widget-text-editor\" data-id=\"f189f26\" data-element_type=\"widget\" data-widget_type=\"text-editor.default\">\n\t\t\t\t<div class=\"elementor-widget-container\">\n\t\t\t\t\t\t\t\t\t<h5>KOD\u00c1LY M\u0170V\u00c9SZETI FESZTIV\u00c1L &#8211; INTERJ\u00da BARTA D\u00d3R\u00c1VAL<\/h5><div>\u00a0<\/div><h5><span style=\"font-weight: 400;\">A tavalyi \u00e9vben a Kod\u00e1ly M\u0171v\u00e9szeti Fesztiv\u00e1l l\u00e1tv\u00e1nyosan meg\u00fajult s nagy szakmai \u00e9s k\u00f6z\u00f6ns\u00e9g sikert aratott a H\u00edr\u00f6s Ag\u00f3ra akkor frissen kinevezett \u00faj vezet\u0151je, Barta D\u00f3ra innov\u00e1ci\u00f3ra \u00e9p\u00fcl\u0151 koncepci\u00f3j\u00e1nak k\u00f6sz\u00f6nhet\u0151en, annak ellen\u00e9re, hogy csak r\u00f6vid id\u0151 \u00e1llt rendelkez\u00e9s\u00e9re a 2021-es fesztiv\u00e1l el\u0151k\u00e9sz\u00edt\u00e9s\u00e9re.\u00a0<\/span><\/h5>\t\t\t\t\t\t\t\t<\/div>\n\t\t\t\t<\/div>\n\t\t\t\t\t<\/div>\n\t\t<\/div>\n\t\t\t\t\t<\/div>\n\t\t<\/section>\n\t\t\t\t<div class=\"elementor-element elementor-element-ee6f8f5 elementor-widget-divider--view-line elementor-widget elementor-widget-divider\" data-id=\"ee6f8f5\" data-element_type=\"widget\" data-widget_type=\"divider.default\">\n\t\t\t\t<div class=\"elementor-widget-container\">\n\t\t\t\t\t\t\t<div class=\"elementor-divider\">\n\t\t\t<span class=\"elementor-divider-separator\">\n\t\t\t\t\t\t<\/span>\n\t\t<\/div>\n\t\t\t\t\t\t<\/div>\n\t\t\t\t<\/div>\n\t\t\t\t<section class=\"elementor-section elementor-inner-section elementor-element elementor-element-f96c8f1 elementor-section-boxed elementor-section-height-default elementor-section-height-default\" data-id=\"f96c8f1\" data-element_type=\"section\">\n\t\t\t\t\t\t<div class=\"elementor-container elementor-column-gap-default\">\n\t\t\t\t\t<div class=\"elementor-column elementor-col-50 elementor-inner-column elementor-element elementor-element-8abd720\" data-id=\"8abd720\" data-element_type=\"column\">\n\t\t\t<div class=\"elementor-widget-wrap elementor-element-populated\">\n\t\t\t\t\t\t<div class=\"elementor-element elementor-element-a3e619a elementor-widget elementor-widget-image\" data-id=\"a3e619a\" data-element_type=\"widget\" data-widget_type=\"image.default\">\n\t\t\t\t<div class=\"elementor-widget-container\">\n\t\t\t\t\t\t\t\t\t\t\t\t\t\t\t\t<a href=\"https:\/\/kodaly-muveszeti-fesztival.hu\/?page_id=2884\">\n\t\t\t\t\t\t\t<img loading=\"lazy\" decoding=\"async\" width=\"300\" height=\"200\" src=\"https:\/\/kodaly-muveszeti-fesztival.hu\/wp-content\/uploads\/2022\/07\/DSC_0962-300x200.jpg\" class=\"attachment-medium size-medium wp-image-2867\" alt=\"\" srcset=\"https:\/\/kodaly-muveszeti-fesztival.hu\/wp-content\/uploads\/2022\/07\/DSC_0962-300x200.jpg 300w, https:\/\/kodaly-muveszeti-fesztival.hu\/wp-content\/uploads\/2022\/07\/DSC_0962-1024x681.jpg 1024w, https:\/\/kodaly-muveszeti-fesztival.hu\/wp-content\/uploads\/2022\/07\/DSC_0962-768x511.jpg 768w, https:\/\/kodaly-muveszeti-fesztival.hu\/wp-content\/uploads\/2022\/07\/DSC_0962-1140x758.jpg 1140w, https:\/\/kodaly-muveszeti-fesztival.hu\/wp-content\/uploads\/2022\/07\/DSC_0962.jpg 1500w\" sizes=\"(max-width: 300px) 100vw, 300px\" \/>\t\t\t\t\t\t\t\t<\/a>\n\t\t\t\t\t\t\t\t\t\t\t\t\t\t\t<\/div>\n\t\t\t\t<\/div>\n\t\t\t\t\t<\/div>\n\t\t<\/div>\n\t\t\t\t<div class=\"elementor-column elementor-col-50 elementor-inner-column elementor-element elementor-element-ee78f78\" data-id=\"ee78f78\" data-element_type=\"column\">\n\t\t\t<div class=\"elementor-widget-wrap elementor-element-populated\">\n\t\t\t\t\t\t<div class=\"elementor-element elementor-element-ef02354 elementor-widget elementor-widget-text-editor\" data-id=\"ef02354\" data-element_type=\"widget\" data-widget_type=\"text-editor.default\">\n\t\t\t\t<div class=\"elementor-widget-container\">\n\t\t\t\t\t\t\t\t\t<h5>\u00daJ M\u0170V\u00c9SZETI VEZET\u0150 A KECSKEM\u00c9TI SZIMFONIKUS ZENEKAR \u00c9L\u00c9N<\/h5>\n<div>&nbsp;<\/div>\n<h5><span style=\"font-weight: 400;\">Holl\u00f3k\u0151i Huba az \u00faj vezet\u0151 dirigens neve m\u00e1r nem ismeretlen a kecskem\u00e9ti k\u00f6z\u00f6ns\u00e9g el\u0151tt, hiszen az elm\u00falt \u00e9vben t\u00f6bb nagy siker\u0171 koncerten is vez\u00e9nyelte v\u00e1rosunk nagy m\u00falt\u00fa zenekar\u00e1t. Kinevez\u00e9s\u00e9vel \u00faj korszak kezd\u0151dik az egy\u00fcttes \u00e9let\u00e9ben, egy fiatal, de jelent\u0151s nemzetk\u00f6zi tapasztalatokkal rendelkez\u0151, menedzserszeml\u00e9let\u0171 vezet\u0151 ir\u00e1ny\u00edt\u00e1s\u00e1val fejl\u0151dhet tov\u00e1bb.&nbsp;<\/span><\/h5>\t\t\t\t\t\t\t\t<\/div>\n\t\t\t\t<\/div>\n\t\t\t\t\t<\/div>\n\t\t<\/div>\n\t\t\t\t\t<\/div>\n\t\t<\/section>\n\t\t\t\t<div class=\"elementor-element elementor-element-00594a6 elementor-widget-divider--view-line elementor-widget elementor-widget-divider\" data-id=\"00594a6\" data-element_type=\"widget\" data-widget_type=\"divider.default\">\n\t\t\t\t<div class=\"elementor-widget-container\">\n\t\t\t\t\t\t\t<div class=\"elementor-divider\">\n\t\t\t<span class=\"elementor-divider-separator\">\n\t\t\t\t\t\t<\/span>\n\t\t<\/div>\n\t\t\t\t\t\t<\/div>\n\t\t\t\t<\/div>\n\t\t\t\t\t<\/div>\n\t\t<\/div>\n\t\t\t\t\t<\/div>\n\t\t<\/section>\n\t\t\t\t<\/div>\n\t\t","protected":false},"excerpt":{"rendered":"<p>ISM\u00c9T KOD\u00c1LY M\u0170V\u00c9SZETI FESZTIV\u00c1L KECSKEM\u00c9TEN \u00a0 T\u00f6bb mint hat nagyfesztiv\u00e1l szervez\u00e9se, maximalista hozz\u00e1\u00e1ll\u00e1s, k\u00fcldet\u00e9studat hatja \u00e1t Barta D\u00f3ra ir\u00e1ny\u00edt\u00e1sa alatt m\u0171k\u00f6d\u0151 kecskem\u00e9ti H\u00edr\u00f6s Ag\u00f3ra idei \u00e9v\u00e9t. Az egyik tradicion\u00e1lis gy\u00f6ngyszem ezek k\u00f6z\u00fcl a Kod\u00e1ly M\u0171v\u00e9szeti Fesztiv\u00e1l. Az idei ny\u00e1ron j\u00falius 22-28. k\u00f6z\u00f6tt ker\u00fcl megrendez\u00e9sre ez az imm\u00e1r mintegy f\u00e9l\u00e9vsz\u00e1zados m\u00faltra visszatekint\u0151 nemzetk\u00f6zi h\u00edr\u0171 \u00e9s rang\u00fa esem\u00e9nysorozat, a h\u00edr\u00f6s v\u00e1ros legszebb \u00e9s leghangulatosabb helysz\u00ednein ez\u00fattal is kiv\u00e1l\u00f3 el\u0151ad\u00f3m\u0171v\u00e9szeket felvonultatva. KOD\u00c1LY TERMET AVATTUNK A H\u00cdR\u00d6S AG\u00d3RA KULTUR\u00c1LIS K\u00d6ZPONTBAN \u00a0 2022-ben Kod\u00e1ly Zolt\u00e1n sz\u00fclet\u00e9s\u00e9nek 140. \u00e9vfordul\u00f3j\u00e1t \u00fcnnepelj\u00fck. Kod\u00e1ly v\u00e1ros\u00e1ban a zene \u00e9s az \u00e9nek kiemelt fontoss\u00e1g\u00fa &#8211; \u0151rizz\u00fck Kod\u00e1ly eml\u00e9k\u00e9t \u00e9s tov\u00e1bb vissz\u00fck hagyat\u00e9k\u00e1t, m\u00f3dszereit, \u00e9s a zen\u00e9r\u0151l vallott eszm\u00e9it.A Kod\u00e1ly M\u0171v\u00e9szeti Fesztiv\u00e1l nyit\u00f3napj\u00e1n ez\u00faton tisztelg\u00fcnk a zeneszerz\u0151, zenetud\u00f3s, n\u00e9pzenekutat\u00f3 \u00e9s zeneoktat\u00f3 el\u0151tt. KOD\u00c1LY M\u0170V\u00c9SZETI FESZTIV\u00c1L &#8211; INTERJ\u00da BARTA D\u00d3R\u00c1VAL \u00a0 A tavalyi \u00e9vben a Kod\u00e1ly M\u0171v\u00e9szeti Fesztiv\u00e1l l\u00e1tv\u00e1nyosan meg\u00fajult s nagy szakmai \u00e9s k\u00f6z\u00f6ns\u00e9g sikert aratott a H\u00edr\u00f6s Ag\u00f3ra akkor frissen kinevezett \u00faj vezet\u0151je, Barta D\u00f3ra innov\u00e1ci\u00f3ra \u00e9p\u00fcl\u0151 koncepci\u00f3j\u00e1nak k\u00f6sz\u00f6nhet\u0151en, annak ellen\u00e9re, hogy csak r\u00f6vid id\u0151 \u00e1llt rendelkez\u00e9s\u00e9re a 2021-es fesztiv\u00e1l el\u0151k\u00e9sz\u00edt\u00e9s\u00e9re.\u00a0 \u00daJ M\u0170V\u00c9SZETI VEZET\u0150 A KECSKEM\u00c9TI SZIMFONIKUS ZENEKAR \u00c9L\u00c9N &nbsp; Holl\u00f3k\u0151i Huba az \u00faj vezet\u0151 dirigens neve m\u00e1r nem ismeretlen a kecskem\u00e9ti k\u00f6z\u00f6ns\u00e9g el\u0151tt, hiszen az elm\u00falt \u00e9vben t\u00f6bb nagy siker\u0171 koncerten is vez\u00e9nyelte v\u00e1rosunk nagy m\u00falt\u00fa zenekar\u00e1t. Kinevez\u00e9s\u00e9vel \u00faj korszak kezd\u0151dik az egy\u00fcttes \u00e9let\u00e9ben, egy fiatal, de jelent\u0151s nemzetk\u00f6zi tapasztalatokkal rendelkez\u0151, menedzserszeml\u00e9let\u0171 vezet\u0151 ir\u00e1ny\u00edt\u00e1s\u00e1val fejl\u0151dhet tov\u00e1bb.&nbsp;<\/p>\n","protected":false},"author":1,"featured_media":0,"parent":0,"menu_order":0,"comment_status":"closed","ping_status":"closed","template":"","meta":{"footnotes":""},"class_list":["post-2858","page","type-page","status-publish","hentry"],"_links":{"self":[{"href":"https:\/\/kodaly-muveszeti-fesztival.hu\/index.php?rest_route=\/wp\/v2\/pages\/2858","targetHints":{"allow":["GET"]}}],"collection":[{"href":"https:\/\/kodaly-muveszeti-fesztival.hu\/index.php?rest_route=\/wp\/v2\/pages"}],"about":[{"href":"https:\/\/kodaly-muveszeti-fesztival.hu\/index.php?rest_route=\/wp\/v2\/types\/page"}],"author":[{"embeddable":true,"href":"https:\/\/kodaly-muveszeti-fesztival.hu\/index.php?rest_route=\/wp\/v2\/users\/1"}],"replies":[{"embeddable":true,"href":"https:\/\/kodaly-muveszeti-fesztival.hu\/index.php?rest_route=%2Fwp%2Fv2%2Fcomments&post=2858"}],"version-history":[{"count":25,"href":"https:\/\/kodaly-muveszeti-fesztival.hu\/index.php?rest_route=\/wp\/v2\/pages\/2858\/revisions"}],"predecessor-version":[{"id":3800,"href":"https:\/\/kodaly-muveszeti-fesztival.hu\/index.php?rest_route=\/wp\/v2\/pages\/2858\/revisions\/3800"}],"wp:attachment":[{"href":"https:\/\/kodaly-muveszeti-fesztival.hu\/index.php?rest_route=%2Fwp%2Fv2%2Fmedia&parent=2858"}],"curies":[{"name":"wp","href":"https:\/\/api.w.org\/{rel}","templated":true}]}}