{"id":2828,"date":"2022-07-25T09:23:14","date_gmt":"2022-07-25T09:23:14","guid":{"rendered":"https:\/\/kodaly-muveszeti-fesztival.hu\/?page_id=2828"},"modified":"2022-07-25T09:33:37","modified_gmt":"2022-07-25T09:33:37","slug":"kodaly-terem-avatasa-a-hiros-agora-kulturalis-kozpontban","status":"publish","type":"page","link":"https:\/\/kodaly-muveszeti-fesztival.hu\/?page_id=2828","title":{"rendered":"Kod\u00e1ly terem avat\u00e1sa a H\u00edr\u00f6s Ag\u00f3ra Kultur\u00e1lis K\u00f6zpontban"},"content":{"rendered":"\t\t<div data-elementor-type=\"wp-page\" data-elementor-id=\"2828\" class=\"elementor elementor-2828\">\n\t\t\t\t\t\t<section class=\"elementor-section elementor-top-section elementor-element elementor-element-c21c953 elementor-section-boxed elementor-section-height-default elementor-section-height-default\" data-id=\"c21c953\" data-element_type=\"section\">\n\t\t\t\t\t\t<div class=\"elementor-container elementor-column-gap-default\">\n\t\t\t\t\t<div class=\"elementor-column elementor-col-100 elementor-top-column elementor-element elementor-element-5ee2c0c\" data-id=\"5ee2c0c\" data-element_type=\"column\">\n\t\t\t<div class=\"elementor-widget-wrap elementor-element-populated\">\n\t\t\t\t\t\t<div class=\"elementor-element elementor-element-b361602 elementor-widget elementor-widget-spacer\" data-id=\"b361602\" data-element_type=\"widget\" data-widget_type=\"spacer.default\">\n\t\t\t\t<div class=\"elementor-widget-container\">\n\t\t\t\t\t\t\t<div class=\"elementor-spacer\">\n\t\t\t<div class=\"elementor-spacer-inner\"><\/div>\n\t\t<\/div>\n\t\t\t\t\t\t<\/div>\n\t\t\t\t<\/div>\n\t\t\t\t<div class=\"elementor-element elementor-element-62777a6 elementor-widget elementor-widget-heading\" data-id=\"62777a6\" data-element_type=\"widget\" data-widget_type=\"heading.default\">\n\t\t\t\t<div class=\"elementor-widget-container\">\n\t\t\t\t\t<h2 class=\"elementor-heading-title elementor-size-default\">Kod\u00e1ly terem avat\u00e1s a H\u00edr\u00f6s Ag\u00f3ra Kultur\u00e1lis K\u00f6zpontban<\/h2>\t\t\t\t<\/div>\n\t\t\t\t<\/div>\n\t\t\t\t<div class=\"elementor-element elementor-element-84eec18 elementor-widget elementor-widget-spacer\" data-id=\"84eec18\" data-element_type=\"widget\" data-widget_type=\"spacer.default\">\n\t\t\t\t<div class=\"elementor-widget-container\">\n\t\t\t\t\t\t\t<div class=\"elementor-spacer\">\n\t\t\t<div class=\"elementor-spacer-inner\"><\/div>\n\t\t<\/div>\n\t\t\t\t\t\t<\/div>\n\t\t\t\t<\/div>\n\t\t\t\t<section class=\"elementor-section elementor-inner-section elementor-element elementor-element-6b8b25e elementor-section-boxed elementor-section-height-default elementor-section-height-default\" data-id=\"6b8b25e\" data-element_type=\"section\">\n\t\t\t\t\t\t<div class=\"elementor-container elementor-column-gap-default\">\n\t\t\t\t\t<div class=\"elementor-column elementor-col-100 elementor-inner-column elementor-element elementor-element-63a392a\" data-id=\"63a392a\" data-element_type=\"column\">\n\t\t\t<div class=\"elementor-widget-wrap elementor-element-populated\">\n\t\t\t\t\t\t<div class=\"elementor-element elementor-element-62f6693 elementor-widget elementor-widget-text-editor\" data-id=\"62f6693\" data-element_type=\"widget\" data-widget_type=\"text-editor.default\">\n\t\t\t\t<div class=\"elementor-widget-container\">\n\t\t\t\t\t\t\t\t\t<h5>2022-ben Kod\u00e1ly Zolt\u00e1n sz\u00fclet\u00e9s\u00e9nek 140. \u00e9vfordul\u00f3j\u00e1t \u00fcnnepelj\u00fck. Kod\u00e1ly v\u00e1ros\u00e1ban a zene \u00e9s az \u00e9nek kiemelt fontoss\u00e1g\u00fa &#8211; \u0151rizz\u00fck Kod\u00e1ly eml\u00e9k\u00e9t \u00e9s tov\u00e1bb vissz\u00fck hagyat\u00e9k\u00e1t, m\u00f3dszereit, \u00e9s a zen\u00e9r\u0151l vallott eszm\u00e9it.<br \/>A Kod\u00e1ly M\u0171v\u00e9szeti Fesztiv\u00e1l nyit\u00f3napj\u00e1n ez\u00faton tisztelg\u00fcnk a zeneszerz\u0151, zenetud\u00f3s, n\u00e9pzenekutat\u00f3 \u00e9s zeneoktat\u00f3 el\u0151tt.<\/h5><h5>\u00a0 <br \/>\u00dcnnep\u00e9lyes keretek k\u00f6z\u00f6tt, a Kod\u00e1ly M\u0171v\u00e9szeti Fesztiv\u00e1l nyit\u00f3napj\u00e1n felavattuk az int\u00e9zm\u00e9ny \u00faj, Kod\u00e1ly term\u00e9t!<\/h5><div>\u00a0<\/div><h5>Kod\u00e1ly Zolt\u00e1n nev\u00e9t visel\u0151 fesztiv\u00e1lunk h\u00f3dolat a zen\u00e9nek, a m\u0171v\u00e9szeteknek \u00e9s Kod\u00e1ly Zolt\u00e1nnak &#8211; munk\u00e1ss\u00e1g\u00e1nak \u00e9s hagyat\u00e9k\u00e1nak, mely a zene szeretet\u00e9t \u00e9s felemel\u0151 erej\u00e9t m\u00e1ig hirdeti.<\/h5><h5>\u00a0<\/h5><h5>Az avat\u00e1son csod\u00e1s \u00e9neksz\u00f3 k\u00f6lcs\u00f6nz\u00f6tt a teremnek egy teljesen \u00faj aur\u00e1t. Erdei P\u00e9ter vez\u00e9nylet\u00e9vel a Nemzeti Ifj\u00fas\u00e1gi K\u00f3rus var\u00e1zslatos el\u0151ad\u00e1s\u00e1t hallhattuk.<\/h5><div>\u00a0<\/div><h5>Ezzel egy id\u0151ben a Magyar Fotogr\u00e1fiai M\u00fazeum gy\u0171jtem\u00e9ny\u00e9b\u0151l v\u00e1logatott Kod\u00e1ly-fotogr\u00e1fi\u00e1kb\u00f3l ny\u00edlt ki\u00e1ll\u00edt\u00e1s. A t\u00e1rlaton kereszt\u00fcl a m\u0171v\u00e9sz munk\u00e1ss\u00e1ga, pillanatai, mag\u00e1n\u00e9lete is k\u00f6zelebb ker\u00fcl hozz\u00e1nk.<br \/>Barta D\u00f3ra \u00fcgyvezet\u0151 igazgat\u00f3 besz\u00e9d\u00e9ben kiemelte Kod\u00e1ly Zolt\u00e1n szem\u00e9ly\u00e9nek, tev\u00e9kenys\u00e9g\u00e9nek \u00e9s hat\u00e1s\u00e1nak jelent\u0151s\u00e9g\u00e9t.<\/h5><h5><br \/>A terem arra hivatott, hogy tov\u00e1bb vigye Kod\u00e1ly szellemis\u00e9g\u00e9t, \u00e9s m\u00e9lt\u00f3 helysz\u00edne legyen m\u0171v\u00e9szeti esem\u00e9nyeknek.<br \/>A nyit\u00f3koncertet k\u00f6vet\u0151en, m\u00e1r a felavatatott Kod\u00e1ly-teremben k\u00f6sz\u00f6nthett\u00fck Andreas Ottensamer karmestert \u00e9s klarin\u00e9tm\u0171v\u00e9szt, \u00e9s a Kecskem\u00e9ti Szimfonikus Zenekar tagjait.<\/h5><div>\u00a0<\/div><h5>Nagy pillanatok voltak ezek!<\/h5><div>\u00a0<\/div><h5>\u00d6r\u00f6m\u00fcnkre szolg\u00e1l, hogy ezent\u00fal nem a 100-as terembe invit\u00e1lhatjuk vend\u00e9geinket egy-egy impoz\u00e1ns ki\u00e1ll\u00edt\u00e1sra, hanem ezut\u00e1n mondhatjuk: <br \/>V\u00e1rjuk vend\u00e9geinket a Kod\u00e1ly teremben!<\/h5><div>\u00a0<\/div><h5>Fot\u00f3: Gyenes Kata<\/h5>\t\t\t\t\t\t\t\t<\/div>\n\t\t\t\t<\/div>\n\t\t\t\t\t<\/div>\n\t\t<\/div>\n\t\t\t\t\t<\/div>\n\t\t<\/section>\n\t\t\t\t\t<\/div>\n\t\t<\/div>\n\t\t\t\t\t<\/div>\n\t\t<\/section>\n\t\t\t\t<section class=\"elementor-section elementor-top-section elementor-element elementor-element-160fa16 elementor-section-boxed elementor-section-height-default elementor-section-height-default\" data-id=\"160fa16\" data-element_type=\"section\">\n\t\t\t\t\t\t<div class=\"elementor-container elementor-column-gap-default\">\n\t\t\t\t\t<div class=\"elementor-column elementor-col-100 elementor-top-column elementor-element elementor-element-306e1a1\" data-id=\"306e1a1\" data-element_type=\"column\">\n\t\t\t<div class=\"elementor-widget-wrap elementor-element-populated\">\n\t\t\t\t\t\t<section class=\"elementor-section elementor-inner-section elementor-element elementor-element-687a6c9 elementor-section-boxed elementor-section-height-default elementor-section-height-default\" data-id=\"687a6c9\" data-element_type=\"section\">\n\t\t\t\t\t\t<div class=\"elementor-container elementor-column-gap-default\">\n\t\t\t\t\t<div class=\"elementor-column elementor-col-100 elementor-inner-column elementor-element elementor-element-8f3c37a\" data-id=\"8f3c37a\" data-element_type=\"column\">\n\t\t\t<div class=\"elementor-widget-wrap elementor-element-populated\">\n\t\t\t\t\t\t<div class=\"elementor-element elementor-element-b09a5f4 elementor-widget elementor-widget-text-editor\" data-id=\"b09a5f4\" data-element_type=\"widget\" data-widget_type=\"text-editor.default\">\n\t\t\t\t<div class=\"elementor-widget-container\">\n\t\t\t\t\t\t\t\t\t<div id='gallery-1' class='gallery galleryid-2828 gallery-columns-3 gallery-size-thumbnail'><figure class='gallery-item'>\n\t\t\t<div class='gallery-icon landscape'>\n\t\t\t\t<a href='https:\/\/kodaly-muveszeti-fesztival.hu\/?attachment_id=2834'><img decoding=\"async\" width=\"150\" height=\"150\" src=\"https:\/\/kodaly-muveszeti-fesztival.hu\/wp-content\/uploads\/2022\/07\/DSC_1857-150x150.jpg\" class=\"attachment-thumbnail size-thumbnail\" alt=\"\" aria-describedby=\"gallery-1-2834\" srcset=\"https:\/\/kodaly-muveszeti-fesztival.hu\/wp-content\/uploads\/2022\/07\/DSC_1857-150x150.jpg 150w, https:\/\/kodaly-muveszeti-fesztival.hu\/wp-content\/uploads\/2022\/07\/DSC_1857-300x300.jpg 300w, https:\/\/kodaly-muveszeti-fesztival.hu\/wp-content\/uploads\/2022\/07\/DSC_1857-75x75.jpg 75w\" sizes=\"(max-width: 150px) 100vw, 150px\" \/><\/a>\n\t\t\t<\/div>\n\t\t\t\t<figcaption class='wp-caption-text gallery-caption' id='gallery-1-2834'>\n\t\t\t\tFot\u00f3: Gyenes Kata\n\t\t\t\t<\/figcaption><\/figure><figure class='gallery-item'>\n\t\t\t<div class='gallery-icon landscape'>\n\t\t\t\t<a href='https:\/\/kodaly-muveszeti-fesztival.hu\/?attachment_id=2835'><img decoding=\"async\" width=\"150\" height=\"150\" src=\"https:\/\/kodaly-muveszeti-fesztival.hu\/wp-content\/uploads\/2022\/07\/DSC_1861-150x150.jpg\" class=\"attachment-thumbnail size-thumbnail\" alt=\"\" aria-describedby=\"gallery-1-2835\" srcset=\"https:\/\/kodaly-muveszeti-fesztival.hu\/wp-content\/uploads\/2022\/07\/DSC_1861-150x150.jpg 150w, https:\/\/kodaly-muveszeti-fesztival.hu\/wp-content\/uploads\/2022\/07\/DSC_1861-300x300.jpg 300w, https:\/\/kodaly-muveszeti-fesztival.hu\/wp-content\/uploads\/2022\/07\/DSC_1861-75x75.jpg 75w\" sizes=\"(max-width: 150px) 100vw, 150px\" \/><\/a>\n\t\t\t<\/div>\n\t\t\t\t<figcaption class='wp-caption-text gallery-caption' id='gallery-1-2835'>\n\t\t\t\tFot\u00f3: Gyenes Kata\n\t\t\t\t<\/figcaption><\/figure><figure class='gallery-item'>\n\t\t\t<div class='gallery-icon landscape'>\n\t\t\t\t<a href='https:\/\/kodaly-muveszeti-fesztival.hu\/?attachment_id=2836'><img decoding=\"async\" width=\"150\" height=\"150\" src=\"https:\/\/kodaly-muveszeti-fesztival.hu\/wp-content\/uploads\/2022\/07\/DSC_2140-150x150.jpg\" class=\"attachment-thumbnail size-thumbnail\" alt=\"\" aria-describedby=\"gallery-1-2836\" srcset=\"https:\/\/kodaly-muveszeti-fesztival.hu\/wp-content\/uploads\/2022\/07\/DSC_2140-150x150.jpg 150w, https:\/\/kodaly-muveszeti-fesztival.hu\/wp-content\/uploads\/2022\/07\/DSC_2140-300x300.jpg 300w, https:\/\/kodaly-muveszeti-fesztival.hu\/wp-content\/uploads\/2022\/07\/DSC_2140-75x75.jpg 75w\" sizes=\"(max-width: 150px) 100vw, 150px\" \/><\/a>\n\t\t\t<\/div>\n\t\t\t\t<figcaption class='wp-caption-text gallery-caption' id='gallery-1-2836'>\n\t\t\t\tFot\u00f3: Gyenes Kata\n\t\t\t\t<\/figcaption><\/figure><figure class='gallery-item'>\n\t\t\t<div class='gallery-icon landscape'>\n\t\t\t\t<a href='https:\/\/kodaly-muveszeti-fesztival.hu\/?attachment_id=2837'><img loading=\"lazy\" decoding=\"async\" width=\"150\" height=\"150\" src=\"https:\/\/kodaly-muveszeti-fesztival.hu\/wp-content\/uploads\/2022\/07\/DSC_2146-150x150.jpg\" class=\"attachment-thumbnail size-thumbnail\" alt=\"\" aria-describedby=\"gallery-1-2837\" srcset=\"https:\/\/kodaly-muveszeti-fesztival.hu\/wp-content\/uploads\/2022\/07\/DSC_2146-150x150.jpg 150w, https:\/\/kodaly-muveszeti-fesztival.hu\/wp-content\/uploads\/2022\/07\/DSC_2146-300x300.jpg 300w, https:\/\/kodaly-muveszeti-fesztival.hu\/wp-content\/uploads\/2022\/07\/DSC_2146-75x75.jpg 75w\" sizes=\"(max-width: 150px) 100vw, 150px\" \/><\/a>\n\t\t\t<\/div>\n\t\t\t\t<figcaption class='wp-caption-text gallery-caption' id='gallery-1-2837'>\n\t\t\t\tFot\u00f3: Gyenes Kata\n\t\t\t\t<\/figcaption><\/figure><figure class='gallery-item'>\n\t\t\t<div class='gallery-icon landscape'>\n\t\t\t\t<a href='https:\/\/kodaly-muveszeti-fesztival.hu\/?attachment_id=2838'><img loading=\"lazy\" decoding=\"async\" width=\"150\" height=\"150\" src=\"https:\/\/kodaly-muveszeti-fesztival.hu\/wp-content\/uploads\/2022\/07\/DSC_2153-150x150.jpg\" class=\"attachment-thumbnail size-thumbnail\" alt=\"\" aria-describedby=\"gallery-1-2838\" srcset=\"https:\/\/kodaly-muveszeti-fesztival.hu\/wp-content\/uploads\/2022\/07\/DSC_2153-150x150.jpg 150w, https:\/\/kodaly-muveszeti-fesztival.hu\/wp-content\/uploads\/2022\/07\/DSC_2153-300x300.jpg 300w, https:\/\/kodaly-muveszeti-fesztival.hu\/wp-content\/uploads\/2022\/07\/DSC_2153-75x75.jpg 75w\" sizes=\"(max-width: 150px) 100vw, 150px\" \/><\/a>\n\t\t\t<\/div>\n\t\t\t\t<figcaption class='wp-caption-text gallery-caption' id='gallery-1-2838'>\n\t\t\t\tFot\u00f3: Gyenes Kata\n\t\t\t\t<\/figcaption><\/figure><figure class='gallery-item'>\n\t\t\t<div class='gallery-icon landscape'>\n\t\t\t\t<a href='https:\/\/kodaly-muveszeti-fesztival.hu\/?attachment_id=2839'><img loading=\"lazy\" decoding=\"async\" width=\"150\" height=\"150\" src=\"https:\/\/kodaly-muveszeti-fesztival.hu\/wp-content\/uploads\/2022\/07\/DSC_2154-150x150.jpg\" class=\"attachment-thumbnail size-thumbnail\" alt=\"\" aria-describedby=\"gallery-1-2839\" srcset=\"https:\/\/kodaly-muveszeti-fesztival.hu\/wp-content\/uploads\/2022\/07\/DSC_2154-150x150.jpg 150w, https:\/\/kodaly-muveszeti-fesztival.hu\/wp-content\/uploads\/2022\/07\/DSC_2154-300x300.jpg 300w, https:\/\/kodaly-muveszeti-fesztival.hu\/wp-content\/uploads\/2022\/07\/DSC_2154-75x75.jpg 75w\" sizes=\"(max-width: 150px) 100vw, 150px\" \/><\/a>\n\t\t\t<\/div>\n\t\t\t\t<figcaption class='wp-caption-text gallery-caption' id='gallery-1-2839'>\n\t\t\t\tFot\u00f3: Gyenes Kata\n\t\t\t\t<\/figcaption><\/figure><figure class='gallery-item'>\n\t\t\t<div class='gallery-icon landscape'>\n\t\t\t\t<a href='https:\/\/kodaly-muveszeti-fesztival.hu\/?attachment_id=2840'><img loading=\"lazy\" decoding=\"async\" width=\"150\" height=\"150\" src=\"https:\/\/kodaly-muveszeti-fesztival.hu\/wp-content\/uploads\/2022\/07\/DSC_2183-150x150.jpg\" class=\"attachment-thumbnail size-thumbnail\" alt=\"\" aria-describedby=\"gallery-1-2840\" srcset=\"https:\/\/kodaly-muveszeti-fesztival.hu\/wp-content\/uploads\/2022\/07\/DSC_2183-150x150.jpg 150w, https:\/\/kodaly-muveszeti-fesztival.hu\/wp-content\/uploads\/2022\/07\/DSC_2183-300x300.jpg 300w, https:\/\/kodaly-muveszeti-fesztival.hu\/wp-content\/uploads\/2022\/07\/DSC_2183-75x75.jpg 75w\" sizes=\"(max-width: 150px) 100vw, 150px\" \/><\/a>\n\t\t\t<\/div>\n\t\t\t\t<figcaption class='wp-caption-text gallery-caption' id='gallery-1-2840'>\n\t\t\t\tFot\u00f3: Gyenes Kata\n\t\t\t\t<\/figcaption><\/figure><figure class='gallery-item'>\n\t\t\t<div class='gallery-icon landscape'>\n\t\t\t\t<a href='https:\/\/kodaly-muveszeti-fesztival.hu\/?attachment_id=2841'><img loading=\"lazy\" decoding=\"async\" width=\"150\" height=\"150\" src=\"https:\/\/kodaly-muveszeti-fesztival.hu\/wp-content\/uploads\/2022\/07\/DSC_2191-150x150.jpg\" class=\"attachment-thumbnail size-thumbnail\" alt=\"\" aria-describedby=\"gallery-1-2841\" srcset=\"https:\/\/kodaly-muveszeti-fesztival.hu\/wp-content\/uploads\/2022\/07\/DSC_2191-150x150.jpg 150w, https:\/\/kodaly-muveszeti-fesztival.hu\/wp-content\/uploads\/2022\/07\/DSC_2191-300x300.jpg 300w, https:\/\/kodaly-muveszeti-fesztival.hu\/wp-content\/uploads\/2022\/07\/DSC_2191-75x75.jpg 75w\" sizes=\"(max-width: 150px) 100vw, 150px\" \/><\/a>\n\t\t\t<\/div>\n\t\t\t\t<figcaption class='wp-caption-text gallery-caption' id='gallery-1-2841'>\n\t\t\t\tFot\u00f3: Gyenes Kata\n\t\t\t\t<\/figcaption><\/figure><figure class='gallery-item'>\n\t\t\t<div class='gallery-icon landscape'>\n\t\t\t\t<a href='https:\/\/kodaly-muveszeti-fesztival.hu\/?attachment_id=2842'><img loading=\"lazy\" decoding=\"async\" width=\"150\" height=\"150\" src=\"https:\/\/kodaly-muveszeti-fesztival.hu\/wp-content\/uploads\/2022\/07\/DSC_2192-150x150.jpg\" class=\"attachment-thumbnail size-thumbnail\" alt=\"\" aria-describedby=\"gallery-1-2842\" srcset=\"https:\/\/kodaly-muveszeti-fesztival.hu\/wp-content\/uploads\/2022\/07\/DSC_2192-150x150.jpg 150w, https:\/\/kodaly-muveszeti-fesztival.hu\/wp-content\/uploads\/2022\/07\/DSC_2192-300x300.jpg 300w, https:\/\/kodaly-muveszeti-fesztival.hu\/wp-content\/uploads\/2022\/07\/DSC_2192-75x75.jpg 75w\" sizes=\"(max-width: 150px) 100vw, 150px\" \/><\/a>\n\t\t\t<\/div>\n\t\t\t\t<figcaption class='wp-caption-text gallery-caption' id='gallery-1-2842'>\n\t\t\t\tFot\u00f3: Gyenes Kata\n\t\t\t\t<\/figcaption><\/figure><figure class='gallery-item'>\n\t\t\t<div class='gallery-icon landscape'>\n\t\t\t\t<a href='https:\/\/kodaly-muveszeti-fesztival.hu\/?attachment_id=2843'><img loading=\"lazy\" decoding=\"async\" width=\"150\" height=\"150\" src=\"https:\/\/kodaly-muveszeti-fesztival.hu\/wp-content\/uploads\/2022\/07\/DSC_2215-150x150.jpg\" class=\"attachment-thumbnail size-thumbnail\" alt=\"\" aria-describedby=\"gallery-1-2843\" srcset=\"https:\/\/kodaly-muveszeti-fesztival.hu\/wp-content\/uploads\/2022\/07\/DSC_2215-150x150.jpg 150w, https:\/\/kodaly-muveszeti-fesztival.hu\/wp-content\/uploads\/2022\/07\/DSC_2215-300x300.jpg 300w, https:\/\/kodaly-muveszeti-fesztival.hu\/wp-content\/uploads\/2022\/07\/DSC_2215-75x75.jpg 75w\" sizes=\"(max-width: 150px) 100vw, 150px\" \/><\/a>\n\t\t\t<\/div>\n\t\t\t\t<figcaption class='wp-caption-text gallery-caption' id='gallery-1-2843'>\n\t\t\t\tFot\u00f3: Gyenes Kata\n\t\t\t\t<\/figcaption><\/figure><figure class='gallery-item'>\n\t\t\t<div class='gallery-icon landscape'>\n\t\t\t\t<a href='https:\/\/kodaly-muveszeti-fesztival.hu\/?attachment_id=2844'><img loading=\"lazy\" decoding=\"async\" width=\"150\" height=\"150\" src=\"https:\/\/kodaly-muveszeti-fesztival.hu\/wp-content\/uploads\/2022\/07\/DSC_2227-150x150.jpg\" class=\"attachment-thumbnail size-thumbnail\" alt=\"\" aria-describedby=\"gallery-1-2844\" srcset=\"https:\/\/kodaly-muveszeti-fesztival.hu\/wp-content\/uploads\/2022\/07\/DSC_2227-150x150.jpg 150w, https:\/\/kodaly-muveszeti-fesztival.hu\/wp-content\/uploads\/2022\/07\/DSC_2227-300x300.jpg 300w, https:\/\/kodaly-muveszeti-fesztival.hu\/wp-content\/uploads\/2022\/07\/DSC_2227-75x75.jpg 75w\" sizes=\"(max-width: 150px) 100vw, 150px\" \/><\/a>\n\t\t\t<\/div>\n\t\t\t\t<figcaption class='wp-caption-text gallery-caption' id='gallery-1-2844'>\n\t\t\t\tFot\u00f3: Gyenes Kata\n\t\t\t\t<\/figcaption><\/figure><figure class='gallery-item'>\n\t\t\t<div class='gallery-icon landscape'>\n\t\t\t\t<a href='https:\/\/kodaly-muveszeti-fesztival.hu\/?attachment_id=2845'><img loading=\"lazy\" decoding=\"async\" width=\"150\" height=\"150\" src=\"https:\/\/kodaly-muveszeti-fesztival.hu\/wp-content\/uploads\/2022\/07\/DSC_2230-150x150.jpg\" class=\"attachment-thumbnail size-thumbnail\" alt=\"\" aria-describedby=\"gallery-1-2845\" srcset=\"https:\/\/kodaly-muveszeti-fesztival.hu\/wp-content\/uploads\/2022\/07\/DSC_2230-150x150.jpg 150w, https:\/\/kodaly-muveszeti-fesztival.hu\/wp-content\/uploads\/2022\/07\/DSC_2230-300x300.jpg 300w, https:\/\/kodaly-muveszeti-fesztival.hu\/wp-content\/uploads\/2022\/07\/DSC_2230-75x75.jpg 75w\" sizes=\"(max-width: 150px) 100vw, 150px\" \/><\/a>\n\t\t\t<\/div>\n\t\t\t\t<figcaption class='wp-caption-text gallery-caption' id='gallery-1-2845'>\n\t\t\t\tFot\u00f3: Gyenes Kata\n\t\t\t\t<\/figcaption><\/figure><figure class='gallery-item'>\n\t\t\t<div class='gallery-icon landscape'>\n\t\t\t\t<a href='https:\/\/kodaly-muveszeti-fesztival.hu\/?attachment_id=2846'><img loading=\"lazy\" decoding=\"async\" width=\"150\" height=\"150\" src=\"https:\/\/kodaly-muveszeti-fesztival.hu\/wp-content\/uploads\/2022\/07\/DSC_2244-150x150.jpg\" class=\"attachment-thumbnail size-thumbnail\" alt=\"\" aria-describedby=\"gallery-1-2846\" srcset=\"https:\/\/kodaly-muveszeti-fesztival.hu\/wp-content\/uploads\/2022\/07\/DSC_2244-150x150.jpg 150w, https:\/\/kodaly-muveszeti-fesztival.hu\/wp-content\/uploads\/2022\/07\/DSC_2244-300x300.jpg 300w, https:\/\/kodaly-muveszeti-fesztival.hu\/wp-content\/uploads\/2022\/07\/DSC_2244-75x75.jpg 75w\" sizes=\"(max-width: 150px) 100vw, 150px\" \/><\/a>\n\t\t\t<\/div>\n\t\t\t\t<figcaption class='wp-caption-text gallery-caption' id='gallery-1-2846'>\n\t\t\t\tFot\u00f3: Gyenes Kata\n\t\t\t\t<\/figcaption><\/figure><figure class='gallery-item'>\n\t\t\t<div class='gallery-icon landscape'>\n\t\t\t\t<a href='https:\/\/kodaly-muveszeti-fesztival.hu\/?attachment_id=2847'><img loading=\"lazy\" decoding=\"async\" width=\"150\" height=\"150\" src=\"https:\/\/kodaly-muveszeti-fesztival.hu\/wp-content\/uploads\/2022\/07\/DSC_2248-150x150.jpg\" class=\"attachment-thumbnail size-thumbnail\" alt=\"\" aria-describedby=\"gallery-1-2847\" srcset=\"https:\/\/kodaly-muveszeti-fesztival.hu\/wp-content\/uploads\/2022\/07\/DSC_2248-150x150.jpg 150w, https:\/\/kodaly-muveszeti-fesztival.hu\/wp-content\/uploads\/2022\/07\/DSC_2248-300x300.jpg 300w, https:\/\/kodaly-muveszeti-fesztival.hu\/wp-content\/uploads\/2022\/07\/DSC_2248-75x75.jpg 75w\" sizes=\"(max-width: 150px) 100vw, 150px\" \/><\/a>\n\t\t\t<\/div>\n\t\t\t\t<figcaption class='wp-caption-text gallery-caption' id='gallery-1-2847'>\n\t\t\t\tFot\u00f3: Gyenes Kata\n\t\t\t\t<\/figcaption><\/figure><figure class='gallery-item'>\n\t\t\t<div class='gallery-icon landscape'>\n\t\t\t\t<a href='https:\/\/kodaly-muveszeti-fesztival.hu\/?attachment_id=2848'><img loading=\"lazy\" decoding=\"async\" width=\"150\" height=\"150\" src=\"https:\/\/kodaly-muveszeti-fesztival.hu\/wp-content\/uploads\/2022\/07\/DSC_2256-150x150.jpg\" class=\"attachment-thumbnail size-thumbnail\" alt=\"\" aria-describedby=\"gallery-1-2848\" srcset=\"https:\/\/kodaly-muveszeti-fesztival.hu\/wp-content\/uploads\/2022\/07\/DSC_2256-150x150.jpg 150w, https:\/\/kodaly-muveszeti-fesztival.hu\/wp-content\/uploads\/2022\/07\/DSC_2256-300x300.jpg 300w, https:\/\/kodaly-muveszeti-fesztival.hu\/wp-content\/uploads\/2022\/07\/DSC_2256-75x75.jpg 75w\" sizes=\"(max-width: 150px) 100vw, 150px\" \/><\/a>\n\t\t\t<\/div>\n\t\t\t\t<figcaption class='wp-caption-text gallery-caption' id='gallery-1-2848'>\n\t\t\t\tFot\u00f3: Gyenes Kata\n\t\t\t\t<\/figcaption><\/figure><figure class='gallery-item'>\n\t\t\t<div class='gallery-icon landscape'>\n\t\t\t\t<a href='https:\/\/kodaly-muveszeti-fesztival.hu\/?attachment_id=2849'><img loading=\"lazy\" decoding=\"async\" width=\"150\" height=\"150\" src=\"https:\/\/kodaly-muveszeti-fesztival.hu\/wp-content\/uploads\/2022\/07\/DSC_2279-150x150.jpg\" class=\"attachment-thumbnail size-thumbnail\" alt=\"\" aria-describedby=\"gallery-1-2849\" srcset=\"https:\/\/kodaly-muveszeti-fesztival.hu\/wp-content\/uploads\/2022\/07\/DSC_2279-150x150.jpg 150w, https:\/\/kodaly-muveszeti-fesztival.hu\/wp-content\/uploads\/2022\/07\/DSC_2279-300x300.jpg 300w, https:\/\/kodaly-muveszeti-fesztival.hu\/wp-content\/uploads\/2022\/07\/DSC_2279-75x75.jpg 75w\" sizes=\"(max-width: 150px) 100vw, 150px\" \/><\/a>\n\t\t\t<\/div>\n\t\t\t\t<figcaption class='wp-caption-text gallery-caption' id='gallery-1-2849'>\n\t\t\t\tFot\u00f3: Gyenes Kata\n\t\t\t\t<\/figcaption><\/figure><figure class='gallery-item'>\n\t\t\t<div class='gallery-icon landscape'>\n\t\t\t\t<a href='https:\/\/kodaly-muveszeti-fesztival.hu\/?attachment_id=2850'><img loading=\"lazy\" decoding=\"async\" width=\"150\" height=\"150\" src=\"https:\/\/kodaly-muveszeti-fesztival.hu\/wp-content\/uploads\/2022\/07\/DSC_2303-150x150.jpg\" class=\"attachment-thumbnail size-thumbnail\" alt=\"\" aria-describedby=\"gallery-1-2850\" srcset=\"https:\/\/kodaly-muveszeti-fesztival.hu\/wp-content\/uploads\/2022\/07\/DSC_2303-150x150.jpg 150w, https:\/\/kodaly-muveszeti-fesztival.hu\/wp-content\/uploads\/2022\/07\/DSC_2303-300x300.jpg 300w, https:\/\/kodaly-muveszeti-fesztival.hu\/wp-content\/uploads\/2022\/07\/DSC_2303-75x75.jpg 75w\" sizes=\"(max-width: 150px) 100vw, 150px\" \/><\/a>\n\t\t\t<\/div>\n\t\t\t\t<figcaption class='wp-caption-text gallery-caption' id='gallery-1-2850'>\n\t\t\t\tFot\u00f3: Gyenes Kata\n\t\t\t\t<\/figcaption><\/figure><figure class='gallery-item'>\n\t\t\t<div class='gallery-icon landscape'>\n\t\t\t\t<a href='https:\/\/kodaly-muveszeti-fesztival.hu\/?attachment_id=2851'><img loading=\"lazy\" decoding=\"async\" width=\"150\" height=\"150\" src=\"https:\/\/kodaly-muveszeti-fesztival.hu\/wp-content\/uploads\/2022\/07\/DSC_2840-150x150.jpg\" class=\"attachment-thumbnail size-thumbnail\" alt=\"\" aria-describedby=\"gallery-1-2851\" srcset=\"https:\/\/kodaly-muveszeti-fesztival.hu\/wp-content\/uploads\/2022\/07\/DSC_2840-150x150.jpg 150w, https:\/\/kodaly-muveszeti-fesztival.hu\/wp-content\/uploads\/2022\/07\/DSC_2840-300x300.jpg 300w, https:\/\/kodaly-muveszeti-fesztival.hu\/wp-content\/uploads\/2022\/07\/DSC_2840-75x75.jpg 75w\" sizes=\"(max-width: 150px) 100vw, 150px\" \/><\/a>\n\t\t\t<\/div>\n\t\t\t\t<figcaption class='wp-caption-text gallery-caption' id='gallery-1-2851'>\n\t\t\t\tFot\u00f3: Gyenes Kata\n\t\t\t\t<\/figcaption><\/figure><figure class='gallery-item'>\n\t\t\t<div class='gallery-icon landscape'>\n\t\t\t\t<a href='https:\/\/kodaly-muveszeti-fesztival.hu\/?attachment_id=2852'><img loading=\"lazy\" decoding=\"async\" width=\"150\" height=\"150\" src=\"https:\/\/kodaly-muveszeti-fesztival.hu\/wp-content\/uploads\/2022\/07\/DSC_2857-150x150.jpg\" class=\"attachment-thumbnail size-thumbnail\" alt=\"\" aria-describedby=\"gallery-1-2852\" srcset=\"https:\/\/kodaly-muveszeti-fesztival.hu\/wp-content\/uploads\/2022\/07\/DSC_2857-150x150.jpg 150w, https:\/\/kodaly-muveszeti-fesztival.hu\/wp-content\/uploads\/2022\/07\/DSC_2857-300x300.jpg 300w, https:\/\/kodaly-muveszeti-fesztival.hu\/wp-content\/uploads\/2022\/07\/DSC_2857-75x75.jpg 75w\" sizes=\"(max-width: 150px) 100vw, 150px\" \/><\/a>\n\t\t\t<\/div>\n\t\t\t\t<figcaption class='wp-caption-text gallery-caption' id='gallery-1-2852'>\n\t\t\t\tFot\u00f3: Gyenes Kata\n\t\t\t\t<\/figcaption><\/figure><figure class='gallery-item'>\n\t\t\t<div class='gallery-icon landscape'>\n\t\t\t\t<a href='https:\/\/kodaly-muveszeti-fesztival.hu\/?attachment_id=2853'><img loading=\"lazy\" decoding=\"async\" width=\"150\" height=\"150\" src=\"https:\/\/kodaly-muveszeti-fesztival.hu\/wp-content\/uploads\/2022\/07\/DSC_2866-150x150.jpg\" class=\"attachment-thumbnail size-thumbnail\" alt=\"\" aria-describedby=\"gallery-1-2853\" srcset=\"https:\/\/kodaly-muveszeti-fesztival.hu\/wp-content\/uploads\/2022\/07\/DSC_2866-150x150.jpg 150w, https:\/\/kodaly-muveszeti-fesztival.hu\/wp-content\/uploads\/2022\/07\/DSC_2866-300x300.jpg 300w, https:\/\/kodaly-muveszeti-fesztival.hu\/wp-content\/uploads\/2022\/07\/DSC_2866-75x75.jpg 75w\" sizes=\"(max-width: 150px) 100vw, 150px\" \/><\/a>\n\t\t\t<\/div>\n\t\t\t\t<figcaption class='wp-caption-text gallery-caption' id='gallery-1-2853'>\n\t\t\t\tFot\u00f3: Gyenes Kata\n\t\t\t\t<\/figcaption><\/figure><figure class='gallery-item'>\n\t\t\t<div class='gallery-icon landscape'>\n\t\t\t\t<a href='https:\/\/kodaly-muveszeti-fesztival.hu\/?attachment_id=2854'><img loading=\"lazy\" decoding=\"async\" width=\"150\" height=\"150\" src=\"https:\/\/kodaly-muveszeti-fesztival.hu\/wp-content\/uploads\/2022\/07\/DSC_2908-150x150.jpg\" class=\"attachment-thumbnail size-thumbnail\" alt=\"\" aria-describedby=\"gallery-1-2854\" srcset=\"https:\/\/kodaly-muveszeti-fesztival.hu\/wp-content\/uploads\/2022\/07\/DSC_2908-150x150.jpg 150w, https:\/\/kodaly-muveszeti-fesztival.hu\/wp-content\/uploads\/2022\/07\/DSC_2908-300x300.jpg 300w, https:\/\/kodaly-muveszeti-fesztival.hu\/wp-content\/uploads\/2022\/07\/DSC_2908-75x75.jpg 75w\" sizes=\"(max-width: 150px) 100vw, 150px\" \/><\/a>\n\t\t\t<\/div>\n\t\t\t\t<figcaption class='wp-caption-text gallery-caption' id='gallery-1-2854'>\n\t\t\t\tFot\u00f3: Gyenes Kata\n\t\t\t\t<\/figcaption><\/figure>\n\t\t<\/div>\n\t\t\t\t\t\t\t\t<\/div>\n\t\t\t\t<\/div>\n\t\t\t\t\t<\/div>\n\t\t<\/div>\n\t\t\t\t\t<\/div>\n\t\t<\/section>\n\t\t\t\t\t<\/div>\n\t\t<\/div>\n\t\t\t\t\t<\/div>\n\t\t<\/section>\n\t\t\t\t<\/div>\n\t\t","protected":false},"excerpt":{"rendered":"<p>Kod\u00e1ly terem avat\u00e1s a H\u00edr\u00f6s Ag\u00f3ra Kultur\u00e1lis K\u00f6zpontban 2022-ben Kod\u00e1ly Zolt\u00e1n sz\u00fclet\u00e9s\u00e9nek 140. \u00e9vfordul\u00f3j\u00e1t \u00fcnnepelj\u00fck. Kod\u00e1ly v\u00e1ros\u00e1ban a zene \u00e9s az \u00e9nek kiemelt fontoss\u00e1g\u00fa &#8211; \u0151rizz\u00fck Kod\u00e1ly eml\u00e9k\u00e9t \u00e9s tov\u00e1bb vissz\u00fck hagyat\u00e9k\u00e1t, m\u00f3dszereit, \u00e9s a zen\u00e9r\u0151l vallott eszm\u00e9it.A Kod\u00e1ly M\u0171v\u00e9szeti Fesztiv\u00e1l nyit\u00f3napj\u00e1n ez\u00faton tisztelg\u00fcnk a zeneszerz\u0151, zenetud\u00f3s, n\u00e9pzenekutat\u00f3 \u00e9s zeneoktat\u00f3 el\u0151tt. \u00a0 \u00dcnnep\u00e9lyes keretek k\u00f6z\u00f6tt, a Kod\u00e1ly M\u0171v\u00e9szeti Fesztiv\u00e1l nyit\u00f3napj\u00e1n felavattuk az int\u00e9zm\u00e9ny \u00faj, Kod\u00e1ly term\u00e9t! \u00a0 Kod\u00e1ly Zolt\u00e1n nev\u00e9t visel\u0151 fesztiv\u00e1lunk h\u00f3dolat a zen\u00e9nek, a m\u0171v\u00e9szeteknek \u00e9s Kod\u00e1ly Zolt\u00e1nnak &#8211; munk\u00e1ss\u00e1g\u00e1nak \u00e9s hagyat\u00e9k\u00e1nak, mely a zene szeretet\u00e9t \u00e9s felemel\u0151 erej\u00e9t m\u00e1ig hirdeti. \u00a0 Az avat\u00e1son csod\u00e1s \u00e9neksz\u00f3 k\u00f6lcs\u00f6nz\u00f6tt a teremnek egy teljesen \u00faj aur\u00e1t. Erdei P\u00e9ter vez\u00e9nylet\u00e9vel a Nemzeti Ifj\u00fas\u00e1gi K\u00f3rus var\u00e1zslatos el\u0151ad\u00e1s\u00e1t hallhattuk. \u00a0 Ezzel egy id\u0151ben a Magyar Fotogr\u00e1fiai M\u00fazeum gy\u0171jtem\u00e9ny\u00e9b\u0151l v\u00e1logatott Kod\u00e1ly-fotogr\u00e1fi\u00e1kb\u00f3l ny\u00edlt ki\u00e1ll\u00edt\u00e1s. A t\u00e1rlaton kereszt\u00fcl a m\u0171v\u00e9sz munk\u00e1ss\u00e1ga, pillanatai, mag\u00e1n\u00e9lete is k\u00f6zelebb ker\u00fcl hozz\u00e1nk.Barta D\u00f3ra \u00fcgyvezet\u0151 igazgat\u00f3 besz\u00e9d\u00e9ben kiemelte Kod\u00e1ly Zolt\u00e1n szem\u00e9ly\u00e9nek, tev\u00e9kenys\u00e9g\u00e9nek \u00e9s hat\u00e1s\u00e1nak jelent\u0151s\u00e9g\u00e9t. A terem arra hivatott, hogy tov\u00e1bb vigye Kod\u00e1ly szellemis\u00e9g\u00e9t, \u00e9s m\u00e9lt\u00f3 helysz\u00edne legyen m\u0171v\u00e9szeti esem\u00e9nyeknek.A nyit\u00f3koncertet k\u00f6vet\u0151en, m\u00e1r a felavatatott Kod\u00e1ly-teremben k\u00f6sz\u00f6nthett\u00fck Andreas Ottensamer karmestert \u00e9s klarin\u00e9tm\u0171v\u00e9szt, \u00e9s a Kecskem\u00e9ti Szimfonikus Zenekar tagjait. \u00a0 Nagy pillanatok voltak ezek! \u00a0 \u00d6r\u00f6m\u00fcnkre szolg\u00e1l, hogy ezent\u00fal nem a 100-as terembe invit\u00e1lhatjuk vend\u00e9geinket egy-egy impoz\u00e1ns ki\u00e1ll\u00edt\u00e1sra, hanem ezut\u00e1n mondhatjuk: V\u00e1rjuk vend\u00e9geinket a Kod\u00e1ly teremben! \u00a0 Fot\u00f3: Gyenes Kata<\/p>\n","protected":false},"author":1,"featured_media":0,"parent":0,"menu_order":0,"comment_status":"closed","ping_status":"closed","template":"","meta":{"footnotes":""},"class_list":["post-2828","page","type-page","status-publish","hentry"],"_links":{"self":[{"href":"https:\/\/kodaly-muveszeti-fesztival.hu\/index.php?rest_route=\/wp\/v2\/pages\/2828","targetHints":{"allow":["GET"]}}],"collection":[{"href":"https:\/\/kodaly-muveszeti-fesztival.hu\/index.php?rest_route=\/wp\/v2\/pages"}],"about":[{"href":"https:\/\/kodaly-muveszeti-fesztival.hu\/index.php?rest_route=\/wp\/v2\/types\/page"}],"author":[{"embeddable":true,"href":"https:\/\/kodaly-muveszeti-fesztival.hu\/index.php?rest_route=\/wp\/v2\/users\/1"}],"replies":[{"embeddable":true,"href":"https:\/\/kodaly-muveszeti-fesztival.hu\/index.php?rest_route=%2Fwp%2Fv2%2Fcomments&post=2828"}],"version-history":[{"count":7,"href":"https:\/\/kodaly-muveszeti-fesztival.hu\/index.php?rest_route=\/wp\/v2\/pages\/2828\/revisions"}],"predecessor-version":[{"id":2857,"href":"https:\/\/kodaly-muveszeti-fesztival.hu\/index.php?rest_route=\/wp\/v2\/pages\/2828\/revisions\/2857"}],"wp:attachment":[{"href":"https:\/\/kodaly-muveszeti-fesztival.hu\/index.php?rest_route=%2Fwp%2Fv2%2Fmedia&parent=2828"}],"curies":[{"name":"wp","href":"https:\/\/api.w.org\/{rel}","templated":true}]}}