{"id":2468,"date":"2022-07-01T13:04:37","date_gmt":"2022-07-01T13:04:37","guid":{"rendered":"https:\/\/kodaly-muveszeti-fesztival.hu\/?page_id=2468"},"modified":"2025-08-03T09:10:56","modified_gmt":"2025-08-03T09:10:56","slug":"teljes-program","status":"publish","type":"page","link":"https:\/\/kodaly-muveszeti-fesztival.hu\/?page_id=2468","title":{"rendered":"Teljes program"},"content":{"rendered":"\t\t<div data-elementor-type=\"wp-page\" data-elementor-id=\"2468\" class=\"elementor elementor-2468\">\n\t\t\t\t\t\t<section class=\"elementor-section elementor-top-section elementor-element elementor-element-2823e71 elementor-section-boxed elementor-section-height-default elementor-section-height-default\" data-id=\"2823e71\" data-element_type=\"section\">\n\t\t\t\t\t\t<div class=\"elementor-container elementor-column-gap-default\">\n\t\t\t\t\t<div class=\"elementor-column elementor-col-100 elementor-top-column elementor-element elementor-element-9ae34ad\" data-id=\"9ae34ad\" data-element_type=\"column\">\n\t\t\t<div class=\"elementor-widget-wrap elementor-element-populated\">\n\t\t\t\t\t\t<section class=\"elementor-section elementor-inner-section elementor-element elementor-element-9717544 elementor-section-boxed elementor-section-height-default elementor-section-height-default\" data-id=\"9717544\" data-element_type=\"section\">\n\t\t\t\t\t\t<div class=\"elementor-container elementor-column-gap-default\">\n\t\t\t\t\t<div class=\"elementor-column elementor-col-100 elementor-inner-column elementor-element elementor-element-7272d87\" data-id=\"7272d87\" data-element_type=\"column\">\n\t\t\t<div class=\"elementor-widget-wrap elementor-element-populated\">\n\t\t\t\t\t\t<div class=\"elementor-element elementor-element-53fa74a elementor-widget elementor-widget-heading\" data-id=\"53fa74a\" data-element_type=\"widget\" data-widget_type=\"heading.default\">\n\t\t\t\t<div class=\"elementor-widget-container\">\n\t\t\t\t\t<h2 class=\"elementor-heading-title elementor-size-default\">Teljes program\n<\/h2>\t\t\t\t<\/div>\n\t\t\t\t<\/div>\n\t\t\t\t<div class=\"elementor-element elementor-element-94cae0c elementor-widget elementor-widget-spacer\" data-id=\"94cae0c\" data-element_type=\"widget\" data-widget_type=\"spacer.default\">\n\t\t\t\t<div class=\"elementor-widget-container\">\n\t\t\t\t\t\t\t<div class=\"elementor-spacer\">\n\t\t\t<div class=\"elementor-spacer-inner\"><\/div>\n\t\t<\/div>\n\t\t\t\t\t\t<\/div>\n\t\t\t\t<\/div>\n\t\t\t\t\t<\/div>\n\t\t<\/div>\n\t\t\t\t\t<\/div>\n\t\t<\/section>\n\t\t\t\t<div class=\"elementor-element elementor-element-f370663 elementor-widget elementor-widget-toggle\" data-id=\"f370663\" data-element_type=\"widget\" data-widget_type=\"toggle.default\">\n\t\t\t\t<div class=\"elementor-widget-container\">\n\t\t\t\t\t\t\t<div class=\"elementor-toggle\">\n\t\t\t\t\t\t\t<div class=\"elementor-toggle-item\">\n\t\t\t\t\t<div id=\"elementor-tab-title-2551\" class=\"elementor-tab-title\" data-tab=\"1\" role=\"button\" aria-controls=\"elementor-tab-content-2551\" aria-expanded=\"false\">\n\t\t\t\t\t\t\t\t\t\t\t\t<span class=\"elementor-toggle-icon elementor-toggle-icon-left\" aria-hidden=\"true\">\n\t\t\t\t\t\t\t\t\t\t\t\t\t\t\t<span class=\"elementor-toggle-icon-closed\"><i class=\"fas fa-caret-right\"><\/i><\/span>\n\t\t\t\t\t\t\t\t<span class=\"elementor-toggle-icon-opened\"><i class=\"elementor-toggle-icon-opened fas fa-caret-up\"><\/i><\/span>\n\t\t\t\t\t\t\t\t\t\t\t\t\t<\/span>\n\t\t\t\t\t\t\t\t\t\t\t\t<a class=\"elementor-toggle-title\" tabindex=\"0\">AUGUSZTUS 2. SZOMBAT<\/a>\n\t\t\t\t\t<\/div>\n\n\t\t\t\t\t<div id=\"elementor-tab-content-2551\" class=\"elementor-tab-content elementor-clearfix\" data-tab=\"1\" role=\"region\" aria-labelledby=\"elementor-tab-title-2551\"><h5><strong>augusztus 2., szombat 18:00\u00a0\u00a0\u00a0\u00a0\u00a0\u00a0 <\/strong><\/h5><h5>Kod\u00e1ly Int\u00e9zet<strong>\u00a0 <\/strong><\/h5><h5><strong>A SOKSZ\u00cdN\u0170 KOD\u00c1LY \u2013 FEKET\u00c9N-FEH\u00c9REN<\/strong><\/h5><h5><strong>Kod\u00e1ly Zolt\u00e1nr\u00f3l k\u00e9sz\u00fclt eredeti fotogr\u00e1fi\u00e1k Kert\u00e9sz Csaba gy\u0171jtem\u00e9ny\u00e9b\u0151l<\/strong><\/h5><h5>Kod\u00e1ly Zolt\u00e1nnak \u201eSok arca volt\u201d. A Kod\u00e1ly gy\u0171jtem\u00e9ny 30 darabj\u00e1b\u00f3l v\u00e1logatott fot\u00f3k ezt a sokarc\u00fas\u00e1got reprezent\u00e1lj\u00e1k. A portr\u00e9k mellett, a karmesterr\u0151l, a kompon\u00e1l\u00f3r\u00f3l, csal\u00e1dj\u00e1val, magyar \u00e9s vil\u00e1gh\u00edr\u0171 zen\u00e9szt\u00e1rsaival, bar\u00e1ti t\u00e1rsas\u00e1gban k\u00e9sz\u00fclt k\u00e9pek ezt a sokf\u00e9le Kod\u00e1lyt mutatj\u00e1k.<\/h5><h5>A kor legkiv\u00e1l\u00f3bb fotogr\u00e1fusai mellett n\u00e9h\u00e1ny bar\u00e1t, ismer\u0151s amat\u0151r f\u00e9nyk\u00e9pei a kedves, der\u0171s arc\u00e1t mutatj\u00e1k.<\/h5><h5>Gink K\u00e1roly, Moln\u00e1r Edit, V\u00e1rkonyi L\u00e1szl\u00f3, Keleti \u00c9va, Boj\u00e1r S\u00e1ndor, Sz\u00e9kely Alad\u00e1r, Langer Kl\u00e1ra, Szalay Zolt\u00e1n \u00e9s m\u00e1s kiv\u00e1l\u00f3 fot\u00f3m\u0171v\u00e9sz munk\u00e1i l\u00e1that\u00f3ak a ki\u00e1ll\u00edt\u00e1sunkon.<\/h5><h5>\u201e\u00c9n, a gy\u0171jt\u0151 &#8211; ismerve azt a hatalmas \u00e9letm\u0171vet, amit h\u00e1tra hagyott &#8211; minden arc\u00e1t szeretettel \u00e9s tisztelettel szeml\u00e9lem \u00e9s rem\u00e9lem, hogy a ki\u00e1ll\u00edt\u00e1s l\u00e1togat\u00f3i is hasonl\u00f3an fogadj\u00e1k.\u201d Kert\u00e9sz Csaba<\/h5><h5><strong>A ki\u00e1ll\u00edt\u00e1st megnyitja:<\/strong> <strong>Rajk Judit a Kod\u00e1ly Int\u00e9zet igazgat\u00f3ja<\/strong><\/h5><h5><strong>Megtekinthet\u0151:<\/strong> 2025. szeptember 29-ig, az Int\u00e9zet nyitvatart\u00e1si idej\u00e9ben<\/h5><h5><strong>\u00a0<\/strong><\/h5><h5><strong>\u00a0<\/strong><\/h5><h5><strong>augusztus 2., szombat 19:00\u00a0\u00a0\u00a0\u00a0\u00a0\u00a0 <\/strong><\/h5><h5>De\u00e1k t\u00e9r\u00a0\u00a0\u00a0\u00a0\u00a0\u00a0\u00a0\u00a0\u00a0\u00a0\u00a0\u00a0\u00a0<\/h5><h5><strong>KOD\u00c1LY PONT<\/strong><\/h5><h5><strong>A soksz\u00edn\u0171 K\u00edna &#8211; n\u00e9pdalok a Nemzetk\u00f6zi Kod\u00e1ly Szemin\u00e1rium k\u00ednai hallgat\u00f3inak el\u0151ad\u00e1s\u00e1ban<\/strong><br \/><strong>Fell\u00e9p\u0151k:\u00a0<\/strong>Hengjia HE, Ting LI, Jialei LIU, Weiting YAN, Wenhui YU, Yongxi ZHOU, Zhen XIE<\/h5><h5><strong>\u00a0<\/strong><\/h5><h5><strong>\u00a0<\/strong><\/h5><h5><strong>augusztus 2., szombat 20:00\u00a0\u00a0\u00a0\u00a0\u00a0\u00a0\u00a0\u00a0\u00a0\u00a0\u00a0\u00a0\u00a0\u00a0\u00a0\u00a0\u00a0\u00a0\u00a0\u00a0\u00a0 <\/strong><\/h5><h5><strong>A PANULA MESTERKURZUS KIV\u00c1L\u00d3S\u00c1GAINAK KONCERTJE <\/strong><\/h5><h5>A H\u00edr\u00f6s Ag\u00f3r\u00e1ban imm\u00e1r negyedik alkalommal megrendezett, Jorma Panula Nemzetk\u00f6zi Karmesterkurzus val\u00f3di seregszeml\u00e9je a fiatal karmester gener\u00e1ci\u00f3 kiv\u00e1l\u00f3s\u00e1gainak. A 95 \u00e9ves Maestro a 70-es \u00e9vek \u00f3ta szt\u00e1rkarmesterek tucatjait tan\u00edtotta, \u00e9s a mai napig rendk\u00edv\u00fcli energi\u00e1val oktatja a karmester szakma mesterfog\u00e1sait. A k\u00f6zel 40 jelentkez\u0151 k\u00f6z\u00fcl, szigor\u00fa, vide\u00f3s v\u00e1logat\u00e1s alapj\u00e1n, a vil\u00e1g minden t\u00e1j\u00e1r\u00f3l \u00e9rkezett az a 9 dirigens, akik egy hetet tanulhattak Panula mestert\u0151l, valamint Holl\u00f3k\u0151i Hub\u00e1t\u00f3l, a zenekar m\u0171v\u00e9szeti vezet\u0151j\u00e9t\u0151l, \u00e9s \u00e1llhatnak a z\u00e1r\u00f3koncerten\u00a0a Kecskem\u00e9ti Szimfonikus Zenekar karmesteri\u00a0dobog\u00f3j\u00e1n. A k\u00f6z\u00f6ns\u00e9gnek most egy koncerten bel\u00fcl lesz m\u00f3dja \u00f6sszehasonl\u00edtani, hogyan sz\u00f3l ugyanaz a zenekar 9 k\u00fcl\u00f6nb\u00f6z\u0151 p\u00e1lca alatt &#8211; a tizedik fell\u00e9p\u0151 pedig maga Maestro Panula lesz, aki az este k\u00fcl\u00f6nlegess\u00e9gek\u00e9nt Bart\u00f3k: Este a sz\u00e9kelyekn\u00e9l c\u00edm\u0171 m\u0171v\u00e9t fogja vez\u00e9nyelni.<\/h5><h5><strong>M\u0171sor:<\/strong><\/h5><h5>Bart\u00f3k B\u00e9la: Este a sz\u00e9kelyekn\u00e9l\u00a0<\/h5><h5>Ludvig van Beethoven: 2. szimf\u00f3nia\u00a0<\/h5><h5>Sz\u00fcnet<br \/>Franz Schubert: 5. szimf\u00f3nia\u00a0<br \/>Kod\u00e1ly Zolt\u00e1n: Marossz\u00e9ki t\u00e1ncok\u00a0<br \/><strong>K\u00f6zrem\u0171k\u00f6dik:<\/strong> Kecskem\u00e9ti Szimfonikus Zenekar<br \/><strong>Vez\u00e9nyelnek:<\/strong> Jorma Panula \u00e9s a kurzus r\u00e9sztvev\u0151i<br \/><strong>M\u0171sorid\u0151:<\/strong> 105 perc, sz\u00fcnettel egy\u00fctt<\/h5><h5><strong>Jegy\u00e1r:<\/strong> Norm\u00e1l: 4.000 Ft, Nyugd\u00edjas jegy: 3.600 Ft, Di\u00e1kjegy: 1.500 Ft<\/h5><h5>Kecskem\u00e9t k\u00e1rty\u00e1val 10% kedvezm\u00e9ny<\/h5><h5>\u00a0<\/h5><h5><strong>\u00a0<\/strong><\/h5><h5><strong>augusztus 2-23.<\/strong><\/h5><h5><strong>A DUDA \u00daJ RUH\u00c1JA &#8211; ZEN\u00c9L\u0150 KI\u00c1LL\u00cdT\u00c1S<\/strong><\/h5><h5>\u201e40 \u00e9v dud\u00e1l\u00e1s &#8211; DUD\u00c1S, TUD\u00c1S, UTAZ\u00c1S c\u00edmmel \u00edrott dudazen\u00e9mmel\u00a0\u00e9s ezzel a hangz\u00f3-ki\u00e1ll\u00edt\u00e1ssal\u00a0\u00fcnneplem\u00a0az \u00e9vfordul\u00f3t. Szakdolgozatomat 1992-ben \u00edrtam Tartalmi \u00e9s st\u00edlusbeli elemek a K\u00e1rp\u00e1t-medence dudazen\u00e9j\u00e9ben c\u00edmmel, Paksa Katalin mentor\u00e1l\u00e1s\u00e1val, mely a Magyar\u00a0 Zenetudom\u00e1nyi Int\u00e9zetbe is beker\u00fclt. Ennek \u00f6sszm\u0171v\u00e9szeti folytat\u00e1sa ez a ki\u00e1ll\u00edt\u00e1s a hozz\u00e1 \u00edrott zen\u00e9vel, mely a formai lehet\u0151s\u00e9gek szabad \u00e9rtelmez\u00e9s\u00e9re mutat r\u00e1. Textiltervez\u0151k, jelmeztervez\u0151k, nemezm\u0171v\u00e9szek, b\u00e1bk\u00e9sz\u00edt\u0151k, fest\u0151k tal\u00e1lt\u00e1k ki saj\u00e1t \u201edud\u00e1jukat&#8221; , imm\u00e1r fel\u00f6lt\u00f6ztetve , mint egy szerepl\u0151t.\u00a0A sk\u00f3t duda mint\u00e1j\u00e1ra t\u00f6rt\u00e9nt a dud\u00e1k fel\u00f6lt\u00f6ztet\u00e9se, majd a l\u00e9trej\u00f6v\u0151 kit\u00f6m\u00f6tt\u00a0dudaszobrok\u00a0megkapt\u00e1k elk\u00e9pzelt\u00a0dudazen\u00e9j\u00fcket\u00a0is. A magyar dudazen\u00e9ben\u00a0szerzett j\u00e1rtass\u00e1gom\u00a0seg\u00edtett az egyedi st\u00edlus\u00fa dud\u00e1khoz ill\u0151 darabok meg\u00edr\u00e1s\u00e1ban, melyek a k\u00f6z\u00e9pkori hangulatokt\u00f3l a rockzen\u00e9ig terjednek. A zen\u00e9k QR k\u00f3ddal hallgathat\u00f3k meg a helysz\u00ednen vagy c\u00edm alapj\u00e1n az interneten.\u201d \u00c1goston B\u00e9la<\/h5><h5>A ki\u00e1ll\u00edt\u00e1s l\u00e9trej\u00f6tt\u00e9t az NKA t\u00e1mogatta.<\/h5><h5><strong>Alkot\u00f3t\u00e1rsak:<\/strong>\u00a0Ter\u00e9nyi Gy\u00f6ngy, Fekete D\u00f3ra , Thiesz Ang\u00e9la , Makrai Krisztina, P\u00f3cs Judit, Jakab Mih\u00e1ly, Boka G\u00e1bor, Vetl\u00e9nyi Zsolt, Balask\u00f3 Attila\u00a0<\/h5><h5><strong>Megnyit\u00f3:<\/strong> Panor\u00e1ma Gal\u00e9ria, augusztus 1., p\u00e9ntek 17:00<\/h5><h5><strong>K\u00f6zrem\u0171k\u00f6d\u0151: \u00c1goston B\u00e9la zen\u00e9sz<\/strong><\/h5><h5><strong>A ki\u00e1ll\u00edt\u00e1st megnyitja: F\u00f6ldin\u00e9 M\u00e9sz\u00e1ros Orsolya klarin\u00e9tm\u0171v\u00e9sz<\/strong><\/h5><h5><strong>Megtekinthet\u0151:<\/strong> 2025. augusztus 23-ig 9:00 \u00e9s 18:00 \u00f3ra k\u00f6z\u00f6tt a H\u00edr\u00f6s Ag\u00f3ra nyitvatart\u00e1si idej\u00e9ben<\/h5><\/div>\n\t\t\t\t<\/div>\n\t\t\t\t\t\t\t<div class=\"elementor-toggle-item\">\n\t\t\t\t\t<div id=\"elementor-tab-title-2552\" class=\"elementor-tab-title\" data-tab=\"2\" role=\"button\" aria-controls=\"elementor-tab-content-2552\" aria-expanded=\"false\">\n\t\t\t\t\t\t\t\t\t\t\t\t<span class=\"elementor-toggle-icon elementor-toggle-icon-left\" aria-hidden=\"true\">\n\t\t\t\t\t\t\t\t\t\t\t\t\t\t\t<span class=\"elementor-toggle-icon-closed\"><i class=\"fas fa-caret-right\"><\/i><\/span>\n\t\t\t\t\t\t\t\t<span class=\"elementor-toggle-icon-opened\"><i class=\"elementor-toggle-icon-opened fas fa-caret-up\"><\/i><\/span>\n\t\t\t\t\t\t\t\t\t\t\t\t\t<\/span>\n\t\t\t\t\t\t\t\t\t\t\t\t<a class=\"elementor-toggle-title\" tabindex=\"0\">AUGUSZTUS 3. VAS\u00c1RNAP<\/a>\n\t\t\t\t\t<\/div>\n\n\t\t\t\t\t<div id=\"elementor-tab-content-2552\" class=\"elementor-tab-content elementor-clearfix\" data-tab=\"2\" role=\"region\" aria-labelledby=\"elementor-tab-title-2552\"><h5><strong>augusztus 3., vas\u00e1rnap 19:00<\/strong><\/h5><h5>De\u00e1k t\u00e9r<strong>\u00a0\u00a0\u00a0\u00a0\u00a0\u00a0\u00a0\u00a0\u00a0\u00a0\u00a0\u00a0\u00a0\u00a0\u00a0\u00a0\u00a0\u00a0\u00a0\u00a0\u00a0\u00a0\u00a0\u00a0\u00a0\u00a0\u00a0\u00a0\u00a0 <\/strong><\/h5><h5><strong>KOD\u00c1LY PONT<\/strong><\/h5><h5><strong>KIS SEBESTY\u00c9N (CSELL\u00d3), A KECSKEM\u00c9TI SZIMFONIKUS ZENEKAR SZ\u00d3LIST\u00c1J\u00c1NAK KONCERTJE<\/strong><\/h5><h5>Kod\u00e1ly Zolt\u00e1n: Szon\u00e1ta csell\u00f3sz\u00f3l\u00f3ra Op. 8 &#8211; 1. t\u00e9tel<\/h5><h5>Gaspar Cassado: Cello suite<\/h5><h5>\u00a0<\/h5><h5>\u00a0<\/h5><h5><strong>augusztus 3., vas\u00e1rnap 20:00\u00a0\u00a0\u00a0\u00a0 <\/strong><\/h5><h5>Evang\u00e9likus templom\u00a0\u00a0\u00a0<\/h5><h5><strong>K\u00d6Z\u00d6S GY\u00d6KEREK \u2013 AZ ARS NOVA \u00c9NEKEGY\u00dcTTES KONCERTJE<\/strong>\u00a0<\/h5><h5>Az Ars Nova \u00c9nekegy\u00fcttes k\u00f6nnyed, ny\u00e1r esti m\u0171sor\u00e1t Kod\u00e1ly Zolt\u00e1n \u00e9s Susan Brumfield, az amerikai Kod\u00e1ly mozgalom kiemelked\u0151 k\u00e9pvisel\u0151je \u00a0dalaib\u00f3l, k\u00f3rusm\u0171veib\u0151l \u00e1ll\u00edtotta \u00f6ssze.<br \/>Susan Brumfield tan\u00e1rk\u00e9nt, \u00edr\u00f3k\u00e9nt, zeneszerz\u0151k\u00e9nt \u00e9s karmesterk\u00e9nt ismert. A Kod\u00e1ly-m\u00f3dszer nemzetk\u00f6zileg elismert szak\u00e9rt\u0151je, a First, We Sing! Kod\u00e1ly-Inspired Teaching in the Music Classroom c\u00edm\u0171 k\u00f6nyv szerz\u0151je.<br \/><strong>M\u0171sor:<\/strong><br \/>Kod\u00e1ly Zolt\u00e1n: S\u00edk S\u00e1ndor Te Deuma \u00a0<br \/>Kod\u00e1ly Zolt\u00e1n: Z\u00f6ld erd\u0151ben<br \/>Kod\u00e1ly Zolt\u00e1n: \u00c1rva vagyok<br \/>Kod\u00e1ly Zolt\u00e1n: H\u00e1ry J\u00e1nos- r\u00e9szletek<br \/>Kod\u00e1ly Zolt\u00e1n &#8211; Arany J\u00e1nos: Csalfa Sug\u00e1r<br \/>Kod\u00e1ly Zolt\u00e1n &#8211; We\u00f6res S\u00e1ndor: Norv\u00e9g le\u00e1nyok<br \/>Susan Brumfield: Bandyrow \u2013 \u00edr n\u00e9pdal<br \/>Susan Brumfield: No Time \u2013 tradicion\u00e1lis t\u00e1bori dal<br \/>Susan Brumfield: My Dear Companion<br \/>Susan Brumfield: By The Rivers of Babylon \u2013 rastafari spiritu\u00e1l\u00e9<br \/>Kod\u00e1ly Zolt\u00e1n: Esti Dal<\/h5><h5><strong>Vend\u00e9gek: \u00a0 \u00a0 \u00a0 \u00a0 \u00a0 \u00a0 \u00a0 \u00a0 \u00a0 \u00a0 \u00a0 \u00a0\u00a0<\/strong><br \/>Rebecca Hays (USA) \u2013 szopr\u00e1n<br \/>L\u00e1szl\u00f3 Nagy (USA) \u2013 tenor<br \/><strong>K\u00f6zrem\u0171k\u00f6dik: \u00a0 \u00a0 \u00a0 \u00a0 \u00a0 \u00a0\u00a0<\/strong><br \/>Macz\u00e1k J\u00e1nos \u2013 klarin\u00e9t<br \/>Gerh\u00e1t L\u00e1szl\u00f3 &#8211; zongora \u00a0 \u00a0 \u00a0 \u00a0 \u00a0 \u00a0 \u00a0 \u00a0 \u00a0 \u00a0 \u00a0 \u00a0 \u00a0 \u00a0 \u00a0 \u00a0 \u00a0 \u00a0 \u00a0 \u00a0 \u00a0\u00a0<br \/>Viktor D\u00e1niel \u2013 zongora<br \/>Koncz Erika &#8211; \u00a0zongora<br \/>Macz\u00e1k M\u00e1rk \u2013 cajon<br \/><strong>Vez\u00e9nyel:<\/strong>\u00a0Kiss Katalin<\/h5><h5><strong>A bel\u00e9p\u00e9s ingyenes, helyfoglal\u00e1s \u00e9rkez\u00e9si sorrendben.<\/strong><\/h5><h5>\u00a0<\/h5><h5><strong>augusztus 3., vas\u00e1rnap 21:00\u00a0\u00a0\u00a0\u00a0<\/strong><\/h5><h5><strong>Kedves K\u00f6z\u00f6ns\u00e9g\u00fcnk!<br \/>\u00daJ HELYSZ\u00cdN<\/strong><\/h5><h5>A kezdvez\u0151tlen, bizonytalan id\u0151j\u00e1r\u00e1si k\u00f6r\u00fclm\u00e9nyek \u00e9s a koncert speci\u00e1lis technikai ig\u00e9nyei ok\u00e1n a mai R\u00c9ZVAR\u00c1ZS atmoszf\u00e9ra koncert a H\u00edr\u00f6s Ag\u00f3ra Sz\u00ednh\u00e1zterm\u00e9ben ker\u00fcl megrendez\u00e9sre.<\/h5><h5>A bel\u00e9p\u00e9s tov\u00e1bbra is ingyenes!<br \/>R\u00e9szletek lentebb!<\/h5><h5>Atmoszf\u00e9ra koncert &#8211; zenet\u00f6rt\u00e9neti utaz\u00e1s a Kecskem\u00e9ti Szimfonikus Zenekar r\u00e9zf\u00fav\u00f3s \u00e9s \u00fct\u0151egy\u00fcttes\u00e9vel<\/h5><h5><strong>R\u00c9ZVAR\u00c1ZS<\/strong><\/h5><h5><strong>Atmoszf\u00e9ra koncert &#8211; zenet\u00f6rt\u00e9neti utaz\u00e1s a Kecskem\u00e9ti Szimfonikus Zenekar r\u00e9zf\u00fav\u00f3s \u00e9s \u00fct\u0151egy\u00fcttes\u00e9vel<\/strong><\/h5><h5><strong>M\u0171sor: <\/strong><\/h5><h5>Giovannoni Gabrieli: Sonata Pian\u2019e Forte\u00a0<\/h5><h5>Georg Friedrich H\u00e4ndel: Solomon, Shena kir\u00e1lyn\u0151 \u00e9rkez\u00e9se<\/h5><h5>Giuseppe Verdi: Aida bevonul\u00e1si indul\u00f3<br \/>Johan de Meij: Brasserie Royale<br \/>Edward Elgar: Pomp and Circumstance March No. 2\u00a0<br \/>Robert Ramskill: Jazzamataz <br \/>Chris Hazell: Brass Cats <br \/>Alan Silvestri: Vissza a j\u00f6v\u0151be filmzene\u00a0<br \/>Ulvaeus-Andersson: Sakk \u00a0<br \/>Van McCoy: The Hustle \u00a0<\/h5><h5><strong>Vez\u00e9nyel:<\/strong> Kis-Fekete Vilmos<\/h5><h5><strong>K\u00f6zrem\u0171k\u00f6dik:<\/strong> Kecskem\u00e9ti Szimfonikus Zenekar r\u00e9zf\u00fav\u00f3s \u00e9s \u00fct\u0151egy\u00fcttese<\/h5><h5><strong>M\u0171sorid\u0151:<\/strong> 50 perc, sz\u00fcnet n\u00e9lk\u00fcl<\/h5><h5><strong>A koncert ingyenes.<\/strong><\/h5><\/div>\n\t\t\t\t<\/div>\n\t\t\t\t\t\t\t<div class=\"elementor-toggle-item\">\n\t\t\t\t\t<div id=\"elementor-tab-title-2553\" class=\"elementor-tab-title\" data-tab=\"3\" role=\"button\" aria-controls=\"elementor-tab-content-2553\" aria-expanded=\"false\">\n\t\t\t\t\t\t\t\t\t\t\t\t<span class=\"elementor-toggle-icon elementor-toggle-icon-left\" aria-hidden=\"true\">\n\t\t\t\t\t\t\t\t\t\t\t\t\t\t\t<span class=\"elementor-toggle-icon-closed\"><i class=\"fas fa-caret-right\"><\/i><\/span>\n\t\t\t\t\t\t\t\t<span class=\"elementor-toggle-icon-opened\"><i class=\"elementor-toggle-icon-opened fas fa-caret-up\"><\/i><\/span>\n\t\t\t\t\t\t\t\t\t\t\t\t\t<\/span>\n\t\t\t\t\t\t\t\t\t\t\t\t<a class=\"elementor-toggle-title\" tabindex=\"0\">AUGUSZTUS 4. H\u00c9TF\u0150<\/a>\n\t\t\t\t\t<\/div>\n\n\t\t\t\t\t<div id=\"elementor-tab-content-2553\" class=\"elementor-tab-content elementor-clearfix\" data-tab=\"3\" role=\"region\" aria-labelledby=\"elementor-tab-title-2553\"><h5><strong>augusztus 4., h\u00e9tf\u0151 19:00<\/strong><\/h5><h5>De\u00e1k t\u00e9r<strong>\u00a0\u00a0\u00a0\u00a0\u00a0\u00a0\u00a0\u00a0\u00a0\u00a0\u00a0\u00a0\u00a0\u00a0\u00a0\u00a0\u00a0\u00a0\u00a0\u00a0\u00a0\u00a0\u00a0\u00a0\u00a0\u00a0\u00a0\u00a0\u00a0 <\/strong><\/h5><h5><strong>KOD\u00c1LY PONT<\/strong><\/h5><h5><strong>A 27. NEMZETK\u00d6ZI KOD\u00c1LY SZIMP\u00d3ZIUM R\u00c9SZTVEV\u0150INEK KONCERTJE<\/strong><\/h5><h5><strong>K\u00f6zrem\u0171k\u00f6dik:\u00a0<\/strong>Gemma Ryan (Ausztr\u00e1lia), Samantha Wee (Szingap\u00far), Liuqingqing Yang (K\u00edna) \u00e9s a Kod\u00e1ly Int\u00e9zet egykori hallgat\u00f3ib\u00f3l alakult SAJT Ensemble: Bianca Varela (Portug\u00e1lia), Sarah Keane (\u00cdrorsz\u00e1g\/Portug\u00e1lia), Teresa Appleton (Portug\u00e1lia), M\u00e1rk F\u00e9dronic (USA), Haodong Ma (K\u00edna), Samuel Rausch (USA)<\/h5><h5><strong>\u00a0<\/strong><\/h5><h5><strong>\u00a0<\/strong><\/h5><h5><strong>augusztus 4., h\u00e9tf\u0151 20:00<\/strong><\/h5><h5>Kod\u00e1ly Iskola<\/h5><h5><strong>\u201eKOD\u00c1LY ISKOLA 75\u201d<\/strong><\/h5><h5>A 75 \u00e9ves Kod\u00e1ly Iskola k\u00f3rusainak koncertje Kod\u00e1ly Zolt\u00e1n \u00e9s Bart\u00f3k B\u00e9la m\u0171veib\u0151l<\/h5><h5><strong>M\u0171sor:<\/strong><\/h5><h5><strong>TRIOLA gyermekkar<\/strong><\/h5><h5><strong>vez\u00e9nyel: Z\u00c1VORI ERIKA:<\/strong><\/h5><h5>Kod\u00e1ly Zolt\u00e1n:\u00a0\u00a0 V\u00e1logat\u00e1s a Kis emberek dalai c\u00edm\u0171 k\u00f6tetb\u0151l \u00e9s biciniumokb\u00f3l:<\/h5><ol><li><h5>Sz\u00f3l a n\u00f3ta halkan (sz\u00f6veg: We\u00f6res S\u00e1ndor &#8211; K\u00e1rolyi Amy) \/ \u00c1rok sz\u00e9l\u00e9n b\u00fazasz\u00e1l n\u0151tt (sz\u00f6veg: We\u00f6res S\u00e1ndor) \/ Parip\u00e1m csodasz\u00e9p pejk\u00f3 (sz\u00f6veg: We\u00f6res S\u00e1ndor) \/ Fut, szalad a pejk\u00f3 (sz\u00f6veg: We\u00f6res S\u00e1ndor)<\/h5><\/li><li><h5>M\u00e9ly erd\u0151n ibolyavir\u00e1g \/ Z\u00f6ld erd\u0151ben f\u00fcty\u00fcl a rig\u00f3 \/ Ez a l\u00e1bom \/ H\u00e1zam el\u0151tt egy almafa<\/h5><\/li><\/ol><h5>H\u00e9t k\u00f6nny\u0171 gyermekkar \u2013 1. \u00c9va sz\u00edvem, \u00c9va 2. Falu v\u00e9g\u00e9n<\/h5><h5><strong>ANTANT\u00c9NUSZ gyermekkar<\/strong><\/h5><h5><strong>vez\u00e9nyel: SZEGEDIN\u00c9 T\u00d3TH ILDIK\u00d3:<\/strong><\/h5><h5>Kanyarg\u00f3s j\u00e1t\u00e9k (n\u00e9pi j\u00e1t\u00e9k)<\/h5><h5>Kod\u00e1ly Zolt\u00e1n:\u00a0\u00a0\u00a0\u00a0\u00a0\u00a0\u00a0\u00a0\u00a0\u00a0\u00a0\u00a0\u00a0\u00a0\u00a0\u00a0\u00a0\u00a0\u00a0 H\u00e1rom indul\u00f3 az \u00d6tfok\u00fa zene 100 kis indul\u00f3 k\u00f6tet\u00e9b\u0151l (sz\u00f6veg: We\u00f6res S\u00e1ndor)<\/h5><h5>Angyalkert &#8211; Kecske-j\u00e1t\u00e9k, Gyertya-j\u00e1t\u00e9k, V\u00e1s\u00e1rosdi<\/h5><h5>Biciniumok &#8211; Hej, Dun\u00e1r\u00f3l f\u00faj a sz\u00e9l&#8230; \/ A b\u00e1rnai kertek alatt&#8230; \/ Hej, k\u00e9t ty\u00fakom tavali&#8230;<\/h5><h5>H\u00e9t k\u00f6nny\u0171 gyermekkar &#8211; 6. J\u00f3 gazdasszony<\/h5><h5>Epigramm\u00e1k \u2013 Tavasz<\/h5><h5>zongor\u00e1n k\u00f6zrem\u0171k\u00f6dik: Lov\u00e1szn\u00e9 Gajdos \u00c9va<\/h5><h5><strong>MIRACULUM gyermekkar<\/strong><\/h5><h5><strong>vez\u00e9nyel: Dur\u00e1nyik L\u00e1szl\u00f3<\/strong><\/h5><h5>Kod\u00e1ly Zolt\u00e1n:\u00a0\u00a0 Isten kov\u00e1csa<\/h5><h5>Vill\u0151<\/h5><h5>Gergely-j\u00e1r\u00e1s<\/h5><h5><strong>AURIN le\u00e1nykar<\/strong><\/h5><h5><strong>vez\u00e9nyel: Dur\u00e1nyik L\u00e1szl\u00f3<\/strong><\/h5><h5>Bart\u00f3k B\u00e9la:\u00a0\u00a0\u00a0\u00a0\u00a0\u00a0 \u00a0\u00a0\u00a0\u00a0\u00a0\u00a0\u00a0\u00a0\u00a0\u00a0\u00a0\u00a0\u00a0\u00a0\u00a0 B\u00e1nat<\/h5><h5>Leg\u00e9nycs\u00fafol\u00f3<\/h5><h5>Le\u00e1nyk\u00e9r\u0151<\/h5><h5>Kod\u00e1ly Zolt\u00e1n:\u00a0\u00a0 Hegyi \u00e9jszak\u00e1k 1.<\/h5><ol start=\"3\"><li><h5>olasz madrig\u00e1l (Chi d\u2019amor sente)<\/h5><\/li><\/ol><h5>Vejnem\u00f6jnen muzsik\u00e1l<\/h5><h5>zongor\u00e1n k\u00f6zrem\u0171k\u00f6dik: Lov\u00e1szn\u00e9 Gajdos \u00c9va<\/h5><h5><strong>\u00d6SSZKAR:<\/strong><\/h5><h5>Kod\u00e1ly Zolt\u00e1n: A magyarokhoz (Berzsenyi D\u00e1niel)<\/h5><h5><strong>M\u0171sorid\u0151:<\/strong> 70 perc, sz\u00fcnet n\u00e9lk\u00fcl<\/h5><h5><strong>Jegy\u00e1r:<\/strong> Norm\u00e1l: 2.500 Ft, Nyugd\u00edjas jegy: 2.000 Ft, Di\u00e1kjegy: 1.500 Ft<\/h5><h5>Kecskem\u00e9t k\u00e1rty\u00e1val 10% kedvezm\u00e9ny<\/h5><\/div>\n\t\t\t\t<\/div>\n\t\t\t\t\t\t\t<div class=\"elementor-toggle-item\">\n\t\t\t\t\t<div id=\"elementor-tab-title-2554\" class=\"elementor-tab-title\" data-tab=\"4\" role=\"button\" aria-controls=\"elementor-tab-content-2554\" aria-expanded=\"false\">\n\t\t\t\t\t\t\t\t\t\t\t\t<span class=\"elementor-toggle-icon elementor-toggle-icon-left\" aria-hidden=\"true\">\n\t\t\t\t\t\t\t\t\t\t\t\t\t\t\t<span class=\"elementor-toggle-icon-closed\"><i class=\"fas fa-caret-right\"><\/i><\/span>\n\t\t\t\t\t\t\t\t<span class=\"elementor-toggle-icon-opened\"><i class=\"elementor-toggle-icon-opened fas fa-caret-up\"><\/i><\/span>\n\t\t\t\t\t\t\t\t\t\t\t\t\t<\/span>\n\t\t\t\t\t\t\t\t\t\t\t\t<a class=\"elementor-toggle-title\" tabindex=\"0\">AUGUSZTUS 5. KEDD<\/a>\n\t\t\t\t\t<\/div>\n\n\t\t\t\t\t<div id=\"elementor-tab-content-2554\" class=\"elementor-tab-content elementor-clearfix\" data-tab=\"4\" role=\"region\" aria-labelledby=\"elementor-tab-title-2554\"><h5><strong>augusztus 5., kedd 18:00\u00a0\u00a0\u00a0\u00a0\u00a0\u00a0\u00a0\u00a0\u00a0\u00a0\u00a0\u00a0\u00a0\u00a0\u00a0\u00a0\u00a0\u00a0\u00a0\u00a0\u00a0\u00a0\u00a0\u00a0\u00a0\u00a0\u00a0\u00a0 <\/strong><\/h5><h5><strong>CREATOR SPIRITUS IX.<\/strong><\/h5><h5><strong>KONTEMPL\u00c1CI\u00d3 2025<\/strong><\/h5><h5>\u201eVal\u00f3j\u00e1ban nem a sok tud\u00e1s az, ami kiel\u00e9g\u00edti a lelket, hanem a dolgok bels\u0151 \u00e1t\u00e9l\u00e9se \u00e9s meg\u00edzlel\u00e9se.\u201d (Loyolai Szent Ign\u00e1c)<\/h5><h5>Kilencedik alkalommal rendezz\u00fck meg a Creator Spiritus szakr\u00e1lis k\u00e9pz\u0151m\u0171v\u00e9szeti trienn\u00e1l\u00e9t, melynek mott\u00f3ja ez\u00fattal: KONTEMPL\u00c1CI\u00d3 &#8211; evang\u00e9liumi szeml\u00e9l\u0151d\u00e9s, lelki elm\u00e9ly\u00fcl\u00e9s.<\/h5><h5>Szent Ign\u00e1c szerint a szeml\u00e9l\u0151d\u00e9s az evang\u00e9lium alapj\u00e1n Krisztusra tekint\u00e9st jelent. Saj\u00e1t l\u00e9temet is ennek f\u00e9ny\u00e9ben szeml\u00e9lem, hogy l\u00e1t\u00e1sm\u00f3dom, \u00edt\u00e9leteim helyes mederbe ker\u00fcljenek \u00e9s \u00edgy v\u00e1ljak cselekv\u0151 emberr\u00e9.<\/h5><h5>A szeml\u00e9l\u0151d\u00e9s persze jelentheti a teremtett vil\u00e1g sz\u00e9ps\u00e9geinek, titkainak a kutat\u00e1s\u00e1t, meg\u00e9l\u00e9s\u00e9t is, mert aki a term\u00e9szet \u00f6r\u00f6k t\u00f6rv\u00e9nyeit szeml\u00e9li \u00e9s kutatja, az a teremt\u00e9s titk\u00e1hoz ker\u00fclhet k\u00f6zelebb.<strong>\u00a0<\/strong><\/h5><h5><strong>K\u00f6sz\u00f6nt\u0151t mond:<\/strong> Fekete Szabolcs pl\u00e9b\u00e1nos a ki\u00e1ll\u00edt\u00e1s v\u00e9dn\u00f6ke<\/h5><h5><strong>A ki\u00e1ll\u00edt\u00e1st megnyitja:<\/strong> K\u00e9pir\u00f3 \u00c1gnes m\u0171v\u00e9szett\u00f6rt\u00e9n\u00e9sz<\/h5><h5><strong>Kur\u00e1tor: <\/strong>Balanyi K\u00e1roly<\/h5><h5><strong>Megtekinthet\u0151:<\/strong> 2025. augusztus 27-ig 09:00 \u00e9s 18:00 \u00f3ra k\u00f6z\u00f6tt a H\u00edr\u00f6s Ag\u00f3ra nyitvatart\u00e1si idej\u00e9ben<\/h5><h5><strong>T\u00e1mogat\u00f3:<\/strong> NKA<\/h5><h5><strong>\u00a0<\/strong><\/h5><h5><strong>\u00a0<\/strong><\/h5><h5><strong>augusztus 5., kedd 19:00<\/strong><\/h5><h5>De\u00e1k t\u00e9r<strong>\u00a0\u00a0\u00a0\u00a0\u00a0\u00a0\u00a0\u00a0\u00a0\u00a0\u00a0\u00a0\u00a0\u00a0\u00a0\u00a0\u00a0\u00a0\u00a0\u00a0\u00a0\u00a0\u00a0\u00a0\u00a0\u00a0\u00a0\u00a0\u00a0 <\/strong><\/h5><h5><strong>KOD\u00c1LY PONT<\/strong><\/h5><h5><strong>A KOD\u00c1LY ISKOLA TANUL\u00d3INAK KONCERTJE<\/strong><\/h5><h5><strong>\u00a0<\/strong><\/h5><h5><strong>\u00a0<\/strong><\/h5><h5><strong>augusztus 5., kedd 20:00\u00a0\u00a0\u00a0\u00a0\u00a0\u00a0\u00a0\u00a0\u00a0\u00a0\u00a0\u00a0\u00a0\u00a0\u00a0\u00a0\u00a0\u00a0\u00a0\u00a0\u00a0\u00a0\u00a0\u00a0\u00a0\u00a0\u00a0\u00a0 <\/strong><\/h5><h5><strong>F\u00dcLEI BAL\u00c1ZS ZONGORAESTJE<\/strong><\/h5><h5>&#8222;Sz\u00e1zadfordul\u00f3 Kod\u00e1llyal&#8221;<\/h5><h5><strong>M\u0171sor:<\/strong><\/h5><h5>Bart\u00f3k: Rom\u00e1n n\u00e9pi t\u00e1ncok<\/h5><h5>Kod\u00e1ly: 7 zongoradarab, Op. 11 &#8211; r\u00e9szletek<\/h5><h5>Debussy: A boldog sziget<\/h5><h5>Ginastera: Argentin t\u00e1ncok, Op. 2<\/h5><h5>Kod\u00e1ly: 9 zongoradarab, Op. 3 &#8211; r\u00e9szletek\u00a0<\/h5><h5>Grieg: 17 norv\u00e9g parasztt\u00e1nc, Op. 72 &#8211; r\u00e9szletek<\/h5><h5>Jan\u00e1\u010dek: Ben\u0151tt \u00f6sv\u00e9nyen &#8211; r\u00e9szletek<\/h5><h5>Kod\u00e1ly: Marossz\u00e9ki t\u00e1ncok<\/h5><h5>F\u00fclei Bal\u00e1zs Liszt Ferenc-, Artisjus \u00e9s Junior Prima d\u00edjas zongoram\u0171v\u00e9sz, gener\u00e1ci\u00f3j\u00e1nak egyik legkreat\u00edvabb el\u0151ad\u00f3ja. Reperto\u00e1rj\u00e1n t\u00f6bb mint harminc zongoraverseny szerepel, k\u00f6zt\u00fck Beethoven, Liszt, Brahms, \u00e9s Bart\u00f3k \u00f6sszes zongoraversenye. A Zeneakad\u00e9mia tansz\u00e9kvezet\u0151 egyetemi docense, vil\u00e1gszerte tart mesterkurzusokat. Az Echo Ny\u00e1ri Akad\u00e9mia alap\u00edt\u00f3ja \u00e9s m\u0171v\u00e9szeti vezet\u0151je, amelyet a feh\u00e9rv\u00e1rcsurg\u00f3i K\u00e1rolyi Kast\u00e9lyban rendeznek \u00e9vente.<\/h5><h5>Kor\u00e1n bekapcsol\u00f3dott a nemzetk\u00f6zi zenei \u00e9let k\u00f6rforg\u00e1s\u00e1ba: 2005-ben a tarant\u00f3i Arcangelo Speranza Nemzetk\u00f6zi Zongoraverseny gy\u0151ztese volt, \u00e9s tov\u00e1bbi d\u00edjakat hozott el Mil\u00e1n\u00f3b\u00f3l, Cagliarib\u00f3l, Moszkv\u00e1b\u00f3l. A The International Holland Music Sessions k\u00e9t \u00edzben is a New Masters On Tour koncertk\u00f6r\u00fat sz\u00f3list\u00e1j\u00e1v\u00e1 v\u00e1lasztja.<\/h5><h5>Szakmai \u00e9let\u00e9nek meghat\u00e1roz\u00f3 \u00e1llom\u00e1sai a Zeneakad\u00e9mia Nagyterme, a M\u0171v\u00e9szetek Palot\u00e1ja, a b\u00e9csi Konzerthaus, az amszterdami Concertgebouw, a toki\u00f3i Kioi Hall, a moszkvai Csajkovszkij Konzervat\u00f3rium, az NCPA Mumbaiban, valamint a New York-i Carnegie Hall, ahol 2008-ban deb\u00fct\u00e1lt sz\u00f3l\u00f3estj\u00e9vel. A legjelent\u0151sebb magyarorsz\u00e1gi \u00e9s k\u00fclf\u00f6ldi szimfonikus zenekarokkal dolgozott egy\u00fctt, fell\u00e9pett Eur\u00f3pa szinte minden orsz\u00e1g\u00e1ban, Izraelben, az Egyes\u00fclt \u00c1llamokban, Ausztr\u00e1li\u00e1ban, Jap\u00e1nban, K\u00edn\u00e1ban, \u00e9s Vietn\u00e1mban. Gyakori partnere a Kod\u00e1ly Von\u00f3sn\u00e9gyes, amellyel Indi\u00e1ban is turn\u00e9zott. Sz\u00f3list\u00e1ja volt a vil\u00e1g \u00e9lvonal\u00e1ba tartoz\u00f3 Camerata Bern egy\u00fcttesnek. Koncertjei, lemezfelv\u00e9telei m\u0171sor\u00e1t k\u00fcl\u00f6nleges tematika alapj\u00e1n \u00e1ll\u00edtja \u00f6ssze.<\/h5><h5>F\u00fclei Bal\u00e1zs kiv\u00e9teles verb\u00e1lis adotts\u00e1gainak k\u00f6sz\u00f6nhet\u0151en gyakran l\u00e9p fel olyan k\u00fcl\u00f6nleges m\u0171sorokkal, ahol az elhangz\u00f3 zenem\u0171veket saj\u00e1t szavaival hozza m\u00e9g k\u00f6zelebb a hallgat\u00f3khoz. Saj\u00e1t sorozatai k\u00f6z\u00fcl a \u201eHallgasson F\u00fcleire!\u201d c\u00edm\u0171 koncertjein azt mutatja be, hogyan lehet t\u00f6bbf\u00e9lek\u00e9ppen el\u0151adni ugyanazt a zenem\u0171vet, \u00edgy a k\u00f6z\u00f6ns\u00e9g \u00e1t\u00e9lheti az el\u0151ad\u00f3m\u0171v\u00e9szet szabads\u00e1g\u00e1t \u00e9s t\u0171n\u00e9kenys\u00e9g\u00e9t.<\/h5><h5>16 lemezt k\u00e9sz\u00edtett, Christmas with Franz Liszt c\u00edm\u0171 sz\u00f3l\u00f3 albuma 2022-ben elnyerte a Liszt Ferenc T\u00e1rsas\u00e1g 42. Nemzetk\u00f6zi Hanglemez Nagyd\u00edj\u00e1t.<\/h5><h5>F\u00fclei Bal\u00e1zs a Steinway &amp; Sons zongoragy\u00e1rt\u00f3l 2020-ban kapta meg a kit\u00fcntet\u0151 \u201eSteinway Artist\u201d c\u00edmet.<\/h5><h5><strong>M\u0171sorid\u0151:<\/strong> 80 perc, sz\u00fcnet n\u00e9lk\u00fcl<\/h5><h5><strong>Jegy\u00e1r:<\/strong> Norm\u00e1l: 4.500 Ft, Nyugd\u00edjas jegy: 3.600 Ft, Di\u00e1kjegy: 1.500 Ft<\/h5><h5>Kecskem\u00e9t k\u00e1rty\u00e1val 10% kedvezm\u00e9ny<\/h5><h5><strong><u>\u00a0<\/u><\/strong><\/h5><h5><strong>\u00a0<\/strong><\/h5><h5><strong>augusztus 5., kedd 21:30-24:00 <\/strong><\/h5><h5><strong>KOD\u00c1LY T\u00c1NCH\u00c1Z<\/strong><\/h5><h5><strong>A Kecskem\u00e9t T\u00e1ncegy\u00fcttes szervez\u00e9s\u00e9ben<\/strong><\/h5><h5>R\u00e9gen \u2013 m\u00e1s lehet\u0151s\u00e9gek h\u00edj\u00e1n \u2013 a t\u00e1ncalkalmak jelentett\u00e9k j\u00f3form\u00e1n az egyetlen sz\u00f3rakoz\u00e1st a faluk\u00f6z\u00f6ss\u00e9gek sz\u00e1m\u00e1ra.<\/h5><h5>Az emberi \u00e9let sorsfordul\u00f3ihoz (pl. n\u00e9vnap, bevonul\u00e1s, lakodalom), az \u00e9v jeles napjaihoz (pl. farsang, h\u00fasv\u00e9t, kar\u00e1csony) vagy a munk\u00e1hoz (pl. tavaszi juhm\u00e9r\u00e9s, arat\u00e1s, sz\u00fcret) szorosan hozz\u00e1tartoz\u00f3 n\u00e9pszok\u00e1sok fontos eleme a k\u00f6z\u00f6s t\u00e1nc. A leg\u00e9nyek egy-egy szezonra zenekart fogadtak, kib\u00e9reltek egy alkalmas h\u00e1zat, vagyis t\u00e1nch\u00e1zat v\u00e1lasztottak. \u00cdgy nem csak a b\u00e1l helysz\u00edne, hanem maga az esem\u00e9ny is a t\u00e1nch\u00e1z nevet kapta. A t\u00e1nch\u00e1z rendj\u00e9ben sz\u00f3lisztikus, p\u00e1ros, esetenk\u00e9nt l\u00e1nc- vagy k\u00f6rt\u00e1ncok v\u00e1ltj\u00e1k egym\u00e1st, az egyes t\u00e1ncfajt\u00e1khoz szervesen illeszked\u0151 muzsika k\u00eds\u00e9ret\u00e9ben. A k\u00f6t\u00f6tt st\u00edlus ellen\u00e9re jelent\u0151s szerepet kap az improviz\u00e1ci\u00f3, a zenei elemek \u00e9s a t\u00e1ncfigur\u00e1k egy\u00fctt l\u00e9legz\u0151 vari\u00e1l\u00e1sa.<\/h5><h5>Kod\u00e1ly T\u00e1nch\u00e1zunk t\u00e1nctan\u00edt\u00e1s\u00e1ba azokr\u00f3l a magyar t\u00e1jegys\u00e9gekr\u0151l fogunk t\u00e1ncokat v\u00e1logatni, ahol Kod\u00e1ly Zolt\u00e1n is megfordult n\u00e9pzene \u00e9s n\u00e9pdalgy\u0171jt\u0151 k\u00f6r\u00fatjai sor\u00e1n.<\/h5><h5><strong>T\u00e1ncoktat\u00f3k:<\/strong> Poly\u00e1k N\u00f3ra, Moln\u00e1r M\u00e1t\u00e9<\/h5><h5>T\u00e1ncbemutat\u00f3kkal k\u00f6zrem\u0171k\u00f6dnek a Kecskem\u00e9t T\u00e1ncegy\u00fcttes t\u00e1ncosai:<\/h5><h5>Babos D\u00e1niel \u00e9s Misek Bettina<\/h5><h5><strong>A talpal\u00e1val\u00f3t Inoka Gy\u0151z\u0151 \u00e9s bar\u00e1tai szolg\u00e1ltatj\u00e1k:<\/strong><\/h5><h5>Vizeli B\u00e1lint, Szil\u00e1gyi M\u00e1rton, Szab\u00f3 J\u00e1nos &#8216;Csiga&#8217;, Heged\u0171s Luca, Inoka Gy\u0151z\u0151<\/h5><h5><strong>Jegy\u00e1r:<\/strong> Norm\u00e1l: 1.500 Ft, Nyugd\u00edjas jegy: 1.000 Ft, Di\u00e1kjegy: 1.000 Ft<\/h5><h5>Kecskem\u00e9t k\u00e1rty\u00e1val 10% kedvezm\u00e9ny<\/h5><\/div>\n\t\t\t\t<\/div>\n\t\t\t\t\t\t\t<div class=\"elementor-toggle-item\">\n\t\t\t\t\t<div id=\"elementor-tab-title-2555\" class=\"elementor-tab-title\" data-tab=\"5\" role=\"button\" aria-controls=\"elementor-tab-content-2555\" aria-expanded=\"false\">\n\t\t\t\t\t\t\t\t\t\t\t\t<span class=\"elementor-toggle-icon elementor-toggle-icon-left\" aria-hidden=\"true\">\n\t\t\t\t\t\t\t\t\t\t\t\t\t\t\t<span class=\"elementor-toggle-icon-closed\"><i class=\"fas fa-caret-right\"><\/i><\/span>\n\t\t\t\t\t\t\t\t<span class=\"elementor-toggle-icon-opened\"><i class=\"elementor-toggle-icon-opened fas fa-caret-up\"><\/i><\/span>\n\t\t\t\t\t\t\t\t\t\t\t\t\t<\/span>\n\t\t\t\t\t\t\t\t\t\t\t\t<a class=\"elementor-toggle-title\" tabindex=\"0\">AUGUSZTUS 6. SZERDA<\/a>\n\t\t\t\t\t<\/div>\n\n\t\t\t\t\t<div id=\"elementor-tab-content-2555\" class=\"elementor-tab-content elementor-clearfix\" data-tab=\"5\" role=\"region\" aria-labelledby=\"elementor-tab-title-2555\"><h5><strong>augusztus 6., szerda 17:00\u00a0\u00a0\u00a0\u00a0\u00a0\u00a0\u00a0\u00a0\u00a0\u00a0 <\/strong><\/h5><h5><strong>Katona J\u00f3zsef K\u00f6nyvt\u00e1r<\/strong><\/h5><h5><strong>MAGYAR P\u00c1SZTOROK ZENEI HAGYOM\u00c1NYA \u2013 JUH\u00c1SZ ZOLT\u00c1N N\u00c9PZEN\u00c9SZ, KUTAT\u00d3M\u00c9RN\u00d6K EL\u0150AD\u00c1SA<\/strong><\/h5><h5>A magyar n\u00e9phagyom\u00e1nyban &#8211; \u00e9s sz\u00e1mos m\u00e1s kult\u00far\u00e1ban is &#8211; a furulya \u00e9s a duda jellemz\u0151en a p\u00e1sztors\u00e1g hangszere. Kora \u00f3kori \u00e1br\u00e1zol\u00e1sok szerint ez \u00edgy volt m\u00e1r a sum\u00e9r \u00e9s egyiptomi kult\u00far\u00e1kban is: legeltet\u0151 p\u00e1sztorok kez\u00e9ben l\u00e1tjuk a furuly\u00e1t agyaghengereken \u00e9s k\u0151t\u00e1bl\u00e1kon. A magyar hagyom\u00e1ny szerint a furuly\u00e1t J\u00e9zust\u00f3l, a dud\u00e1t az \u00f6rd\u00f6gt\u0151l kapt\u00e1k a p\u00e1sztorok. M\u00e9gis, amikor \u201ehangszerr\u0151l\u201d besz\u00e9l, a magyar p\u00e1sztor nem ezekre, hanem a kolompra \u00e9s cseng\u0151re gondol. Nagy m\u0171gonddal hangolja kolomp-sorait, \u201ecsatrangjait\u201d a legel\u0151n, az \u00e1llatok \u00e1ltal megsz\u00f3laltatott \u201ezenekarr\u00e1\u201d. A kolomp k\u00e9sz\u00edt\u00e9s\u00e9r\u0151l, szerep\u00e9r\u0151l egy Kod\u00e1ly hetvenedik sz\u00fclet\u00e9snapj\u00e1ra \u00edrt tanulm\u00e1ny sz\u00e1mol be a legalaposabban. Mindezek f\u00e9ny\u00e9ben izgalmas k\u00e9rd\u00e9s, milyen \u0151si \u00f6r\u00f6ks\u00e9get hordoz a p\u00e1sztors\u00e1g zenei vil\u00e1ga: a furuly\u00e1n, dud\u00e1n megsz\u00f3lal\u00f3 dallamai \u00e9s a kolompok saj\u00e1tos \u201ezenekara\u201d. Erre keress\u00fck a v\u00e1laszt az el\u0151ad\u00e1s sor\u00e1n.<\/h5><h5>\u00a0\u00a0\u00a0\u00a0\u00a0\u00a0\u00a0\u00a0\u00a0\u00a0\u00a0\u00a0\u00a0\u00a0\u00a0\u00a0\u00a0\u00a0\u00a0\u00a0\u00a0\u00a0\u00a0\u00a0\u00a0\u00a0\u00a0\u00a0\u00a0\u00a0\u00a0<\/h5><h5>\u00a0<\/h5><h5><strong>\u00a0<\/strong><\/h5><h5><strong>augusztus 6., szerda 18:15\u00a0\u00a0\u00a0\u00a0\u00a0\u00a0\u00a0\u00a0\u00a0\u00a0 <\/strong><\/h5><h5>Kod\u00e1ly Int\u00e9zet<strong>\u00a0 <\/strong><\/h5><h5><strong>K\u00d6NYVBEMUTAT\u00d3<\/strong><\/h5><h5><strong>OLLI VARONEN: KULCS A CSOD\u00c1HOZ &#8211; SZ\u00cdNES H\u00daROK FINNORSZ\u00c1GBAN<\/strong><\/h5><h5><strong>SZILVAY G\u00c9ZA \u00c9S CSABA MUNK\u00c1SS\u00c1GA<\/strong><\/h5><h5><strong>A Finnorsz\u00e1gban 2023-ban megjelent k\u00f6nyv magyar ford\u00edt\u00e1s\u00e1nak bemutat\u00e1sa<\/strong><\/h5><h5><strong>Ford\u00edtotta:<\/strong> Kov\u00e1cs Ottilia<\/h5><h5><strong>Kiadja:<\/strong> Kecskem\u00e9ti Kod\u00e1ly Int\u00e9zet\u00e9rt Alap\u00edtv\u00e1ny, 2025.<\/h5><h5>A Magyar M\u0171v\u00e9szeti Akad\u00e9mia \u00e9s a Helsinki\u00a0Liszt Int\u00e9zet t\u00e1mogat\u00e1s\u00e1val.<\/h5><h5>A Szilvay testv\u00e9rek\u00a050 \u00e9ves finnorsz\u00e1gi munk\u00e1ss\u00e1ga nagyszer\u0171en p\u00e9ld\u00e1zza egy neh\u00e9z id\u0151szakt\u00f3l a vil\u00e1gh\u00edrig r\u00f6ppen\u0151 zenei kezdem\u00e9nyez\u00e9s folyamat\u00e1t, id\u0151nk\u00e9nt megejt\u0151, m\u00e1skor humoros, de mindig a legmagasabb szakmai ig\u00e9nyess\u00e9gr\u0151l\u00a0\u00e1rulkod\u00f3 r\u00e9szleteit. A &#8222;Sz\u00ednes h\u00farok&#8221;, a von\u00f3s hangszerek oktat\u00e1s\u00e1nak k\u00fcl\u00f6nleges m\u00f3dszere Kod\u00e1ly Zolt\u00e1n zenei nevel\u00e9si elveire \u00e9p\u00fcl: a gyermekdalok\u00a0\u00e9nekl\u00e9s\u00e9t\u0151l a kottaolvas\u00e1sig, a zenei anyanyelvt\u0151l\u00a0a kompon\u00e1lt zene leg\u00e9rt\u00e9kesebb r\u00e9teg\u00e9ig. A Helsinki Ifj\u00fas\u00e1gi Von\u00f3szenekar vil\u00e1gsikere maradand\u00f3 nyomot hagyott a 20. sz\u00e1zad zenepedg\u00f3gi\u00e1j\u00e1n.\u00a0<\/h5><h5>Err\u0151l sz\u00f3l a k\u00f6nyv, aj\u00e1nlhatjuk mindenkinek, aki gyermekek nevel\u00e9s\u00e9vel foglalkozik.\u00a0\u00a0<\/h5><h5>A k\u00f6nyvbemutat\u00f3n\u00a0r\u00e9szt vesznek: Szilvay G\u00e9za, Szilvay Csaba, Dr. Horv\u00e1th \u00c1gnes, Erdei P\u00e9ter<\/h5><h5><strong>A bel\u00e9p\u00e9s d\u00edjtalan.<\/strong><\/h5><h5><strong><u>\u00a0<\/u><\/strong><\/h5><h5><strong><u>\u00a0<\/u><\/strong><\/h5><h5><strong>augusztus 6., szerda 19:00<\/strong><\/h5><h5>De\u00e1k t\u00e9r<strong>\u00a0\u00a0\u00a0\u00a0\u00a0\u00a0\u00a0\u00a0\u00a0\u00a0\u00a0\u00a0\u00a0\u00a0\u00a0\u00a0\u00a0\u00a0\u00a0\u00a0\u00a0\u00a0\u00a0\u00a0\u00a0\u00a0\u00a0\u00a0\u00a0 <\/strong><\/h5><h5><strong>KOD\u00c1LY PONT<\/strong><\/h5><h5><strong>HOLL\u00d3K\u0150I HUBA (HEGED\u0170M\u0171v\u00e9sz) \u00c9S SIPOS GERG\u0150 (CSELL\u00d3M\u0171v\u00e9sz) Koncertje<\/strong><\/h5><h5>Kod\u00e1ly Zolt\u00e1n: Du\u00f3 heged\u0171re \u00e9s csell\u00f3ra Op. 7<\/h5><h5>\u00a0<\/h5><h5><strong>\u00a0<\/strong><\/h5><h5><strong>augusztus 6., szerda 20:00\u00a0\u00a0\u00a0\u00a0\u00a0\u00a0\u00a0\u00a0\u00a0\u00a0 <\/strong><\/h5><h5>Nagytemplom\u00a0<\/h5><h5><strong>SZOKOLAY DONG\u00d3 BAL\u00c1ZS: FOH\u00c1SZ<\/strong><\/h5><h5>Szokolay Dong\u00f3 Bal\u00e1zs\u00a0&#8211; n\u00e9pi f\u00fav\u00f3s hangszerek<br \/>Bodrogi \u00c9va\u00a0&#8211; \u00e9nek<br \/>Fej\u00e9rv\u00e1ri J\u00e1nos\u00a0&#8211; br\u00e1csa<br \/>Horv\u00e1th M\u00e1rton Levente\u00a0\u2013 orgona<\/h5><h5>Ezen az est\u00e9n Szokolay Dong\u00f3 Bal\u00e1zs h\u00edvja elm\u00e9lked\u00e9sre a k\u00f6z\u00f6ns\u00e9get. A koncerten ugyanis szinte kiv\u00e9tel n\u00e9lk\u00fcl az \u0150 m\u0171vei sz\u00f3lnak. A t\u00e9telek az egyh\u00e1zi \u00e9v k\u00fcl\u00f6nb\u00f6z\u0151 id\u0151szakaib\u00f3l mer\u00edtenek, az inspir\u00e1ci\u00f3k k\u00f6z\u00f6tt tal\u00e1lunk latin \u00e9nekeket, n\u00e9p\u00e9nekeket, liturgikus dallamokat \u00e9s himnuszokat is. A zen\u00e9t hallgatva \u00fajra \u00e1t\u00e9lhetj\u00fck az egyh\u00e1zi kult\u00fara id\u0151tlens\u00e9g\u00e9t \u00e9s az orgona univerzalit\u00e1s\u00e1t, ahogyan minden st\u00edlust \u00e9s hangz\u00e1seszm\u00e9nyt k\u00e9pes mag\u00e1ba olvasztani. Legyen \u00d6n is r\u00e9szese az \u00f6r\u00f6k \u00e1raml\u00e1snak!<\/h5><h5><strong>M\u0171sor:<\/strong><br \/>Szokolay Dong\u00f3 Bal\u00e1zs: Foh\u00e1sz<br \/>Szokolay Dong\u00f3 Bal\u00e1zs: Reg\u0151s\u00e9nek<br \/>\u00c1rv\u00e1tfalvi &#8211; n\u00e9pdal<br \/>Szokolay Dong\u00f3 Bal\u00e1zs: Mariam Matrem<br \/>Szokolay Dong\u00f3 Bal\u00e1zs: Boldog asszony<br \/>Szokolay Dong\u00f3 Bal\u00e1zs: Paradicsom k\u0151kertjibe I.<br \/>K\u00e9k ibolya &#8211; n\u00e9pdal<br \/>Szokolay Dong\u00f3 Bal\u00e1zs: Zsigmond-kori t\u00f6red\u00e9k<br \/>Istenem Istenem &#8211; n\u00e9pdal<br \/>Szokolay Dong\u00f3 Bal\u00e1zs: Harmatozzatok<br \/>Szokolay Dong\u00f3 Bal\u00e1zs: In hoc anni<br \/>Szokolay Dong\u00f3 Bal\u00e1zs: Licet eger cum egotis<br \/>Szokolay Dong\u00f3 Bal\u00e1zs: E mai nap egy kis gyermek<br \/>Bart\u00f3k: Cs\u00edkmegyei n\u00e9pdal<br \/>Szokolay Dong\u00f3 Bal\u00e1zs: \u00daj esztend\u0151<br \/>Szokolay Dong\u00f3 Bal\u00e1zs: \u00c1ldattass\u00e1l kisded J\u00e9zus!<br \/>Szokolay Dong\u00f3 Bal\u00e1zs: Ne hagyj elesnem<br \/>Szokolay Dong\u00f3 Bal\u00e1zs: Paradicsom k\u0151kertjibe ll.<br \/>Szokolay Dong\u00f3 Bal\u00e1zs: Vite perdite me legi<br \/>Szokolay Dong\u00f3 Bal\u00e1zs: Fas et ne fas<br \/>Szokolay Dong\u00f3 Bal\u00e1zs: Ima<\/h5><h5><strong>M\u0171sorid\u0151:<\/strong> 70 perc, sz\u00fcnet n\u00e9lk\u00fcl<\/h5><h5><strong>Jegy\u00e1r:<\/strong> Norm\u00e1l: 4.000 Ft, Nyugd\u00edjas jegy: 3.600 Ft, Di\u00e1kjegy: 1.500 Ft<\/h5><h5>Kecskem\u00e9t k\u00e1rty\u00e1val 10% kedvezm\u00e9ny<\/h5><\/div>\n\t\t\t\t<\/div>\n\t\t\t\t\t\t\t<div class=\"elementor-toggle-item\">\n\t\t\t\t\t<div id=\"elementor-tab-title-2556\" class=\"elementor-tab-title\" data-tab=\"6\" role=\"button\" aria-controls=\"elementor-tab-content-2556\" aria-expanded=\"false\">\n\t\t\t\t\t\t\t\t\t\t\t\t<span class=\"elementor-toggle-icon elementor-toggle-icon-left\" aria-hidden=\"true\">\n\t\t\t\t\t\t\t\t\t\t\t\t\t\t\t<span class=\"elementor-toggle-icon-closed\"><i class=\"fas fa-caret-right\"><\/i><\/span>\n\t\t\t\t\t\t\t\t<span class=\"elementor-toggle-icon-opened\"><i class=\"elementor-toggle-icon-opened fas fa-caret-up\"><\/i><\/span>\n\t\t\t\t\t\t\t\t\t\t\t\t\t<\/span>\n\t\t\t\t\t\t\t\t\t\t\t\t<a class=\"elementor-toggle-title\" tabindex=\"0\">AUGUSZTUS 7. CS\u00dcT\u00d6RT\u00d6K<\/a>\n\t\t\t\t\t<\/div>\n\n\t\t\t\t\t<div id=\"elementor-tab-content-2556\" class=\"elementor-tab-content elementor-clearfix\" data-tab=\"6\" role=\"region\" aria-labelledby=\"elementor-tab-title-2556\"><h5><strong>augusztus 7., cs\u00fct\u00f6rt\u00f6k 18:00\u00a0\u00a0\u00a0 <\/strong><\/h5><h5>H\u00edr\u00f6s Ag\u00f3ra Otthon Mozi\u00a0\u00a0\u00a0\u00a0\u00a0\u00a0\u00a0\u00a0\u00a0\u00a0\u00a0\u00a0<\/h5><h5><strong>M\u00dcPA KONCERTFILM VET\u00cdT\u00c9S<\/strong><\/h5><h5><strong>H\u00c1ROM BART\u00d3K<\/strong><\/h5><h5><strong>M\u0171sor:<\/strong><\/h5><h5>Bart\u00f3k: K\u00e9t arck\u00e9p, op. 5<\/h5><h5>III. zongoraverseny, Sz. 119, BB 127<\/h5><h5>A k\u00e9kszak\u00e1ll\u00fa herceg v\u00e1ra, Sz. 48<\/h5><h5><strong>Vez\u00e9nyel:<\/strong> Hamar Zsolt<\/h5><h5><strong>K\u00f6zrem\u0171k\u00f6d\u0151k:<\/strong><\/h5><h5>R\u00e1nki Dezs\u00f3 \u2013 zongora<\/h5><h5>Koml\u00f3si Ildik\u00f3 \u2013 szopr\u00e1n<\/h5><h5>Palerdi Andr\u00e1s \u2013 basszus<\/h5><h5>Kopp\u00e1ndi Jen\u0151 \u2013 heged\u0171<\/h5><h5>Nemzeti Filharmonikus Zenekar<\/h5><h5>A hangverseny m\u0171sora Bart\u00f3k \u00e9s a n\u0151i nem kapcsolat\u00e1r\u00f3l sz\u00f3l, olyan m\u0171veket vonultatva fel, amelyek k\u00f6z\u00fcl kett\u0151 \u00e9lete egy-egy nagy \u00e9rzelm\u00e9t \u00f6r\u00f6k\u00edti meg hangokba foglalva, a harmadik pedig egy mitikus t\u00f6rt\u00e9netben, miszt\u00e9riumm\u00e1 nemes\u00edtve \u00e1ltal\u00e1noss\u00e1gban sz\u00f3l a f\u00e9rfi-n\u0151 problematik\u00e1r\u00f3l, ahogyan azt a zeneszerz\u0151 l\u00e1tta.<\/h5><h5>A Nemzeti Filharmonikus Zenekar hangverseny\u00e9nek nyit\u00f3sz\u00e1mak\u00e9nt megsz\u00f3lal\u00f3 K\u00e9t k\u00e9p m\u00f6g\u00f6tt a heged\u0171m\u0171v\u00e9szn\u0151, Geyer Stefi ir\u00e1nti viszonzatlan, fiatalkori szerelem inspir\u00e1ci\u00f3ja \u00e1ll. A szeretett n\u0151alak eszm\u00e9nyi arc\u00e1t felmutat\u00f3 els\u0151 k\u00e9p (Ide\u00e1lis) az I. heged\u0171verseny nyit\u00f3t\u00e9tel\u00e9vel azonos, az egzalt\u00e1lt m\u00e1sodik t\u00e9tel (Torz) az eredetileg zongor\u00e1ra fogalmazott Tizenn\u00e9gy bagatell sorozat Szeret\u0151m t\u00e1ncol c\u00edm\u0171 z\u00e1r\u00f3t\u00e9tel\u00e9nek zenekari v\u00e1ltozata.<br \/>Bart\u00f3k befejezetlen\u00fcl maradt hatty\u00fadala, a hal\u00e1los betegen kompon\u00e1lt III. zongoraverseny a zeneszerz\u0151 feles\u00e9ge, P\u00e1sztory Ditta sz\u00e1m\u00e1ra k\u00e9sz\u00fclt, s a klasszika \u201eh\u00f6lgykoncertjeinek\u201d kecses ut\u00f3dak\u00e9nt a Bart\u00f3kt\u00f3l megszokott kem\u00e9ny t\u00f3nus helyett szel\u00eddebb hangot inton\u00e1l. R\u00e1nki Dezs\u0151 p\u00e1lyakezd\u00e9se \u00f3ta a kompoz\u00edci\u00f3 autentikus el\u0151ad\u00f3ja.<br \/>A Bal\u00e1zs B\u00e9la sz\u00f6veg\u00e9re k\u00e9sz\u00fclt miszt\u00e9rium-opera a bez\u00e1rk\u00f3z\u00e1s, a titok, a megismer\u00e9s, a birtokl\u00e1si v\u00e1gy, a f\u00e9lt\u00e9kenys\u00e9g \u00e9s a mag\u00e1ny fogalmait boncolgatja a sz\u00e1zadel\u0151 l\u00e9lekelemz\u0151 m\u0171v\u00e9szi magatart\u00e1s\u00e1t k\u00f6vetve, olyan var\u00e1zslatos kever\u00e9kst\u00edlusban, amely a romantika, a n\u00e9piess\u00e9g, a szecesszi\u00f3 \u00e9s a szimbolizmus elemeit is mag\u00e1ba fogadja. Koml\u00f3si Ildik\u00f3 \u00e9s Palerdi Andr\u00e1s a k\u00e9t szerep tapasztalt, sikeres el\u0151ad\u00f3ja.<\/h5><h5><strong>A bel\u00e9p\u00e9s ingyenes, helyfoglal\u00e1s \u00e9rkez\u00e9si sorrendben.<\/strong><\/h5><h5>\u00a0<\/h5><h5>\u00a0<\/h5><h5><strong>augusztus 7., cs\u00fct\u00f6rt\u00f6k 19:00\u00a0\u00a0\u00a0 <\/strong><\/h5><h5>De\u00e1k t\u00e9r<strong>\u00a0\u00a0\u00a0\u00a0\u00a0\u00a0\u00a0\u00a0\u00a0\u00a0\u00a0\u00a0\u00a0 <\/strong><\/h5><h5><strong>KOD\u00c1LY PONT<\/strong><\/h5><h5><strong>TUR\u00d3CZI-KO\u00d3S CLAUDIA KLARIN\u00c9TM\u0170V\u00c9SZ KONCERTJE<\/strong><\/h5><h5>Kov\u00e1cs B\u00e9la: Hommage \u00e0 Kod\u00e1ly\u00a0<\/h5><h5>Lendvay Kamill\u00f3: Tiszteletem Mr. Goodman!<\/h5><h5>Astor Piazzolla: Tang\u00f3et\u0171d No. 1, No. 3<\/h5><h5><strong>\u00a0<\/strong><\/h5><h5><strong>\u00a0<\/strong><\/h5><h5><strong>augusztus 7., cs\u00fct\u00f6rt\u00f6k 19:30\u00a0\u00a0\u00a0 <\/strong><\/h5><h5>Zeneakad\u00e9mia, Budapest\u00a0\u00a0\u00a0\u00a0\u00a0\u00a0\u00a0\u00a0\u00a0\u00a0\u00a0<\/h5><h5><strong>F\u00d6LSZ\u00c1LLOTT A P\u00c1VA<\/strong><\/h5><h5>Az 50 \u00e9ves Kod\u00e1ly Int\u00e9zet, az 50 \u00e9ves H\u00edr\u00f6s Ag\u00f3ra\u00a0 \u00e9s a Nemzetk\u00f6zi Kod\u00e1ly T\u00e1rsas\u00e1g jubileumi koncertje\u00a0\u00a0\u00a0\u00a0\u00a0\u00a0\u00a0\u00a0\u00a0\u00a0\u00a0\u00a0\u00a0\u00a0<\/h5><h5><strong>M\u0171sor:<\/strong><br \/><strong>Kod\u00e1ly Zolt\u00e1n: F\u00f6lsz\u00e1llott a p\u00e1va (v\u00e1ltozatok egy magyar n\u00e9pdalra)<br \/><\/strong>Kecskem\u00e9ti Szimfonikus Zenekar<br \/>vez\u00e9nyel: Holl\u00f3k\u0151i Huba<\/h5><h5><strong>Kod\u00e1ly Zolt\u00e1n: 114. genfi zsolt\u00e1r <\/strong><\/h5><h5>A 27. Nemzetk\u00f6zi Kod\u00e1ly Szimp\u00f3zium K\u00f3rusa<br \/>Horv\u00e1th M\u00e1rton Levente \u2013 orgona<\/h5><h5>vez\u00e9nyel: Holl\u00f3k\u0151i Huba<br \/><strong>Kod\u00e1ly Zolt\u00e1n: Budav\u00e1ri Te Deum<\/strong><\/h5><h5>L\u00f6k\u00f6sh\u00e1zi M\u00e1ria (szopr\u00e1n), Rajk Judit (alt),<\/h5><h5>K\u00f6rmendy Fl\u00f3ri\u00e1n (tenor), Cserm\u00e9nyi Zsombor (basszus)<br \/>A 27. Nemzetk\u00f6zi Kod\u00e1ly Szimp\u00f3zium K\u00f3rusa<br \/>Kecskem\u00e9ti Szimfonikus Zenekar<br \/>vez\u00e9nyel: Erdei P\u00e9ter<\/h5><h5><strong>Jegy\u00e1r:<\/strong> 1.900 Ft<\/h5><h5>\u00a0<\/h5><h5>\u00a0<\/h5><h5><strong>augusztus 7., cs\u00fct\u00f6rt\u00f6k 21:00\u00a0\u00a0\u00a0 <\/strong><\/h5><h5>Romkert\u00a0\u00a0\u00a0\u00a0\u00a0\u00a0\u00a0\u00a0\u00a0\u00a0\u00a0\u00a0\u00a0<\/h5><h5><strong>S\u00c1RIK P\u00c9TER TRI\u00d3 X BART\u00d3K<\/strong><\/h5><h5><strong>ATMOSZF\u00c9RA KONCERT<\/strong><\/h5><h5>A S\u00e1rik P\u00e9ter Tri\u00f3 2018-ban jelentette meg az els\u0151 Bart\u00f3k-feldolgoz\u00e1sokat tartalmaz\u00f3 lemez\u00e9t, melyet a Zeneakad\u00e9mia Nagyterm\u00e9ben mutattak be.<\/h5><h5>Az\u00f3ta a vil\u00e1g 15 orsz\u00e1g\u00e1ban j\u00e1tszott\u00e1k a programot, \u00f3ri\u00e1si sikereket aratva Finnorsz\u00e1gt\u00f3l Kazahszt\u00e1non \u00e1t eg\u00e9szen K\u00edn\u00e1ig.<\/h5><h5>A CD 2020-ban Fonogram-d\u00edjat kapott \u201eAz \u00e9v jazz albumak\u00e9nt\u201d, a 2022-ben megjelent koncertv\u00e1ltozat pedig 2023-ban volt jel\u00f6lt ugyanerre az elismer\u00e9sre.<\/h5><h5>Szint\u00e9n 2023-ban jelent meg az X2 Bart\u00f3k album, mely az els\u0151 lemezhez hasonl\u00f3an zongoram\u0171vek \u00e9s k\u00f3rusm\u0171vek jazzes feldolgoz\u00e1sit tartalmazza.<\/h5><h5>\u201cTal\u00e1n egyik zeneszerz\u0151 sem volt akkora hat\u00e1ssal a mai jazzre, mint Bart\u00f3k.<\/h5><h5>M\u0171veinek d\u00f6bbenetes ereje, dinamik\u00e1ja szinte els\u00f6pri a hallgat\u00f3t, zen\u00e9je csupa izgalom, misztikum, hat\u00e1rtalan m\u00e9lys\u00e9g \u00e9s tisztas\u00e1g.<\/h5><h5>Azzal a c\u00e9llal k\u00e9sz\u00edtett\u00fck ezt az anyagot, hogy feldolgoz\u00e1saink \u00e1ltal azokkal is megszerettess\u00fck Bart\u00f3k zen\u00e9j\u00e9t, akik eddig idegenkedtek t\u0151le.<\/h5><h5>Szeretettel aj\u00e1nlom a koncert\u00fcnket mind a klasszikus, mind a jazz zene rajong\u00f3inak!\u201d S\u00e1rik P\u00e9ter<\/h5><h5><strong>A koncert ingyenes.<\/strong><\/h5><\/div>\n\t\t\t\t<\/div>\n\t\t\t\t\t\t\t<div class=\"elementor-toggle-item\">\n\t\t\t\t\t<div id=\"elementor-tab-title-2557\" class=\"elementor-tab-title\" data-tab=\"7\" role=\"button\" aria-controls=\"elementor-tab-content-2557\" aria-expanded=\"false\">\n\t\t\t\t\t\t\t\t\t\t\t\t<span class=\"elementor-toggle-icon elementor-toggle-icon-left\" aria-hidden=\"true\">\n\t\t\t\t\t\t\t\t\t\t\t\t\t\t\t<span class=\"elementor-toggle-icon-closed\"><i class=\"fas fa-caret-right\"><\/i><\/span>\n\t\t\t\t\t\t\t\t<span class=\"elementor-toggle-icon-opened\"><i class=\"elementor-toggle-icon-opened fas fa-caret-up\"><\/i><\/span>\n\t\t\t\t\t\t\t\t\t\t\t\t\t<\/span>\n\t\t\t\t\t\t\t\t\t\t\t\t<a class=\"elementor-toggle-title\" tabindex=\"0\">AUGUSZTUS 8. P\u00c9NTEK<\/a>\n\t\t\t\t\t<\/div>\n\n\t\t\t\t\t<div id=\"elementor-tab-content-2557\" class=\"elementor-tab-content elementor-clearfix\" data-tab=\"7\" role=\"region\" aria-labelledby=\"elementor-tab-title-2557\"><h5><strong>augusztus 8., p\u00e9ntek 19:00<\/strong><\/h5><h5>De\u00e1k t\u00e9r<strong>\u00a0\u00a0\u00a0\u00a0\u00a0\u00a0\u00a0\u00a0\u00a0\u00a0\u00a0\u00a0\u00a0\u00a0\u00a0\u00a0\u00a0\u00a0\u00a0\u00a0\u00a0\u00a0\u00a0\u00a0\u00a0\u00a0\u00a0\u00a0\u00a0 <\/strong><\/h5><h5><strong>KOD\u00c1LY PONT<\/strong><\/h5><h5><strong>&#8222;A KLASSZIKUSOKT\u00d3L KOD\u00c1LYON \u00c1T A FILMZEN\u00c9IG&#8221; <\/strong><\/h5><h5>A Kecskem\u00e9ti M. Bodon P\u00e1l AMI m\u0171sora<\/h5><h5><strong>Fell\u00e9p\u0151k:<\/strong>\u00a0Ambrus Anett &#8211; heged\u0171m\u0171v\u00e9sz, Barta Franciska, Gyenei Tam\u00e1s, Katonka Milos, Kov\u00e1cs M\u00e1rk Zsolt, Pusztai Levente, Szab\u00f3 S\u00e1ra Borb\u00e1la, Sz\u00fccs Hunor, Pusztai Tam\u00e1sn\u00e9<br \/><strong>Felk\u00e9sz\u00edt\u0151 tan\u00e1rok:<\/strong>\u00a0Bujdos\u00f3n\u00e9 Cs\u00e1ki Edit, Kov\u00e1cs Levente, Janzs\u00f3 M\u00e1ria, Nemes D\u00f3ra, Orosz Csaba, Tary Tim\u00f3tn\u00e9<br \/><strong>M\u0171sor:<\/strong><br \/><strong>1. Sz\u00fccs Hunor (git\u00e1r) \u00e9s Ambrus Anett (heged\u0171m\u0171v\u00e9sz)<\/strong><br \/>Kod\u00e1ly Zolt\u00e1n gy\u0171jt\u00e9s\u00e9b\u0151l k\u00e9t magyar n\u00e9pdal<br \/>F\u00f6lsz\u00e1ntom a cs\u00e1sz\u00e1r udvar\u00e1t\u2026, Gy\u00fajtottam gyerty\u00e1t\u2026<br \/>Felk\u00e9sz\u00edt\u0151 tan\u00e1r: Orosz Csaba<br \/><strong>2. Kov\u00e1cs M\u00e1rk Zsolt (zongora)<\/strong><br \/>Kuhlau: C-d\u00far Szonatina, Allegro \u2013II. t\u00e9tel<br \/>Felk\u00e9sz\u00edt\u0151 tan\u00e1r: Bujdos\u00f3n\u00e9 Cs\u00e1ki Edit<br \/><strong>3. Barta Franciska (\u00e9nek, fuvola) \u00e9s Szab\u00f3 S\u00e1ra Borb\u00e1la (\u00e9nek), Pusztai Levente (git\u00e1r), Pusztai Tam\u00e1sn\u00e9 (zongora)<\/strong><br \/>Szent Iv\u00e1n napi n\u00e9pdalcsokor<br \/>Magos a rutafa \u2026n\u00e9pdalfeldolgoz\u00e1s Bart\u00f3k B\u00e9la-Kod\u00e1ly Zolt\u00e1n: H\u00fasz magyar n\u00e9pdal c\u00edm\u0171 k\u00f6tet\u00e9b\u0151l<br \/>Kod\u00e1ly Zolt\u00e1n: Bicinia Hungarica (a 3. f\u00fczetb\u0151l) Kis kacsa f\u00fcrdik<br \/>Elment a k\u00e9t l\u00e1ny vir\u00e1got szedni \u2026 Kod\u00e1ly Zolt\u00e1n gy\u0171jt\u00e9se nyom\u00e1n<br \/>Felk\u00e9sz\u00edt\u0151 tan\u00e1r: Tary Tim\u00f3tn\u00e9, Orosz Csaba, Janzs\u00f3 M\u00e1ria<br \/><strong>4. Sz\u00fccs Hunor (git\u00e1r) \u00e9s Ambrus Anett (heged\u0171m\u0171v\u00e9sz)<\/strong><br \/>Vivaldi: Largo<br \/>Felk\u00e9sz\u00edt\u0151 tan\u00e1r: Orosz Csaba<br \/><strong>5. Katonka Milos (zongora)<\/strong><br \/>Hans Zimmer: Time (zongora \u00e1tirat)<br \/>Felk\u00e9sz\u00edt\u0151 tan\u00e1r: Nemes D\u00f3ra<br \/><strong>6. Gyenei Tam\u00e1s (zongora)<\/strong><br \/>Hans Zimmer: Interstellar (zongora \u00e1tirat)<br \/>Felk\u00e9sz\u00edt\u0151 tan\u00e1r: Kov\u00e1cs Levente<\/h5><h5><strong>\u00a0<\/strong><\/h5><h5><strong>\u00a0<\/strong><\/h5><h5><strong>augusztus 8., p\u00e9ntek 20:00\u00a0\u00a0\u00a0\u00a0\u00a0\u00a0\u00a0\u00a0\u00a0\u00a0\u00a0\u00a0\u00a0\u00a0\u00a0\u00a0\u00a0\u00a0\u00a0\u00a0\u00a0\u00a0\u00a0\u00a0 <\/strong><\/h5><h5><strong>F\u00d6LSZ\u00c1LLOTT A P\u00c1VA<\/strong><\/h5><h5><strong>Az 50 \u00e9ves Kod\u00e1ly Int\u00e9zet, az 50 \u00e9ves H\u00edr\u00f6s Ag\u00f3ra\u00a0 \u00e9s a Nemzetk\u00f6zi Kod\u00e1ly T\u00e1rsas\u00e1g jubileumi koncertje<\/strong><\/h5><h5><strong>M\u0171sor:<\/strong><br \/><strong>Kod\u00e1ly Zolt\u00e1n: K\u00e9t r\u00e9szlet a N\u00e9gy olasz madrig\u00e1l sorozatb\u00f3l <\/strong><\/h5><h5>Nr. 1.\u00a0Chi voul veder<\/h5><h5>Nr. 3.\u00a0Chi d&#8217;amor sente<\/h5><h5>A 27. Nemzetk\u00f6zi Kod\u00e1ly Szimp\u00f3zium Kamarak\u00f3rusa<\/h5><h5>vez\u00e9nyel: F\u00fcri Anna<\/h5><h5><strong>Kod\u00e1ly Zolt\u00e1n: F\u00f6lsz\u00e1llott a p\u00e1va (v\u00e1ltozatok egy magyar n\u00e9pdalra)<\/strong><br \/>Kecskem\u00e9ti Szimfonikus Zenekar<br \/>vez\u00e9nyel: Holl\u00f3k\u0151i Huba<\/h5><h5><strong>Kod\u00e1ly Zolt\u00e1n: Budav\u00e1ri Te Deum<\/strong><\/h5><h5>L\u00f6k\u00f6sh\u00e1zi M\u00e1ria (szopr\u00e1n), Rajk Judit (alt),<\/h5><h5>K\u00f6rmendy Fl\u00f3ri\u00e1n (tenor), Cserm\u00e9nyi Zsombor (basszus)<br \/>A 27. Nemzetk\u00f6zi Kod\u00e1ly Szimp\u00f3zium K\u00f3rusa<br \/>Kecskem\u00e9ti Szimfonikus Zenekar<br \/>vez\u00e9nyel: Erdei P\u00e9ter<\/h5><h5><strong>Jegy\u00e1r:<\/strong> Norm\u00e1l: 4.000 Ft, Nyugd\u00edjas jegy: 3.600 Ft, Di\u00e1kjegy: 1.500 Ft<\/h5><h5>Kecskem\u00e9t k\u00e1rty\u00e1val 10% kedvezm\u00e9ny<\/h5><\/div>\n\t\t\t\t<\/div>\n\t\t\t\t\t\t\t\t<\/div>\n\t\t\t\t\t\t<\/div>\n\t\t\t\t<\/div>\n\t\t\t\t\t<\/div>\n\t\t<\/div>\n\t\t\t\t\t<\/div>\n\t\t<\/section>\n\t\t\t\t<section class=\"elementor-section elementor-top-section elementor-element elementor-element-8849c4e elementor-section-boxed elementor-section-height-default elementor-section-height-default\" data-id=\"8849c4e\" data-element_type=\"section\">\n\t\t\t\t\t\t<div class=\"elementor-container elementor-column-gap-default\">\n\t\t\t\t\t<div class=\"elementor-column elementor-col-100 elementor-top-column elementor-element elementor-element-0f98b47\" data-id=\"0f98b47\" data-element_type=\"column\">\n\t\t\t<div class=\"elementor-widget-wrap elementor-element-populated\">\n\t\t\t\t\t\t<section class=\"elementor-section elementor-inner-section elementor-element elementor-element-378db20 elementor-section-boxed elementor-section-height-default elementor-section-height-default\" data-id=\"378db20\" data-element_type=\"section\">\n\t\t\t\t\t\t<div class=\"elementor-container elementor-column-gap-default\">\n\t\t\t\t\t<div class=\"elementor-column elementor-col-100 elementor-inner-column elementor-element elementor-element-92d6439\" data-id=\"92d6439\" data-element_type=\"column\">\n\t\t\t<div class=\"elementor-widget-wrap elementor-element-populated\">\n\t\t\t\t\t\t<div class=\"elementor-element elementor-element-1938400 elementor-widget elementor-widget-spacer\" data-id=\"1938400\" data-element_type=\"widget\" data-widget_type=\"spacer.default\">\n\t\t\t\t<div class=\"elementor-widget-container\">\n\t\t\t\t\t\t\t<div class=\"elementor-spacer\">\n\t\t\t<div class=\"elementor-spacer-inner\"><\/div>\n\t\t<\/div>\n\t\t\t\t\t\t<\/div>\n\t\t\t\t<\/div>\n\t\t\t\t<div class=\"elementor-element elementor-element-2fc299b elementor-widget elementor-widget-text-editor\" data-id=\"2fc299b\" data-element_type=\"widget\" data-widget_type=\"text-editor.default\">\n\t\t\t\t<div class=\"elementor-widget-container\">\n\t\t\t\t\t\t\t\t\t<p style=\"text-align: center;\">A m\u0171sorv\u00e1ltoztat\u00e1s jog\u00e1t fenntartjuk.<\/p><p style=\"text-align: center;\">A templomi koncerteken val\u00f3 helyfoglal\u00e1s \u00e9rkez\u00e9si sorrendben t\u00f6rt\u00e9nik.<\/p><p style=\"text-align: center;\">Programjainkon k\u00e9p- \u00e9s hangfelv\u00e9tel k\u00e9sz\u00fcl.<\/p>\t\t\t\t\t\t\t\t<\/div>\n\t\t\t\t<\/div>\n\t\t\t\t\t<\/div>\n\t\t<\/div>\n\t\t\t\t\t<\/div>\n\t\t<\/section>\n\t\t\t\t\t<\/div>\n\t\t<\/div>\n\t\t\t\t\t<\/div>\n\t\t<\/section>\n\t\t\t\t<\/div>\n\t\t","protected":false},"excerpt":{"rendered":"<p>Teljes program AUGUSZTUS 2. SZOMBAT augusztus 2., szombat 18:00\u00a0\u00a0\u00a0\u00a0\u00a0\u00a0 Kod\u00e1ly Int\u00e9zet\u00a0 A SOKSZ\u00cdN\u0170 KOD\u00c1LY \u2013 FEKET\u00c9N-FEH\u00c9REN Kod\u00e1ly Zolt\u00e1nr\u00f3l k\u00e9sz\u00fclt eredeti fotogr\u00e1fi\u00e1k Kert\u00e9sz Csaba gy\u0171jtem\u00e9ny\u00e9b\u0151l Kod\u00e1ly Zolt\u00e1nnak \u201eSok arca volt\u201d. A Kod\u00e1ly gy\u0171jtem\u00e9ny 30 darabj\u00e1b\u00f3l v\u00e1logatott fot\u00f3k ezt a sokarc\u00fas\u00e1got reprezent\u00e1lj\u00e1k. A portr\u00e9k mellett, a karmesterr\u0151l, a kompon\u00e1l\u00f3r\u00f3l, csal\u00e1dj\u00e1val, magyar \u00e9s vil\u00e1gh\u00edr\u0171 zen\u00e9szt\u00e1rsaival, bar\u00e1ti t\u00e1rsas\u00e1gban k\u00e9sz\u00fclt k\u00e9pek ezt a sokf\u00e9le Kod\u00e1lyt mutatj\u00e1k. A kor legkiv\u00e1l\u00f3bb fotogr\u00e1fusai mellett n\u00e9h\u00e1ny bar\u00e1t, ismer\u0151s amat\u0151r f\u00e9nyk\u00e9pei a kedves, der\u0171s arc\u00e1t mutatj\u00e1k. Gink K\u00e1roly, Moln\u00e1r Edit, V\u00e1rkonyi L\u00e1szl\u00f3, Keleti \u00c9va, Boj\u00e1r S\u00e1ndor, Sz\u00e9kely Alad\u00e1r, Langer Kl\u00e1ra, Szalay Zolt\u00e1n \u00e9s m\u00e1s kiv\u00e1l\u00f3 fot\u00f3m\u0171v\u00e9sz munk\u00e1i l\u00e1that\u00f3ak a ki\u00e1ll\u00edt\u00e1sunkon. \u201e\u00c9n, a gy\u0171jt\u0151 &#8211; ismerve azt a hatalmas \u00e9letm\u0171vet, amit h\u00e1tra hagyott &#8211; minden arc\u00e1t szeretettel \u00e9s tisztelettel szeml\u00e9lem \u00e9s rem\u00e9lem, hogy a ki\u00e1ll\u00edt\u00e1s l\u00e1togat\u00f3i is hasonl\u00f3an fogadj\u00e1k.\u201d Kert\u00e9sz Csaba A ki\u00e1ll\u00edt\u00e1st megnyitja: Rajk Judit a Kod\u00e1ly Int\u00e9zet igazgat\u00f3ja Megtekinthet\u0151: 2025. szeptember 29-ig, az Int\u00e9zet nyitvatart\u00e1si idej\u00e9ben \u00a0 \u00a0 augusztus 2., szombat 19:00\u00a0\u00a0\u00a0\u00a0\u00a0\u00a0 De\u00e1k t\u00e9r\u00a0\u00a0\u00a0\u00a0\u00a0\u00a0\u00a0\u00a0\u00a0\u00a0\u00a0\u00a0\u00a0 KOD\u00c1LY PONT A soksz\u00edn\u0171 K\u00edna &#8211; n\u00e9pdalok a Nemzetk\u00f6zi Kod\u00e1ly Szemin\u00e1rium k\u00ednai hallgat\u00f3inak el\u0151ad\u00e1s\u00e1banFell\u00e9p\u0151k:\u00a0Hengjia HE, Ting LI, Jialei LIU, Weiting YAN, Wenhui YU, Yongxi ZHOU, Zhen XIE \u00a0 \u00a0 augusztus 2., szombat 20:00\u00a0\u00a0\u00a0\u00a0\u00a0\u00a0\u00a0\u00a0\u00a0\u00a0\u00a0\u00a0\u00a0\u00a0\u00a0\u00a0\u00a0\u00a0\u00a0\u00a0\u00a0 A PANULA MESTERKURZUS KIV\u00c1L\u00d3S\u00c1GAINAK KONCERTJE A H\u00edr\u00f6s Ag\u00f3r\u00e1ban imm\u00e1r negyedik alkalommal megrendezett, Jorma Panula Nemzetk\u00f6zi Karmesterkurzus val\u00f3di seregszeml\u00e9je a fiatal karmester gener\u00e1ci\u00f3 kiv\u00e1l\u00f3s\u00e1gainak. A 95 \u00e9ves Maestro a 70-es \u00e9vek \u00f3ta szt\u00e1rkarmesterek tucatjait tan\u00edtotta, \u00e9s a mai napig rendk\u00edv\u00fcli energi\u00e1val oktatja a karmester szakma mesterfog\u00e1sait. A k\u00f6zel 40 jelentkez\u0151 k\u00f6z\u00fcl, szigor\u00fa, vide\u00f3s v\u00e1logat\u00e1s alapj\u00e1n, a vil\u00e1g minden t\u00e1j\u00e1r\u00f3l \u00e9rkezett az a 9 dirigens, akik egy hetet tanulhattak Panula mestert\u0151l, valamint Holl\u00f3k\u0151i Hub\u00e1t\u00f3l, a zenekar m\u0171v\u00e9szeti vezet\u0151j\u00e9t\u0151l, \u00e9s \u00e1llhatnak a z\u00e1r\u00f3koncerten\u00a0a Kecskem\u00e9ti Szimfonikus Zenekar karmesteri\u00a0dobog\u00f3j\u00e1n. A k\u00f6z\u00f6ns\u00e9gnek most egy koncerten bel\u00fcl lesz m\u00f3dja \u00f6sszehasonl\u00edtani, hogyan sz\u00f3l ugyanaz a zenekar 9 k\u00fcl\u00f6nb\u00f6z\u0151 p\u00e1lca alatt &#8211; a tizedik fell\u00e9p\u0151 pedig maga Maestro Panula lesz, aki az este k\u00fcl\u00f6nlegess\u00e9gek\u00e9nt Bart\u00f3k: Este a sz\u00e9kelyekn\u00e9l c\u00edm\u0171 m\u0171v\u00e9t fogja vez\u00e9nyelni. M\u0171sor: Bart\u00f3k B\u00e9la: Este a sz\u00e9kelyekn\u00e9l\u00a0 Ludvig van Beethoven: 2. szimf\u00f3nia\u00a0 Sz\u00fcnetFranz Schubert: 5. szimf\u00f3nia\u00a0Kod\u00e1ly Zolt\u00e1n: Marossz\u00e9ki t\u00e1ncok\u00a0K\u00f6zrem\u0171k\u00f6dik: Kecskem\u00e9ti Szimfonikus ZenekarVez\u00e9nyelnek: Jorma Panula \u00e9s a kurzus r\u00e9sztvev\u0151iM\u0171sorid\u0151: 105 perc, sz\u00fcnettel egy\u00fctt Jegy\u00e1r: Norm\u00e1l: 4.000 Ft, Nyugd\u00edjas jegy: 3.600 Ft, Di\u00e1kjegy: 1.500 Ft Kecskem\u00e9t k\u00e1rty\u00e1val 10% kedvezm\u00e9ny \u00a0 \u00a0 augusztus 2-23. A DUDA \u00daJ RUH\u00c1JA &#8211; ZEN\u00c9L\u0150 KI\u00c1LL\u00cdT\u00c1S \u201e40 \u00e9v dud\u00e1l\u00e1s &#8211; DUD\u00c1S, TUD\u00c1S, UTAZ\u00c1S c\u00edmmel \u00edrott dudazen\u00e9mmel\u00a0\u00e9s ezzel a hangz\u00f3-ki\u00e1ll\u00edt\u00e1ssal\u00a0\u00fcnneplem\u00a0az \u00e9vfordul\u00f3t. Szakdolgozatomat 1992-ben \u00edrtam Tartalmi \u00e9s st\u00edlusbeli elemek a K\u00e1rp\u00e1t-medence dudazen\u00e9j\u00e9ben c\u00edmmel, Paksa Katalin mentor\u00e1l\u00e1s\u00e1val, mely a Magyar\u00a0 Zenetudom\u00e1nyi Int\u00e9zetbe is beker\u00fclt. Ennek \u00f6sszm\u0171v\u00e9szeti folytat\u00e1sa ez a ki\u00e1ll\u00edt\u00e1s a hozz\u00e1 \u00edrott zen\u00e9vel, mely a formai lehet\u0151s\u00e9gek szabad \u00e9rtelmez\u00e9s\u00e9re mutat r\u00e1. Textiltervez\u0151k, jelmeztervez\u0151k, nemezm\u0171v\u00e9szek, b\u00e1bk\u00e9sz\u00edt\u0151k, fest\u0151k tal\u00e1lt\u00e1k ki saj\u00e1t \u201edud\u00e1jukat&#8221; , imm\u00e1r fel\u00f6lt\u00f6ztetve , mint egy szerepl\u0151t.\u00a0A sk\u00f3t duda mint\u00e1j\u00e1ra t\u00f6rt\u00e9nt a dud\u00e1k fel\u00f6lt\u00f6ztet\u00e9se, majd a l\u00e9trej\u00f6v\u0151 kit\u00f6m\u00f6tt\u00a0dudaszobrok\u00a0megkapt\u00e1k elk\u00e9pzelt\u00a0dudazen\u00e9j\u00fcket\u00a0is. A magyar dudazen\u00e9ben\u00a0szerzett j\u00e1rtass\u00e1gom\u00a0seg\u00edtett az egyedi st\u00edlus\u00fa dud\u00e1khoz ill\u0151 darabok meg\u00edr\u00e1s\u00e1ban, melyek a k\u00f6z\u00e9pkori hangulatokt\u00f3l a rockzen\u00e9ig terjednek. A zen\u00e9k QR k\u00f3ddal hallgathat\u00f3k meg a helysz\u00ednen vagy c\u00edm alapj\u00e1n az interneten.\u201d \u00c1goston B\u00e9la A ki\u00e1ll\u00edt\u00e1s l\u00e9trej\u00f6tt\u00e9t az NKA t\u00e1mogatta. Alkot\u00f3t\u00e1rsak:\u00a0Ter\u00e9nyi Gy\u00f6ngy, Fekete D\u00f3ra , Thiesz Ang\u00e9la , Makrai Krisztina, P\u00f3cs Judit, Jakab Mih\u00e1ly, Boka G\u00e1bor, Vetl\u00e9nyi Zsolt, Balask\u00f3 Attila\u00a0 Megnyit\u00f3: Panor\u00e1ma Gal\u00e9ria, augusztus 1., p\u00e9ntek 17:00 K\u00f6zrem\u0171k\u00f6d\u0151: \u00c1goston B\u00e9la zen\u00e9sz A ki\u00e1ll\u00edt\u00e1st megnyitja: F\u00f6ldin\u00e9 M\u00e9sz\u00e1ros Orsolya klarin\u00e9tm\u0171v\u00e9sz Megtekinthet\u0151: 2025. augusztus 23-ig 9:00 \u00e9s 18:00 \u00f3ra k\u00f6z\u00f6tt a H\u00edr\u00f6s Ag\u00f3ra nyitvatart\u00e1si idej\u00e9ben AUGUSZTUS 3. VAS\u00c1RNAP augusztus 3., vas\u00e1rnap 19:00 De\u00e1k t\u00e9r\u00a0\u00a0\u00a0\u00a0\u00a0\u00a0\u00a0\u00a0\u00a0\u00a0\u00a0\u00a0\u00a0\u00a0\u00a0\u00a0\u00a0\u00a0\u00a0\u00a0\u00a0\u00a0\u00a0\u00a0\u00a0\u00a0\u00a0\u00a0\u00a0 KOD\u00c1LY PONT KIS SEBESTY\u00c9N (CSELL\u00d3), A KECSKEM\u00c9TI SZIMFONIKUS ZENEKAR SZ\u00d3LIST\u00c1J\u00c1NAK KONCERTJE Kod\u00e1ly Zolt\u00e1n: Szon\u00e1ta csell\u00f3sz\u00f3l\u00f3ra Op. 8 &#8211; 1. t\u00e9tel Gaspar Cassado: Cello suite \u00a0 \u00a0 augusztus 3., vas\u00e1rnap 20:00\u00a0\u00a0\u00a0\u00a0 Evang\u00e9likus templom\u00a0\u00a0\u00a0 K\u00d6Z\u00d6S GY\u00d6KEREK \u2013 AZ ARS NOVA \u00c9NEKEGY\u00dcTTES KONCERTJE\u00a0 Az Ars Nova \u00c9nekegy\u00fcttes k\u00f6nnyed, ny\u00e1r esti m\u0171sor\u00e1t Kod\u00e1ly Zolt\u00e1n \u00e9s Susan Brumfield, az amerikai Kod\u00e1ly mozgalom kiemelked\u0151 k\u00e9pvisel\u0151je \u00a0dalaib\u00f3l, k\u00f3rusm\u0171veib\u0151l \u00e1ll\u00edtotta \u00f6ssze.Susan Brumfield tan\u00e1rk\u00e9nt, \u00edr\u00f3k\u00e9nt, zeneszerz\u0151k\u00e9nt \u00e9s karmesterk\u00e9nt ismert. A Kod\u00e1ly-m\u00f3dszer nemzetk\u00f6zileg elismert szak\u00e9rt\u0151je, a First, We Sing! Kod\u00e1ly-Inspired Teaching in the Music Classroom c\u00edm\u0171 k\u00f6nyv szerz\u0151je.M\u0171sor:Kod\u00e1ly Zolt\u00e1n: S\u00edk S\u00e1ndor Te Deuma \u00a0Kod\u00e1ly Zolt\u00e1n: Z\u00f6ld erd\u0151benKod\u00e1ly Zolt\u00e1n: \u00c1rva vagyokKod\u00e1ly Zolt\u00e1n: H\u00e1ry J\u00e1nos- r\u00e9szletekKod\u00e1ly Zolt\u00e1n &#8211; Arany J\u00e1nos: Csalfa Sug\u00e1rKod\u00e1ly Zolt\u00e1n &#8211; We\u00f6res S\u00e1ndor: Norv\u00e9g le\u00e1nyokSusan Brumfield: Bandyrow \u2013 \u00edr n\u00e9pdalSusan Brumfield: No Time \u2013 tradicion\u00e1lis t\u00e1bori dalSusan Brumfield: My Dear CompanionSusan Brumfield: By The Rivers of Babylon \u2013 rastafari spiritu\u00e1l\u00e9Kod\u00e1ly Zolt\u00e1n: Esti Dal Vend\u00e9gek: \u00a0 \u00a0 \u00a0 \u00a0 \u00a0 \u00a0 \u00a0 \u00a0 \u00a0 \u00a0 \u00a0 \u00a0\u00a0Rebecca Hays (USA) \u2013 szopr\u00e1nL\u00e1szl\u00f3 Nagy (USA) \u2013 tenorK\u00f6zrem\u0171k\u00f6dik: \u00a0 \u00a0 \u00a0 \u00a0 \u00a0 \u00a0\u00a0Macz\u00e1k J\u00e1nos \u2013 klarin\u00e9tGerh\u00e1t L\u00e1szl\u00f3 &#8211; zongora \u00a0 \u00a0 \u00a0 \u00a0 \u00a0 \u00a0 \u00a0 \u00a0 \u00a0 \u00a0 \u00a0 \u00a0 \u00a0 \u00a0 \u00a0 \u00a0 \u00a0 \u00a0 \u00a0 \u00a0 \u00a0\u00a0Viktor D\u00e1niel \u2013 zongoraKoncz Erika &#8211; \u00a0zongoraMacz\u00e1k M\u00e1rk \u2013 cajonVez\u00e9nyel:\u00a0Kiss Katalin A bel\u00e9p\u00e9s ingyenes, helyfoglal\u00e1s \u00e9rkez\u00e9si sorrendben. \u00a0 augusztus 3., vas\u00e1rnap 21:00\u00a0\u00a0\u00a0\u00a0 Kedves K\u00f6z\u00f6ns\u00e9g\u00fcnk!\u00daJ HELYSZ\u00cdN A kezdvez\u0151tlen, bizonytalan id\u0151j\u00e1r\u00e1si k\u00f6r\u00fclm\u00e9nyek \u00e9s a koncert speci\u00e1lis technikai ig\u00e9nyei ok\u00e1n a mai R\u00c9ZVAR\u00c1ZS atmoszf\u00e9ra koncert a H\u00edr\u00f6s Ag\u00f3ra Sz\u00ednh\u00e1zterm\u00e9ben ker\u00fcl megrendez\u00e9sre. A bel\u00e9p\u00e9s tov\u00e1bbra is ingyenes!R\u00e9szletek lentebb! Atmoszf\u00e9ra koncert &#8211; zenet\u00f6rt\u00e9neti utaz\u00e1s a Kecskem\u00e9ti Szimfonikus Zenekar r\u00e9zf\u00fav\u00f3s \u00e9s \u00fct\u0151egy\u00fcttes\u00e9vel R\u00c9ZVAR\u00c1ZS Atmoszf\u00e9ra koncert &#8211; zenet\u00f6rt\u00e9neti utaz\u00e1s a Kecskem\u00e9ti Szimfonikus Zenekar r\u00e9zf\u00fav\u00f3s \u00e9s \u00fct\u0151egy\u00fcttes\u00e9vel M\u0171sor: Giovannoni Gabrieli: Sonata Pian\u2019e Forte\u00a0 Georg Friedrich H\u00e4ndel: Solomon, Shena kir\u00e1lyn\u0151 \u00e9rkez\u00e9se Giuseppe Verdi: Aida bevonul\u00e1si indul\u00f3Johan de Meij: Brasserie RoyaleEdward Elgar: Pomp and Circumstance March No. 2\u00a0Robert Ramskill: Jazzamataz Chris Hazell: Brass Cats Alan Silvestri: Vissza a j\u00f6v\u0151be filmzene\u00a0Ulvaeus-Andersson: Sakk \u00a0Van McCoy: The Hustle \u00a0 Vez\u00e9nyel: Kis-Fekete Vilmos K\u00f6zrem\u0171k\u00f6dik: Kecskem\u00e9ti Szimfonikus Zenekar r\u00e9zf\u00fav\u00f3s \u00e9s \u00fct\u0151egy\u00fcttese M\u0171sorid\u0151: 50 perc, sz\u00fcnet n\u00e9lk\u00fcl A koncert ingyenes. AUGUSZTUS 4. H\u00c9TF\u0150 augusztus 4., h\u00e9tf\u0151 19:00 De\u00e1k t\u00e9r\u00a0\u00a0\u00a0\u00a0\u00a0\u00a0\u00a0\u00a0\u00a0\u00a0\u00a0\u00a0\u00a0\u00a0\u00a0\u00a0\u00a0\u00a0\u00a0\u00a0\u00a0\u00a0\u00a0\u00a0\u00a0\u00a0\u00a0\u00a0\u00a0 KOD\u00c1LY PONT A 27. NEMZETK\u00d6ZI KOD\u00c1LY SZIMP\u00d3ZIUM R\u00c9SZTVEV\u0150INEK KONCERTJE K\u00f6zrem\u0171k\u00f6dik:\u00a0Gemma Ryan (Ausztr\u00e1lia), Samantha Wee (Szingap\u00far), Liuqingqing Yang (K\u00edna) \u00e9s a Kod\u00e1ly Int\u00e9zet egykori hallgat\u00f3ib\u00f3l alakult SAJT Ensemble: Bianca Varela (Portug\u00e1lia), Sarah Keane (\u00cdrorsz\u00e1g\/Portug\u00e1lia), Teresa Appleton (Portug\u00e1lia), M\u00e1rk F\u00e9dronic (USA), Haodong Ma (K\u00edna), Samuel Rausch (USA) \u00a0 \u00a0 augusztus 4., h\u00e9tf\u0151 20:00 Kod\u00e1ly Iskola \u201eKOD\u00c1LY ISKOLA 75\u201d A 75 \u00e9ves Kod\u00e1ly Iskola k\u00f3rusainak koncertje Kod\u00e1ly Zolt\u00e1n \u00e9s Bart\u00f3k B\u00e9la m\u0171veib\u0151l M\u0171sor: TRIOLA gyermekkar vez\u00e9nyel: Z\u00c1VORI ERIKA: Kod\u00e1ly Zolt\u00e1n:\u00a0\u00a0 V\u00e1logat\u00e1s a Kis emberek dalai c\u00edm\u0171 k\u00f6tetb\u0151l \u00e9s biciniumokb\u00f3l: Sz\u00f3l a n\u00f3ta halkan (sz\u00f6veg: We\u00f6res S\u00e1ndor &#8211; K\u00e1rolyi Amy) \/ \u00c1rok sz\u00e9l\u00e9n b\u00fazasz\u00e1l n\u0151tt (sz\u00f6veg: We\u00f6res S\u00e1ndor) \/ Parip\u00e1m csodasz\u00e9p pejk\u00f3 (sz\u00f6veg: We\u00f6res S\u00e1ndor) \/ Fut, szalad a pejk\u00f3 (sz\u00f6veg: We\u00f6res S\u00e1ndor) M\u00e9ly erd\u0151n ibolyavir\u00e1g \/ Z\u00f6ld erd\u0151ben f\u00fcty\u00fcl a rig\u00f3 \/ Ez a l\u00e1bom \/ H\u00e1zam el\u0151tt egy almafa H\u00e9t k\u00f6nny\u0171 gyermekkar \u2013 1. \u00c9va sz\u00edvem, \u00c9va 2. Falu v\u00e9g\u00e9n ANTANT\u00c9NUSZ gyermekkar vez\u00e9nyel: SZEGEDIN\u00c9 T\u00d3TH ILDIK\u00d3: Kanyarg\u00f3s j\u00e1t\u00e9k (n\u00e9pi j\u00e1t\u00e9k) Kod\u00e1ly Zolt\u00e1n:\u00a0\u00a0\u00a0\u00a0\u00a0\u00a0\u00a0\u00a0\u00a0\u00a0\u00a0\u00a0\u00a0\u00a0\u00a0\u00a0\u00a0\u00a0\u00a0 H\u00e1rom indul\u00f3 az \u00d6tfok\u00fa zene 100 kis indul\u00f3 k\u00f6tet\u00e9b\u0151l (sz\u00f6veg: We\u00f6res S\u00e1ndor) Angyalkert &#8211; Kecske-j\u00e1t\u00e9k, Gyertya-j\u00e1t\u00e9k, V\u00e1s\u00e1rosdi Biciniumok &#8211; Hej, Dun\u00e1r\u00f3l f\u00faj a sz\u00e9l&#8230; \/ A b\u00e1rnai kertek alatt&#8230; \/ Hej, k\u00e9t ty\u00fakom tavali&#8230; H\u00e9t k\u00f6nny\u0171 gyermekkar &#8211; 6. J\u00f3 gazdasszony Epigramm\u00e1k \u2013 Tavasz zongor\u00e1n k\u00f6zrem\u0171k\u00f6dik: Lov\u00e1szn\u00e9 Gajdos \u00c9va MIRACULUM gyermekkar vez\u00e9nyel: Dur\u00e1nyik L\u00e1szl\u00f3 Kod\u00e1ly Zolt\u00e1n:\u00a0\u00a0 Isten kov\u00e1csa Vill\u0151 Gergely-j\u00e1r\u00e1s AURIN le\u00e1nykar vez\u00e9nyel: Dur\u00e1nyik L\u00e1szl\u00f3 Bart\u00f3k B\u00e9la:\u00a0\u00a0\u00a0\u00a0\u00a0\u00a0 \u00a0\u00a0\u00a0\u00a0\u00a0\u00a0\u00a0\u00a0\u00a0\u00a0\u00a0\u00a0\u00a0\u00a0\u00a0 B\u00e1nat Leg\u00e9nycs\u00fafol\u00f3 Le\u00e1nyk\u00e9r\u0151 Kod\u00e1ly Zolt\u00e1n:\u00a0\u00a0 Hegyi \u00e9jszak\u00e1k 1. olasz madrig\u00e1l (Chi d\u2019amor sente) Vejnem\u00f6jnen muzsik\u00e1l zongor\u00e1n k\u00f6zrem\u0171k\u00f6dik: Lov\u00e1szn\u00e9 Gajdos \u00c9va \u00d6SSZKAR: Kod\u00e1ly Zolt\u00e1n: A magyarokhoz (Berzsenyi D\u00e1niel) M\u0171sorid\u0151: 70 perc, sz\u00fcnet n\u00e9lk\u00fcl Jegy\u00e1r: Norm\u00e1l: 2.500 Ft, Nyugd\u00edjas jegy: 2.000 Ft, Di\u00e1kjegy: 1.500 Ft Kecskem\u00e9t k\u00e1rty\u00e1val 10% kedvezm\u00e9ny AUGUSZTUS 5. KEDD augusztus 5., kedd 18:00\u00a0\u00a0\u00a0\u00a0\u00a0\u00a0\u00a0\u00a0\u00a0\u00a0\u00a0\u00a0\u00a0\u00a0\u00a0\u00a0\u00a0\u00a0\u00a0\u00a0\u00a0\u00a0\u00a0\u00a0\u00a0\u00a0\u00a0\u00a0 CREATOR SPIRITUS IX. KONTEMPL\u00c1CI\u00d3 2025 \u201eVal\u00f3j\u00e1ban nem a sok tud\u00e1s az, ami kiel\u00e9g\u00edti a lelket, hanem a dolgok bels\u0151 \u00e1t\u00e9l\u00e9se \u00e9s meg\u00edzlel\u00e9se.\u201d (Loyolai Szent Ign\u00e1c) Kilencedik alkalommal rendezz\u00fck meg a Creator Spiritus szakr\u00e1lis k\u00e9pz\u0151m\u0171v\u00e9szeti trienn\u00e1l\u00e9t, melynek mott\u00f3ja ez\u00fattal: KONTEMPL\u00c1CI\u00d3 &#8211; evang\u00e9liumi szeml\u00e9l\u0151d\u00e9s, lelki elm\u00e9ly\u00fcl\u00e9s. Szent Ign\u00e1c szerint a szeml\u00e9l\u0151d\u00e9s az evang\u00e9lium alapj\u00e1n Krisztusra tekint\u00e9st jelent. Saj\u00e1t l\u00e9temet is ennek f\u00e9ny\u00e9ben szeml\u00e9lem, hogy l\u00e1t\u00e1sm\u00f3dom, \u00edt\u00e9leteim helyes mederbe ker\u00fcljenek \u00e9s \u00edgy v\u00e1ljak cselekv\u0151 emberr\u00e9. A szeml\u00e9l\u0151d\u00e9s persze jelentheti a teremtett vil\u00e1g sz\u00e9ps\u00e9geinek, titkainak a kutat\u00e1s\u00e1t, meg\u00e9l\u00e9s\u00e9t is, mert aki a term\u00e9szet \u00f6r\u00f6k t\u00f6rv\u00e9nyeit szeml\u00e9li \u00e9s kutatja, az a teremt\u00e9s titk\u00e1hoz ker\u00fclhet k\u00f6zelebb.\u00a0 K\u00f6sz\u00f6nt\u0151t mond: Fekete Szabolcs pl\u00e9b\u00e1nos a ki\u00e1ll\u00edt\u00e1s v\u00e9dn\u00f6ke A ki\u00e1ll\u00edt\u00e1st megnyitja: K\u00e9pir\u00f3 \u00c1gnes m\u0171v\u00e9szett\u00f6rt\u00e9n\u00e9sz Kur\u00e1tor: Balanyi K\u00e1roly Megtekinthet\u0151: 2025. augusztus 27-ig 09:00 \u00e9s 18:00 \u00f3ra k\u00f6z\u00f6tt a H\u00edr\u00f6s Ag\u00f3ra nyitvatart\u00e1si idej\u00e9ben T\u00e1mogat\u00f3: NKA \u00a0 \u00a0 augusztus 5., kedd 19:00 De\u00e1k t\u00e9r\u00a0\u00a0\u00a0\u00a0\u00a0\u00a0\u00a0\u00a0\u00a0\u00a0\u00a0\u00a0\u00a0\u00a0\u00a0\u00a0\u00a0\u00a0\u00a0\u00a0\u00a0\u00a0\u00a0\u00a0\u00a0\u00a0\u00a0\u00a0\u00a0 KOD\u00c1LY PONT A KOD\u00c1LY ISKOLA TANUL\u00d3INAK KONCERTJE \u00a0 \u00a0 augusztus 5., kedd 20:00\u00a0\u00a0\u00a0\u00a0\u00a0\u00a0\u00a0\u00a0\u00a0\u00a0\u00a0\u00a0\u00a0\u00a0\u00a0\u00a0\u00a0\u00a0\u00a0\u00a0\u00a0\u00a0\u00a0\u00a0\u00a0\u00a0\u00a0\u00a0 F\u00dcLEI BAL\u00c1ZS ZONGORAESTJE &#8222;Sz\u00e1zadfordul\u00f3 Kod\u00e1llyal&#8221; M\u0171sor: Bart\u00f3k: Rom\u00e1n n\u00e9pi t\u00e1ncok Kod\u00e1ly: 7 zongoradarab, Op. 11 &#8211; r\u00e9szletek Debussy: A boldog sziget Ginastera: Argentin t\u00e1ncok, Op. 2 Kod\u00e1ly: 9 zongoradarab, Op. 3 &#8211; r\u00e9szletek\u00a0 Grieg: 17 norv\u00e9g parasztt\u00e1nc, Op. 72 &#8211; r\u00e9szletek Jan\u00e1\u010dek: Ben\u0151tt \u00f6sv\u00e9nyen &#8211; r\u00e9szletek Kod\u00e1ly: Marossz\u00e9ki t\u00e1ncok F\u00fclei Bal\u00e1zs Liszt Ferenc-, Artisjus \u00e9s Junior Prima d\u00edjas zongoram\u0171v\u00e9sz, gener\u00e1ci\u00f3j\u00e1nak egyik legkreat\u00edvabb el\u0151ad\u00f3ja. Reperto\u00e1rj\u00e1n t\u00f6bb mint harminc zongoraverseny szerepel, k\u00f6zt\u00fck Beethoven, Liszt, Brahms, \u00e9s Bart\u00f3k \u00f6sszes zongoraversenye. A Zeneakad\u00e9mia tansz\u00e9kvezet\u0151 egyetemi docense, vil\u00e1gszerte tart mesterkurzusokat. Az Echo Ny\u00e1ri Akad\u00e9mia alap\u00edt\u00f3ja \u00e9s m\u0171v\u00e9szeti vezet\u0151je, amelyet a feh\u00e9rv\u00e1rcsurg\u00f3i K\u00e1rolyi Kast\u00e9lyban rendeznek \u00e9vente. Kor\u00e1n bekapcsol\u00f3dott a nemzetk\u00f6zi zenei \u00e9let k\u00f6rforg\u00e1s\u00e1ba: 2005-ben a tarant\u00f3i Arcangelo Speranza Nemzetk\u00f6zi Zongoraverseny gy\u0151ztese volt, \u00e9s tov\u00e1bbi d\u00edjakat hozott el Mil\u00e1n\u00f3b\u00f3l, Cagliarib\u00f3l, Moszkv\u00e1b\u00f3l. A The International Holland Music Sessions k\u00e9t \u00edzben is a New Masters On Tour koncertk\u00f6r\u00fat sz\u00f3list\u00e1j\u00e1v\u00e1 v\u00e1lasztja. Szakmai \u00e9let\u00e9nek meghat\u00e1roz\u00f3 \u00e1llom\u00e1sai a Zeneakad\u00e9mia Nagyterme, a M\u0171v\u00e9szetek Palot\u00e1ja, a b\u00e9csi Konzerthaus, az amszterdami Concertgebouw, a toki\u00f3i Kioi Hall, a moszkvai Csajkovszkij Konzervat\u00f3rium, az NCPA Mumbaiban, valamint a New York-i Carnegie Hall, ahol 2008-ban deb\u00fct\u00e1lt sz\u00f3l\u00f3estj\u00e9vel. A legjelent\u0151sebb magyarorsz\u00e1gi \u00e9s k\u00fclf\u00f6ldi szimfonikus zenekarokkal dolgozott egy\u00fctt, fell\u00e9pett Eur\u00f3pa szinte minden orsz\u00e1g\u00e1ban, Izraelben, az Egyes\u00fclt \u00c1llamokban, Ausztr\u00e1li\u00e1ban, Jap\u00e1nban, K\u00edn\u00e1ban, \u00e9s Vietn\u00e1mban. Gyakori partnere a Kod\u00e1ly Von\u00f3sn\u00e9gyes, amellyel Indi\u00e1ban is turn\u00e9zott. Sz\u00f3list\u00e1ja volt a vil\u00e1g \u00e9lvonal\u00e1ba tartoz\u00f3 Camerata Bern egy\u00fcttesnek. Koncertjei, lemezfelv\u00e9telei m\u0171sor\u00e1t k\u00fcl\u00f6nleges tematika alapj\u00e1n \u00e1ll\u00edtja \u00f6ssze. F\u00fclei Bal\u00e1zs kiv\u00e9teles verb\u00e1lis adotts\u00e1gainak k\u00f6sz\u00f6nhet\u0151en gyakran l\u00e9p fel olyan k\u00fcl\u00f6nleges m\u0171sorokkal, ahol az elhangz\u00f3 zenem\u0171veket saj\u00e1t szavaival hozza m\u00e9g k\u00f6zelebb a hallgat\u00f3khoz. Saj\u00e1t sorozatai k\u00f6z\u00fcl a \u201eHallgasson F\u00fcleire!\u201d c\u00edm\u0171 koncertjein azt mutatja be, hogyan lehet t\u00f6bbf\u00e9lek\u00e9ppen el\u0151adni ugyanazt a zenem\u0171vet, \u00edgy a k\u00f6z\u00f6ns\u00e9g \u00e1t\u00e9lheti az el\u0151ad\u00f3m\u0171v\u00e9szet szabads\u00e1g\u00e1t \u00e9s t\u0171n\u00e9kenys\u00e9g\u00e9t. 16 lemezt k\u00e9sz\u00edtett, Christmas with Franz Liszt c\u00edm\u0171 sz\u00f3l\u00f3 albuma 2022-ben elnyerte a Liszt Ferenc T\u00e1rsas\u00e1g 42. Nemzetk\u00f6zi Hanglemez Nagyd\u00edj\u00e1t. F\u00fclei Bal\u00e1zs a Steinway &amp; Sons zongoragy\u00e1rt\u00f3l 2020-ban kapta meg a kit\u00fcntet\u0151 \u201eSteinway Artist\u201d c\u00edmet. M\u0171sorid\u0151: 80 perc, sz\u00fcnet n\u00e9lk\u00fcl Jegy\u00e1r: Norm\u00e1l: 4.500 Ft, Nyugd\u00edjas jegy: 3.600 Ft, Di\u00e1kjegy: 1.500 Ft Kecskem\u00e9t k\u00e1rty\u00e1val 10% kedvezm\u00e9ny \u00a0 \u00a0 augusztus 5., kedd 21:30-24:00 KOD\u00c1LY T\u00c1NCH\u00c1Z A Kecskem\u00e9t T\u00e1ncegy\u00fcttes szervez\u00e9s\u00e9ben R\u00e9gen \u2013 m\u00e1s lehet\u0151s\u00e9gek h\u00edj\u00e1n \u2013 a t\u00e1ncalkalmak jelentett\u00e9k j\u00f3form\u00e1n az egyetlen sz\u00f3rakoz\u00e1st a faluk\u00f6z\u00f6ss\u00e9gek sz\u00e1m\u00e1ra. Az emberi \u00e9let sorsfordul\u00f3ihoz (pl. n\u00e9vnap, bevonul\u00e1s, lakodalom), az \u00e9v jeles napjaihoz (pl. farsang, h\u00fasv\u00e9t, kar\u00e1csony) vagy a munk\u00e1hoz (pl. tavaszi juhm\u00e9r\u00e9s, arat\u00e1s, sz\u00fcret) szorosan hozz\u00e1tartoz\u00f3 n\u00e9pszok\u00e1sok fontos eleme a k\u00f6z\u00f6s t\u00e1nc. A leg\u00e9nyek egy-egy szezonra zenekart fogadtak, kib\u00e9reltek egy alkalmas h\u00e1zat, vagyis t\u00e1nch\u00e1zat v\u00e1lasztottak. \u00cdgy nem csak a b\u00e1l helysz\u00edne, hanem maga az esem\u00e9ny is a t\u00e1nch\u00e1z nevet kapta. A t\u00e1nch\u00e1z rendj\u00e9ben sz\u00f3lisztikus, p\u00e1ros, esetenk\u00e9nt l\u00e1nc- vagy k\u00f6rt\u00e1ncok v\u00e1ltj\u00e1k egym\u00e1st, az egyes t\u00e1ncfajt\u00e1khoz szervesen illeszked\u0151 muzsika k\u00eds\u00e9ret\u00e9ben. A k\u00f6t\u00f6tt st\u00edlus ellen\u00e9re jelent\u0151s szerepet kap az improviz\u00e1ci\u00f3, a zenei elemek \u00e9s a t\u00e1ncfigur\u00e1k egy\u00fctt l\u00e9legz\u0151 vari\u00e1l\u00e1sa. Kod\u00e1ly T\u00e1nch\u00e1zunk t\u00e1nctan\u00edt\u00e1s\u00e1ba azokr\u00f3l a magyar t\u00e1jegys\u00e9gekr\u0151l fogunk t\u00e1ncokat v\u00e1logatni, ahol Kod\u00e1ly Zolt\u00e1n is megfordult n\u00e9pzene \u00e9s n\u00e9pdalgy\u0171jt\u0151 k\u00f6r\u00fatjai sor\u00e1n. T\u00e1ncoktat\u00f3k: Poly\u00e1k N\u00f3ra, Moln\u00e1r M\u00e1t\u00e9 T\u00e1ncbemutat\u00f3kkal k\u00f6zrem\u0171k\u00f6dnek a Kecskem\u00e9t T\u00e1ncegy\u00fcttes t\u00e1ncosai: Babos D\u00e1niel \u00e9s Misek Bettina A talpal\u00e1val\u00f3t Inoka Gy\u0151z\u0151 \u00e9s bar\u00e1tai szolg\u00e1ltatj\u00e1k: Vizeli B\u00e1lint, Szil\u00e1gyi M\u00e1rton, Szab\u00f3 J\u00e1nos &#8216;Csiga&#8217;, Heged\u0171s Luca, Inoka Gy\u0151z\u0151 Jegy\u00e1r: Norm\u00e1l: 1.500 Ft, Nyugd\u00edjas jegy: 1.000 Ft, Di\u00e1kjegy: 1.000 Ft Kecskem\u00e9t k\u00e1rty\u00e1val 10% kedvezm\u00e9ny AUGUSZTUS 6. SZERDA augusztus 6., szerda 17:00\u00a0\u00a0\u00a0\u00a0\u00a0\u00a0\u00a0\u00a0\u00a0\u00a0 Katona J\u00f3zsef K\u00f6nyvt\u00e1r MAGYAR P\u00c1SZTOROK ZENEI HAGYOM\u00c1NYA \u2013 JUH\u00c1SZ ZOLT\u00c1N N\u00c9PZEN\u00c9SZ, KUTAT\u00d3M\u00c9RN\u00d6K EL\u0150AD\u00c1SA A magyar n\u00e9phagyom\u00e1nyban &#8211; \u00e9s sz\u00e1mos m\u00e1s kult\u00far\u00e1ban is &#8211; a furulya \u00e9s a duda jellemz\u0151en a p\u00e1sztors\u00e1g hangszere. Kora \u00f3kori \u00e1br\u00e1zol\u00e1sok szerint ez \u00edgy volt m\u00e1r a sum\u00e9r \u00e9s egyiptomi kult\u00far\u00e1kban is: legeltet\u0151 p\u00e1sztorok kez\u00e9ben l\u00e1tjuk a furuly\u00e1t agyaghengereken \u00e9s k\u0151t\u00e1bl\u00e1kon. A magyar hagyom\u00e1ny szerint a furuly\u00e1t J\u00e9zust\u00f3l, a dud\u00e1t az \u00f6rd\u00f6gt\u0151l kapt\u00e1k a p\u00e1sztorok. M\u00e9gis, amikor \u201ehangszerr\u0151l\u201d besz\u00e9l, a magyar p\u00e1sztor nem ezekre, hanem a kolompra \u00e9s cseng\u0151re gondol. Nagy m\u0171gonddal hangolja kolomp-sorait, \u201ecsatrangjait\u201d a legel\u0151n, az \u00e1llatok \u00e1ltal megsz\u00f3laltatott \u201ezenekarr\u00e1\u201d. A kolomp k\u00e9sz\u00edt\u00e9s\u00e9r\u0151l, szerep\u00e9r\u0151l egy Kod\u00e1ly hetvenedik sz\u00fclet\u00e9snapj\u00e1ra \u00edrt tanulm\u00e1ny sz\u00e1mol be a legalaposabban. Mindezek f\u00e9ny\u00e9ben izgalmas k\u00e9rd\u00e9s, milyen \u0151si \u00f6r\u00f6ks\u00e9get hordoz a p\u00e1sztors\u00e1g zenei vil\u00e1ga: a furuly\u00e1n, dud\u00e1n megsz\u00f3lal\u00f3 dallamai \u00e9s a kolompok saj\u00e1tos \u201ezenekara\u201d. Erre&#8230;<\/p>\n","protected":false},"author":1,"featured_media":0,"parent":0,"menu_order":0,"comment_status":"closed","ping_status":"closed","template":"","meta":{"footnotes":""},"class_list":["post-2468","page","type-page","status-publish","hentry"],"_links":{"self":[{"href":"https:\/\/kodaly-muveszeti-fesztival.hu\/index.php?rest_route=\/wp\/v2\/pages\/2468","targetHints":{"allow":["GET"]}}],"collection":[{"href":"https:\/\/kodaly-muveszeti-fesztival.hu\/index.php?rest_route=\/wp\/v2\/pages"}],"about":[{"href":"https:\/\/kodaly-muveszeti-fesztival.hu\/index.php?rest_route=\/wp\/v2\/types\/page"}],"author":[{"embeddable":true,"href":"https:\/\/kodaly-muveszeti-fesztival.hu\/index.php?rest_route=\/wp\/v2\/users\/1"}],"replies":[{"embeddable":true,"href":"https:\/\/kodaly-muveszeti-fesztival.hu\/index.php?rest_route=%2Fwp%2Fv2%2Fcomments&post=2468"}],"version-history":[{"count":283,"href":"https:\/\/kodaly-muveszeti-fesztival.hu\/index.php?rest_route=\/wp\/v2\/pages\/2468\/revisions"}],"predecessor-version":[{"id":4541,"href":"https:\/\/kodaly-muveszeti-fesztival.hu\/index.php?rest_route=\/wp\/v2\/pages\/2468\/revisions\/4541"}],"wp:attachment":[{"href":"https:\/\/kodaly-muveszeti-fesztival.hu\/index.php?rest_route=%2Fwp%2Fv2%2Fmedia&parent=2468"}],"curies":[{"name":"wp","href":"https:\/\/api.w.org\/{rel}","templated":true}]}}